{"id":12001,"date":"2016-05-15T11:53:24","date_gmt":"2016-05-15T10:53:24","guid":{"rendered":"http:\/\/www.paroisse-aucamville-st-loup-cammas.fr\/site\/?page_id=12001"},"modified":"2025-04-30T13:49:49","modified_gmt":"2025-04-30T12:49:49","slug":"bapteme-chretien","status":"publish","type":"page","link":"http:\/\/www.paroisse-aucamville-st-loup-cammas.fr\/site\/bapteme-chretien\/","title":{"rendered":"Le bapt\u00eame Chr\u00e9tien"},"content":{"rendered":"<p><div class=\"fusion-fullwidth fullwidth-box hundred-percent-fullwidth non-hundred-percent-height-scrolling\"  style='background-color: rgba(255,255,255,0);background-position: left top;background-repeat: no-repeat;padding-top:0px;padding-right:0px;padding-bottom:0px;padding-left:0px;border-top-width:0px;border-bottom-width:0px;border-color:#eae9e9;border-top-style:solid;border-bottom-style:solid;'><div class=\"fusion-builder-row fusion-row \"><div  class=\"fusion-layout-column fusion_builder_column fusion_builder_column_1_1  fusion-one-full fusion-column-first fusion-column-last fusion-column-no-min-height 1_1\"  style='margin-top:0px;margin-bottom:0px;'>\n\t\t\t\t\t<div class=\"fusion-column-wrapper\" style=\"padding: 0px 0px 0px 0px;background-position:left top;background-repeat:no-repeat;-webkit-background-size:cover;-moz-background-size:cover;-o-background-size:cover;background-size:cover;\"  data-bg-url=\"\">\n\t\t\t\t\t\t<link href=\"http:\/\/fonts.googleapis.com\/css?family=Open+Sans%3A600\" rel=\"stylesheet\" property=\"stylesheet\" type=\"text\/css\" media=\"all\" \/>\n<div id=\"rev_slider_15_1_wrapper\" class=\"rev_slider_wrapper fullwidthbanner-container\" style=\"margin:0px auto;background-color:transparent;padding:0px;margin-top:0px;margin-bottom:0px;\">\n<!-- START REVOLUTION SLIDER 5.2.5 auto mode -->\n\t<div id=\"rev_slider_15_1\" class=\"rev_slider fullwidthabanner\" style=\"display:none;\" data-version=\"5.2.5\">\n<ul>\t<!-- SLIDE  -->\n\t<li data-index=\"rs-15\" data-transition=\"notransition\" data-slotamount=\"default\" data-hideafterloop=\"0\" data-hideslideonmobile=\"off\"  data-easein=\"default\" data-easeout=\"default\" data-masterspeed=\"default\"  data-delay=\"15520\"  data-rotate=\"0\"  data-saveperformance=\"off\"  data-title=\"Slide\" data-param1=\"\" data-param2=\"\" data-param3=\"\" data-param4=\"\" data-param5=\"\" data-param6=\"\" data-param7=\"\" data-param8=\"\" data-param9=\"\" data-param10=\"\" data-description=\"\">\n\t\t<!-- MAIN IMAGE -->\n\t\t<img src=\"http:\/\/www.paroisse-aucamville-st-loup-cammas.fr\/site\/wp-content\/plugins\/revslider\/admin\/assets\/images\/transparent.png\"  alt=\"\" title=\"Le bapt\u00eame Chr\u00e9tien\"  data-bgposition=\"center center\" data-bgfit=\"cover\" data-bgrepeat=\"no-repeat\" class=\"rev-slidebg\" data-no-retina>\n\t\t<!-- LAYERS -->\n\n\t\t<!-- LAYER NR. 1 -->\n\t\t<div class=\"tp-caption   tp-resizeme\" \n\t\t\t id=\"slide-15-layer-1\" \n\t\t\t data-x=\"1\" \n\t\t\t data-y=\"-1\" \n\t\t\t\t\t\tdata-width=\"['none','none','none','none']\"\n\t\t\tdata-height=\"['none','none','none','none']\"\n\t\t\tdata-transform_idle=\"o:1;\"\n \n\t\t\t data-transform_in=\"opacity:0;s:300;e:Power2.easeInOut;\" \n\t\t\t data-transform_out=\"opacity:0;s:1.875;\" \n\t\t\tdata-start=\"0\" \n\t\t\tdata-responsive_offset=\"on\" \n\n\t\t\t\n\t\t\tstyle=\"z-index: 5;\"><img src=\"http:\/\/www.paroisse-aucamville-st-loup-cammas.fr\/site\/wp-content\/uploads\/Banni\u00e8re-2.jpg\" alt=\"\" width=\"1100\" height=\"185\" data-ww=\"1298px\" data-hh=\"185px\" data-no-retina> <\/div>\n\n\t\t<!-- LAYER NR. 2 -->\n\t\t<div class=\"tp-caption tp-shape tp-shapewrapper  tp-resizeme\" \n\t\t\t id=\"slide-15-layer-3\" \n\t\t\t data-x=\"\" \n\t\t\t data-y=\"-7\" \n\t\t\t\t\t\tdata-width=\"['1301']\"\n\t\t\tdata-height=\"['322']\"\n\t\t\tdata-transform_idle=\"o:1;\"\n \n\t\t\t data-transform_in=\"opacity:0;s:300;e:Power2.easeInOut;\" \n\t\t\t data-transform_out=\"opacity:0;s:1.875;\" \n\t\t\tdata-start=\"0\" \n\t\t\tdata-responsive_offset=\"on\" \n\n\t\t\t\n\t\t\tstyle=\"z-index: 6;font-family:Arial;background-color:rgba(255, 255, 255, 0.50);border-color:rgba(0, 0, 0, 0.50);\"> <\/div>\n\n\t\t<!-- LAYER NR. 3 -->\n\t\t<div class=\"tp-caption   tp-resizeme\" \n\t\t\t id=\"slide-15-layer-4\" \n\t\t\t data-x=\"337\" \n\t\t\t data-y=\"95\" \n\t\t\t\t\t\tdata-width=\"['791']\"\n\t\t\tdata-height=\"['66']\"\n\t\t\tdata-transform_idle=\"o:1;\"\n \n\t\t\t data-transform_in=\"x:[-100%];z:0;rX:0deg;rY:0;rZ:0;sX:1;sY:1;skX:0;skY:0;s:2230;e:Power3.easeInOut;\" \n\t\t\t data-transform_out=\"opacity:0;s:300;\" \n\t\t\t data-mask_in=\"x:0px;y:0px;\" \n\t\t\tdata-start=\"1180\" \n\t\t\tdata-splitin=\"none\" \n\t\t\tdata-splitout=\"none\" \n\t\t\tdata-responsive_offset=\"on\" \n\n\t\t\t\n\t\t\tstyle=\"z-index: 7; min-width: 791px; max-width: 791px; max-width: 66px; max-width: 66px; white-space: normal; font-size: 50px; line-height: 60px; font-weight: 600; color: rgba(76, 76, 76, 1.00);font-family:Open Sans;text-align:right;\">\u2026recevoir le bapt\u00eame <\/div>\n\n\t\t<!-- LAYER NR. 4 -->\n\t\t<div class=\"tp-caption   tp-resizeme\" \n\t\t\t id=\"slide-15-layer-2\" \n\t\t\t data-x=\"center\" data-hoffset=\"241\" \n\t\t\t data-y=\"center\" data-voffset=\"25\" \n\t\t\t\t\t\tdata-width=\"['1017']\"\n\t\t\tdata-height=\"['244']\"\n\t\t\tdata-transform_idle=\"o:1;\"\n \n\t\t\t data-transform_in=\"y:[100%];z:0;rX:0deg;rY:0;rZ:0;sX:1;sY:1;skX:0;skY:0;opacity:0;s:1210;e:Power2.easeInOut;\" \n\t\t\t data-transform_out=\"opacity:0;s:300;\" \n\t\t\t data-mask_in=\"x:0px;y:[100%];\" \n\t\t\tdata-start=\"0\" \n\t\t\tdata-splitin=\"none\" \n\t\t\tdata-splitout=\"none\" \n\t\t\tdata-responsive_offset=\"on\" \n\n\t\t\t\n\t\t\tstyle=\"z-index: 8; min-width: 1017px; max-width: 1017px; max-width: 244px; max-width: 244px; white-space: normal; font-size: 70px; line-height: 100px; font-weight: 600; color: rgba(255, 152, 0, 1.00);font-family:Open Sans;\">Je d\u00e9sire\u2026 <\/div>\n\t<\/li>\n<\/ul>\n<div class=\"tp-bannertimer tp-bottom\" style=\"visibility: hidden !important;\"><\/div>\t<\/div>\n<script>var htmlDiv = document.getElementById(\"rs-plugin-settings-inline-css\"); var htmlDivCss=\"\";\r\n\t\t\t\tif(htmlDiv) {\r\n\t\t\t\t\thtmlDiv.innerHTML = htmlDiv.innerHTML + htmlDivCss;\r\n\t\t\t\t}else{\r\n\t\t\t\t\tvar htmlDiv = document.createElement(\"div\");\r\n\t\t\t\t\thtmlDiv.innerHTML = \"<style>\" + htmlDivCss + \"<\/style>\";\r\n\t\t\t\t\tdocument.getElementsByTagName(\"head\")[0].appendChild(htmlDiv.childNodes[0]);\r\n\t\t\t\t}\r\n\t\t\t<\/script>\n\t\t<script type=\"text\/javascript\">\r\n\t\t\t\t\t\t\/******************************************\r\n\t\t\t\t-\tPREPARE PLACEHOLDER FOR SLIDER\t-\r\n\t\t\t******************************************\/\r\n\r\n\t\t\tvar setREVStartSize=function(){\r\n\t\t\t\ttry{var e=new Object,i=jQuery(window).width(),t=9999,r=0,n=0,l=0,f=0,s=0,h=0;\r\n\t\t\t\t\te.c = jQuery('#rev_slider_15_1');\r\n\t\t\t\t\te.gridwidth = [1300];\r\n\t\t\t\t\te.gridheight = [185];\r\n\t\t\t\t\t\t\t\r\n\t\t\t\t\te.sliderLayout = \"auto\";\r\n\t\t\t\t\tif(e.responsiveLevels&&(jQuery.each(e.responsiveLevels,function(e,f){f>i&&(t=r=f,l=e),i>f&&f>r&&(r=f,n=e)}),t>r&&(l=n)),f=e.gridheight[l]||e.gridheight[0]||e.gridheight,s=e.gridwidth[l]||e.gridwidth[0]||e.gridwidth,h=i\/s,h=h>1?1:h,f=Math.round(h*f),\"fullscreen\"==e.sliderLayout){var u=(e.c.width(),jQuery(window).height());if(void 0!=e.fullScreenOffsetContainer){var c=e.fullScreenOffsetContainer.split(\",\");if (c) jQuery.each(c,function(e,i){u=jQuery(i).length>0?u-jQuery(i).outerHeight(!0):u}),e.fullScreenOffset.split(\"%\").length>1&&void 0!=e.fullScreenOffset&&e.fullScreenOffset.length>0?u-=jQuery(window).height()*parseInt(e.fullScreenOffset,0)\/100:void 0!=e.fullScreenOffset&&e.fullScreenOffset.length>0&&(u-=parseInt(e.fullScreenOffset,0))}f=u}else void 0!=e.minHeight&&f<e.minHeight&&(f=e.minHeight);e.c.closest(\".rev_slider_wrapper\").css({height:f})\r\n\t\t\t\t\t\r\n\t\t\t\t}catch(d){console.log(\"Failure at Presize of Slider:\"+d)}\r\n\t\t\t};\r\n\t\t\t\r\n\t\t\tsetREVStartSize();\r\n\t\t\t\r\n\t\t\t\t\t\tvar tpj=jQuery;\r\n\t\t\t\r\n\t\t\tvar revapi15;\r\n\t\t\ttpj(document).ready(function() {\n\t\t\t\tif(tpj(\"#rev_slider_15_1\").revolution == undefined){\n\t\t\t\t\trevslider_showDoubleJqueryError(\"#rev_slider_15_1\");\n\t\t\t\t}else{\n\t\t\t\t\trevapi15 = tpj(\"#rev_slider_15_1\").show().revolution({\n\t\t\t\t\t\tsliderType:\"standard\",\njsFileLocation:\"\/\/www.paroisse-aucamville-st-loup-cammas.fr\/site\/wp-content\/plugins\/revslider\/public\/assets\/js\/\",\n\t\t\t\t\t\tsliderLayout:\"auto\",\n\t\t\t\t\t\tdottedOverlay:\"none\",\n\t\t\t\t\t\tdelay:9000,\n\t\t\t\t\t\tnavigation: {\n\t\t\t\t\t\t\tonHoverStop:\"off\",\n\t\t\t\t\t\t},\n\t\t\t\t\t\tvisibilityLevels:[1240,1024,778,480],\n\t\t\t\t\t\tgridwidth:1300,\n\t\t\t\t\t\tgridheight:185,\n\t\t\t\t\t\tlazyType:\"none\",\n\t\t\t\t\t\tshadow:0,\n\t\t\t\t\t\tspinner:\"spinner0\",\n\t\t\t\t\t\tstopLoop:\"off\",\n\t\t\t\t\t\tstopAfterLoops:-1,\n\t\t\t\t\t\tstopAtSlide:-1,\n\t\t\t\t\t\tshuffle:\"off\",\n\t\t\t\t\t\tautoHeight:\"on\",\n\t\t\t\t\t\tdisableProgressBar:\"on\",\n\t\t\t\t\t\thideThumbsOnMobile:\"off\",\n\t\t\t\t\t\thideSliderAtLimit:0,\n\t\t\t\t\t\thideCaptionAtLimit:0,\n\t\t\t\t\t\thideAllCaptionAtLilmit:0,\n\t\t\t\t\t\tdebugMode:false,\n\t\t\t\t\t\tfallbacks: {\n\t\t\t\t\t\t\tsimplifyAll:\"off\",\n\t\t\t\t\t\t\tnextSlideOnWindowFocus:\"off\",\n\t\t\t\t\t\t\tdisableFocusListener:false,\n\t\t\t\t\t\t}\n\t\t\t\t\t});\n\t\t\t\t}\n\t\t\t});\t\/*ready*\/\n\t\t<\/script>\r\n\t\t<\/div><!-- END REVOLUTION SLIDER --><div class=\"fusion-clearfix\"><\/div>\n\n\t\t\t\t\t<\/div>\n\t\t\t\t<\/div><\/div><\/div><div class=\"fusion-fullwidth fullwidth-box nonhundred-percent-fullwidth non-hundred-percent-height-scrolling\"  style='background-color: rgba(255,255,255,0);background-position: left top;background-repeat: no-repeat;padding-top:20px;padding-right:0px;padding-bottom:20px;padding-left:0px;border-top-width:0px;border-bottom-width:0px;border-color:#eae9e9;border-top-style:solid;border-bottom-style:solid;'><div class=\"fusion-builder-row fusion-row \"><div  class=\"fusion-layout-column fusion_builder_column fusion_builder_column_1_1  fusion-one-full fusion-column-first fusion-column-last 1_1\"  style='margin-top:0px;margin-bottom:20px;'>\n\t\t\t\t\t<div class=\"fusion-column-wrapper\" style=\"padding: 0px 0px 0px 0px;background-position:left top;background-repeat:no-repeat;-webkit-background-size:cover;-moz-background-size:cover;-o-background-size:cover;background-size:cover;\"  data-bg-url=\"\">\n\t\t\t\t\t\t<style type='text\/css'>.reading-box-container-1 .element-bottomshadow:before,.reading-box-container-1 .element-bottomshadow:after{opacity:0.70;}<\/style><div class=\"fusion-reading-box-container reading-box-container-1\" style=\"margin-top:0px;margin-bottom:84px;\"><div class=\"reading-box\" style=\"background-color:#f6f6f6;border-width:1px;border-color:#f6f6f6;border-top-width:3px;border-top-color:#ff9800;border-style:solid;\"><div class=\"reading-box-additional\">\n<h2>Par le bapt\u00eame, nous devenons chr\u00e9tien en acceptant que Dieu (le P\u00e8re, le Fils et le Saint Esprit) entre dans notre vie pour la rendre plus radieuse et plus heureuse. A tout \u00e2ge de la vie, nous pouvons recevoir le bapt\u00eame.<\/h2>\n<\/div><div class=\"fusion-clearfix\"><\/div><\/div><\/div><div class=\"fusion-clearfix\"><\/div>\n\n\t\t\t\t\t<\/div>\n\t\t\t\t<\/div><div  class=\"fusion-layout-column fusion_builder_column fusion_builder_column_2_3  fusion-two-third fusion-column-first 2_3\"  style='margin-top:0px;margin-bottom:20px;width:65.3333%; margin-right: 4%;'>\n\t\t\t\t\t<div class=\"fusion-column-wrapper\" style=\"padding: 0px 0px 0px 0px;background-position:left top;background-repeat:no-repeat;-webkit-background-size:cover;-moz-background-size:cover;-o-background-size:cover;background-size:cover;\"  data-bg-url=\"\">\n\t\t\t\t\t\t<div class=\"fusion-text\"><p style=\"text-align: justify;\">Apr\u00e8s la naissance biologique, l\u2019homme a besoin d\u2019une nouvelle naissance\u2026. Par le bapt\u00eame, nous sommes plong\u00e9s dans la mort du Christ pour ressusciter avec Lui, c\u2019est-\u00e0-dire, nous passons de la mort au mal et au p\u00e9ch\u00e9, \u00e0 la Vie en pl\u00e9nitude dans l\u2019Amour. Dieu nous donne tout son Amour dans le bapt\u00eame. Ce sacrement est un acte de libert\u00e9 qui nous engage ensuite, pour laisser le Seigneur J\u00e9sus entrer dans notre vie comme l\u2019Ami Fid\u00e8le qui nous accompagne de sa pr\u00e9sence et ne nous abandonne jamais.<br \/>\nPar le bapt\u00eame, nous devenons chr\u00e9tien, membre \u00e0 part enti\u00e8re de l\u2019Eglise, avec la dignit\u00e9 d\u2019\u00eatre pr\u00eatre, proph\u00e8te et roi : pr\u00eatre pour prier et c\u00e9l\u00e9brer notre foi avec le Christ, proph\u00e8te parce que nous sommes appel\u00e9s \u00e0 t\u00e9moigner de notre foi dans le monde, et roi parce que le bapt\u00eame nous appelle \u00e0 nous mettre au service des autres, dans le monde et dans l\u2019Eglise. Nous entrons ainsi dans une relation personnelle avec J\u00e9sus qui nous lave de tout p\u00e9ch\u00e9, donne la gr\u00e2ce qui accompagne la libert\u00e9 humaine pour voir, choisir et faire le bien au quotidien. Le bapt\u00eame nous donne de devenir temple du saint Esprit : quand Dieu entre dans notre vie \u00e0 travers le bapt\u00eame, Il y demeure pour toujours, nous donnant son Amour quand notre libert\u00e9 l\u2019accueille\u2026.\u00e0 tout \u00e2ge de la vie humaine.<\/p>\n<\/div><div class=\"fusion-clearfix\"><\/div>\n\n\t\t\t\t\t<\/div>\n\t\t\t\t<\/div><div  class=\"fusion-layout-column fusion_builder_column fusion_builder_column_1_3  fusion-one-third fusion-column-last 1_3\"  style='margin-top:0px;margin-bottom:20px;width:30.6666%'>\n\t\t\t\t\t<div class=\"fusion-column-wrapper\" style=\"padding: 0px 0px 0px 0px;background-position:left top;background-repeat:no-repeat;-webkit-background-size:cover;-moz-background-size:cover;-o-background-size:cover;background-size:cover;\"  data-bg-url=\"\">\n\t\t\t\t\t\t<span class=\"fusion-imageframe imageframe-none imageframe-1 hover-type-none\"><img loading=\"lazy\" src=\"http:\/\/www.paroisse-aucamville-st-loup-cammas.fr\/site\/wp-content\/uploads\/Cat\u00e9chum\u00e9nat-E.jpg\" width=\"348\" height=\"342\" alt=\"\" title=\"photo-princes-de-paix\" class=\"img-responsive wp-image-12672\" srcset=\"http:\/\/www.paroisse-aucamville-st-loup-cammas.fr\/site\/wp-content\/uploads\/Cat\u00e9chum\u00e9nat-E-200x197.jpg 200w, http:\/\/www.paroisse-aucamville-st-loup-cammas.fr\/site\/wp-content\/uploads\/Cat\u00e9chum\u00e9nat-E.jpg 348w\" sizes=\"(max-width: 800px) 100vw, 348px\" \/><\/span><div class=\"fusion-clearfix\"><\/div>\n\n\t\t\t\t\t<\/div>\n\t\t\t\t<\/div><div  class=\"fusion-layout-column fusion_builder_column fusion_builder_column_1_1  fusion-one-full fusion-column-first fusion-column-last 1_1\"  style='margin-top:0px;margin-bottom:20px;'>\n\t\t\t\t\t<div class=\"fusion-column-wrapper\" style=\"padding: 0px 0px 0px 0px;background-position:left top;background-repeat:no-repeat;-webkit-background-size:cover;-moz-background-size:cover;-o-background-size:cover;background-size:cover;\"  data-bg-url=\"\">\n\t\t\t\t\t\t<div class=\"fusion-content-boxes content-boxes columns row fusion-columns-1 fusion-columns-total-1 fusion-content-boxes-1 content-boxes-icon-boxed content-left\" data-animationOffset=\"100%\" style=\"margin-top:0px;margin-bottom:60px;\"><style type=\"text\/css\" scoped=\"scoped\">.fusion-content-boxes-1 .heading .content-box-heading {color:#333333;}\n\t\t\t\t\t.fusion-content-boxes-1 .fusion-content-box-hover .link-area-link-icon-hover .heading .content-box-heading,\n\t\t\t\t\t.fusion-content-boxes-1 .fusion-content-box-hover .link-area-link-icon-hover .heading .heading-link .content-box-heading,\n\t\t\t\t\t.fusion-content-boxes-1 .fusion-content-box-hover .link-area-box-hover .heading .content-box-heading,\n\t\t\t\t\t.fusion-content-boxes-1 .fusion-content-box-hover .link-area-box-hover .heading .heading-link .content-box-heading,\n\t\t\t\t\t.fusion-content-boxes-1 .fusion-content-box-hover .link-area-link-icon-hover.link-area-box .fusion-read-more,\n\t\t\t\t\t.fusion-content-boxes-1 .fusion-content-box-hover .link-area-link-icon-hover.link-area-box .fusion-read-more::after,\n\t\t\t\t\t.fusion-content-boxes-1 .fusion-content-box-hover .link-area-link-icon-hover.link-area-box .fusion-read-more::before,\n\t\t\t\t\t.fusion-content-boxes-1 .fusion-content-box-hover .fusion-read-more:hover:after,\n\t\t\t\t\t.fusion-content-boxes-1 .fusion-content-box-hover .fusion-read-more:hover:before,\n\t\t\t\t\t.fusion-content-boxes-1 .fusion-content-box-hover .fusion-read-more:hover,\n\t\t\t\t\t.fusion-content-boxes-1 .fusion-content-box-hover .link-area-box-hover.link-area-box .fusion-read-more,\n\t\t\t\t\t.fusion-content-boxes-1 .fusion-content-box-hover .link-area-box-hover.link-area-box .fusion-read-more::after,\n\t\t\t\t\t.fusion-content-boxes-1 .fusion-content-box-hover .link-area-box-hover.link-area-box .fusion-read-more::before,\n\t\t\t\t\t.fusion-content-boxes-1 .fusion-content-box-hover .link-area-link-icon-hover .icon .circle-no,\n\t\t\t\t\t.fusion-content-boxes-1 .heading .heading-link:hover .content-box-heading {\n\t\t\t\t\t\tcolor: #a0ce4e;\n\t\t\t\t\t}\n\t\t\t\t\t.fusion-content-boxes-1 .fusion-content-box-hover .link-area-box-hover .icon .circle-no {\n\t\t\t\t\t\tcolor: #a0ce4e !important;\n\t\t\t\t\t}.fusion-content-boxes-1 .fusion-content-box-hover .link-area-box.link-area-box-hover .fusion-content-box-button {background: #ff9800;color: #ffffff;}.fusion-content-boxes-1 .fusion-content-box-hover .link-area-box.link-area-box-hover .fusion-content-box-button .fusion-button-text {color: #ffffff;}\n\t\t\t\t\t.fusion-content-boxes-1 .fusion-content-box-hover .link-area-link-icon-hover .heading .icon > span {\n\t\t\t\t\t\tbackground-color: #a0ce4e !important;\n\t\t\t\t\t}\n\t\t\t\t\t.fusion-content-boxes-1 .fusion-content-box-hover .link-area-box-hover .heading .icon > span {\n\t\t\t\t\t\tborder-color: #a0ce4e !important;\n\t\t\t\t\t}<\/style><div class=\"fusion-column content-box-column content-box-column content-box-column-1 col-lg-12 col-md-12 col-sm-12 fusion-content-box-hover  content-box-column-last\"><div class=\"col content-wrapper content-wrapper-boxed link-area-link-icon icon-hover-animation-fade\" style=\"background-color:rgba(255,255,255,0);\" data-animationOffset=\"100%\"><div class=\"heading heading-with-icon icon-left\"><div class=\"icon\"><i style=\"border-color:#333333;border-width:1px;background-color:#333333;box-sizing:content-box;height:42px;width:42px;line-height:42px;top:-71px;margin-left:-21px;border-radius:50%;color:#ffffff;font-size:21px;\" class=\"fontawesome-icon fa-map-signs fas circle-yes\"><\/i><\/div><h2 class=\"content-box-heading\" style=\"font-size:18px;line-height:23px;\">Comment faire ?<\/h2><\/div><div class=\"fusion-clearfix\"><\/div><div class=\"content-container\" style=\"color:#747474;\">\n<p style=\"text-align: left;\">Votre demande concerne :<\/p>\n<ul>\n<li style=\"text-align: left;\">un nouveau-n\u00e9 ou un enfant de moins de 4 ans : contactez l&rsquo;<a href=\"http:\/\/www.paroisse-aucamville-st-loup-cammas.fr\/site\/bapteme-enfant\/\">\u00e9quipe de pr\u00e9paration au bapt\u00eame des jeunes enfants<\/a><\/li>\n<li style=\"text-align: left;\">un enfant de 4 \u00e0 15 ans : contactez Maryline Laguens. T\u00e9l\u00e9phone : <span style=\"font-weight: 400;\">05 61 35 39 34<\/span><\/li>\n<li style=\"text-align: left;\">un jeune de 15 \u00e0 18 ans : contactez Catherine Assaoui, responsable du groupe des Grands Jeunes. T\u00e9l\u00e9phone : 06 84 11 62 89<\/li>\n<li style=\"text-align: left;\">apr\u00e8s 18 ans : contactez Caroline Kokobou-Roux, responsable \u00ab <a href=\"http:\/\/www.paroisse-aucamville-st-loup-cammas.fr\/site\/catechumenat-2\/\">Cat\u00e9chum\u00e9nat<\/a>\u00bb. T\u00e9l\u00e9phone : 06 10 22 44 35<\/li>\n<li style=\"text-align: left;\">un adulte qui pense avoir \u00e9t\u00e9 baptis\u00e9 et souhaite se rapprocher de l&rsquo;\u00e9glise : contactez <a href=\"http:\/\/www.paroisse-aucamville-st-loup-cammas.fr\/site\/soif-du-christ\/\">l&rsquo;\u00e9quipe des recommen\u00e7ants<\/a><\/li>\n<\/ul>\n<p>NB : Pour toutes ces demandes, n&rsquo;h\u00e9sitez pas \u00e0 appeler le p\u00e8re cur\u00e9 de notre ensemble paroissial, <span style=\"font-weight: 400;\">P\u00e8re Gibson 06 99 38 99 29<\/span><\/p>\n<\/div><\/div><\/div><style type=\"text\/css\" scoped=\"scoped\">\n\t\t\t\t\t\t.fusion-content-boxes-1 .fusion-content-box-hover .heading-link:hover .icon i.circle-yes,\n\t\t\t\t\t\t.fusion-content-boxes-1 .fusion-content-box-hover .link-area-box:hover .heading-link .icon i.circle-yes,\n\t\t\t\t\t\t.fusion-content-boxes-1 .fusion-content-box-hover .link-area-link-icon-hover .heading .icon i.circle-yes,\n\t\t\t\t\t\t.fusion-content-boxes-1 .fusion-content-box-hover .link-area-box-hover .heading .icon i.circle-yes {\n\t\t\t\t\t\t\tbackground-color: #a0ce4e !important;\n\t\t\t\t\t\t\tborder-color: #a0ce4e !important;\n\t\t\t\t\t\t}<\/style><div class=\"fusion-clearfix\"><\/div><\/div><div class=\"fusion-title title fusion-title-center fusion-title-size-two\" style=\"margin-top:10px;margin-bottom:10px;\"><div class=\"title-sep-container title-sep-container-left\"><div class=\"title-sep sep-single sep-solid\" style=\"border-color:#dd9933;\"><\/div><\/div><h2 class=\"title-heading-center\">Ce qui s&rsquo;y passe&#8230;<\/h2><div class=\"title-sep-container title-sep-container-right\"><div class=\"title-sep sep-single sep-solid\" style=\"border-color:#dd9933;\"><\/div><\/div><\/div><div class=\"fusion-blog-shortcode fusion-blog-shortcode-1 fusion-blog-archive fusion-blog-layout-medium-alternate fusion-blog-pagination\"><div class=\"fusion-posts-container fusion-posts-container-pagination fusion-blog-rollover\" data-pages=\"2\"><article id=\"blog-1-post-20475\" class=\"fusion-post-medium-alternate post-20475 post type-post status-publish format-standard has-post-thumbnail hentry category-aumonerie category-bapteme-adultes category-bapteme-enfant category-catechisme category-catechumenat category-eveil-a-la-foi category-pages-accueil category-pretres-et-diacres category-vie-groupes\">\n<div class=\"fusion-date-and-formats\"><div class=\"fusion-date-box updated\"><span class=\"fusion-date\">22<\/span><span class=\"fusion-month-year\">04, 2025<\/span><\/div><div class=\"fusion-format-box\"><i class=\"fusion-icon-pen\"><\/i><\/div><\/div>\t<style type=\"text\/css\">\n\t\t\n\t\t\n\t\t\n\t\t\n\t\t\t<\/style>\n\n\n\t\t\t<div class=\"fusion-flexslider flexslider fusion-flexslider-loading fusion-post-slideshow\" style=\"\">\n\t\t<ul class=\"slides\">\n\t\t\t\n\t\t\t\t\t\t\t\t\t\t\t\t\t\t<li>\n\n<div  class=\"fusion-image-wrapper fusion-image-size-fixed\" aria-haspopup=\"true\">\n\t\n\t\n\t\t\n\t\t\t\t\t<img width=\"320\" height=\"202\" src=\"http:\/\/www.paroisse-aucamville-st-loup-cammas.fr\/site\/wp-content\/uploads\/IMG-20250422-WA0002-320x202.jpg\" class=\"attachment-blog-medium size-blog-medium wp-post-image\" alt=\"\" loading=\"lazy\" srcset=\"http:\/\/www.paroisse-aucamville-st-loup-cammas.fr\/site\/wp-content\/uploads\/IMG-20250422-WA0002-320x202.jpg 320w, http:\/\/www.paroisse-aucamville-st-loup-cammas.fr\/site\/wp-content\/uploads\/IMG-20250422-WA0002-700x441.jpg 700w\" sizes=\"(max-width: 320px) 100vw, 320px\" \/>\n\t\n\n\t\t<div class=\"fusion-rollover\">\n\t<div class=\"fusion-rollover-content\">\n\n\t\t\t\t\t\t\t\t\t\t\t\t\t\t<a class=\"fusion-rollover-link\" href=\"http:\/\/www.paroisse-aucamville-st-loup-cammas.fr\/site\/52-baptemes-a-paques\/\">52 bapt\u00eames \u00e0 P\u00e2ques.<\/a>\n\t\t\t\n\t\t\t\t\t\t\t\t\t\t\t\t\t\t\n\t\t\t\t\t\t\t\t\n\t\t\t\t\t\t\t\t\t\t\t\t\t<div class=\"fusion-rollover-sep\"><\/div>\n\t\t\t\t\n\t\t\t\t\t\t\t\t\t\t\t\t\t\t\t\t\t\t<a class=\"fusion-rollover-gallery\" href=\"http:\/\/www.paroisse-aucamville-st-loup-cammas.fr\/site\/wp-content\/uploads\/IMG-20250422-WA0002.jpg\" data-id=\"20475\" data-rel=\"iLightbox[gallery]\" data-title=\"IMG-20250422-WA0002\" data-caption=\"\">\n\t\t\t\t\t\tGallery\t\t\t\t\t<\/a>\n\t\t\t\t\t\t\t\t\t\t\t\t\t\t\n\t\t\t\t\n\t\t\t\t\t\t\t\t\t\t\t\t<h4 class=\"fusion-rollover-title\">\n\t\t\t\t\t<a href=\"http:\/\/www.paroisse-aucamville-st-loup-cammas.fr\/site\/52-baptemes-a-paques\/\">\n\t\t\t\t\t\t52 bapt\u00eames \u00e0 P\u00e2ques.\t\t\t\t\t<\/a>\n\t\t\t\t<\/h4>\n\t\t\t\n\t\t\t\t\t\t\t\t\t\t\t\t\t\t<div class=\"fusion-rollover-categories\"><a href=\"http:\/\/www.paroisse-aucamville-st-loup-cammas.fr\/site\/category\/aumonerie\/\" rel=\"tag\">Aum\u00f4nerie<\/a>, <a href=\"http:\/\/www.paroisse-aucamville-st-loup-cammas.fr\/site\/category\/bapteme-adultes\/\" rel=\"tag\">Bapt\u00eame adultes<\/a>, <a href=\"http:\/\/www.paroisse-aucamville-st-loup-cammas.fr\/site\/category\/bapteme-enfant\/\" rel=\"tag\">Bapt\u00eame enfant<\/a>, <a href=\"http:\/\/www.paroisse-aucamville-st-loup-cammas.fr\/site\/category\/catechisme\/\" rel=\"tag\">Cat\u00e9chisme<\/a>, <a href=\"http:\/\/www.paroisse-aucamville-st-loup-cammas.fr\/site\/category\/catechumenat\/\" rel=\"tag\">Cat\u00e9chum\u00e9nat<\/a>, <a href=\"http:\/\/www.paroisse-aucamville-st-loup-cammas.fr\/site\/category\/eveil-a-la-foi\/\" rel=\"tag\">Eveil \u00e0 la foi<\/a>, <a href=\"http:\/\/www.paroisse-aucamville-st-loup-cammas.fr\/site\/category\/pages-accueil\/\" rel=\"tag\">Page d'accueil<\/a>, <a href=\"http:\/\/www.paroisse-aucamville-st-loup-cammas.fr\/site\/category\/pretres-et-diacres\/\" rel=\"tag\">Pr\u00eatres et diacres<\/a>, <a href=\"http:\/\/www.paroisse-aucamville-st-loup-cammas.fr\/site\/category\/vie-groupes\/\" rel=\"tag\">Vie des groupes<\/a><\/div>\t\t\t\t\t\n\t\t\n\t\t\t\t<a class=\"fusion-link-wrapper\" href=\"http:\/\/www.paroisse-aucamville-st-loup-cammas.fr\/site\/52-baptemes-a-paques\/\" aria-label=\"52 bapt\u00eames \u00e0 P\u00e2ques.\"><\/a>\n\t<\/div>\n<\/div>\n\n\t\n<\/div>\n<\/li>\n\t\t\t\n\t\t\t\n\t\t\t\t\t\t\t\t\t\t\t\n\t\t\t\t\t\n\t\t\t\t\t\t\t\t\t\t\t<li>\n\t\t\t\t\t\t\t<div class=\"fusion-image-wrapper\">\n\t\t\t\t\t\t\t\t<a href=\"http:\/\/www.paroisse-aucamville-st-loup-cammas.fr\/site\/52-baptemes-a-paques\/\" aria-label=\"52 bapt\u00eames \u00e0 P\u00e2ques.\">\n\t\t\t\t\t\t\t\t\t<img loading=\"lazy\" width=\"320\" height=\"202\" src=\"http:\/\/www.paroisse-aucamville-st-loup-cammas.fr\/site\/wp-content\/uploads\/IMG-20250422-WA0001-320x202.jpg\" alt=\"\" class=\"wp-image-20477\" role=\"presentation\" srcset=\"http:\/\/www.paroisse-aucamville-st-loup-cammas.fr\/site\/wp-content\/uploads\/IMG-20250422-WA0001-320x202.jpg 320w, http:\/\/www.paroisse-aucamville-st-loup-cammas.fr\/site\/wp-content\/uploads\/IMG-20250422-WA0001-700x441.jpg 700w\" sizes=\"(max-width: 320px) 100vw, 320px\" \/>\t\t\t\t\t\t\t\t<\/a>\n\t\t\t\t\t\t\t\t<a style=\"display:none;\" href=\"http:\/\/www.paroisse-aucamville-st-loup-cammas.fr\/site\/wp-content\/uploads\/IMG-20250422-WA0001.jpg\" data-rel=\"iLightbox[gallery20475]\"  title=\"\" data-title=\"IMG-20250422-WA0001\" data-caption=\"\">\n\t\t\t\t\t\t\t\t\t\t\t\t\t\t\t\t\t<\/a>\n\t\t\t\t\t\t\t<\/div>\n\t\t\t\t\t\t<\/li>\n\t\t\t\t\t\t\t\t\t\t\t\t\t\t\t\t\t\t\t\t\t\t\t\t\n\t\t\t\t\t\n\t\t\t\t\t\t\t\t\t\t\t<li>\n\t\t\t\t\t\t\t<div class=\"fusion-image-wrapper\">\n\t\t\t\t\t\t\t\t<a href=\"http:\/\/www.paroisse-aucamville-st-loup-cammas.fr\/site\/52-baptemes-a-paques\/\" aria-label=\"52 bapt\u00eames \u00e0 P\u00e2ques.\">\n\t\t\t\t\t\t\t\t\t<img loading=\"lazy\" width=\"320\" height=\"202\" src=\"http:\/\/www.paroisse-aucamville-st-loup-cammas.fr\/site\/wp-content\/uploads\/IMG-20250422-WA0003-320x202.jpg\" alt=\"\" class=\"wp-image-20478\" role=\"presentation\" srcset=\"http:\/\/www.paroisse-aucamville-st-loup-cammas.fr\/site\/wp-content\/uploads\/IMG-20250422-WA0003-320x202.jpg 320w, http:\/\/www.paroisse-aucamville-st-loup-cammas.fr\/site\/wp-content\/uploads\/IMG-20250422-WA0003-700x441.jpg 700w\" sizes=\"(max-width: 320px) 100vw, 320px\" \/>\t\t\t\t\t\t\t\t<\/a>\n\t\t\t\t\t\t\t\t<a style=\"display:none;\" href=\"http:\/\/www.paroisse-aucamville-st-loup-cammas.fr\/site\/wp-content\/uploads\/IMG-20250422-WA0003.jpg\" data-rel=\"iLightbox[gallery20475]\"  title=\"\" data-title=\"IMG-20250422-WA0003\" data-caption=\"\">\n\t\t\t\t\t\t\t\t\t\t\t\t\t\t\t\t\t<\/a>\n\t\t\t\t\t\t\t<\/div>\n\t\t\t\t\t\t<\/li>\n\t\t\t\t\t\t\t\t\t\t\t\t\t\t\t\t\t\t\t\t\t\t\t\t\n\t\t\t\t\t\n\t\t\t\t\t\t\t\t\t\t\t<li>\n\t\t\t\t\t\t\t<div class=\"fusion-image-wrapper\">\n\t\t\t\t\t\t\t\t<a href=\"http:\/\/www.paroisse-aucamville-st-loup-cammas.fr\/site\/52-baptemes-a-paques\/\" aria-label=\"52 bapt\u00eames \u00e0 P\u00e2ques.\">\n\t\t\t\t\t\t\t\t\t<img loading=\"lazy\" width=\"320\" height=\"202\" src=\"http:\/\/www.paroisse-aucamville-st-loup-cammas.fr\/site\/wp-content\/uploads\/IMG-20250420-WA0007-320x202.jpg\" alt=\"\" class=\"wp-image-20479\" role=\"presentation\"\/>\t\t\t\t\t\t\t\t<\/a>\n\t\t\t\t\t\t\t\t<a style=\"display:none;\" href=\"http:\/\/www.paroisse-aucamville-st-loup-cammas.fr\/site\/wp-content\/uploads\/IMG-20250420-WA0007.jpg\" data-rel=\"iLightbox[gallery20475]\"  title=\"\" data-title=\"IMG-20250420-WA0007\" data-caption=\"\">\n\t\t\t\t\t\t\t\t\t\t\t\t\t\t\t\t\t<\/a>\n\t\t\t\t\t\t\t<\/div>\n\t\t\t\t\t\t<\/li>\n\t\t\t\t\t\t\t\t\t\t\t\t\t\t\t\t\t\t\t\t\t\t\t\t\t\t\t\t\t\t\t\t\t\t\t\t<\/ul>\n\t<\/div>\n\t<div class=\"fusion-post-content post-content\"><h2 class=\"blog-shortcode-post-title entry-title\"><a href=\"http:\/\/www.paroisse-aucamville-st-loup-cammas.fr\/site\/52-baptemes-a-paques\/\">52 bapt\u00eames \u00e0 P\u00e2ques.<\/a><\/h2><p class=\"fusion-single-line-meta\"><span class=\"vcard\" style=\"display: none;\"><span class=\"fn\"><a href=\"http:\/\/www.paroisse-aucamville-st-loup-cammas.fr\/site\/author\/maryline-laguens\/\" title=\"Articles par Maryline Laguens\" rel=\"author\">Maryline Laguens<\/a><\/span><\/span><span class=\"updated\" style=\"display:none;\">2025-04-22T18:29:23+01:00<\/span><span>22 avril  2025<\/span><span class=\"fusion-inline-sep\">|<\/span><\/p><div class=\"fusion-post-content-container\"><p>Notre communaut\u00e9 paroissiale \u00e0 eu la joie de c\u00e9l\u00e9brer, en ce week-end de P\u00e2ques, 52 bapt\u00eames. 26 adultes et 1 adolescent se sont faits baptiser par Monseigneur Batut pendant la Veill\u00e9e pascale \u00e0 Castelginest. Le [...]<\/p><\/div><\/div><div class=\"fusion-clearfix\"><\/div><div class=\"fusion-meta-info\"><div class=\"fusion-alignright\"><a class=\"fusion-read-more\" href=\"http:\/\/www.paroisse-aucamville-st-loup-cammas.fr\/site\/52-baptemes-a-paques\/\">Read More<\/a><\/div><\/div><\/article>\n<article id=\"blog-1-post-18639\" class=\"fusion-post-medium-alternate post-18639 post type-post status-publish format-standard has-post-thumbnail hentry category-bapteme-adultes category-bapteme-enfant category-catechumenat category-pages-accueil category-vie-groupes\">\n<div class=\"fusion-date-and-formats\"><div class=\"fusion-date-box updated\"><span class=\"fusion-date\">18<\/span><span class=\"fusion-month-year\">04, 2022<\/span><\/div><div class=\"fusion-format-box\"><i class=\"fusion-icon-pen\"><\/i><\/div><\/div>\t<style type=\"text\/css\">\n\t\t\n\t\t\n\t\t\n\t\t\n\t\t\t<\/style>\n\n\n\t\t\t<div class=\"fusion-flexslider flexslider fusion-flexslider-loading fusion-post-slideshow\" style=\"\">\n\t\t<ul class=\"slides\">\n\t\t\t\n\t\t\t\t\t\t\t\t\t\t\t\t\t\t<li>\n\n<div  class=\"fusion-image-wrapper fusion-image-size-fixed\" aria-haspopup=\"true\">\n\t\n\t\n\t\t\n\t\t\t\t\t<img width=\"320\" height=\"202\" src=\"http:\/\/www.paroisse-aucamville-st-loup-cammas.fr\/site\/wp-content\/uploads\/Messaging1650198523414-320x202.jpg\" class=\"attachment-blog-medium size-blog-medium wp-post-image\" alt=\"\" loading=\"lazy\" \/>\n\t\n\n\t\t<div class=\"fusion-rollover\">\n\t<div class=\"fusion-rollover-content\">\n\n\t\t\t\t\t\t\t\t\t\t\t\t\t\t<a class=\"fusion-rollover-link\" href=\"http:\/\/www.paroisse-aucamville-st-loup-cammas.fr\/site\/baptises-a-paques-bienvenue-a-nos-freres-et-soeurs\/\">Baptis\u00e9s \u00e0 P\u00e2ques : bienvenue \u00e0 nos fr\u00e8res et soeurs.<\/a>\n\t\t\t\n\t\t\t\t\t\t\t\t\t\t\t\t\t\t\n\t\t\t\t\t\t\t\t\n\t\t\t\t\t\t\t\t\t\t\t\t\t<div class=\"fusion-rollover-sep\"><\/div>\n\t\t\t\t\n\t\t\t\t\t\t\t\t\t\t\t\t\t\t\t\t\t\t<a class=\"fusion-rollover-gallery\" href=\"http:\/\/www.paroisse-aucamville-st-loup-cammas.fr\/site\/wp-content\/uploads\/Messaging1650198523414.jpg\" data-id=\"18639\" data-rel=\"iLightbox[gallery]\" data-title=\"Messaging1650198523414\" data-caption=\"\">\n\t\t\t\t\t\tGallery\t\t\t\t\t<\/a>\n\t\t\t\t\t\t\t\t\t\t\t\t\t\t\n\t\t\t\t\n\t\t\t\t\t\t\t\t\t\t\t\t<h4 class=\"fusion-rollover-title\">\n\t\t\t\t\t<a href=\"http:\/\/www.paroisse-aucamville-st-loup-cammas.fr\/site\/baptises-a-paques-bienvenue-a-nos-freres-et-soeurs\/\">\n\t\t\t\t\t\tBaptis\u00e9s \u00e0 P\u00e2ques : bienvenue \u00e0 nos fr\u00e8res et soeurs.\t\t\t\t\t<\/a>\n\t\t\t\t<\/h4>\n\t\t\t\n\t\t\t\t\t\t\t\t\t\t\t\t\t\t<div class=\"fusion-rollover-categories\"><a href=\"http:\/\/www.paroisse-aucamville-st-loup-cammas.fr\/site\/category\/bapteme-adultes\/\" rel=\"tag\">Bapt\u00eame adultes<\/a>, <a href=\"http:\/\/www.paroisse-aucamville-st-loup-cammas.fr\/site\/category\/bapteme-enfant\/\" rel=\"tag\">Bapt\u00eame enfant<\/a>, <a href=\"http:\/\/www.paroisse-aucamville-st-loup-cammas.fr\/site\/category\/catechumenat\/\" rel=\"tag\">Cat\u00e9chum\u00e9nat<\/a>, <a href=\"http:\/\/www.paroisse-aucamville-st-loup-cammas.fr\/site\/category\/pages-accueil\/\" rel=\"tag\">Page d'accueil<\/a>, <a href=\"http:\/\/www.paroisse-aucamville-st-loup-cammas.fr\/site\/category\/vie-groupes\/\" rel=\"tag\">Vie des groupes<\/a><\/div>\t\t\t\t\t\n\t\t\n\t\t\t\t<a class=\"fusion-link-wrapper\" href=\"http:\/\/www.paroisse-aucamville-st-loup-cammas.fr\/site\/baptises-a-paques-bienvenue-a-nos-freres-et-soeurs\/\" aria-label=\"Baptis\u00e9s \u00e0 P\u00e2ques : bienvenue \u00e0 nos fr\u00e8res et soeurs.\"><\/a>\n\t<\/div>\n<\/div>\n\n\t\n<\/div>\n<\/li>\n\t\t\t\n\t\t\t\n\t\t\t\t\t\t\t\t\t\t\t\n\t\t\t\t\t\n\t\t\t\t\t\t\t\t\t\t\t<li>\n\t\t\t\t\t\t\t<div class=\"fusion-image-wrapper\">\n\t\t\t\t\t\t\t\t<a href=\"http:\/\/www.paroisse-aucamville-st-loup-cammas.fr\/site\/baptises-a-paques-bienvenue-a-nos-freres-et-soeurs\/\" aria-label=\"Baptis\u00e9s \u00e0 P\u00e2ques : bienvenue \u00e0 nos fr\u00e8res et soeurs.\">\n\t\t\t\t\t\t\t\t\t<img loading=\"lazy\" width=\"320\" height=\"202\" src=\"http:\/\/www.paroisse-aucamville-st-loup-cammas.fr\/site\/wp-content\/uploads\/DSC_1345-320x202.jpg\" alt=\"\" class=\"wp-image-18641\" role=\"presentation\" srcset=\"http:\/\/www.paroisse-aucamville-st-loup-cammas.fr\/site\/wp-content\/uploads\/DSC_1345-320x202.jpg 320w, http:\/\/www.paroisse-aucamville-st-loup-cammas.fr\/site\/wp-content\/uploads\/DSC_1345-700x441.jpg 700w\" sizes=\"(max-width: 320px) 100vw, 320px\" \/>\t\t\t\t\t\t\t\t<\/a>\n\t\t\t\t\t\t\t\t<a style=\"display:none;\" href=\"http:\/\/www.paroisse-aucamville-st-loup-cammas.fr\/site\/wp-content\/uploads\/DSC_1345.jpg\" data-rel=\"iLightbox[gallery18639]\"  title=\"\" data-title=\"DSC_1345\" data-caption=\"\">\n\t\t\t\t\t\t\t\t\t\t\t\t\t\t\t\t\t<\/a>\n\t\t\t\t\t\t\t<\/div>\n\t\t\t\t\t\t<\/li>\n\t\t\t\t\t\t\t\t\t\t\t\t\t\t\t\t\t\t\t\t\t\t\t\t\t\t\t\t\t\t\t\t\t\t\t\t\t\t\t\t\t\t\t\t\t\t\t\t\t\t\t\t\t\t\t\t\t\t\t\t\t\t\t\t\t\t<\/ul>\n\t<\/div>\n\t<div class=\"fusion-post-content post-content\"><h2 class=\"blog-shortcode-post-title entry-title\"><a href=\"http:\/\/www.paroisse-aucamville-st-loup-cammas.fr\/site\/baptises-a-paques-bienvenue-a-nos-freres-et-soeurs\/\">Baptis\u00e9s \u00e0 P\u00e2ques : bienvenue \u00e0 nos fr\u00e8res et soeurs.<\/a><\/h2><p class=\"fusion-single-line-meta\"><span class=\"vcard\" style=\"display: none;\"><span class=\"fn\"><a href=\"http:\/\/www.paroisse-aucamville-st-loup-cammas.fr\/site\/author\/maryline-laguens\/\" title=\"Articles par Maryline Laguens\" rel=\"author\">Maryline Laguens<\/a><\/span><\/span><span class=\"updated\" style=\"display:none;\">2022-04-18T19:45:13+01:00<\/span><span>18 avril  2022<\/span><span class=\"fusion-inline-sep\">|<\/span><\/p><div class=\"fusion-post-content-container\"><p>Lors du week-end pascal 6 adusltes : Aur\u00e9lia, Lynda, C\u00e9cile, Sandra, Alexandre et Noamy, 3 adolescents : Louise, Micka\u00ebl et Jessica, 2 enfants : Eden et Jade et deux b\u00e9b\u00e9s : Lya et Sloane ont [...]<\/p><\/div><\/div><div class=\"fusion-clearfix\"><\/div><div class=\"fusion-meta-info\"><div class=\"fusion-alignright\"><a class=\"fusion-read-more\" href=\"http:\/\/www.paroisse-aucamville-st-loup-cammas.fr\/site\/baptises-a-paques-bienvenue-a-nos-freres-et-soeurs\/\">Read More<\/a><\/div><\/div><\/article>\n<article id=\"blog-1-post-17999\" class=\"fusion-post-medium-alternate post-17999 post type-post status-publish format-standard has-post-thumbnail hentry category-bapteme-adultes category-eap category-pages-accueil category-vie-groupes\">\n<div class=\"fusion-date-and-formats\"><div class=\"fusion-date-box updated\"><span class=\"fusion-date\">15<\/span><span class=\"fusion-month-year\">03, 2021<\/span><\/div><div class=\"fusion-format-box\"><i class=\"fusion-icon-pen\"><\/i><\/div><\/div>\t<style type=\"text\/css\">\n\t\t\n\t\t\n\t\t\n\t\t\n\t\t\t<\/style>\n\n\n\t\t\t<div class=\"fusion-flexslider flexslider fusion-flexslider-loading fusion-post-slideshow\" style=\"\">\n\t\t<ul class=\"slides\">\n\t\t\t\n\t\t\t\t\t\t\t\t\t\t\t\t\t\t<li>\n\n<div  class=\"fusion-image-wrapper fusion-image-size-fixed\" aria-haspopup=\"true\">\n\t\n\t\n\t\t\n\t\t\t\t\t<img width=\"320\" height=\"202\" src=\"http:\/\/www.paroisse-aucamville-st-loup-cammas.fr\/site\/wp-content\/uploads\/HorairePaques-320x202.jpg\" class=\"attachment-blog-medium size-blog-medium wp-post-image\" alt=\"\" loading=\"lazy\" srcset=\"http:\/\/www.paroisse-aucamville-st-loup-cammas.fr\/site\/wp-content\/uploads\/HorairePaques-320x202.jpg 320w, http:\/\/www.paroisse-aucamville-st-loup-cammas.fr\/site\/wp-content\/uploads\/HorairePaques-700x441.jpg 700w\" sizes=\"(max-width: 320px) 100vw, 320px\" \/>\n\t\n\n\t\t<div class=\"fusion-rollover\">\n\t<div class=\"fusion-rollover-content\">\n\n\t\t\t\t\t\t\t\t\t\t\t\t\t\t<a class=\"fusion-rollover-link\" href=\"http:\/\/www.paroisse-aucamville-st-loup-cammas.fr\/site\/cette-annee-nous-feterons-paques-dans-nos-eglises-merci-seigneur\/\">Cette ann\u00e9e, nous f\u00eaterons P\u00e2ques dans nos \u00e9glises ! Merci Seigneur !<\/a>\n\t\t\t\n\t\t\t\t\t\t\t\t\t\t\t\t\t\t\n\t\t\t\t\t\t\t\t\n\t\t\t\t\t\t\t\t\t\t\t\t\t<div class=\"fusion-rollover-sep\"><\/div>\n\t\t\t\t\n\t\t\t\t\t\t\t\t\t\t\t\t\t\t\t\t\t\t<a class=\"fusion-rollover-gallery\" href=\"http:\/\/www.paroisse-aucamville-st-loup-cammas.fr\/site\/wp-content\/uploads\/HorairePaques.jpg\" data-id=\"17999\" data-rel=\"iLightbox[gallery]\" data-title=\"HorairePaques\" data-caption=\"\">\n\t\t\t\t\t\tGallery\t\t\t\t\t<\/a>\n\t\t\t\t\t\t\t\t\t\t\t\t\t\t\n\t\t\t\t\n\t\t\t\t\t\t\t\t\t\t\t\t<h4 class=\"fusion-rollover-title\">\n\t\t\t\t\t<a href=\"http:\/\/www.paroisse-aucamville-st-loup-cammas.fr\/site\/cette-annee-nous-feterons-paques-dans-nos-eglises-merci-seigneur\/\">\n\t\t\t\t\t\tCette ann\u00e9e, nous f\u00eaterons P\u00e2ques dans nos \u00e9glises ! Merci Seigneur !\t\t\t\t\t<\/a>\n\t\t\t\t<\/h4>\n\t\t\t\n\t\t\t\t\t\t\t\t\t\t\t\t\t\t<div class=\"fusion-rollover-categories\"><a href=\"http:\/\/www.paroisse-aucamville-st-loup-cammas.fr\/site\/category\/bapteme-adultes\/\" rel=\"tag\">Bapt\u00eame adultes<\/a>, <a href=\"http:\/\/www.paroisse-aucamville-st-loup-cammas.fr\/site\/category\/eap\/\" rel=\"tag\">EAP<\/a>, <a href=\"http:\/\/www.paroisse-aucamville-st-loup-cammas.fr\/site\/category\/pages-accueil\/\" rel=\"tag\">Page d'accueil<\/a>, <a href=\"http:\/\/www.paroisse-aucamville-st-loup-cammas.fr\/site\/category\/vie-groupes\/\" rel=\"tag\">Vie des groupes<\/a><\/div>\t\t\t\t\t\n\t\t\n\t\t\t\t<a class=\"fusion-link-wrapper\" href=\"http:\/\/www.paroisse-aucamville-st-loup-cammas.fr\/site\/cette-annee-nous-feterons-paques-dans-nos-eglises-merci-seigneur\/\" aria-label=\"Cette ann\u00e9e, nous f\u00eaterons P\u00e2ques dans nos \u00e9glises ! Merci Seigneur !\"><\/a>\n\t<\/div>\n<\/div>\n\n\t\n<\/div>\n<\/li>\n\t\t\t\n\t\t\t\n\t\t\t\t\t\t\t\t\t\t\t\t\t\t\t\t\t\t\t\t\t\t\t\t\t\t\t\t\t\t\t\t\t\t\t\t\t\t\t\t\t\t\t\t\t\t\t\t\t\t\t\t\t\t\t\t\t\t\t\t\t\t\t\t\t\t\t\t<\/ul>\n\t<\/div>\n\t<div class=\"fusion-post-content post-content\"><h2 class=\"blog-shortcode-post-title entry-title\"><a href=\"http:\/\/www.paroisse-aucamville-st-loup-cammas.fr\/site\/cette-annee-nous-feterons-paques-dans-nos-eglises-merci-seigneur\/\">Cette ann\u00e9e, nous f\u00eaterons P\u00e2ques dans nos \u00e9glises ! Merci Seigneur !<\/a><\/h2><p class=\"fusion-single-line-meta\"><span class=\"vcard\" style=\"display: none;\"><span class=\"fn\"><a href=\"http:\/\/www.paroisse-aucamville-st-loup-cammas.fr\/site\/author\/francoise-cornille\/\" title=\"Articles par Fran\u00e7oise Cornille\" rel=\"author\">Fran\u00e7oise Cornille<\/a><\/span><\/span><span class=\"updated\" style=\"display:none;\">2021-03-20T00:58:01+01:00<\/span><span>15 mars  2021<\/span><span class=\"fusion-inline-sep\">|<\/span><\/p><div class=\"fusion-post-content-container\"><p>\"A vin nouveau, outres neuves\" (Mc 2, 22). Si l'an pass\u00e9, les f\u00eates de P\u00e2ques ont rim\u00e9 avec confinement, cette ann\u00e9e, nous allons retrouver la communaut\u00e9 ! N\u00e9anmoins, nous f\u00eaterons P\u00e2ques diff\u00e9remment pour nous adapter [...]<\/p><\/div><\/div><div class=\"fusion-clearfix\"><\/div><div class=\"fusion-meta-info\"><div class=\"fusion-alignright\"><a class=\"fusion-read-more\" href=\"http:\/\/www.paroisse-aucamville-st-loup-cammas.fr\/site\/cette-annee-nous-feterons-paques-dans-nos-eglises-merci-seigneur\/\">Read More<\/a><\/div><\/div><\/article>\n<article id=\"blog-1-post-16247\" class=\"fusion-post-medium-alternate post-16247 post type-post status-publish format-standard has-post-thumbnail hentry category-bapteme-adultes category-bapteme-enfant category-pages-accueil category-vie-groupes\">\n<div class=\"fusion-date-and-formats\"><div class=\"fusion-date-box updated\"><span class=\"fusion-date\">6<\/span><span class=\"fusion-month-year\">05, 2019<\/span><\/div><div class=\"fusion-format-box\"><i class=\"fusion-icon-pen\"><\/i><\/div><\/div>\t<style type=\"text\/css\">\n\t\t\n\t\t\n\t\t\n\t\t\n\t\t\t<\/style>\n\n\n\t\t\t<div class=\"fusion-flexslider flexslider fusion-flexslider-loading fusion-post-slideshow\" style=\"\">\n\t\t<ul class=\"slides\">\n\t\t\t\n\t\t\t\t\t\t\t\t\t\t\t\t\t\t<li>\n\n<div  class=\"fusion-image-wrapper fusion-image-size-fixed\" aria-haspopup=\"true\">\n\t\n\t\n\t\t\n\t\t\t\t\t<img width=\"320\" height=\"202\" src=\"http:\/\/www.paroisse-aucamville-st-loup-cammas.fr\/site\/wp-content\/uploads\/bapt\u00eame-1-320x202.jpg\" class=\"attachment-blog-medium size-blog-medium wp-post-image\" alt=\"\" loading=\"lazy\" srcset=\"http:\/\/www.paroisse-aucamville-st-loup-cammas.fr\/site\/wp-content\/uploads\/bapt\u00eame-1-320x202.jpg 320w, http:\/\/www.paroisse-aucamville-st-loup-cammas.fr\/site\/wp-content\/uploads\/bapt\u00eame-1-700x441.jpg 700w\" sizes=\"(max-width: 320px) 100vw, 320px\" \/>\n\t\n\n\t\t<div class=\"fusion-rollover\">\n\t<div class=\"fusion-rollover-content\">\n\n\t\t\t\t\t\t\t\t\t\t\t\t\t\t<a class=\"fusion-rollover-link\" href=\"http:\/\/www.paroisse-aucamville-st-loup-cammas.fr\/site\/baptises-dans-la-lumiere-de-jesus-ils-sont-devenus-enfants-de-dieu\/\">Baptis\u00e9s dans la lumi\u00e8re de J\u00e9sus, ils sont devenus enfants de Dieu.<\/a>\n\t\t\t\n\t\t\t\t\t\t\t\t\t\t\t\t\t\t\n\t\t\t\t\t\t\t\t\n\t\t\t\t\t\t\t\t\t\t\t\t\t<div class=\"fusion-rollover-sep\"><\/div>\n\t\t\t\t\n\t\t\t\t\t\t\t\t\t\t\t\t\t\t\t\t\t\t<a class=\"fusion-rollover-gallery\" href=\"http:\/\/www.paroisse-aucamville-st-loup-cammas.fr\/site\/wp-content\/uploads\/bapt\u00eame-1-e1557090047917.jpg\" data-id=\"16247\" data-rel=\"iLightbox[gallery]\" data-title=\"bapt\u00eame 1\" data-caption=\"\">\n\t\t\t\t\t\tGallery\t\t\t\t\t<\/a>\n\t\t\t\t\t\t\t\t\t\t\t\t\t\t\n\t\t\t\t\n\t\t\t\t\t\t\t\t\t\t\t\t<h4 class=\"fusion-rollover-title\">\n\t\t\t\t\t<a href=\"http:\/\/www.paroisse-aucamville-st-loup-cammas.fr\/site\/baptises-dans-la-lumiere-de-jesus-ils-sont-devenus-enfants-de-dieu\/\">\n\t\t\t\t\t\tBaptis\u00e9s dans la lumi\u00e8re de J\u00e9sus, ils sont devenus enfants de Dieu.\t\t\t\t\t<\/a>\n\t\t\t\t<\/h4>\n\t\t\t\n\t\t\t\t\t\t\t\t\t\t\t\t\t\t<div class=\"fusion-rollover-categories\"><a href=\"http:\/\/www.paroisse-aucamville-st-loup-cammas.fr\/site\/category\/bapteme-adultes\/\" rel=\"tag\">Bapt\u00eame adultes<\/a>, <a href=\"http:\/\/www.paroisse-aucamville-st-loup-cammas.fr\/site\/category\/bapteme-enfant\/\" rel=\"tag\">Bapt\u00eame enfant<\/a>, <a href=\"http:\/\/www.paroisse-aucamville-st-loup-cammas.fr\/site\/category\/pages-accueil\/\" rel=\"tag\">Page d'accueil<\/a>, <a href=\"http:\/\/www.paroisse-aucamville-st-loup-cammas.fr\/site\/category\/vie-groupes\/\" rel=\"tag\">Vie des groupes<\/a><\/div>\t\t\t\t\t\n\t\t\n\t\t\t\t<a class=\"fusion-link-wrapper\" href=\"http:\/\/www.paroisse-aucamville-st-loup-cammas.fr\/site\/baptises-dans-la-lumiere-de-jesus-ils-sont-devenus-enfants-de-dieu\/\" aria-label=\"Baptis\u00e9s dans la lumi\u00e8re de J\u00e9sus, ils sont devenus enfants de Dieu.\"><\/a>\n\t<\/div>\n<\/div>\n\n\t\n<\/div>\n<\/li>\n\t\t\t\n\t\t\t\n\t\t\t\t\t\t\t\t\t\t\t\n\t\t\t\t\t\n\t\t\t\t\t\t\t\t\t\t\t<li>\n\t\t\t\t\t\t\t<div class=\"fusion-image-wrapper\">\n\t\t\t\t\t\t\t\t<a href=\"http:\/\/www.paroisse-aucamville-st-loup-cammas.fr\/site\/baptises-dans-la-lumiere-de-jesus-ils-sont-devenus-enfants-de-dieu\/\" aria-label=\"Baptis\u00e9s dans la lumi\u00e8re de J\u00e9sus, ils sont devenus enfants de Dieu.\">\n\t\t\t\t\t\t\t\t\t<img loading=\"lazy\" width=\"320\" height=\"202\" src=\"http:\/\/www.paroisse-aucamville-st-loup-cammas.fr\/site\/wp-content\/uploads\/bapt\u00eame-2-copie-320x202.jpg\" alt=\"\" class=\"wp-image-16250\" role=\"presentation\"\/>\t\t\t\t\t\t\t\t<\/a>\n\t\t\t\t\t\t\t\t<a style=\"display:none;\" href=\"http:\/\/www.paroisse-aucamville-st-loup-cammas.fr\/site\/wp-content\/uploads\/bapt\u00eame-2-copie-e1557090067518.jpg\" data-rel=\"iLightbox[gallery16247]\"  title=\"\" data-title=\"bapt\u00eame 2 &#8211; copie\" data-caption=\"\">\n\t\t\t\t\t\t\t\t\t\t\t\t\t\t\t\t\t<\/a>\n\t\t\t\t\t\t\t<\/div>\n\t\t\t\t\t\t<\/li>\n\t\t\t\t\t\t\t\t\t\t\t\t\t\t\t\t\t\t\t\t\t\t\t\t\n\t\t\t\t\t\n\t\t\t\t\t\t\t\t\t\t\t<li>\n\t\t\t\t\t\t\t<div class=\"fusion-image-wrapper\">\n\t\t\t\t\t\t\t\t<a href=\"http:\/\/www.paroisse-aucamville-st-loup-cammas.fr\/site\/baptises-dans-la-lumiere-de-jesus-ils-sont-devenus-enfants-de-dieu\/\" aria-label=\"Baptis\u00e9s dans la lumi\u00e8re de J\u00e9sus, ils sont devenus enfants de Dieu.\">\n\t\t\t\t\t\t\t\t\t<img loading=\"lazy\" width=\"320\" height=\"202\" src=\"http:\/\/www.paroisse-aucamville-st-loup-cammas.fr\/site\/wp-content\/uploads\/bapt\u00eame-3-copie-320x202.jpg\" alt=\"\" class=\"wp-image-16249\" role=\"presentation\"\/>\t\t\t\t\t\t\t\t<\/a>\n\t\t\t\t\t\t\t\t<a style=\"display:none;\" href=\"http:\/\/www.paroisse-aucamville-st-loup-cammas.fr\/site\/wp-content\/uploads\/bapt\u00eame-3-copie-e1557090082927.jpg\" data-rel=\"iLightbox[gallery16247]\"  title=\"\" data-title=\"bapt\u00eame 3 &#8211; copie\" data-caption=\"\">\n\t\t\t\t\t\t\t\t\t\t\t\t\t\t\t\t\t<\/a>\n\t\t\t\t\t\t\t<\/div>\n\t\t\t\t\t\t<\/li>\n\t\t\t\t\t\t\t\t\t\t\t\t\t\t\t\t\t\t\t\t\t\t\t\t\t\t\t\t\t\t\t\t\t\t\t\t\t\t\t\t\t\t\t\t\t\t\t\t\t\t\t<\/ul>\n\t<\/div>\n\t<div class=\"fusion-post-content post-content\"><h2 class=\"blog-shortcode-post-title entry-title\"><a href=\"http:\/\/www.paroisse-aucamville-st-loup-cammas.fr\/site\/baptises-dans-la-lumiere-de-jesus-ils-sont-devenus-enfants-de-dieu\/\">Baptis\u00e9s dans la lumi\u00e8re de J\u00e9sus, ils sont devenus enfants de Dieu.<\/a><\/h2><p class=\"fusion-single-line-meta\"><span class=\"vcard\" style=\"display: none;\"><span class=\"fn\"><a href=\"http:\/\/www.paroisse-aucamville-st-loup-cammas.fr\/site\/author\/admin-paroisse\/\" title=\"Articles par Equipe \u00e9ditoriale\" rel=\"author\">Equipe \u00e9ditoriale<\/a><\/span><\/span><span class=\"updated\" style=\"display:none;\">2019-05-06T12:36:58+01:00<\/span><span>6 mai  2019<\/span><span class=\"fusion-inline-sep\">|<\/span><\/p><div class=\"fusion-post-content-container\"><p>7 jeunes et enfants de notre ensemble paroissial Aucamville-Saint-Loup Cammas ont re\u00e7u le sacrement du bapt\u00eame le jour de P\u00e2ques. Apr\u00e8s neuf mois de pr\u00e9paration et deux \u00e9tapes, Kim Lan, Nina, Killian, Alexiane, Lucille, Lucas [...]<\/p><\/div><\/div><div class=\"fusion-clearfix\"><\/div><div class=\"fusion-meta-info\"><div class=\"fusion-alignright\"><a class=\"fusion-read-more\" href=\"http:\/\/www.paroisse-aucamville-st-loup-cammas.fr\/site\/baptises-dans-la-lumiere-de-jesus-ils-sont-devenus-enfants-de-dieu\/\">Read More<\/a><\/div><\/div><\/article>\n<article id=\"blog-1-post-16031\" class=\"fusion-post-medium-alternate post-16031 post type-post status-publish format-standard has-post-thumbnail hentry category-bapteme-adultes category-catechumenat category-pages-accueil category-vie-groupes\">\n<div class=\"fusion-date-and-formats\"><div class=\"fusion-date-box updated\"><span class=\"fusion-date\">24<\/span><span class=\"fusion-month-year\">03, 2019<\/span><\/div><div class=\"fusion-format-box\"><i class=\"fusion-icon-pen\"><\/i><\/div><\/div>\t<style type=\"text\/css\">\n\t\t\n\t\t\n\t\t\n\t\t\n\t\t\t<\/style>\n\n\n\t\t\t<div class=\"fusion-flexslider flexslider fusion-flexslider-loading fusion-post-slideshow\" style=\"\">\n\t\t<ul class=\"slides\">\n\t\t\t\n\t\t\t\t\t\t\t\t\t\t\t\t\t\t<li>\n\n<div  class=\"fusion-image-wrapper fusion-image-size-fixed\" aria-haspopup=\"true\">\n\t\n\t\n\t\t\n\t\t\t\t\t<img width=\"320\" height=\"202\" src=\"http:\/\/www.paroisse-aucamville-st-loup-cammas.fr\/site\/wp-content\/uploads\/baptist\u00e8re-Villari\u00e8s-320x202.jpg\" class=\"attachment-blog-medium size-blog-medium wp-post-image\" alt=\"\" loading=\"lazy\" srcset=\"http:\/\/www.paroisse-aucamville-st-loup-cammas.fr\/site\/wp-content\/uploads\/baptist\u00e8re-Villari\u00e8s-320x202.jpg 320w, http:\/\/www.paroisse-aucamville-st-loup-cammas.fr\/site\/wp-content\/uploads\/baptist\u00e8re-Villari\u00e8s-700x441.jpg 700w\" sizes=\"(max-width: 320px) 100vw, 320px\" \/>\n\t\n\n\t\t<div class=\"fusion-rollover\">\n\t<div class=\"fusion-rollover-content\">\n\n\t\t\t\t\t\t\t\t\t\t\t\t\t\t<a class=\"fusion-rollover-link\" href=\"http:\/\/www.paroisse-aucamville-st-loup-cammas.fr\/site\/bapteme-des-adultes-et-apres\/\">Bapt\u00eame des adultes : et apr\u00e8s ?<\/a>\n\t\t\t\n\t\t\t\t\t\t\t\t\t\t\t\t\t\t\n\t\t\t\t\t\t\t\t\n\t\t\t\t\t\t\t\t\t\t\t\t\t<div class=\"fusion-rollover-sep\"><\/div>\n\t\t\t\t\n\t\t\t\t\t\t\t\t\t\t\t\t\t\t\t\t\t\t<a class=\"fusion-rollover-gallery\" href=\"http:\/\/www.paroisse-aucamville-st-loup-cammas.fr\/site\/wp-content\/uploads\/baptist\u00e8re-Villari\u00e8s.jpg\" data-id=\"16031\" data-rel=\"iLightbox[gallery]\" data-title=\"baptist\u00e8re Villari\u00e8s\" data-caption=\"\">\n\t\t\t\t\t\tGallery\t\t\t\t\t<\/a>\n\t\t\t\t\t\t\t\t\t\t\t\t\t\t\n\t\t\t\t\n\t\t\t\t\t\t\t\t\t\t\t\t<h4 class=\"fusion-rollover-title\">\n\t\t\t\t\t<a href=\"http:\/\/www.paroisse-aucamville-st-loup-cammas.fr\/site\/bapteme-des-adultes-et-apres\/\">\n\t\t\t\t\t\tBapt\u00eame des adultes : et apr\u00e8s ?\t\t\t\t\t<\/a>\n\t\t\t\t<\/h4>\n\t\t\t\n\t\t\t\t\t\t\t\t\t\t\t\t\t\t<div class=\"fusion-rollover-categories\"><a href=\"http:\/\/www.paroisse-aucamville-st-loup-cammas.fr\/site\/category\/bapteme-adultes\/\" rel=\"tag\">Bapt\u00eame adultes<\/a>, <a href=\"http:\/\/www.paroisse-aucamville-st-loup-cammas.fr\/site\/category\/catechumenat\/\" rel=\"tag\">Cat\u00e9chum\u00e9nat<\/a>, <a href=\"http:\/\/www.paroisse-aucamville-st-loup-cammas.fr\/site\/category\/pages-accueil\/\" rel=\"tag\">Page d'accueil<\/a>, <a href=\"http:\/\/www.paroisse-aucamville-st-loup-cammas.fr\/site\/category\/vie-groupes\/\" rel=\"tag\">Vie des groupes<\/a><\/div>\t\t\t\t\t\n\t\t\n\t\t\t\t<a class=\"fusion-link-wrapper\" href=\"http:\/\/www.paroisse-aucamville-st-loup-cammas.fr\/site\/bapteme-des-adultes-et-apres\/\" aria-label=\"Bapt\u00eame des adultes : et apr\u00e8s ?\"><\/a>\n\t<\/div>\n<\/div>\n\n\t\n<\/div>\n<\/li>\n\t\t\t\n\t\t\t\n\t\t\t\t\t\t\t\t\t\t\t\t\t\t\t\t\t\t\t\t\t\t\t\t\t\t\t\t\t\t\t\t\t\t\t\t\t\t\t\t\t\t\t\t\t\t\t\t\t\t\t\t\t\t\t\t\t\t\t\t\t\t\t\t\t\t\t\t<\/ul>\n\t<\/div>\n\t<div class=\"fusion-post-content post-content\"><h2 class=\"blog-shortcode-post-title entry-title\"><a href=\"http:\/\/www.paroisse-aucamville-st-loup-cammas.fr\/site\/bapteme-des-adultes-et-apres\/\">Bapt\u00eame des adultes : et apr\u00e8s ?<\/a><\/h2><p class=\"fusion-single-line-meta\"><span class=\"vcard\" style=\"display: none;\"><span class=\"fn\"><a href=\"http:\/\/www.paroisse-aucamville-st-loup-cammas.fr\/site\/author\/admin-paroisse\/\" title=\"Articles par Equipe \u00e9ditoriale\" rel=\"author\">Equipe \u00e9ditoriale<\/a><\/span><\/span><span class=\"updated\" style=\"display:none;\">2019-03-24T08:41:45+01:00<\/span><span>24 mars  2019<\/span><span class=\"fusion-inline-sep\">|<\/span><\/p><div class=\"fusion-post-content-container\"><p>Mystagogie ou comment une n\u00e9ophyte a grandi dans la foi et trouv\u00e9 sa place dans l\u2019Eglise. Quand j\u2019ai pris la d\u00e9cision de me faire baptiser, je venais d\u2019arriver dans la r\u00e9gion toulousaine apr\u00e8s un deuil [...]<\/p><\/div><\/div><div class=\"fusion-clearfix\"><\/div><div class=\"fusion-meta-info\"><div class=\"fusion-alignright\"><a class=\"fusion-read-more\" href=\"http:\/\/www.paroisse-aucamville-st-loup-cammas.fr\/site\/bapteme-des-adultes-et-apres\/\">Read More<\/a><\/div><\/div><\/article>\n<article id=\"blog-1-post-15932\" class=\"fusion-post-medium-alternate post-15932 post type-post status-publish format-standard has-post-thumbnail hentry category-bapteme-adultes category-bapteme-enfant category-catechumenat category-vie-groupes\">\n<div class=\"fusion-date-and-formats\"><div class=\"fusion-date-box updated\"><span class=\"fusion-date\">2<\/span><span class=\"fusion-month-year\">03, 2019<\/span><\/div><div class=\"fusion-format-box\"><i class=\"fusion-icon-pen\"><\/i><\/div><\/div>\t<style type=\"text\/css\">\n\t\t\n\t\t\n\t\t\n\t\t\n\t\t\t<\/style>\n\n\n\t\t\t<div class=\"fusion-flexslider flexslider fusion-flexslider-loading fusion-post-slideshow\" style=\"\">\n\t\t<ul class=\"slides\">\n\t\t\t\n\t\t\t\t\t\t\t\t\t\t\t\t\t\t<li>\n\n<div  class=\"fusion-image-wrapper fusion-image-size-fixed\" aria-haspopup=\"true\">\n\t\n\t\n\t\t\n\t\t\t\t\t<img width=\"320\" height=\"202\" src=\"http:\/\/www.paroisse-aucamville-st-loup-cammas.fr\/site\/wp-content\/uploads\/\u00e9tape-1-320x202.jpg\" class=\"attachment-blog-medium size-blog-medium wp-post-image\" alt=\"\" loading=\"lazy\" srcset=\"http:\/\/www.paroisse-aucamville-st-loup-cammas.fr\/site\/wp-content\/uploads\/\u00e9tape-1-320x202.jpg 320w, http:\/\/www.paroisse-aucamville-st-loup-cammas.fr\/site\/wp-content\/uploads\/\u00e9tape-1-700x441.jpg 700w\" sizes=\"(max-width: 320px) 100vw, 320px\" \/>\n\t\n\n\t\t<div class=\"fusion-rollover\">\n\t<div class=\"fusion-rollover-content\">\n\n\t\t\t\t\t\t\t\t\t\t\t\t\t\t<a class=\"fusion-rollover-link\" href=\"http:\/\/www.paroisse-aucamville-st-loup-cammas.fr\/site\/la-parole-du-christ-comme-guide\/\">La Parole du Christ comme guide.<\/a>\n\t\t\t\n\t\t\t\t\t\t\t\t\t\t\t\t\t\t\n\t\t\t\t\t\t\t\t\n\t\t\t\t\t\t\t\t\t\t\t\t\t<div class=\"fusion-rollover-sep\"><\/div>\n\t\t\t\t\n\t\t\t\t\t\t\t\t\t\t\t\t\t\t\t\t\t\t<a class=\"fusion-rollover-gallery\" href=\"http:\/\/www.paroisse-aucamville-st-loup-cammas.fr\/site\/wp-content\/uploads\/\u00e9tape-1.jpg\" data-id=\"15932\" data-rel=\"iLightbox[gallery]\" data-title=\"\u00e9tape 1\" data-caption=\"\">\n\t\t\t\t\t\tGallery\t\t\t\t\t<\/a>\n\t\t\t\t\t\t\t\t\t\t\t\t\t\t\n\t\t\t\t\n\t\t\t\t\t\t\t\t\t\t\t\t<h4 class=\"fusion-rollover-title\">\n\t\t\t\t\t<a href=\"http:\/\/www.paroisse-aucamville-st-loup-cammas.fr\/site\/la-parole-du-christ-comme-guide\/\">\n\t\t\t\t\t\tLa Parole du Christ comme guide.\t\t\t\t\t<\/a>\n\t\t\t\t<\/h4>\n\t\t\t\n\t\t\t\t\t\t\t\t\t\t\t\t\t\t<div class=\"fusion-rollover-categories\"><a href=\"http:\/\/www.paroisse-aucamville-st-loup-cammas.fr\/site\/category\/bapteme-adultes\/\" rel=\"tag\">Bapt\u00eame adultes<\/a>, <a href=\"http:\/\/www.paroisse-aucamville-st-loup-cammas.fr\/site\/category\/bapteme-enfant\/\" rel=\"tag\">Bapt\u00eame enfant<\/a>, <a href=\"http:\/\/www.paroisse-aucamville-st-loup-cammas.fr\/site\/category\/catechumenat\/\" rel=\"tag\">Cat\u00e9chum\u00e9nat<\/a>, <a href=\"http:\/\/www.paroisse-aucamville-st-loup-cammas.fr\/site\/category\/vie-groupes\/\" rel=\"tag\">Vie des groupes<\/a><\/div>\t\t\t\t\t\n\t\t\n\t\t\t\t<a class=\"fusion-link-wrapper\" href=\"http:\/\/www.paroisse-aucamville-st-loup-cammas.fr\/site\/la-parole-du-christ-comme-guide\/\" aria-label=\"La Parole du Christ comme guide.\"><\/a>\n\t<\/div>\n<\/div>\n\n\t\n<\/div>\n<\/li>\n\t\t\t\n\t\t\t\n\t\t\t\t\t\t\t\t\t\t\t\n\t\t\t\t\t\n\t\t\t\t\t\t\t\t\t\t\t<li>\n\t\t\t\t\t\t\t<div class=\"fusion-image-wrapper\">\n\t\t\t\t\t\t\t\t<a href=\"http:\/\/www.paroisse-aucamville-st-loup-cammas.fr\/site\/la-parole-du-christ-comme-guide\/\" aria-label=\"La Parole du Christ comme guide.\">\n\t\t\t\t\t\t\t\t\t<img loading=\"lazy\" width=\"320\" height=\"202\" src=\"http:\/\/www.paroisse-aucamville-st-loup-cammas.fr\/site\/wp-content\/uploads\/\u00e9tape-2-320x202.jpg\" alt=\"\" class=\"wp-image-15934\" role=\"presentation\" srcset=\"http:\/\/www.paroisse-aucamville-st-loup-cammas.fr\/site\/wp-content\/uploads\/\u00e9tape-2-320x202.jpg 320w, http:\/\/www.paroisse-aucamville-st-loup-cammas.fr\/site\/wp-content\/uploads\/\u00e9tape-2-700x441.jpg 700w\" sizes=\"(max-width: 320px) 100vw, 320px\" \/>\t\t\t\t\t\t\t\t<\/a>\n\t\t\t\t\t\t\t\t<a style=\"display:none;\" href=\"http:\/\/www.paroisse-aucamville-st-loup-cammas.fr\/site\/wp-content\/uploads\/\u00e9tape-2.jpg\" data-rel=\"iLightbox[gallery15932]\"  title=\"\" data-title=\"\u00e9tape 2\" data-caption=\"\">\n\t\t\t\t\t\t\t\t\t\t\t\t\t\t\t\t\t<\/a>\n\t\t\t\t\t\t\t<\/div>\n\t\t\t\t\t\t<\/li>\n\t\t\t\t\t\t\t\t\t\t\t\t\t\t\t\t\t\t\t\t\t\t\t\t\n\t\t\t\t\t\n\t\t\t\t\t\t\t\t\t\t\t<li>\n\t\t\t\t\t\t\t<div class=\"fusion-image-wrapper\">\n\t\t\t\t\t\t\t\t<a href=\"http:\/\/www.paroisse-aucamville-st-loup-cammas.fr\/site\/la-parole-du-christ-comme-guide\/\" aria-label=\"La Parole du Christ comme guide.\">\n\t\t\t\t\t\t\t\t\t<img loading=\"lazy\" width=\"320\" height=\"202\" src=\"http:\/\/www.paroisse-aucamville-st-loup-cammas.fr\/site\/wp-content\/uploads\/\u00e9tape-3-320x202.jpg\" alt=\"\" class=\"wp-image-15935\" role=\"presentation\" srcset=\"http:\/\/www.paroisse-aucamville-st-loup-cammas.fr\/site\/wp-content\/uploads\/\u00e9tape-3-320x202.jpg 320w, http:\/\/www.paroisse-aucamville-st-loup-cammas.fr\/site\/wp-content\/uploads\/\u00e9tape-3-700x441.jpg 700w\" sizes=\"(max-width: 320px) 100vw, 320px\" \/>\t\t\t\t\t\t\t\t<\/a>\n\t\t\t\t\t\t\t\t<a style=\"display:none;\" href=\"http:\/\/www.paroisse-aucamville-st-loup-cammas.fr\/site\/wp-content\/uploads\/\u00e9tape-3.jpg\" data-rel=\"iLightbox[gallery15932]\"  title=\"\" data-title=\"\u00e9tape 3\" data-caption=\"\">\n\t\t\t\t\t\t\t\t\t\t\t\t\t\t\t\t\t<\/a>\n\t\t\t\t\t\t\t<\/div>\n\t\t\t\t\t\t<\/li>\n\t\t\t\t\t\t\t\t\t\t\t\t\t\t\t\t\t\t\t\t\t\t\t\t\t\t\t\t\t\t\t\t\t\t\t\t\t\t\t\t\t\t\t\t\t\t\t\t\t\t\t<\/ul>\n\t<\/div>\n\t<div class=\"fusion-post-content post-content\"><h2 class=\"blog-shortcode-post-title entry-title\"><a href=\"http:\/\/www.paroisse-aucamville-st-loup-cammas.fr\/site\/la-parole-du-christ-comme-guide\/\">La Parole du Christ comme guide.<\/a><\/h2><p class=\"fusion-single-line-meta\"><span class=\"vcard\" style=\"display: none;\"><span class=\"fn\"><a href=\"http:\/\/www.paroisse-aucamville-st-loup-cammas.fr\/site\/author\/admin-paroisse\/\" title=\"Articles par Equipe \u00e9ditoriale\" rel=\"author\">Equipe \u00e9ditoriale<\/a><\/span><\/span><span class=\"updated\" style=\"display:none;\">2019-03-02T11:49:55+01:00<\/span><span>2 mars  2019<\/span><span class=\"fusion-inline-sep\">|<\/span><\/p><div class=\"fusion-post-content-container\"><p>6 jeunes cat\u00e9chum\u00e8nes ont re\u00e7u la Parole du Christ pour arriver jusqu\u2019\u00e0 leur bapt\u00eame. Recevoir la Parole fait partie de la pr\u00e9paration au bapt\u00eame pour les enfants et jeunes en \u00e2ge scolaire, c\u2019est leur deuxi\u00e8me [...]<\/p><\/div><\/div><div class=\"fusion-clearfix\"><\/div><div class=\"fusion-meta-info\"><div class=\"fusion-alignright\"><a class=\"fusion-read-more\" href=\"http:\/\/www.paroisse-aucamville-st-loup-cammas.fr\/site\/la-parole-du-christ-comme-guide\/\">Read More<\/a><\/div><\/div><\/article>\n<\/div><div class=\"pagination clearfix\"><span class=\"current\">1<\/span><a href=\"http:\/\/www.paroisse-aucamville-st-loup-cammas.fr\/site\/wp-json\/wp\/v2\/pages\/12001\/page\/2\/\" class=\"inactive\">2<\/a><a class=\"pagination-next\" href=\"http:\/\/www.paroisse-aucamville-st-loup-cammas.fr\/site\/wp-json\/wp\/v2\/pages\/12001\/page\/2\/\"><span class=\"page-text\">Next<\/span><span class=\"page-next\"><\/span><\/a><\/div><div class=\"fusion-clearfix\"><\/div><\/div><div class=\"fusion-clearfix\"><\/div>\n\n\t\t\t\t\t<\/div>\n\t\t\t\t<\/div><\/div><\/div><\/p>\n","protected":false},"excerpt":{"rendered":"","protected":false},"author":1,"featured_media":0,"parent":0,"menu_order":0,"comment_status":"closed","ping_status":"closed","template":"100-width.php","meta":[],"_links":{"self":[{"href":"http:\/\/www.paroisse-aucamville-st-loup-cammas.fr\/site\/wp-json\/wp\/v2\/pages\/12001"}],"collection":[{"href":"http:\/\/www.paroisse-aucamville-st-loup-cammas.fr\/site\/wp-json\/wp\/v2\/pages"}],"about":[{"href":"http:\/\/www.paroisse-aucamville-st-loup-cammas.fr\/site\/wp-json\/wp\/v2\/types\/page"}],"author":[{"embeddable":true,"href":"http:\/\/www.paroisse-aucamville-st-loup-cammas.fr\/site\/wp-json\/wp\/v2\/users\/1"}],"replies":[{"embeddable":true,"href":"http:\/\/www.paroisse-aucamville-st-loup-cammas.fr\/site\/wp-json\/wp\/v2\/comments?post=12001"}],"version-history":[{"count":29,"href":"http:\/\/www.paroisse-aucamville-st-loup-cammas.fr\/site\/wp-json\/wp\/v2\/pages\/12001\/revisions"}],"predecessor-version":[{"id":20505,"href":"http:\/\/www.paroisse-aucamville-st-loup-cammas.fr\/site\/wp-json\/wp\/v2\/pages\/12001\/revisions\/20505"}],"wp:attachment":[{"href":"http:\/\/www.paroisse-aucamville-st-loup-cammas.fr\/site\/wp-json\/wp\/v2\/media?parent=12001"}],"curies":[{"name":"wp","href":"https:\/\/api.w.org\/{rel}","templated":true}]}}