{"id":12012,"date":"2016-05-15T13:13:29","date_gmt":"2016-05-15T12:13:29","guid":{"rendered":"http:\/\/www.paroisse-aucamville-st-loup-cammas.fr\/site\/?page_id=12012"},"modified":"2025-10-14T16:24:44","modified_gmt":"2025-10-14T15:24:44","slug":"grands-jeunes","status":"publish","type":"page","link":"http:\/\/www.paroisse-aucamville-st-loup-cammas.fr\/site\/grands-jeunes\/","title":{"rendered":"Groupe des grands jeunes"},"content":{"rendered":"<p><div class=\"fusion-fullwidth fullwidth-box hundred-percent-fullwidth non-hundred-percent-height-scrolling\"  style='background-color: rgba(255,255,255,0);background-position: left top;background-repeat: no-repeat;padding-top:20px;padding-right:0px;padding-bottom:20px;padding-left:0px;border-top-width:0px;border-bottom-width:0px;border-color:#eae9e9;border-top-style:solid;border-bottom-style:solid;'><div class=\"fusion-builder-row fusion-row \"><div  class=\"fusion-layout-column fusion_builder_column fusion_builder_column_1_1  fusion-one-full fusion-column-first fusion-column-last fusion-column-no-min-height 1_1\"  style='margin-top:0px;margin-bottom:0px;'>\n\t\t\t\t\t<div class=\"fusion-column-wrapper\" style=\"padding: 0px 0px 0px 0px;background-position:left top;background-repeat:no-repeat;-webkit-background-size:cover;-moz-background-size:cover;-o-background-size:cover;background-size:cover;\"  data-bg-url=\"\">\n\t\t\t\t\t\t<link href=\"http:\/\/fonts.googleapis.com\/css?family=Open+Sans%3A600\" rel=\"stylesheet\" property=\"stylesheet\" type=\"text\/css\" media=\"all\" \/>\n<div id=\"rev_slider_27_1_wrapper\" class=\"rev_slider_wrapper fullwidthbanner-container\" style=\"margin:0px auto;background-color:transparent;padding:0px;margin-top:0px;margin-bottom:0px;\">\n<!-- START REVOLUTION SLIDER 5.2.5 auto mode -->\n\t<div id=\"rev_slider_27_1\" class=\"rev_slider fullwidthabanner\" style=\"display:none;\" data-version=\"5.2.5\">\n<ul>\t<!-- SLIDE  -->\n\t<li data-index=\"rs-27\" data-transition=\"notransition\" data-slotamount=\"default\" data-hideafterloop=\"0\" data-hideslideonmobile=\"off\"  data-easein=\"default\" data-easeout=\"default\" data-masterspeed=\"default\"  data-delay=\"15520\"  data-rotate=\"0\"  data-saveperformance=\"off\"  data-title=\"Slide\" data-param1=\"\" data-param2=\"\" data-param3=\"\" data-param4=\"\" data-param5=\"\" data-param6=\"\" data-param7=\"\" data-param8=\"\" data-param9=\"\" data-param10=\"\" data-description=\"\">\n\t\t<!-- MAIN IMAGE -->\n\t\t<img src=\"http:\/\/www.paroisse-aucamville-st-loup-cammas.fr\/site\/wp-content\/plugins\/revslider\/admin\/assets\/images\/transparent.png\"  alt=\"\" title=\"Groupe des grands jeunes\"  data-bgposition=\"center center\" data-bgfit=\"cover\" data-bgrepeat=\"no-repeat\" class=\"rev-slidebg\" data-no-retina>\n\t\t<!-- LAYERS -->\n\n\t\t<!-- LAYER NR. 1 -->\n\t\t<div class=\"tp-caption   tp-resizeme\" \n\t\t\t id=\"slide-27-layer-1\" \n\t\t\t data-x=\"1\" \n\t\t\t data-y=\"-1\" \n\t\t\t\t\t\tdata-width=\"['none','none','none','none']\"\n\t\t\tdata-height=\"['none','none','none','none']\"\n\t\t\tdata-transform_idle=\"o:1;\"\n \n\t\t\t data-transform_in=\"opacity:0;s:300;e:Power2.easeInOut;\" \n\t\t\t data-transform_out=\"opacity:0;s:1.875;\" \n\t\t\tdata-start=\"0\" \n\t\t\tdata-responsive_offset=\"on\" \n\n\t\t\t\n\t\t\tstyle=\"z-index: 5;\"><img src=\"http:\/\/www.paroisse-aucamville-st-loup-cammas.fr\/site\/wp-content\/uploads\/banni\u00e8re-3.jpg\" alt=\"\" width=\"800\" height=\"156\" data-ww=\"1298px\" data-hh=\"185px\" data-no-retina> <\/div>\n\n\t\t<!-- LAYER NR. 2 -->\n\t\t<div class=\"tp-caption   tp-resizeme\" \n\t\t\t id=\"slide-27-layer-2\" \n\t\t\t data-x=\"center\" data-hoffset=\"150\" \n\t\t\t data-y=\"center\" data-voffset=\"-13\" \n\t\t\t\t\t\tdata-width=\"['1050']\"\n\t\t\tdata-height=\"['101']\"\n\t\t\tdata-transform_idle=\"o:1;\"\n \n\t\t\t data-transform_in=\"y:[100%];z:0;rX:0deg;rY:0;rZ:0;sX:1;sY:1;skX:0;skY:0;opacity:0;s:1210;e:Power2.easeInOut;\" \n\t\t\t data-transform_out=\"opacity:0;s:300;\" \n\t\t\t data-mask_in=\"x:0px;y:[100%];\" \n\t\t\tdata-start=\"0\" \n\t\t\tdata-splitin=\"none\" \n\t\t\tdata-splitout=\"none\" \n\t\t\tdata-responsive_offset=\"on\" \n\n\t\t\t\n\t\t\tstyle=\"z-index: 6; min-width: 1050px; max-width: 1050px; max-width: 101px; max-width: 101px; white-space: normal; font-size: 80px; line-height: 100px; font-weight: 600; color: rgba(255, 255, 255, 1.00);font-family:Open Sans;\">Les grands jeunes <\/div>\n\t<\/li>\n<\/ul>\n<div class=\"tp-bannertimer tp-bottom\" style=\"visibility: hidden !important;\"><\/div>\t<\/div>\n<script>var htmlDiv = document.getElementById(\"rs-plugin-settings-inline-css\"); var htmlDivCss=\"\";\r\n\t\t\t\tif(htmlDiv) {\r\n\t\t\t\t\thtmlDiv.innerHTML = htmlDiv.innerHTML + htmlDivCss;\r\n\t\t\t\t}else{\r\n\t\t\t\t\tvar htmlDiv = document.createElement(\"div\");\r\n\t\t\t\t\thtmlDiv.innerHTML = \"<style>\" + htmlDivCss + \"<\/style>\";\r\n\t\t\t\t\tdocument.getElementsByTagName(\"head\")[0].appendChild(htmlDiv.childNodes[0]);\r\n\t\t\t\t}\r\n\t\t\t<\/script>\n\t\t<script type=\"text\/javascript\">\r\n\t\t\t\t\t\t\/******************************************\r\n\t\t\t\t-\tPREPARE PLACEHOLDER FOR SLIDER\t-\r\n\t\t\t******************************************\/\r\n\r\n\t\t\tvar setREVStartSize=function(){\r\n\t\t\t\ttry{var e=new Object,i=jQuery(window).width(),t=9999,r=0,n=0,l=0,f=0,s=0,h=0;\r\n\t\t\t\t\te.c = jQuery('#rev_slider_27_1');\r\n\t\t\t\t\te.gridwidth = [1300];\r\n\t\t\t\t\te.gridheight = [185];\r\n\t\t\t\t\t\t\t\r\n\t\t\t\t\te.sliderLayout = \"auto\";\r\n\t\t\t\t\tif(e.responsiveLevels&&(jQuery.each(e.responsiveLevels,function(e,f){f>i&&(t=r=f,l=e),i>f&&f>r&&(r=f,n=e)}),t>r&&(l=n)),f=e.gridheight[l]||e.gridheight[0]||e.gridheight,s=e.gridwidth[l]||e.gridwidth[0]||e.gridwidth,h=i\/s,h=h>1?1:h,f=Math.round(h*f),\"fullscreen\"==e.sliderLayout){var u=(e.c.width(),jQuery(window).height());if(void 0!=e.fullScreenOffsetContainer){var c=e.fullScreenOffsetContainer.split(\",\");if (c) jQuery.each(c,function(e,i){u=jQuery(i).length>0?u-jQuery(i).outerHeight(!0):u}),e.fullScreenOffset.split(\"%\").length>1&&void 0!=e.fullScreenOffset&&e.fullScreenOffset.length>0?u-=jQuery(window).height()*parseInt(e.fullScreenOffset,0)\/100:void 0!=e.fullScreenOffset&&e.fullScreenOffset.length>0&&(u-=parseInt(e.fullScreenOffset,0))}f=u}else void 0!=e.minHeight&&f<e.minHeight&&(f=e.minHeight);e.c.closest(\".rev_slider_wrapper\").css({height:f})\r\n\t\t\t\t\t\r\n\t\t\t\t}catch(d){console.log(\"Failure at Presize of Slider:\"+d)}\r\n\t\t\t};\r\n\t\t\t\r\n\t\t\tsetREVStartSize();\r\n\t\t\t\r\n\t\t\t\t\t\tvar tpj=jQuery;\r\n\t\t\t\r\n\t\t\tvar revapi27;\r\n\t\t\ttpj(document).ready(function() {\n\t\t\t\tif(tpj(\"#rev_slider_27_1\").revolution == undefined){\n\t\t\t\t\trevslider_showDoubleJqueryError(\"#rev_slider_27_1\");\n\t\t\t\t}else{\n\t\t\t\t\trevapi27 = tpj(\"#rev_slider_27_1\").show().revolution({\n\t\t\t\t\t\tsliderType:\"standard\",\njsFileLocation:\"\/\/www.paroisse-aucamville-st-loup-cammas.fr\/site\/wp-content\/plugins\/revslider\/public\/assets\/js\/\",\n\t\t\t\t\t\tsliderLayout:\"auto\",\n\t\t\t\t\t\tdottedOverlay:\"none\",\n\t\t\t\t\t\tdelay:9000,\n\t\t\t\t\t\tnavigation: {\n\t\t\t\t\t\t\tonHoverStop:\"off\",\n\t\t\t\t\t\t},\n\t\t\t\t\t\tvisibilityLevels:[1240,1024,778,480],\n\t\t\t\t\t\tgridwidth:1300,\n\t\t\t\t\t\tgridheight:185,\n\t\t\t\t\t\tlazyType:\"none\",\n\t\t\t\t\t\tshadow:0,\n\t\t\t\t\t\tspinner:\"spinner0\",\n\t\t\t\t\t\tstopLoop:\"off\",\n\t\t\t\t\t\tstopAfterLoops:-1,\n\t\t\t\t\t\tstopAtSlide:-1,\n\t\t\t\t\t\tshuffle:\"off\",\n\t\t\t\t\t\tautoHeight:\"on\",\n\t\t\t\t\t\tdisableProgressBar:\"on\",\n\t\t\t\t\t\thideThumbsOnMobile:\"off\",\n\t\t\t\t\t\thideSliderAtLimit:0,\n\t\t\t\t\t\thideCaptionAtLimit:0,\n\t\t\t\t\t\thideAllCaptionAtLilmit:0,\n\t\t\t\t\t\tdebugMode:false,\n\t\t\t\t\t\tfallbacks: {\n\t\t\t\t\t\t\tsimplifyAll:\"off\",\n\t\t\t\t\t\t\tnextSlideOnWindowFocus:\"off\",\n\t\t\t\t\t\t\tdisableFocusListener:false,\n\t\t\t\t\t\t}\n\t\t\t\t\t});\n\t\t\t\t}\n\t\t\t});\t\/*ready*\/\n\t\t<\/script>\r\n\t\t<\/div><!-- END REVOLUTION SLIDER --><div class=\"fusion-clearfix\"><\/div>\n\n\t\t\t\t\t<\/div>\n\t\t\t\t<\/div><\/div><\/div><div class=\"fusion-fullwidth fullwidth-box nonhundred-percent-fullwidth non-hundred-percent-height-scrolling\"  style='background-color: rgba(255,255,255,0);background-position: left top;background-repeat: no-repeat;padding-top:20px;padding-right:0px;padding-bottom:20px;padding-left:0px;border-top-width:0px;border-bottom-width:0px;border-color:#eae9e9;border-top-style:solid;border-bottom-style:solid;'><div class=\"fusion-builder-row fusion-row \"><div  class=\"fusion-layout-column fusion_builder_column fusion_builder_column_1_1  fusion-one-full fusion-column-first fusion-column-last 1_1\"  style='margin-top:0px;margin-bottom:20px;'>\n\t\t\t\t\t<div class=\"fusion-column-wrapper\" style=\"padding: 0px 0px 0px 0px;background-position:left top;background-repeat:no-repeat;-webkit-background-size:cover;-moz-background-size:cover;-o-background-size:cover;background-size:cover;\"  data-bg-url=\"\">\n\t\t\t\t\t\t<style type='text\/css'>.reading-box-container-1 .element-bottomshadow:before,.reading-box-container-1 .element-bottomshadow:after{opacity:0.70;}<\/style><div class=\"fusion-reading-box-container reading-box-container-1\" style=\"margin-top:0px;margin-bottom:84px;\"><div class=\"reading-box\" style=\"background-color:#f6f6f6;border-width:1px;border-color:#f6f6f6;border-top-width:3px;border-top-color:#ff9800;border-style:solid;\"><div class=\"reading-box-additional\">\n<h2><b>Une vingtaine de jeunes se r\u00e9unit tous les vendredis \u00e0 Castelginest pour \u00e9changer, prier, manger\u2026 et se bouger ! P\u00e8lerinage avec les a\u00een\u00e9s \u00e0 Lourdes, rencontres de Taiz\u00e9, participation aux JMJ\u2026 les occasions ne manquent pas de poursuivre leur chemin de foi\u2026 ou de le commencer. Avec les \u00ab Princes de paix \u00bb : Mangez, bougez, priez !<\/b><\/h2>\n<\/div><div class=\"fusion-clearfix\"><\/div><\/div><\/div><div class=\"fusion-clearfix\"><\/div>\n\n\t\t\t\t\t<\/div>\n\t\t\t\t<\/div><div  class=\"fusion-layout-column fusion_builder_column fusion_builder_column_2_3  fusion-two-third fusion-column-first 2_3\"  style='margin-top:0px;margin-bottom:20px;width:65.3333%; margin-right: 4%;'>\n\t\t\t\t\t<div class=\"fusion-column-wrapper\" style=\"padding: 0px 0px 0px 0px;background-position:left top;background-repeat:no-repeat;-webkit-background-size:cover;-moz-background-size:cover;-o-background-size:cover;background-size:cover;\"  data-bg-url=\"\">\n\t\t\t\t\t\t<div class=\"fusion-text\"><p style=\"text-align: justify;\"><span style=\"font-weight: 400;\">Dans la paroisse, on les appelle les \u00ab grands jeunes \u00bb et on appr\u00e9cie leurs t\u00e9moignages vivifiants lorsqu&rsquo;ils reviennent de Lourdes ou de Taiz\u00e9. Sur Facebook, ce sont les Princes de la paix. A l&rsquo;image du Christ, ils se veulent artisans de paix et puisent leur force en Lui, Le Prince de Paix. Ce groupe se r\u00e9unit une fois par mois \u00e0 Castelginest. Il rassemble ainsi des lyc\u00e9ens, \u00e9tudiants, jeunes professionnels d\u00e9sireux de faire grandir leur foi et rencontrer d\u2019autres jeunes croyants. Et tout au long de l\u2019ann\u00e9e se pr\u00e9parent \u00e9galement les temps o\u00f9 la foi devient concr\u00e8te : JMJ , p\u00e8lerinage \u00e0 Taiz\u00e9, service pour l\u2019Hospitalit\u00e9 dioc\u00e9saine, temps de retraite en groupe. La plupart ont fait leur confirmation mais le groupe est ouvert \u00e0 tous. Les rencontres d\u00e9butent par un temps d\u2019\u00e9change o\u00f9 chacun reprend contact et donne de ses nouvelles dans la convivialit\u00e9 d\u2019un repas partag\u00e9. Suit la lecture de l&rsquo;Evangile du dimanche suivant qui est ainsi questionn\u00e9 et scrut\u00e9 : les jeunes progressent dans la connaissance du Seigneur, enracinant leur foi dans le partage et la diversit\u00e9 des opinions et sensibilit\u00e9s. La soir\u00e9e s&rsquo;ach\u00e8ve par une pri\u00e8re d&rsquo;action de gr\u00e2ce.<\/span><\/p>\n<\/div><div class=\"fusion-clearfix\"><\/div>\n\n\t\t\t\t\t<\/div>\n\t\t\t\t<\/div><div  class=\"fusion-layout-column fusion_builder_column fusion_builder_column_1_3  fusion-one-third fusion-column-last 1_3\"  style='margin-top:0px;margin-bottom:20px;width:30.6666%'>\n\t\t\t\t\t<div class=\"fusion-column-wrapper\" style=\"padding: 0px 0px 0px 0px;background-position:left top;background-repeat:no-repeat;-webkit-background-size:cover;-moz-background-size:cover;-o-background-size:cover;background-size:cover;\"  data-bg-url=\"\">\n\t\t\t\t\t\t<span class=\"fusion-imageframe imageframe-none imageframe-1 hover-type-none\"><img loading=\"lazy\" src=\"http:\/\/www.paroisse-aucamville-st-loup-cammas.fr\/site\/wp-content\/uploads\/princes-de-paix-300x199.jpg\" width=\"300\" height=\"199\" alt=\"\" title=\"princes de paix\" class=\"img-responsive wp-image-13759\" srcset=\"http:\/\/www.paroisse-aucamville-st-loup-cammas.fr\/site\/wp-content\/uploads\/princes-de-paix-200x133.jpg 200w, http:\/\/www.paroisse-aucamville-st-loup-cammas.fr\/site\/wp-content\/uploads\/princes-de-paix-400x266.jpg 400w, http:\/\/www.paroisse-aucamville-st-loup-cammas.fr\/site\/wp-content\/uploads\/princes-de-paix-600x399.jpg 600w, http:\/\/www.paroisse-aucamville-st-loup-cammas.fr\/site\/wp-content\/uploads\/princes-de-paix-800x532.jpg 800w, http:\/\/www.paroisse-aucamville-st-loup-cammas.fr\/site\/wp-content\/uploads\/princes-de-paix-1200x798.jpg 1200w\" sizes=\"(max-width: 800px) 100vw, 400px\" \/><\/span><div class=\"fusion-clearfix\"><\/div>\n\n\t\t\t\t\t<\/div>\n\t\t\t\t<\/div><div  class=\"fusion-layout-column fusion_builder_column fusion_builder_column_1_1  fusion-one-full fusion-column-first fusion-column-last 1_1\"  style='margin-top:30px;margin-bottom:30px;'>\n\t\t\t\t\t<div class=\"fusion-column-wrapper\" style=\"padding: 0px 0px 0px 0px;background-position:left top;background-repeat:no-repeat;-webkit-background-size:cover;-moz-background-size:cover;-o-background-size:cover;background-size:cover;\"  data-bg-url=\"\">\n\t\t\t\t\t\t<div class=\"fusion-title title fusion-title-center fusion-title-size-two\" style=\"margin-top:0px;margin-bottom:31px;\"><div class=\"title-sep-container title-sep-container-left\"><div class=\"title-sep sep-single sep-solid\" style=\"border-color:#ff9800;\"><\/div><\/div><h2 class=\"title-heading-center\">Contacts et infos pratiques<\/h2><div class=\"title-sep-container title-sep-container-right\"><div class=\"title-sep sep-single sep-solid\" style=\"border-color:#ff9800;\"><\/div><\/div><\/div><div class=\"fusion-clearfix\"><\/div>\n\n\t\t\t\t\t<\/div>\n\t\t\t\t<\/div><div  class=\"fusion-layout-column fusion_builder_column fusion_builder_column_1_3  fusion-one-third fusion-column-first 1_3\"  style='margin-top:0px;margin-bottom:20px;width:30.6666%; margin-right: 4%;'>\n\t\t\t\t\t<div class=\"fusion-column-wrapper\" style=\"padding: 0px 0px 0px 0px;background-position:left top;background-repeat:no-repeat;-webkit-background-size:cover;-moz-background-size:cover;-o-background-size:cover;background-size:cover;\"  data-bg-url=\"\">\n\t\t\t\t\t\t<div class=\"fusion-person person fusion-person-left fusion-person-1 fusion-person-icon-top\"><div class=\"person-shortcode-image-wrapper\"><div class=\"person-image-container hover-type-none person-rounded-overflow\" style=\"-webkit-border-radius:0px;-moz-border-radius:0px;border-radius:0px;border:0px solid #f6f6f6;-webkit-border-radius:0px;-moz-border-radius:0px;border-radius:0px;\"><img loading=\"lazy\" class=\"person-img img-responsive wp-image-12369\" width=\"600\" height=\"600\" src=\"http:\/\/www.paroisse-aucamville-st-loup-cammas.fr\/site\/wp-content\/uploads\/Portrait-C.Assaoui.jpg\" alt=\"Catherine Assaoui\" srcset=\"http:\/\/www.paroisse-aucamville-st-loup-cammas.fr\/site\/wp-content\/uploads\/Portrait-C.Assaoui-200x200.jpg 200w, http:\/\/www.paroisse-aucamville-st-loup-cammas.fr\/site\/wp-content\/uploads\/Portrait-C.Assaoui-400x400.jpg 400w, http:\/\/www.paroisse-aucamville-st-loup-cammas.fr\/site\/wp-content\/uploads\/Portrait-C.Assaoui.jpg 600w\" sizes=\"(max-width: 800px) 100vw, 400px\" \/><\/div><\/div><div class=\"person-desc\"><div class=\"person-author\"><div class=\"person-author-wrapper\"><span class=\"person-name\">Catherine Assaoui<\/span><span class=\"person-title\">Correspondante du groupe<\/span><\/div><div class=\"fusion-social-networks\"><div class=\"fusion-social-networks-wrapper\"><a class=\"fusion-social-network-icon fusion-tooltip fusion-mail fusion-icon-mail\" aria-label=\"fusion-mail\" href=\"mailto:&#099;&#097;t&#104;e&#114;ine.assa&#111;&#117;i&#064;ora&#110;&#103;e.&#102;r\" target=\"_self\" style=\"color:#bebdbd;font-size:16px;\" data-placement=\"top\" data-title=\"Mail\" title=\"Mail\" data-toggle=\"tooltip\"><\/a><\/div><\/div><\/div><div class=\"person-content fusion-clearfix\">T\u00e9l\u00e9phone : 06 84 11 62 89<\/div><\/div><\/div><div class=\"fusion-clearfix\"><\/div>\n\n\t\t\t\t\t<\/div>\n\t\t\t\t<\/div><div  class=\"fusion-layout-column fusion_builder_column fusion_builder_column_2_3  fusion-two-third fusion-column-last 2_3\"  style='margin-top:0px;margin-bottom:20px;width:65.3333%'>\n\t\t\t\t\t<div class=\"fusion-column-wrapper\" style=\"padding: 0px 0px 0px 0px;background-position:left top;background-repeat:no-repeat;-webkit-background-size:cover;-moz-background-size:cover;-o-background-size:cover;background-size:cover;\"  data-bg-url=\"\">\n\t\t\t\t\t\t<div class=\"fusion-content-boxes content-boxes columns row fusion-columns-1 fusion-columns-total-1 fusion-content-boxes-1 content-boxes-icon-boxed content-left\" data-animationOffset=\"100%\" style=\"margin-top:0px;margin-bottom:60px;\"><style type=\"text\/css\" scoped=\"scoped\">.fusion-content-boxes-1 .heading .content-box-heading {color:#333333;}\n\t\t\t\t\t.fusion-content-boxes-1 .fusion-content-box-hover .link-area-link-icon-hover .heading .content-box-heading,\n\t\t\t\t\t.fusion-content-boxes-1 .fusion-content-box-hover .link-area-link-icon-hover .heading .heading-link .content-box-heading,\n\t\t\t\t\t.fusion-content-boxes-1 .fusion-content-box-hover .link-area-box-hover .heading .content-box-heading,\n\t\t\t\t\t.fusion-content-boxes-1 .fusion-content-box-hover .link-area-box-hover .heading .heading-link .content-box-heading,\n\t\t\t\t\t.fusion-content-boxes-1 .fusion-content-box-hover .link-area-link-icon-hover.link-area-box .fusion-read-more,\n\t\t\t\t\t.fusion-content-boxes-1 .fusion-content-box-hover .link-area-link-icon-hover.link-area-box .fusion-read-more::after,\n\t\t\t\t\t.fusion-content-boxes-1 .fusion-content-box-hover .link-area-link-icon-hover.link-area-box .fusion-read-more::before,\n\t\t\t\t\t.fusion-content-boxes-1 .fusion-content-box-hover .fusion-read-more:hover:after,\n\t\t\t\t\t.fusion-content-boxes-1 .fusion-content-box-hover .fusion-read-more:hover:before,\n\t\t\t\t\t.fusion-content-boxes-1 .fusion-content-box-hover .fusion-read-more:hover,\n\t\t\t\t\t.fusion-content-boxes-1 .fusion-content-box-hover .link-area-box-hover.link-area-box .fusion-read-more,\n\t\t\t\t\t.fusion-content-boxes-1 .fusion-content-box-hover .link-area-box-hover.link-area-box .fusion-read-more::after,\n\t\t\t\t\t.fusion-content-boxes-1 .fusion-content-box-hover .link-area-box-hover.link-area-box .fusion-read-more::before,\n\t\t\t\t\t.fusion-content-boxes-1 .fusion-content-box-hover .link-area-link-icon-hover .icon .circle-no,\n\t\t\t\t\t.fusion-content-boxes-1 .heading .heading-link:hover .content-box-heading {\n\t\t\t\t\t\tcolor: #a0ce4e;\n\t\t\t\t\t}\n\t\t\t\t\t.fusion-content-boxes-1 .fusion-content-box-hover .link-area-box-hover .icon .circle-no {\n\t\t\t\t\t\tcolor: #a0ce4e !important;\n\t\t\t\t\t}.fusion-content-boxes-1 .fusion-content-box-hover .link-area-box.link-area-box-hover .fusion-content-box-button {background: #ff9800;color: #ffffff;}.fusion-content-boxes-1 .fusion-content-box-hover .link-area-box.link-area-box-hover .fusion-content-box-button .fusion-button-text {color: #ffffff;}\n\t\t\t\t\t.fusion-content-boxes-1 .fusion-content-box-hover .link-area-link-icon-hover .heading .icon > span {\n\t\t\t\t\t\tbackground-color: #a0ce4e !important;\n\t\t\t\t\t}\n\t\t\t\t\t.fusion-content-boxes-1 .fusion-content-box-hover .link-area-box-hover .heading .icon > span {\n\t\t\t\t\t\tborder-color: #a0ce4e !important;\n\t\t\t\t\t}<\/style><div class=\"fusion-column content-box-column content-box-column content-box-column-1 col-lg-12 col-md-12 col-sm-12 fusion-content-box-hover  content-box-column-last\"><div class=\"col content-wrapper content-wrapper-boxed link-area-link-icon icon-hover-animation-fade\" style=\"background-color:rgba(255,255,255,0);\" data-animationOffset=\"100%\"><div class=\"heading heading-with-icon icon-left\"><div class=\"icon\"><i style=\"border-color:#333333;border-width:1px;background-color:#333333;box-sizing:content-box;height:42px;width:42px;line-height:42px;top:-71px;margin-left:-21px;border-radius:50%;color:#ffffff;font-size:21px;\" class=\"fontawesome-icon fa-user fas circle-yes\"><\/i><\/div><h2 class=\"content-box-heading\" style=\"font-size:18px;line-height:23px;\">Rejoignez-les !<\/h2><\/div><div class=\"fusion-clearfix\"><\/div><div class=\"content-container\" style=\"color:#747474;\">\n<p>Les Princes de paix se r\u00e9unissent tous les vendredis de 19h30 \u00e0 21h dans la salle du fond de l&rsquo;\u00e9glise de Castelginest.<\/p>\n<\/div><\/div><\/div><style type=\"text\/css\" scoped=\"scoped\">\n\t\t\t\t\t\t.fusion-content-boxes-1 .fusion-content-box-hover .heading-link:hover .icon i.circle-yes,\n\t\t\t\t\t\t.fusion-content-boxes-1 .fusion-content-box-hover .link-area-box:hover .heading-link .icon i.circle-yes,\n\t\t\t\t\t\t.fusion-content-boxes-1 .fusion-content-box-hover .link-area-link-icon-hover .heading .icon i.circle-yes,\n\t\t\t\t\t\t.fusion-content-boxes-1 .fusion-content-box-hover .link-area-box-hover .heading .icon i.circle-yes {\n\t\t\t\t\t\t\tbackground-color: #a0ce4e !important;\n\t\t\t\t\t\t\tborder-color: #a0ce4e !important;\n\t\t\t\t\t\t}<\/style><div class=\"fusion-clearfix\"><\/div><\/div><div class=\"fusion-clearfix\"><\/div>\n\n\t\t\t\t\t<\/div>\n\t\t\t\t<\/div><\/div><\/div><\/p>\n","protected":false},"excerpt":{"rendered":"","protected":false},"author":1,"featured_media":0,"parent":0,"menu_order":0,"comment_status":"closed","ping_status":"closed","template":"100-width.php","meta":[],"_links":{"self":[{"href":"http:\/\/www.paroisse-aucamville-st-loup-cammas.fr\/site\/wp-json\/wp\/v2\/pages\/12012"}],"collection":[{"href":"http:\/\/www.paroisse-aucamville-st-loup-cammas.fr\/site\/wp-json\/wp\/v2\/pages"}],"about":[{"href":"http:\/\/www.paroisse-aucamville-st-loup-cammas.fr\/site\/wp-json\/wp\/v2\/types\/page"}],"author":[{"embeddable":true,"href":"http:\/\/www.paroisse-aucamville-st-loup-cammas.fr\/site\/wp-json\/wp\/v2\/users\/1"}],"replies":[{"embeddable":true,"href":"http:\/\/www.paroisse-aucamville-st-loup-cammas.fr\/site\/wp-json\/wp\/v2\/comments?post=12012"}],"version-history":[{"count":19,"href":"http:\/\/www.paroisse-aucamville-st-loup-cammas.fr\/site\/wp-json\/wp\/v2\/pages\/12012\/revisions"}],"predecessor-version":[{"id":20818,"href":"http:\/\/www.paroisse-aucamville-st-loup-cammas.fr\/site\/wp-json\/wp\/v2\/pages\/12012\/revisions\/20818"}],"wp:attachment":[{"href":"http:\/\/www.paroisse-aucamville-st-loup-cammas.fr\/site\/wp-json\/wp\/v2\/media?parent=12012"}],"curies":[{"name":"wp","href":"https:\/\/api.w.org\/{rel}","templated":true}]}}