{"id":11900,"date":"2016-05-07T19:37:54","date_gmt":"2016-05-07T18:37:54","guid":{"rendered":"http:\/\/www.paroisse-aucamville-st-loup-cammas.fr\/site\/?page_id=11900"},"modified":"2026-02-18T13:54:24","modified_gmt":"2026-02-18T12:54:24","slug":"bapteme-enfant","status":"publish","type":"page","link":"https:\/\/www.paroisse-aucamville-st-loup-cammas.fr\/site\/bapteme-enfant\/","title":{"rendered":"Le bapt\u00eame de mon enfant"},"content":{"rendered":"<p><div class=\"fusion-fullwidth fullwidth-box hundred-percent-fullwidth non-hundred-percent-height-scrolling\"  style='background-color: rgba(255,255,255,0);background-position: left top;background-repeat: no-repeat;padding-top:0px;padding-right:0px;padding-bottom:0px;padding-left:0px;border-top-width:0px;border-bottom-width:0px;border-color:#eae9e9;border-top-style:solid;border-bottom-style:solid;'><div class=\"fusion-builder-row fusion-row \"><div  class=\"fusion-layout-column fusion_builder_column fusion_builder_column_1_1  fusion-one-full fusion-column-first fusion-column-last fusion-column-no-min-height 1_1\"  style='margin-top:0px;margin-bottom:0px;'>\n\t\t\t\t\t<div class=\"fusion-column-wrapper\" style=\"padding: 0px 0px 0px 0px;background-position:left top;background-repeat:no-repeat;-webkit-background-size:cover;-moz-background-size:cover;-o-background-size:cover;background-size:cover;\"  data-bg-url=\"\">\n\t\t\t\t\t\t<link href=\"https:\/\/fonts.googleapis.com\/css?family=Open+Sans%3A600\" rel=\"stylesheet\" property=\"stylesheet\" type=\"text\/css\" media=\"all\" \/>\n<div id=\"rev_slider_2_1_wrapper\" class=\"rev_slider_wrapper fullwidthbanner-container\" style=\"margin:0px auto;background-color:transparent;padding:0px;margin-top:0px;margin-bottom:0px;\">\n<!-- START REVOLUTION SLIDER 5.2.5 auto mode -->\n\t<div id=\"rev_slider_2_1\" class=\"rev_slider fullwidthabanner\" style=\"display:none;\" data-version=\"5.2.5\">\n<ul>\t<!-- SLIDE  -->\n\t<li data-index=\"rs-2\" data-transition=\"notransition\" data-slotamount=\"default\" data-hideafterloop=\"0\" data-hideslideonmobile=\"off\"  data-easein=\"default\" data-easeout=\"default\" data-masterspeed=\"default\"  data-delay=\"15520\"  data-rotate=\"0\"  data-saveperformance=\"off\"  data-title=\"Slide\" data-param1=\"\" data-param2=\"\" data-param3=\"\" data-param4=\"\" data-param5=\"\" data-param6=\"\" data-param7=\"\" data-param8=\"\" data-param9=\"\" data-param10=\"\" data-description=\"\">\n\t\t<!-- MAIN IMAGE -->\n\t\t<img src=\"https:\/\/www.paroisse-aucamville-st-loup-cammas.fr\/site\/wp-content\/plugins\/revslider\/admin\/assets\/images\/transparent.png\"  alt=\"\" title=\"Le bapt\u00eame de mon enfant\"  data-bgposition=\"center center\" data-bgfit=\"cover\" data-bgrepeat=\"no-repeat\" class=\"rev-slidebg\" data-no-retina>\n\t\t<!-- LAYERS -->\n\n\t\t<!-- LAYER NR. 1 -->\n\t\t<div class=\"tp-caption   tp-resizeme\" \n\t\t\t id=\"slide-2-layer-1\" \n\t\t\t data-x=\"1\" \n\t\t\t data-y=\"-1\" \n\t\t\t\t\t\tdata-width=\"['none','none','none','none']\"\n\t\t\tdata-height=\"['none','none','none','none']\"\n\t\t\tdata-transform_idle=\"o:1;\"\n \n\t\t\t data-transform_in=\"opacity:0;s:300;e:Power2.easeInOut;\" \n\t\t\t data-transform_out=\"opacity:0;s:1.875;\" \n\t\t\tdata-start=\"0\" \n\t\t\tdata-responsive_offset=\"on\" \n\n\t\t\t\n\t\t\tstyle=\"z-index: 5;\"><img src=\"https:\/\/www.paroisse-aucamville-st-loup-cammas.fr\/site\/wp-content\/uploads\/Banni\u00e8re-2.jpg\" alt=\"\" width=\"1100\" height=\"185\" data-ww=\"1298px\" data-hh=\"185px\" data-no-retina> <\/div>\n\n\t\t<!-- LAYER NR. 2 -->\n\t\t<div class=\"tp-caption tp-shape tp-shapewrapper  tp-resizeme\" \n\t\t\t id=\"slide-2-layer-3\" \n\t\t\t data-x=\"\" \n\t\t\t data-y=\"-7\" \n\t\t\t\t\t\tdata-width=\"['1301']\"\n\t\t\tdata-height=\"['322']\"\n\t\t\tdata-transform_idle=\"o:1;\"\n \n\t\t\t data-transform_in=\"opacity:0;s:300;e:Power2.easeInOut;\" \n\t\t\t data-transform_out=\"opacity:0;s:1.875;\" \n\t\t\tdata-start=\"0\" \n\t\t\tdata-responsive_offset=\"on\" \n\n\t\t\t\n\t\t\tstyle=\"z-index: 6;font-family:Arial;background-color:rgba(255, 255, 255, 0.50);border-color:rgba(0, 0, 0, 0.50);\"> <\/div>\n\n\t\t<!-- LAYER NR. 3 -->\n\t\t<div class=\"tp-caption   tp-resizeme\" \n\t\t\t id=\"slide-2-layer-4\" \n\t\t\t data-x=\"267\" \n\t\t\t data-y=\"108\" \n\t\t\t\t\t\tdata-width=\"['1005']\"\n\t\t\tdata-height=\"['122']\"\n\t\t\tdata-transform_idle=\"o:1;\"\n \n\t\t\t data-transform_in=\"x:[-100%];z:0;rX:0deg;rY:0;rZ:0;sX:1;sY:1;skX:0;skY:0;s:2230;e:Power3.easeInOut;\" \n\t\t\t data-transform_out=\"opacity:0;s:300;\" \n\t\t\t data-mask_in=\"x:0px;y:0px;\" \n\t\t\tdata-start=\"1180\" \n\t\t\tdata-splitin=\"none\" \n\t\t\tdata-splitout=\"none\" \n\t\t\tdata-responsive_offset=\"on\" \n\n\t\t\t\n\t\t\tstyle=\"z-index: 7; min-width: 1005px; max-width: 1005px; max-width: 122px; max-width: 122px; white-space: normal; font-size: 50px; line-height: 60px; font-weight: 600; color: rgba(76, 76, 76, 1.00);font-family:Open Sans;text-align:right;\">\u2026faire baptiser mon enfant <\/div>\n\n\t\t<!-- LAYER NR. 4 -->\n\t\t<div class=\"tp-caption   tp-resizeme\" \n\t\t\t id=\"slide-2-layer-2\" \n\t\t\t data-x=\"center\" data-hoffset=\"237\" \n\t\t\t data-y=\"center\" data-voffset=\"31\" \n\t\t\t\t\t\tdata-width=\"['1025']\"\n\t\t\tdata-height=\"['245']\"\n\t\t\tdata-transform_idle=\"o:1;\"\n \n\t\t\t data-transform_in=\"y:[100%];z:0;rX:0deg;rY:0;rZ:0;sX:1;sY:1;skX:0;skY:0;opacity:0;s:1210;e:Power2.easeInOut;\" \n\t\t\t data-transform_out=\"opacity:0;s:300;\" \n\t\t\t data-mask_in=\"x:0px;y:[100%];\" \n\t\t\tdata-start=\"0\" \n\t\t\tdata-splitin=\"none\" \n\t\t\tdata-splitout=\"none\" \n\t\t\tdata-responsive_offset=\"on\" \n\n\t\t\t\n\t\t\tstyle=\"z-index: 8; min-width: 1025px; max-width: 1025px; max-width: 245px; max-width: 245px; white-space: normal; font-size: 70px; line-height: 100px; font-weight: 600; color: rgba(255, 152, 0, 1.00);font-family:Open Sans;\">Je d\u00e9sire\u2026 <\/div>\n\t<\/li>\n<\/ul>\n<div class=\"tp-bannertimer tp-bottom\" style=\"visibility: hidden !important;\"><\/div>\t<\/div>\n<script>var htmlDiv = document.getElementById(\"rs-plugin-settings-inline-css\"); var htmlDivCss=\"\";\r\n\t\t\t\tif(htmlDiv) {\r\n\t\t\t\t\thtmlDiv.innerHTML = htmlDiv.innerHTML + htmlDivCss;\r\n\t\t\t\t}else{\r\n\t\t\t\t\tvar htmlDiv = document.createElement(\"div\");\r\n\t\t\t\t\thtmlDiv.innerHTML = \"<style>\" + htmlDivCss + \"<\/style>\";\r\n\t\t\t\t\tdocument.getElementsByTagName(\"head\")[0].appendChild(htmlDiv.childNodes[0]);\r\n\t\t\t\t}\r\n\t\t\t<\/script>\n\t\t<script type=\"text\/javascript\">\r\n\t\t\t\t\t\t\/******************************************\r\n\t\t\t\t-\tPREPARE PLACEHOLDER FOR SLIDER\t-\r\n\t\t\t******************************************\/\r\n\r\n\t\t\tvar setREVStartSize=function(){\r\n\t\t\t\ttry{var e=new Object,i=jQuery(window).width(),t=9999,r=0,n=0,l=0,f=0,s=0,h=0;\r\n\t\t\t\t\te.c = jQuery('#rev_slider_2_1');\r\n\t\t\t\t\te.gridwidth = [1300];\r\n\t\t\t\t\te.gridheight = [185];\r\n\t\t\t\t\t\t\t\r\n\t\t\t\t\te.sliderLayout = \"auto\";\r\n\t\t\t\t\tif(e.responsiveLevels&&(jQuery.each(e.responsiveLevels,function(e,f){f>i&&(t=r=f,l=e),i>f&&f>r&&(r=f,n=e)}),t>r&&(l=n)),f=e.gridheight[l]||e.gridheight[0]||e.gridheight,s=e.gridwidth[l]||e.gridwidth[0]||e.gridwidth,h=i\/s,h=h>1?1:h,f=Math.round(h*f),\"fullscreen\"==e.sliderLayout){var u=(e.c.width(),jQuery(window).height());if(void 0!=e.fullScreenOffsetContainer){var c=e.fullScreenOffsetContainer.split(\",\");if (c) jQuery.each(c,function(e,i){u=jQuery(i).length>0?u-jQuery(i).outerHeight(!0):u}),e.fullScreenOffset.split(\"%\").length>1&&void 0!=e.fullScreenOffset&&e.fullScreenOffset.length>0?u-=jQuery(window).height()*parseInt(e.fullScreenOffset,0)\/100:void 0!=e.fullScreenOffset&&e.fullScreenOffset.length>0&&(u-=parseInt(e.fullScreenOffset,0))}f=u}else void 0!=e.minHeight&&f<e.minHeight&&(f=e.minHeight);e.c.closest(\".rev_slider_wrapper\").css({height:f})\r\n\t\t\t\t\t\r\n\t\t\t\t}catch(d){console.log(\"Failure at Presize of Slider:\"+d)}\r\n\t\t\t};\r\n\t\t\t\r\n\t\t\tsetREVStartSize();\r\n\t\t\t\r\n\t\t\t\t\t\tvar tpj=jQuery;\r\n\t\t\t\r\n\t\t\tvar revapi2;\r\n\t\t\ttpj(document).ready(function() {\n\t\t\t\tif(tpj(\"#rev_slider_2_1\").revolution == undefined){\n\t\t\t\t\trevslider_showDoubleJqueryError(\"#rev_slider_2_1\");\n\t\t\t\t}else{\n\t\t\t\t\trevapi2 = tpj(\"#rev_slider_2_1\").show().revolution({\n\t\t\t\t\t\tsliderType:\"standard\",\njsFileLocation:\"\/\/www.paroisse-aucamville-st-loup-cammas.fr\/site\/wp-content\/plugins\/revslider\/public\/assets\/js\/\",\n\t\t\t\t\t\tsliderLayout:\"auto\",\n\t\t\t\t\t\tdottedOverlay:\"none\",\n\t\t\t\t\t\tdelay:9000,\n\t\t\t\t\t\tnavigation: {\n\t\t\t\t\t\t\tonHoverStop:\"off\",\n\t\t\t\t\t\t},\n\t\t\t\t\t\tvisibilityLevels:[1240,1024,778,480],\n\t\t\t\t\t\tgridwidth:1300,\n\t\t\t\t\t\tgridheight:185,\n\t\t\t\t\t\tlazyType:\"none\",\n\t\t\t\t\t\tshadow:0,\n\t\t\t\t\t\tspinner:\"spinner0\",\n\t\t\t\t\t\tstopLoop:\"off\",\n\t\t\t\t\t\tstopAfterLoops:-1,\n\t\t\t\t\t\tstopAtSlide:-1,\n\t\t\t\t\t\tshuffle:\"off\",\n\t\t\t\t\t\tautoHeight:\"on\",\n\t\t\t\t\t\tdisableProgressBar:\"on\",\n\t\t\t\t\t\thideThumbsOnMobile:\"off\",\n\t\t\t\t\t\thideSliderAtLimit:0,\n\t\t\t\t\t\thideCaptionAtLimit:0,\n\t\t\t\t\t\thideAllCaptionAtLilmit:0,\n\t\t\t\t\t\tdebugMode:false,\n\t\t\t\t\t\tfallbacks: {\n\t\t\t\t\t\t\tsimplifyAll:\"off\",\n\t\t\t\t\t\t\tnextSlideOnWindowFocus:\"off\",\n\t\t\t\t\t\t\tdisableFocusListener:false,\n\t\t\t\t\t\t}\n\t\t\t\t\t});\n\t\t\t\t}\n\t\t\t});\t\/*ready*\/\n\t\t<\/script>\r\n\t\t<\/div><!-- END REVOLUTION SLIDER --><div class=\"fusion-clearfix\"><\/div>\n\n\t\t\t\t\t<\/div>\n\t\t\t\t<\/div><\/div><\/div><div class=\"fusion-fullwidth fullwidth-box nonhundred-percent-fullwidth non-hundred-percent-height-scrolling\"  style='background-color: rgba(255,255,255,0);background-position: left top;background-repeat: no-repeat;padding-top:20px;padding-right:0px;padding-bottom:20px;padding-left:0px;border-top-width:0px;border-bottom-width:0px;border-color:#eae9e9;border-top-style:solid;border-bottom-style:solid;'><div class=\"fusion-builder-row fusion-row \"><div  class=\"fusion-layout-column fusion_builder_column fusion_builder_column_1_1  fusion-one-full fusion-column-first fusion-column-last 1_1\"  style='margin-top:0px;margin-bottom:20px;'>\n\t\t\t\t\t<div class=\"fusion-column-wrapper\" style=\"padding: 0px 0px 0px 0px;background-position:left top;background-repeat:no-repeat;-webkit-background-size:cover;-moz-background-size:cover;-o-background-size:cover;background-size:cover;\"  data-bg-url=\"\">\n\t\t\t\t\t\t<style type='text\/css'>.reading-box-container-1 .element-bottomshadow:before,.reading-box-container-1 .element-bottomshadow:after{opacity:0.7;}<\/style><div class=\"fusion-reading-box-container reading-box-container-1\" style=\"margin-top:0px;margin-bottom:84px;\"><div class=\"reading-box\" style=\"background-color:#f6f6f6;border-width:1px;border-color:#f6f6f6;border-top-width:3px;border-top-color:#ff9800;border-style:solid;\"><div class=\"reading-box-additional\">\n<h2>Vous souhaitez offrir \u00e0 votre enfant le bapt\u00eame, d\u00e9but d&rsquo;un chemin de foi pour lui.\u00a0Par ce sacrement, vous manifestez votre d\u00e9sir et votre d\u00e9cision de laisser Dieu aimer votre enfant et de l&rsquo;\u00e9lever dans la foi chr\u00e9tienne.<\/h2>\n<h2>La paroisse vous accueille et vous accompagne sur ce chemin, \u00e0 travers les diff\u00e9rentes \u00e9tapes qui vous m\u00e8neront au jour de la c\u00e9l\u00e9bration. Entour\u00e9 de la famille et des amis, de son parrain et de sa marraine, votre enfant deviendra alors enfant de Dieu.\u00a0Par ce sacrement, vous manifestez votre d\u00e9sir et votre d\u00e9cision de laisser Dieu aimer votre enfant.<\/h2>\n<\/div><div class=\"fusion-clearfix\"><\/div><\/div><\/div><div class=\"fusion-clearfix\"><\/div>\n\n\t\t\t\t\t<\/div>\n\t\t\t\t<\/div><div  class=\"fusion-layout-column fusion_builder_column fusion_builder_column_2_3  fusion-two-third fusion-column-first 2_3\"  style='margin-top:0px;margin-bottom:20px;width:65.3333%; margin-right: 4%;'>\n\t\t\t\t\t<div class=\"fusion-column-wrapper\" style=\"padding: 0px 0px 0px 0px;background-position:left top;background-repeat:no-repeat;-webkit-background-size:cover;-moz-background-size:cover;-o-background-size:cover;background-size:cover;\"  data-bg-url=\"\">\n\t\t\t\t\t\t<div class=\"fusion-text\"><p style=\"text-align: justify;\">Le bapt\u00eame est une grande chance ! C\u2019est le plus beau des cadeaux que des parents puissent donner \u00e0 leur enfant. Devenu enfant de Dieu dans le bapt\u00eame, votre enfant pourra compter sur sa pr\u00e9sence dans son c\u0153ur, avec cette certitude que J\u00e9sus est l\u2019Ami Fid\u00e8le. En demandant le bapt\u00eame, vous vous engagez aussi \u00e0 \u00e9lever votre enfant dans la Foi de l\u2019Eglise, et l\u2019aider \u00e0 d\u00e9couvrir J\u00e9sus-Christ, \u00e0 travers l\u2019\u00e9ducation chr\u00e9tienne, avec l\u2019appui d\u2019un parrain et d\u2019une marraine chr\u00e9tiens. Il pourra ainsi personnellement et librement entrer dans une relation de foi d\u00e9velopp\u00e9e gr\u00e2ce \u00e0 l\u2019Eveil \u00e0 la Foi (4-7 ans), le cat\u00e9chisme, et plus tard les autres sacrements de la vie chr\u00e9tienne.<\/p>\n<p style=\"text-align: justify;\">Jusqu\u2019\u00e0 l\u2019\u00e2ge de 3 ans, la pr\u00e9paration se fait par les parents, et dans la mesure du possible les parrains et marraines. A partir de 4 ans la pr\u00e9paration int\u00e8gre le cheminement d\u2019enfant. Il est personnellement pr\u00e9par\u00e9 au bapt\u00eame, accompagn\u00e9 par ses parents, avec une p\u00e9dagogie adapt\u00e9e. Il est aussi inscrit \u00e0 l\u2019Eveil \u00e0 la Foi pour d\u00e9couvrir le Christ et l\u2019Eglise avec les enfants de son \u00e2ge (4-7ans) une fois par mois. La demande de bapt\u00eame de votre enfant est aussi l&rsquo;occasion, pour les parents, d&rsquo;interroger l&rsquo;\u00e9ducation chr\u00e9tienne des a\u00een\u00e9s, et de cheminer personnellement dans la foi&#8230;<\/p>\n<p style=\"text-align: justify;\">Une \u00e9quipe paroissiale de pr\u00e9paration au bapt\u00eame vous accompagne dans la pr\u00e9paration du bapt\u00eame de votre enfant. Vous pouvez contacter le secr\u00e9tariat de notre paroisse. N&rsquo;oubliez pas que la premi\u00e8re \u00e9tape est de prendre rendez-vous avec les pr\u00eatres.<\/p>\n<\/div><div class=\"fusion-clearfix\"><\/div>\n\n\t\t\t\t\t<\/div>\n\t\t\t\t<\/div><div  class=\"fusion-layout-column fusion_builder_column fusion_builder_column_1_3  fusion-one-third fusion-column-last 1_3\"  style='margin-top:0px;margin-bottom:20px;width:30.6666%'>\n\t\t\t\t\t<div class=\"fusion-column-wrapper\" style=\"padding: 0px 0px 0px 0px;background-position:left top;background-repeat:no-repeat;-webkit-background-size:cover;-moz-background-size:cover;-o-background-size:cover;background-size:cover;\"  data-bg-url=\"\">\n\t\t\t\t\t\t<span class=\"fusion-imageframe imageframe-none imageframe-1 hover-type-none\"><img loading=\"lazy\" src=\"http:\/\/www.paroisse-aucamville-st-loup-cammas.fr\/site\/wp-content\/uploads\/DSC_2393-300x200.jpg\" width=\"300\" height=\"200\" alt=\"\" title=\"Le bapt\u00eame de mon enfant\" class=\"img-responsive\"\/><\/span><div class=\"fusion-clearfix\"><\/div>\n\n\t\t\t\t\t<\/div>\n\t\t\t\t<\/div><div  class=\"fusion-layout-column fusion_builder_column fusion_builder_column_1_1  fusion-one-full fusion-column-first fusion-column-last 1_1\"  style='margin-top:0px;margin-bottom:20px;'>\n\t\t\t\t\t<div class=\"fusion-column-wrapper\" style=\"padding: 0px 0px 0px 0px;background-position:left top;background-repeat:no-repeat;-webkit-background-size:cover;-moz-background-size:cover;-o-background-size:cover;background-size:cover;\"  data-bg-url=\"\">\n\t\t\t\t\t\t<div class=\"fusion-content-boxes content-boxes columns row fusion-columns-1 fusion-columns-total-1 fusion-content-boxes-1 content-boxes-icon-boxed content-left\" data-animationOffset=\"100%\" style=\"margin-top:0px;margin-bottom:60px;\"><style type=\"text\/css\" scoped=\"scoped\">.fusion-content-boxes-1 .heading .content-box-heading {color:#333333;}\n\t\t\t\t\t.fusion-content-boxes-1 .fusion-content-box-hover .link-area-link-icon-hover .heading .content-box-heading,\n\t\t\t\t\t.fusion-content-boxes-1 .fusion-content-box-hover .link-area-link-icon-hover .heading .heading-link .content-box-heading,\n\t\t\t\t\t.fusion-content-boxes-1 .fusion-content-box-hover .link-area-box-hover .heading .content-box-heading,\n\t\t\t\t\t.fusion-content-boxes-1 .fusion-content-box-hover .link-area-box-hover .heading .heading-link .content-box-heading,\n\t\t\t\t\t.fusion-content-boxes-1 .fusion-content-box-hover .link-area-link-icon-hover.link-area-box .fusion-read-more,\n\t\t\t\t\t.fusion-content-boxes-1 .fusion-content-box-hover .link-area-link-icon-hover.link-area-box .fusion-read-more::after,\n\t\t\t\t\t.fusion-content-boxes-1 .fusion-content-box-hover .link-area-link-icon-hover.link-area-box .fusion-read-more::before,\n\t\t\t\t\t.fusion-content-boxes-1 .fusion-content-box-hover .fusion-read-more:hover:after,\n\t\t\t\t\t.fusion-content-boxes-1 .fusion-content-box-hover .fusion-read-more:hover:before,\n\t\t\t\t\t.fusion-content-boxes-1 .fusion-content-box-hover .fusion-read-more:hover,\n\t\t\t\t\t.fusion-content-boxes-1 .fusion-content-box-hover .link-area-box-hover.link-area-box .fusion-read-more,\n\t\t\t\t\t.fusion-content-boxes-1 .fusion-content-box-hover .link-area-box-hover.link-area-box .fusion-read-more::after,\n\t\t\t\t\t.fusion-content-boxes-1 .fusion-content-box-hover .link-area-box-hover.link-area-box .fusion-read-more::before,\n\t\t\t\t\t.fusion-content-boxes-1 .fusion-content-box-hover .link-area-link-icon-hover .icon .circle-no,\n\t\t\t\t\t.fusion-content-boxes-1 .heading .heading-link:hover .content-box-heading {\n\t\t\t\t\t\tcolor: #a0ce4e;\n\t\t\t\t\t}\n\t\t\t\t\t.fusion-content-boxes-1 .fusion-content-box-hover .link-area-box-hover .icon .circle-no {\n\t\t\t\t\t\tcolor: #a0ce4e !important;\n\t\t\t\t\t}.fusion-content-boxes-1 .fusion-content-box-hover .link-area-box.link-area-box-hover .fusion-content-box-button {background: #ff9800;color: #ffffff;}.fusion-content-boxes-1 .fusion-content-box-hover .link-area-box.link-area-box-hover .fusion-content-box-button .fusion-button-text {color: #ffffff;}\n\t\t\t\t\t.fusion-content-boxes-1 .fusion-content-box-hover .link-area-link-icon-hover .heading .icon > span {\n\t\t\t\t\t\tbackground-color: #a0ce4e !important;\n\t\t\t\t\t}\n\t\t\t\t\t.fusion-content-boxes-1 .fusion-content-box-hover .link-area-box-hover .heading .icon > span {\n\t\t\t\t\t\tborder-color: #a0ce4e !important;\n\t\t\t\t\t}<\/style><div class=\"fusion-column content-box-column content-box-column content-box-column-1 col-lg-12 col-md-12 col-sm-12 fusion-content-box-hover  content-box-column-last\"><div class=\"col content-wrapper content-wrapper-boxed link-area-link-icon icon-hover-animation-fade\" style=\"background-color:rgba(255,255,255,0);\" data-animationOffset=\"100%\"><div class=\"heading heading-with-icon icon-left\"><div class=\"icon\"><i style=\"border-color:#333333;border-width:1px;background-color:#333333;box-sizing:content-box;height:42px;width:42px;line-height:42px;top:-71px;margin-left:-21px;border-radius:50%;color:#ffffff;font-size:21px;\" class=\"fontawesome-icon fa-map-signs fas circle-yes\"><\/i><\/div><h2 class=\"content-box-heading\" style=\"font-size:18px;line-height:23px;\">Votre parcours bapt\u00eame<\/h2><\/div><div class=\"fusion-clearfix\"><\/div><div class=\"content-container\" style=\"color:#747474;\">\n<p>De votre inscription jusqu&rsquo;au grand jour, quelques \u00e9tapes vont jalonner la pr\u00e9paration de la c\u00e9l\u00e9bration. Il est souhaitable que les familles pensent \u00e0 s&rsquo;inscrire aupr\u00e8s de la responsable ou du secr\u00e9tariat paroissial, au moins deux mois avant le jour du bapt\u00eame.<\/p>\n<p>Un guide vous sera \u00e9galement remis, dans lequel vous retrouverez toutes les informations sur le sacrement et l&rsquo;organisation pratique de la c\u00e9r\u00e9monie<\/p>\n<p>Durant tout ce parcours, l\u2019\u00e9quipe de pr\u00e9paration se tient disponible pour vous accompagner.<\/p>\n<\/div><\/div><\/div><style type=\"text\/css\" scoped=\"scoped\">\n\t\t\t\t\t\t.fusion-content-boxes-1 .fusion-content-box-hover .heading-link:hover .icon i.circle-yes,\n\t\t\t\t\t\t.fusion-content-boxes-1 .fusion-content-box-hover .link-area-box:hover .heading-link .icon i.circle-yes,\n\t\t\t\t\t\t.fusion-content-boxes-1 .fusion-content-box-hover .link-area-link-icon-hover .heading .icon i.circle-yes,\n\t\t\t\t\t\t.fusion-content-boxes-1 .fusion-content-box-hover .link-area-box-hover .heading .icon i.circle-yes {\n\t\t\t\t\t\t\tbackground-color: #a0ce4e !important;\n\t\t\t\t\t\t\tborder-color: #a0ce4e !important;\n\t\t\t\t\t\t}<\/style><div class=\"fusion-clearfix\"><\/div><\/div><div class=\"fusion-clearfix\"><\/div>\n\n\t\t\t\t\t<\/div>\n\t\t\t\t<\/div><div  class=\"fusion-layout-column fusion_builder_column fusion_builder_column_1_3  fusion-one-third fusion-column-first 1_3\"  style='margin-top:0px;margin-bottom:20px;width:30.6666%; margin-right: 4%;'>\n\t\t\t\t\t<div class=\"fusion-column-wrapper\" style=\"padding: 0px 0px 0px 0px;background-position:left top;background-repeat:no-repeat;-webkit-background-size:cover;-moz-background-size:cover;-o-background-size:cover;background-size:cover;\"  data-bg-url=\"\">\n\t\t\t\t\t\t<div class=\"fusion-person person fusion-person-left fusion-person-1 fusion-person-icon-top\"><div class=\"person-shortcode-image-wrapper\"><div class=\"person-image-container hover-type-none person-rounded-overflow\" style=\"-webkit-border-radius:0px;-moz-border-radius:0px;border-radius:0px;border:0px solid #f6f6f6;-webkit-border-radius:0px;-moz-border-radius:0px;border-radius:0px;\"><img loading=\"lazy\" class=\"person-img img-responsive wp-image-12201\" width=\"300\" height=\"300\" src=\"http:\/\/www.paroisse-aucamville-st-loup-cammas.fr\/site\/wp-content\/uploads\/2016\/05\/portrait-femme-300x300.png\" alt=\"Delphine Manuel\" srcset=\"https:\/\/www.paroisse-aucamville-st-loup-cammas.fr\/site\/wp-content\/uploads\/2016\/05\/portrait-femme-200x200.png 200w, https:\/\/www.paroisse-aucamville-st-loup-cammas.fr\/site\/wp-content\/uploads\/2016\/05\/portrait-femme-400x400.png 400w, https:\/\/www.paroisse-aucamville-st-loup-cammas.fr\/site\/wp-content\/uploads\/2016\/05\/portrait-femme-600x600.png 600w, https:\/\/www.paroisse-aucamville-st-loup-cammas.fr\/site\/wp-content\/uploads\/2016\/05\/portrait-femme-800x800.png 800w, https:\/\/www.paroisse-aucamville-st-loup-cammas.fr\/site\/wp-content\/uploads\/2016\/05\/portrait-femme.png 801w\" sizes=\"(max-width: 800px) 100vw, 400px\" \/><\/div><\/div><div class=\"person-desc\"><div class=\"person-author\"><div class=\"person-author-wrapper\"><span class=\"person-name\">Delphine Manuel<\/span><span class=\"person-title\">Responsable \u00e9quipe bapt\u00eame<\/span><\/div><\/div><div class=\"person-content fusion-clearfix\">T\u00e9l\u00e9phone : 06.77.65.99.92<\/div><\/div><\/div><div class=\"fusion-clearfix\"><\/div>\n\n\t\t\t\t\t<\/div>\n\t\t\t\t<\/div><div  class=\"fusion-layout-column fusion_builder_column fusion_builder_column_2_3  fusion-two-third fusion-column-last 2_3\"  style='margin-top:0px;margin-bottom:20px;width:65.3333%'>\n\t\t\t\t\t<div class=\"fusion-column-wrapper\" style=\"padding: 0px 0px 0px 0px;background-position:left top;background-repeat:no-repeat;-webkit-background-size:cover;-moz-background-size:cover;-o-background-size:cover;background-size:cover;\"  data-bg-url=\"\">\n\t\t\t\t\t\t<div class=\"fusion-title title fusion-title-center fusion-title-size-two\" style=\"margin-top:0px;margin-bottom:31px;\"><div class=\"title-sep-container title-sep-container-left\"><div class=\"title-sep sep-single sep-solid\" style=\"border-color:#ff9800;\"><\/div><\/div><h2 class=\"title-heading-center\">Les \u00e9tapes de bapt\u00eame<\/h2><div class=\"title-sep-container title-sep-container-right\"><div class=\"title-sep sep-single sep-solid\" style=\"border-color:#ff9800;\"><\/div><\/div><\/div><style type=\"text\/css\" scoped=\"scoped\">.fusion-accordian  #accordion-11900-1 .panel-title a .fa-fusion-box{ color: #ffffff;}.fusion-accordian  #accordion-11900-1 .panel-title a .fa-fusion-box:before{ font-size: 13px; width: 13px;}.fusion-accordian  #accordion-11900-1 .fa-fusion-box { background-color: #333333;border-color: #333333;}.fusion-accordian  #accordion-11900-1 .panel-title a:hover, #accordion-11900-1 .fusion-toggle-boxed-mode:hover .panel-title a { color: #a0ce4e;}.fusion-accordian  #accordion-11900-1 .panel-title .active .fa-fusion-box,.fusion-accordian  #accordion-11900-1 .panel-title a:hover .fa-fusion-box { background-color: #a0ce4e!important;border-color: #a0ce4e!important;}<\/style><div class=\"accordian fusion-accordian\"><div class=\"panel-group\" id=\"accordion-11900-1\"><div class=\"fusion-panel panel-default\"><div class=\"panel-heading\"><h4 class=\"panel-title toggle\"><a data-toggle=\"collapse\" data-parent=\"#accordion-11900-1\" data-target=\"#38871d71653d8dcec\" href=\"#38871d71653d8dcec\"><div class=\"fusion-toggle-icon-wrapper\"><i class=\"fa-fusion-box\"><\/i><\/div><div class=\"fusion-toggle-heading\">Rencontre avec le pr\u00eatre<\/div><\/a><\/h4><\/div><div id=\"38871d71653d8dcec\" class=\"panel-collapse collapse \"><div class=\"panel-body toggle-content fusion-clearfix\">Pour<\/p>\n<ul>\n<li>Echanger sur la demande de bapt\u00eame et le d\u00e9sir d&rsquo;\u00e9lever chr\u00e9tiennement votre ou vos enfant(s).<\/li>\n<li>Valider le choix des parrains et marraines (seuls des chr\u00e9tiens catholiques baptis\u00e9s peuvent \u00eatre parrains et marraines. Ils s&rsquo;engagent avec les parents \u00e0 \u00e9lever dans la foi chr\u00e9tienne leur enfant. Un chr\u00e9tien non catholique ne peut \u00eatre parrain ou marraine, mais seulement t\u00e9moin. Un non chr\u00e9tien ne peut en aucun cas \u00eatre parrain ou t\u00e9moin.)<\/li>\n<li>Pr\u00e9senter les grandes lignes de la pr\u00e9paration du bapt\u00eame<\/li>\n<\/ul>\n<p>Cette rencontre a lieu au presbyt\u00e8re de Saint-Loup-Cammas sur rendez-vous<\/div><\/div><\/div><div class=\"fusion-panel panel-default\"><div class=\"panel-heading\"><h4 class=\"panel-title toggle\"><a data-toggle=\"collapse\" data-parent=\"#accordion-11900-1\" data-target=\"#91fdc94af302f126b\" href=\"#91fdc94af302f126b\"><div class=\"fusion-toggle-icon-wrapper\"><i class=\"fa-fusion-box\"><\/i><\/div><div class=\"fusion-toggle-heading\">Formation sur le sacrement<\/div><\/a><\/h4><\/div><div id=\"91fdc94af302f126b\" class=\"panel-collapse collapse \"><div class=\"panel-body toggle-content fusion-clearfix\">\n<p>Pour \u00e9changer avec d\u2019autres familles et deux animateurs de la paroisse sur le sens du bapt\u00eame, le r\u00f4le des parrains et marraines, l\u2019\u00e9veil \u00e0 la foi, le cat\u00e9chisme, l&rsquo;aum\u00f4nerie\u2026<\/p>\n<p>Chaque d\u00e9but de mois, des membres de l\u2019\u00e9quipe re\u00e7oivent chez eux ou en salle paroissiale :<\/p>\n<ul>\n<li>soit le mardi soir<\/li>\n<li>soit le mercredi soir<\/li>\n<li>soit le vendredi soir<\/li>\n<li>soit le samedi matin<\/li>\n<\/ul>\n<p>en fonction du nombre de familles \u00e0 recevoir et en essayant de respecter le lieu souhait\u00e9 (Aucamville\/Castelginest\/Launaguet\/St Loup Cammas).<\/p>\n<p>Les membres de l\u2019\u00e9quipe qui vous accueilleront vous appellent apr\u00e8s l\u2019inscription du bapt\u00eame au secr\u00e9tariat pour confirmer le lieu et la date de r\u00e9union.<\/p>\n<\/div><\/div><\/div><div class=\"fusion-panel panel-default\"><div class=\"panel-heading\"><h4 class=\"panel-title toggle\"><a data-toggle=\"collapse\" data-parent=\"#accordion-11900-1\" data-target=\"#6abeb47cee94fd44d\" href=\"#6abeb47cee94fd44d\"><div class=\"fusion-toggle-icon-wrapper\"><i class=\"fa-fusion-box\"><\/i><\/div><div class=\"fusion-toggle-heading\">Pr\u00e9paration de la c\u00e9r\u00e9monie<\/div><\/a><\/h4><\/div><div id=\"6abeb47cee94fd44d\" class=\"panel-collapse collapse \"><div class=\"panel-body toggle-content fusion-clearfix\">Suite \u00e0 la r\u00e9union pr\u00e9c\u00e9dente, vous pourrez choisir les \u00e9l\u00e9ments constitutifs de votre c\u00e9l\u00e9bration\u00a0(textes, chants et musiques religieuses, pri\u00e8res\u2026). Vous pourrez alors pr\u00e9parer la c\u00e9r\u00e9monie du bapt\u00eame avec les autres familles qui baptiseront le m\u00eame jour.<\/p>\n<p>Cette rencontre a lieu \u00e0 la salle paroissiale de Castelginest (pr\u00e8s de l\u2019Eglise), le samedi matin \u00e0 10h (fin du mois pr\u00e9c\u00e9dent le mois o\u00f9 l\u2019enfant est baptis\u00e9)<\/div><\/div><\/div><div class=\"fusion-panel panel-default\"><div class=\"panel-heading\"><h4 class=\"panel-title toggle\"><a data-toggle=\"collapse\" data-parent=\"#accordion-11900-1\" data-target=\"#4840e0aa3205384b1\" href=\"#4840e0aa3205384b1\"><div class=\"fusion-toggle-icon-wrapper\"><i class=\"fa-fusion-box\"><\/i><\/div><div class=\"fusion-toggle-heading\">Messe de pr\u00e9sentation<\/div><\/a><\/h4><\/div><div id=\"4840e0aa3205384b1\" class=\"panel-collapse collapse \"><div class=\"panel-body toggle-content fusion-clearfix\">\n<p>Toute la communaut\u00e9 Chr\u00e9tienne est heureuse de d\u00e9couvrir et d&rsquo;accueillir votre enfant. \u00a0Lors d&rsquo;une pr\u00e9c\u00e9dente messe, vous viendrez pr\u00e9senter votre enfant \u00e0 l&rsquo;assembl\u00e9e, qui pourra ainsi prier pour lui durant les semaines qui pr\u00e9c\u00e8dent la c\u00e9r\u00e9monie.<\/p>\n<p>Cette messe a lieu le dimanche matin qui suit la rencontre de pr\u00e9paration \u00e0 la c\u00e9r\u00e9monie.<\/p>\n<\/div><\/div><\/div><\/div><\/div><div class=\"fusion-clearfix\"><\/div>\n\n\t\t\t\t\t<\/div>\n\t\t\t\t<\/div><div  class=\"fusion-layout-column fusion_builder_column fusion_builder_column_1_1  fusion-one-full fusion-column-first fusion-column-last 1_1\"  style='margin-top:30px;margin-bottom:30px;'>\n\t\t\t\t\t<div class=\"fusion-column-wrapper\" style=\"padding: 0px 0px 0px 0px;background-position:left top;background-repeat:no-repeat;-webkit-background-size:cover;-moz-background-size:cover;-o-background-size:cover;background-size:cover;\"  data-bg-url=\"\">\n\t\t\t\t\t\t<div class=\"fusion-title title fusion-title-center fusion-title-size-two\" style=\"margin-top:0px;margin-bottom:31px;\"><div class=\"title-sep-container title-sep-container-left\"><div class=\"title-sep sep-single sep-solid\" style=\"border-color:#ff9800;\"><\/div><\/div><h2 class=\"title-heading-center\">Pour vous accueillir, toute l&rsquo;\u00e9quipe de pr\u00e9paration au bapt\u00eame des petits enfants<\/h2><div class=\"title-sep-container title-sep-container-right\"><div class=\"title-sep sep-single sep-solid\" style=\"border-color:#ff9800;\"><\/div><\/div><\/div><div class=\"fusion-clearfix\"><\/div>\n\n\t\t\t\t\t<\/div>\n\t\t\t\t<\/div><div  class=\"fusion-layout-column fusion_builder_column fusion_builder_column_1_1  fusion-one-full fusion-column-first fusion-column-last 1_1\"  style='margin-top:10px;margin-bottom:20px;'>\n\t\t\t\t\t<div class=\"fusion-column-wrapper\" style=\"padding: 0px 0px 0px 0px;background-position:left top;background-repeat:no-repeat;-webkit-background-size:cover;-moz-background-size:cover;-o-background-size:cover;background-size:cover;\"  data-bg-url=\"\">\n\t\t\t\t\t\t<div class=\"imageframe-align-center\"><span class=\"fusion-imageframe imageframe-none imageframe-2 hover-type-none\"><img loading=\"lazy\" src=\"http:\/\/www.paroisse-aucamville-st-loup-cammas.fr\/site\/wp-content\/uploads\/2016\/05\/IMG_8405-1280x768-1024x455.jpg\" width=\"1024\" height=\"455\" alt=\"\" title=\"Le bapt\u00eame de mon enfant\" class=\"img-responsive\"\/><\/span><\/div><div class=\"fusion-clearfix\"><\/div>\n\n\t\t\t\t\t<\/div>\n\t\t\t\t<\/div><div  class=\"fusion-layout-column fusion_builder_column fusion_builder_column_1_1  fusion-one-full fusion-column-first fusion-column-last 1_1\"  style='margin-top:30px;margin-bottom:30px;'>\n\t\t\t\t\t<div class=\"fusion-column-wrapper\" style=\"padding: 0px 0px 0px 0px;background-position:left top;background-repeat:no-repeat;-webkit-background-size:cover;-moz-background-size:cover;-o-background-size:cover;background-size:cover;\"  data-bg-url=\"\">\n\t\t\t\t\t\t<div class=\"fusion-title title fusion-title-center fusion-title-size-two\" style=\"margin-top:10px;margin-bottom:10px;\"><div class=\"title-sep-container title-sep-container-left\"><div class=\"title-sep sep-single sep-solid\" style=\"border-color:#dd9933;\"><\/div><\/div><h2 class=\"title-heading-center\">Ce qui s&rsquo;y passe&#8230;<\/h2><div class=\"title-sep-container title-sep-container-right\"><div class=\"title-sep sep-single sep-solid\" style=\"border-color:#dd9933;\"><\/div><\/div><\/div><div class=\"fusion-blog-shortcode fusion-blog-shortcode-1 fusion-blog-archive fusion-blog-layout-medium-alternate fusion-blog-pagination\"><div class=\"fusion-posts-container fusion-posts-container-pagination fusion-no-meta-info fusion-blog-rollover\" data-pages=\"3\"><article id=\"blog-1-post-20475\" class=\"fusion-post-medium-alternate post-20475 post type-post status-publish format-standard has-post-thumbnail hentry category-aumonerie category-bapteme-adultes category-bapteme-enfant category-catechisme category-catechumenat category-eveil-a-la-foi category-pages-accueil category-pretres-et-diacres category-vie-groupes\">\n<div class=\"fusion-date-and-formats\"><div class=\"fusion-date-box updated\"><span class=\"fusion-date\">22<\/span><span class=\"fusion-month-year\">04, 2025<\/span><\/div><div class=\"fusion-format-box\"><i class=\"fusion-icon-pen\"><\/i><\/div><\/div>\t<style type=\"text\/css\">\n\t\t\n\t\t\n\t\t\n\t\t\n\t\t\t<\/style>\n\n\n\t\t\t<div class=\"fusion-flexslider flexslider fusion-flexslider-loading fusion-post-slideshow\" style=\"\">\n\t\t<ul class=\"slides\">\n\t\t\t\n\t\t\t\t\t\t\t\t\t\t\t\t\t\t<li>\n\n<div  class=\"fusion-image-wrapper fusion-image-size-fixed\" aria-haspopup=\"true\">\n\t\n\t\n\t\t\n\t\t\t\t\t<img width=\"320\" height=\"202\" src=\"https:\/\/www.paroisse-aucamville-st-loup-cammas.fr\/site\/wp-content\/uploads\/IMG-20250422-WA0002-320x202.jpg\" class=\"attachment-blog-medium size-blog-medium wp-post-image\" alt=\"\" loading=\"lazy\" srcset=\"https:\/\/www.paroisse-aucamville-st-loup-cammas.fr\/site\/wp-content\/uploads\/IMG-20250422-WA0002-320x202.jpg 320w, https:\/\/www.paroisse-aucamville-st-loup-cammas.fr\/site\/wp-content\/uploads\/IMG-20250422-WA0002-700x441.jpg 700w\" sizes=\"(max-width: 320px) 100vw, 320px\" \/>\n\t\n\n\t\t<div class=\"fusion-rollover\">\n\t<div class=\"fusion-rollover-content\">\n\n\t\t\t\t\t\t\t\t\t\t\t\t\t\t<a class=\"fusion-rollover-link\" href=\"https:\/\/www.paroisse-aucamville-st-loup-cammas.fr\/site\/52-baptemes-a-paques\/\">52 bapt\u00eames \u00e0 P\u00e2ques.<\/a>\n\t\t\t\n\t\t\t\t\t\t\t\t\t\t\t\t\t\t\n\t\t\t\t\t\t\t\t\n\t\t\t\t\t\t\t\t\t\t\t\t\t<div class=\"fusion-rollover-sep\"><\/div>\n\t\t\t\t\n\t\t\t\t\t\t\t\t\t\t\t\t\t\t\t\t\t\t<a class=\"fusion-rollover-gallery\" href=\"https:\/\/www.paroisse-aucamville-st-loup-cammas.fr\/site\/wp-content\/uploads\/IMG-20250422-WA0002.jpg\" data-id=\"20475\" data-rel=\"iLightbox[gallery]\" data-title=\"IMG-20250422-WA0002\" data-caption=\"\">\n\t\t\t\t\t\tGallery\t\t\t\t\t<\/a>\n\t\t\t\t\t\t\t\t\t\t\t\t\t\t\n\t\t\t\t\n\t\t\t\t\t\t\t\t\t\t\t\t<h4 class=\"fusion-rollover-title\">\n\t\t\t\t\t<a href=\"https:\/\/www.paroisse-aucamville-st-loup-cammas.fr\/site\/52-baptemes-a-paques\/\">\n\t\t\t\t\t\t52 bapt\u00eames \u00e0 P\u00e2ques.\t\t\t\t\t<\/a>\n\t\t\t\t<\/h4>\n\t\t\t\n\t\t\t\t\t\t\t\t\t\t\t\t\t\t<div class=\"fusion-rollover-categories\"><a href=\"https:\/\/www.paroisse-aucamville-st-loup-cammas.fr\/site\/category\/aumonerie\/\" rel=\"tag\">Aum\u00f4nerie<\/a>, <a href=\"https:\/\/www.paroisse-aucamville-st-loup-cammas.fr\/site\/category\/bapteme-adultes\/\" rel=\"tag\">Bapt\u00eame adultes<\/a>, <a href=\"https:\/\/www.paroisse-aucamville-st-loup-cammas.fr\/site\/category\/bapteme-enfant\/\" rel=\"tag\">Bapt\u00eame enfant<\/a>, <a href=\"https:\/\/www.paroisse-aucamville-st-loup-cammas.fr\/site\/category\/catechisme\/\" rel=\"tag\">Cat\u00e9chisme<\/a>, <a href=\"https:\/\/www.paroisse-aucamville-st-loup-cammas.fr\/site\/category\/catechumenat\/\" rel=\"tag\">Cat\u00e9chum\u00e9nat<\/a>, <a href=\"https:\/\/www.paroisse-aucamville-st-loup-cammas.fr\/site\/category\/eveil-a-la-foi\/\" rel=\"tag\">Eveil \u00e0 la foi<\/a>, <a href=\"https:\/\/www.paroisse-aucamville-st-loup-cammas.fr\/site\/category\/pages-accueil\/\" rel=\"tag\">Page d'accueil<\/a>, <a href=\"https:\/\/www.paroisse-aucamville-st-loup-cammas.fr\/site\/category\/pretres-et-diacres\/\" rel=\"tag\">Pr\u00eatres et diacres<\/a>, <a href=\"https:\/\/www.paroisse-aucamville-st-loup-cammas.fr\/site\/category\/vie-groupes\/\" rel=\"tag\">Vie des groupes<\/a><\/div>\t\t\t\t\t\n\t\t\n\t\t\t\t<a class=\"fusion-link-wrapper\" href=\"https:\/\/www.paroisse-aucamville-st-loup-cammas.fr\/site\/52-baptemes-a-paques\/\" aria-label=\"52 bapt\u00eames \u00e0 P\u00e2ques.\"><\/a>\n\t<\/div>\n<\/div>\n\n\t\n<\/div>\n<\/li>\n\t\t\t\n\t\t\t\n\t\t\t\t\t\t\t\t\t\t\t\n\t\t\t\t\t\n\t\t\t\t\t\t\t\t\t\t\t<li>\n\t\t\t\t\t\t\t<div class=\"fusion-image-wrapper\">\n\t\t\t\t\t\t\t\t<a href=\"https:\/\/www.paroisse-aucamville-st-loup-cammas.fr\/site\/52-baptemes-a-paques\/\" aria-label=\"52 bapt\u00eames \u00e0 P\u00e2ques.\">\n\t\t\t\t\t\t\t\t\t<img loading=\"lazy\" width=\"320\" height=\"202\" src=\"https:\/\/www.paroisse-aucamville-st-loup-cammas.fr\/site\/wp-content\/uploads\/IMG-20250422-WA0001-320x202.jpg\" alt=\"\" class=\"wp-image-20477\" role=\"presentation\" srcset=\"https:\/\/www.paroisse-aucamville-st-loup-cammas.fr\/site\/wp-content\/uploads\/IMG-20250422-WA0001-320x202.jpg 320w, https:\/\/www.paroisse-aucamville-st-loup-cammas.fr\/site\/wp-content\/uploads\/IMG-20250422-WA0001-700x441.jpg 700w\" sizes=\"(max-width: 320px) 100vw, 320px\" \/>\t\t\t\t\t\t\t\t<\/a>\n\t\t\t\t\t\t\t\t<a style=\"display:none;\" href=\"https:\/\/www.paroisse-aucamville-st-loup-cammas.fr\/site\/wp-content\/uploads\/IMG-20250422-WA0001.jpg\" data-rel=\"iLightbox[gallery20475]\"  title=\"\" data-title=\"IMG-20250422-WA0001\" data-caption=\"\">\n\t\t\t\t\t\t\t\t\t\t\t\t\t\t\t\t\t<\/a>\n\t\t\t\t\t\t\t<\/div>\n\t\t\t\t\t\t<\/li>\n\t\t\t\t\t\t\t\t\t\t\t\t\t\t\t\t\t\t\t\t\t\t\t\t\n\t\t\t\t\t\n\t\t\t\t\t\t\t\t\t\t\t<li>\n\t\t\t\t\t\t\t<div class=\"fusion-image-wrapper\">\n\t\t\t\t\t\t\t\t<a href=\"https:\/\/www.paroisse-aucamville-st-loup-cammas.fr\/site\/52-baptemes-a-paques\/\" aria-label=\"52 bapt\u00eames \u00e0 P\u00e2ques.\">\n\t\t\t\t\t\t\t\t\t<img loading=\"lazy\" width=\"320\" height=\"202\" src=\"https:\/\/www.paroisse-aucamville-st-loup-cammas.fr\/site\/wp-content\/uploads\/IMG-20250422-WA0003-320x202.jpg\" alt=\"\" class=\"wp-image-20478\" role=\"presentation\" srcset=\"https:\/\/www.paroisse-aucamville-st-loup-cammas.fr\/site\/wp-content\/uploads\/IMG-20250422-WA0003-320x202.jpg 320w, https:\/\/www.paroisse-aucamville-st-loup-cammas.fr\/site\/wp-content\/uploads\/IMG-20250422-WA0003-700x441.jpg 700w\" sizes=\"(max-width: 320px) 100vw, 320px\" \/>\t\t\t\t\t\t\t\t<\/a>\n\t\t\t\t\t\t\t\t<a style=\"display:none;\" href=\"https:\/\/www.paroisse-aucamville-st-loup-cammas.fr\/site\/wp-content\/uploads\/IMG-20250422-WA0003.jpg\" data-rel=\"iLightbox[gallery20475]\"  title=\"\" data-title=\"IMG-20250422-WA0003\" data-caption=\"\">\n\t\t\t\t\t\t\t\t\t\t\t\t\t\t\t\t\t<\/a>\n\t\t\t\t\t\t\t<\/div>\n\t\t\t\t\t\t<\/li>\n\t\t\t\t\t\t\t\t\t\t\t\t\t\t\t\t\t\t\t\t\t\t\t\t\n\t\t\t\t\t\n\t\t\t\t\t\t\t\t\t\t\t<li>\n\t\t\t\t\t\t\t<div class=\"fusion-image-wrapper\">\n\t\t\t\t\t\t\t\t<a href=\"https:\/\/www.paroisse-aucamville-st-loup-cammas.fr\/site\/52-baptemes-a-paques\/\" aria-label=\"52 bapt\u00eames \u00e0 P\u00e2ques.\">\n\t\t\t\t\t\t\t\t\t<img loading=\"lazy\" width=\"320\" height=\"202\" src=\"https:\/\/www.paroisse-aucamville-st-loup-cammas.fr\/site\/wp-content\/uploads\/IMG-20250420-WA0007-320x202.jpg\" alt=\"\" class=\"wp-image-20479\" role=\"presentation\"\/>\t\t\t\t\t\t\t\t<\/a>\n\t\t\t\t\t\t\t\t<a style=\"display:none;\" href=\"https:\/\/www.paroisse-aucamville-st-loup-cammas.fr\/site\/wp-content\/uploads\/IMG-20250420-WA0007.jpg\" data-rel=\"iLightbox[gallery20475]\"  title=\"\" data-title=\"IMG-20250420-WA0007\" data-caption=\"\">\n\t\t\t\t\t\t\t\t\t\t\t\t\t\t\t\t\t<\/a>\n\t\t\t\t\t\t\t<\/div>\n\t\t\t\t\t\t<\/li>\n\t\t\t\t\t\t\t\t\t\t\t\t\t\t\t\t\t\t\t\t\t\t\t\t\t\t\t\t\t\t\t\t\t\t\t\t<\/ul>\n\t<\/div>\n\t<div class=\"fusion-post-content post-content\"><h2 class=\"blog-shortcode-post-title entry-title\"><a href=\"https:\/\/www.paroisse-aucamville-st-loup-cammas.fr\/site\/52-baptemes-a-paques\/\">52 bapt\u00eames \u00e0 P\u00e2ques.<\/a><\/h2><div class=\"fusion-post-content-container\"><p>Notre communaut\u00e9 paroissiale \u00e0 eu la joie de c\u00e9l\u00e9brer, en ce week-end de P\u00e2ques, 52 bapt\u00eames. 26 adultes et 1 adolescent se sont faits baptiser par Monseigneur Batut pendant la Veill\u00e9e pascale \u00e0 Castelginest. Le [...]<\/p><\/div><\/div><div class=\"fusion-clearfix\"><\/div><\/article>\n<article id=\"blog-1-post-20359\" class=\"fusion-post-medium-alternate post-20359 post type-post status-publish format-standard has-post-thumbnail hentry category-bapteme-enfant category-pages-accueil category-vie-groupes\">\n<div class=\"fusion-date-and-formats\"><div class=\"fusion-date-box updated\"><span class=\"fusion-date\">9<\/span><span class=\"fusion-month-year\">03, 2025<\/span><\/div><div class=\"fusion-format-box\"><i class=\"fusion-icon-pen\"><\/i><\/div><\/div>\t<style type=\"text\/css\">\n\t\t\n\t\t\n\t\t\n\t\t\n\t\t\t<\/style>\n\n\n\t\t\t<div class=\"fusion-flexslider flexslider fusion-flexslider-loading fusion-post-slideshow\" style=\"\">\n\t\t<ul class=\"slides\">\n\t\t\t\n\t\t\t\t\t\t\t\t\t\t\t\t\t\t<li>\n\n<div  class=\"fusion-image-wrapper fusion-image-size-fixed\" aria-haspopup=\"true\">\n\t\n\t\n\t\t\n\t\t\t\t\t<img width=\"320\" height=\"202\" src=\"https:\/\/www.paroisse-aucamville-st-loup-cammas.fr\/site\/wp-content\/uploads\/20250309_113721-320x202.jpg\" class=\"attachment-blog-medium size-blog-medium wp-post-image\" alt=\"\" loading=\"lazy\" srcset=\"https:\/\/www.paroisse-aucamville-st-loup-cammas.fr\/site\/wp-content\/uploads\/20250309_113721-320x202.jpg 320w, https:\/\/www.paroisse-aucamville-st-loup-cammas.fr\/site\/wp-content\/uploads\/20250309_113721-700x441.jpg 700w\" sizes=\"(max-width: 320px) 100vw, 320px\" \/>\n\t\n\n\t\t<div class=\"fusion-rollover\">\n\t<div class=\"fusion-rollover-content\">\n\n\t\t\t\t\t\t\t\t\t\t\t\t\t\t<a class=\"fusion-rollover-link\" href=\"https:\/\/www.paroisse-aucamville-st-loup-cammas.fr\/site\/3eme-etape-de-bapteme-pour-14-jeunes-de-notre-paroisse\/\">3\u00e8me \u00e9tape de bapt\u00eame pour 14 jeunes de notre paroisse.<\/a>\n\t\t\t\n\t\t\t\t\t\t\t\t\t\t\t\t\t\t\n\t\t\t\t\t\t\t\t\n\t\t\t\t\t\t\t\t\t\t\t\t\t<div class=\"fusion-rollover-sep\"><\/div>\n\t\t\t\t\n\t\t\t\t\t\t\t\t\t\t\t\t\t\t\t\t\t\t<a class=\"fusion-rollover-gallery\" href=\"https:\/\/www.paroisse-aucamville-st-loup-cammas.fr\/site\/wp-content\/uploads\/20250309_113721.jpg\" data-id=\"20359\" data-rel=\"iLightbox[gallery]\" data-title=\"20250309_113721\" data-caption=\"\">\n\t\t\t\t\t\tGallery\t\t\t\t\t<\/a>\n\t\t\t\t\t\t\t\t\t\t\t\t\t\t\n\t\t\t\t\n\t\t\t\t\t\t\t\t\t\t\t\t<h4 class=\"fusion-rollover-title\">\n\t\t\t\t\t<a href=\"https:\/\/www.paroisse-aucamville-st-loup-cammas.fr\/site\/3eme-etape-de-bapteme-pour-14-jeunes-de-notre-paroisse\/\">\n\t\t\t\t\t\t3\u00e8me \u00e9tape de bapt\u00eame pour 14 jeunes de notre paroisse.\t\t\t\t\t<\/a>\n\t\t\t\t<\/h4>\n\t\t\t\n\t\t\t\t\t\t\t\t\t\t\t\t\t\t<div class=\"fusion-rollover-categories\"><a href=\"https:\/\/www.paroisse-aucamville-st-loup-cammas.fr\/site\/category\/bapteme-enfant\/\" rel=\"tag\">Bapt\u00eame enfant<\/a>, <a href=\"https:\/\/www.paroisse-aucamville-st-loup-cammas.fr\/site\/category\/pages-accueil\/\" rel=\"tag\">Page d'accueil<\/a>, <a href=\"https:\/\/www.paroisse-aucamville-st-loup-cammas.fr\/site\/category\/vie-groupes\/\" rel=\"tag\">Vie des groupes<\/a><\/div>\t\t\t\t\t\n\t\t\n\t\t\t\t<a class=\"fusion-link-wrapper\" href=\"https:\/\/www.paroisse-aucamville-st-loup-cammas.fr\/site\/3eme-etape-de-bapteme-pour-14-jeunes-de-notre-paroisse\/\" aria-label=\"3\u00e8me \u00e9tape de bapt\u00eame pour 14 jeunes de notre paroisse.\"><\/a>\n\t<\/div>\n<\/div>\n\n\t\n<\/div>\n<\/li>\n\t\t\t\n\t\t\t\n\t\t\t\t\t\t\t\t\t\t\t\n\t\t\t\t\t\n\t\t\t\t\t\t\t\t\t\t\t<li>\n\t\t\t\t\t\t\t<div class=\"fusion-image-wrapper\">\n\t\t\t\t\t\t\t\t<a href=\"https:\/\/www.paroisse-aucamville-st-loup-cammas.fr\/site\/3eme-etape-de-bapteme-pour-14-jeunes-de-notre-paroisse\/\" aria-label=\"3\u00e8me \u00e9tape de bapt\u00eame pour 14 jeunes de notre paroisse.\">\n\t\t\t\t\t\t\t\t\t<img loading=\"lazy\" width=\"320\" height=\"202\" src=\"https:\/\/www.paroisse-aucamville-st-loup-cammas.fr\/site\/wp-content\/uploads\/20250309_113827-320x202.jpg\" alt=\"\" class=\"wp-image-20361\" role=\"presentation\" srcset=\"https:\/\/www.paroisse-aucamville-st-loup-cammas.fr\/site\/wp-content\/uploads\/20250309_113827-320x202.jpg 320w, https:\/\/www.paroisse-aucamville-st-loup-cammas.fr\/site\/wp-content\/uploads\/20250309_113827-700x441.jpg 700w\" sizes=\"(max-width: 320px) 100vw, 320px\" \/>\t\t\t\t\t\t\t\t<\/a>\n\t\t\t\t\t\t\t\t<a style=\"display:none;\" href=\"https:\/\/www.paroisse-aucamville-st-loup-cammas.fr\/site\/wp-content\/uploads\/20250309_113827.jpg\" data-rel=\"iLightbox[gallery20359]\"  title=\"\" data-title=\"20250309_113827\" data-caption=\"\">\n\t\t\t\t\t\t\t\t\t\t\t\t\t\t\t\t\t<\/a>\n\t\t\t\t\t\t\t<\/div>\n\t\t\t\t\t\t<\/li>\n\t\t\t\t\t\t\t\t\t\t\t\t\t\t\t\t\t\t\t\t\t\t\t\t\t\t\t\t\t\t\t\t\t\t\t\t\t\t\t\t\t\t\t\t\t\t\t\t\t\t\t\t\t\t\t\t\t\t\t\t\t\t\t\t\t\t<\/ul>\n\t<\/div>\n\t<div class=\"fusion-post-content post-content\"><h2 class=\"blog-shortcode-post-title entry-title\"><a href=\"https:\/\/www.paroisse-aucamville-st-loup-cammas.fr\/site\/3eme-etape-de-bapteme-pour-14-jeunes-de-notre-paroisse\/\">3\u00e8me \u00e9tape de bapt\u00eame pour 14 jeunes de notre paroisse.<\/a><\/h2><div class=\"fusion-post-content-container\"><p>Apr\u00e8s plusieurs mois de pr\u00e9paration, avec beaucoup de questionnement et de d\u2019assiduit\u00e9, \u00e9paul\u00e9s par des parents impliqu\u00e9s et la pri\u00e8re de notre assembl\u00e9e, 14 jeunes de notre ensemble paroissial ont v\u00e9cu leur 3\u00e8me et derni\u00e8re [...]<\/p><\/div><\/div><div class=\"fusion-clearfix\"><\/div><\/article>\n<article id=\"blog-1-post-18779\" class=\"fusion-post-medium-alternate post-18779 post type-post status-publish format-standard has-post-thumbnail hentry category-bapteme-enfant category-mariage category-pages-accueil category-vie-groupes\">\n<div class=\"fusion-date-and-formats\"><div class=\"fusion-date-box updated\"><span class=\"fusion-date\">10<\/span><span class=\"fusion-month-year\">08, 2022<\/span><\/div><div class=\"fusion-format-box\"><i class=\"fusion-icon-pen\"><\/i><\/div><\/div>\t<style type=\"text\/css\">\n\t\t\n\t\t\n\t\t\n\t\t\n\t\t\t<\/style>\n\n\n\t\t\t<div class=\"fusion-flexslider flexslider fusion-flexslider-loading fusion-post-slideshow\" style=\"\">\n\t\t<ul class=\"slides\">\n\t\t\t\n\t\t\t\t\t\t\t\t\t\t\t\t\t\t<li>\n\n<div  class=\"fusion-image-wrapper fusion-image-size-fixed\" aria-haspopup=\"true\">\n\t\n\t\n\t\t\n\t\t\t\t\t<img width=\"320\" height=\"202\" src=\"https:\/\/www.paroisse-aucamville-st-loup-cammas.fr\/site\/wp-content\/uploads\/coeurs-320x202.jpg\" class=\"attachment-blog-medium size-blog-medium wp-post-image\" alt=\"\" loading=\"lazy\" srcset=\"https:\/\/www.paroisse-aucamville-st-loup-cammas.fr\/site\/wp-content\/uploads\/coeurs-320x202.jpg 320w, https:\/\/www.paroisse-aucamville-st-loup-cammas.fr\/site\/wp-content\/uploads\/coeurs-700x441.jpg 700w\" sizes=\"(max-width: 320px) 100vw, 320px\" \/>\n\t\n\n\t\t<div class=\"fusion-rollover\">\n\t<div class=\"fusion-rollover-content\">\n\n\t\t\t\t\t\t\t\t\t\t\t\t\t\t<a class=\"fusion-rollover-link\" href=\"https:\/\/www.paroisse-aucamville-st-loup-cammas.fr\/site\/baptemes-et-mariages-les-familles-en-fete\/\">Bapt\u00eames et mariages : les familles en f\u00eate.<\/a>\n\t\t\t\n\t\t\t\t\t\t\t\t\t\t\t\t\t\t\n\t\t\t\t\t\t\t\t\n\t\t\t\t\t\t\t\t\t\t\t\t\t<div class=\"fusion-rollover-sep\"><\/div>\n\t\t\t\t\n\t\t\t\t\t\t\t\t\t\t\t\t\t\t\t\t\t\t<a class=\"fusion-rollover-gallery\" href=\"https:\/\/www.paroisse-aucamville-st-loup-cammas.fr\/site\/wp-content\/uploads\/coeurs.jpg\" data-id=\"18779\" data-rel=\"iLightbox[gallery]\" data-title=\"coeurs\" data-caption=\"\">\n\t\t\t\t\t\tGallery\t\t\t\t\t<\/a>\n\t\t\t\t\t\t\t\t\t\t\t\t\t\t\n\t\t\t\t\n\t\t\t\t\t\t\t\t\t\t\t\t<h4 class=\"fusion-rollover-title\">\n\t\t\t\t\t<a href=\"https:\/\/www.paroisse-aucamville-st-loup-cammas.fr\/site\/baptemes-et-mariages-les-familles-en-fete\/\">\n\t\t\t\t\t\tBapt\u00eames et mariages : les familles en f\u00eate.\t\t\t\t\t<\/a>\n\t\t\t\t<\/h4>\n\t\t\t\n\t\t\t\t\t\t\t\t\t\t\t\t\t\t<div class=\"fusion-rollover-categories\"><a href=\"https:\/\/www.paroisse-aucamville-st-loup-cammas.fr\/site\/category\/bapteme-enfant\/\" rel=\"tag\">Bapt\u00eame enfant<\/a>, <a href=\"https:\/\/www.paroisse-aucamville-st-loup-cammas.fr\/site\/category\/mariage\/\" rel=\"tag\">Mariage<\/a>, <a href=\"https:\/\/www.paroisse-aucamville-st-loup-cammas.fr\/site\/category\/pages-accueil\/\" rel=\"tag\">Page d'accueil<\/a>, <a href=\"https:\/\/www.paroisse-aucamville-st-loup-cammas.fr\/site\/category\/vie-groupes\/\" rel=\"tag\">Vie des groupes<\/a><\/div>\t\t\t\t\t\n\t\t\n\t\t\t\t<a class=\"fusion-link-wrapper\" href=\"https:\/\/www.paroisse-aucamville-st-loup-cammas.fr\/site\/baptemes-et-mariages-les-familles-en-fete\/\" aria-label=\"Bapt\u00eames et mariages : les familles en f\u00eate.\"><\/a>\n\t<\/div>\n<\/div>\n\n\t\n<\/div>\n<\/li>\n\t\t\t\n\t\t\t\n\t\t\t\t\t\t\t\t\t\t\t\n\t\t\t\t\t\n\t\t\t\t\t\t\t\t\t\t\t<li>\n\t\t\t\t\t\t\t<div class=\"fusion-image-wrapper\">\n\t\t\t\t\t\t\t\t<a href=\"https:\/\/www.paroisse-aucamville-st-loup-cammas.fr\/site\/baptemes-et-mariages-les-familles-en-fete\/\" aria-label=\"Bapt\u00eames et mariages : les familles en f\u00eate.\">\n\t\t\t\t\t\t\t\t\t<img loading=\"lazy\" width=\"320\" height=\"202\" src=\"https:\/\/www.paroisse-aucamville-st-loup-cammas.fr\/site\/wp-content\/uploads\/bapteme-z-320x202.jpg\" alt=\"\" class=\"wp-image-18781\" role=\"presentation\"\/>\t\t\t\t\t\t\t\t<\/a>\n\t\t\t\t\t\t\t\t<a style=\"display:none;\" href=\"https:\/\/www.paroisse-aucamville-st-loup-cammas.fr\/site\/wp-content\/uploads\/bapteme-z.jpg\" data-rel=\"iLightbox[gallery18779]\"  title=\"\" data-title=\"bapt\u00eame z\" data-caption=\"\">\n\t\t\t\t\t\t\t\t\t\t\t\t\t\t\t\t\t<\/a>\n\t\t\t\t\t\t\t<\/div>\n\t\t\t\t\t\t<\/li>\n\t\t\t\t\t\t\t\t\t\t\t\t\t\t\t\t\t\t\t\t\t\t\t\t\t\t\t\t\t\t\t\t\t\t\t\t\t\t\t\t\t\t\t\t\t\t\t\t\t\t\t\t\t\t\t\t\t\t\t\t\t\t\t\t\t\t<\/ul>\n\t<\/div>\n\t<div class=\"fusion-post-content post-content\"><h2 class=\"blog-shortcode-post-title entry-title\"><a href=\"https:\/\/www.paroisse-aucamville-st-loup-cammas.fr\/site\/baptemes-et-mariages-les-familles-en-fete\/\">Bapt\u00eames et mariages : les familles en f\u00eate.<\/a><\/h2><div class=\"fusion-post-content-container\"><p>47 enfants ont \u00e9t\u00e9 pr\u00e9par\u00e9s \u00e0 recevoir le bapt\u00eame cet \u00e9t\u00e9 ; 35 bapt\u00eames ont \u00e9t\u00e9 c\u00e9l\u00e9br\u00e9s dans la paroisse, 12 \u00e0 l'ext\u00e9rieur. Une rencontre est encore \u00e0 venir \u00e0 la fin du mois d'ao\u00fbt [...]<\/p><\/div><\/div><div class=\"fusion-clearfix\"><\/div><\/article>\n<article id=\"blog-1-post-18639\" class=\"fusion-post-medium-alternate post-18639 post type-post status-publish format-standard has-post-thumbnail hentry category-bapteme-adultes category-bapteme-enfant category-catechumenat category-pages-accueil category-vie-groupes\">\n<div class=\"fusion-date-and-formats\"><div class=\"fusion-date-box updated\"><span class=\"fusion-date\">18<\/span><span class=\"fusion-month-year\">04, 2022<\/span><\/div><div class=\"fusion-format-box\"><i class=\"fusion-icon-pen\"><\/i><\/div><\/div>\t<style type=\"text\/css\">\n\t\t\n\t\t\n\t\t\n\t\t\n\t\t\t<\/style>\n\n\n\t\t\t<div class=\"fusion-flexslider flexslider fusion-flexslider-loading fusion-post-slideshow\" style=\"\">\n\t\t<ul class=\"slides\">\n\t\t\t\n\t\t\t\t\t\t\t\t\t\t\t\t\t\t<li>\n\n<div  class=\"fusion-image-wrapper fusion-image-size-fixed\" aria-haspopup=\"true\">\n\t\n\t\n\t\t\n\t\t\t\t\t<img width=\"320\" height=\"202\" src=\"https:\/\/www.paroisse-aucamville-st-loup-cammas.fr\/site\/wp-content\/uploads\/Messaging1650198523414-320x202.jpg\" class=\"attachment-blog-medium size-blog-medium wp-post-image\" alt=\"\" loading=\"lazy\" \/>\n\t\n\n\t\t<div class=\"fusion-rollover\">\n\t<div class=\"fusion-rollover-content\">\n\n\t\t\t\t\t\t\t\t\t\t\t\t\t\t<a class=\"fusion-rollover-link\" href=\"https:\/\/www.paroisse-aucamville-st-loup-cammas.fr\/site\/baptises-a-paques-bienvenue-a-nos-freres-et-soeurs\/\">Baptis\u00e9s \u00e0 P\u00e2ques : bienvenue \u00e0 nos fr\u00e8res et soeurs.<\/a>\n\t\t\t\n\t\t\t\t\t\t\t\t\t\t\t\t\t\t\n\t\t\t\t\t\t\t\t\n\t\t\t\t\t\t\t\t\t\t\t\t\t<div class=\"fusion-rollover-sep\"><\/div>\n\t\t\t\t\n\t\t\t\t\t\t\t\t\t\t\t\t\t\t\t\t\t\t<a class=\"fusion-rollover-gallery\" href=\"https:\/\/www.paroisse-aucamville-st-loup-cammas.fr\/site\/wp-content\/uploads\/Messaging1650198523414.jpg\" data-id=\"18639\" data-rel=\"iLightbox[gallery]\" data-title=\"Messaging1650198523414\" data-caption=\"\">\n\t\t\t\t\t\tGallery\t\t\t\t\t<\/a>\n\t\t\t\t\t\t\t\t\t\t\t\t\t\t\n\t\t\t\t\n\t\t\t\t\t\t\t\t\t\t\t\t<h4 class=\"fusion-rollover-title\">\n\t\t\t\t\t<a href=\"https:\/\/www.paroisse-aucamville-st-loup-cammas.fr\/site\/baptises-a-paques-bienvenue-a-nos-freres-et-soeurs\/\">\n\t\t\t\t\t\tBaptis\u00e9s \u00e0 P\u00e2ques : bienvenue \u00e0 nos fr\u00e8res et soeurs.\t\t\t\t\t<\/a>\n\t\t\t\t<\/h4>\n\t\t\t\n\t\t\t\t\t\t\t\t\t\t\t\t\t\t<div class=\"fusion-rollover-categories\"><a href=\"https:\/\/www.paroisse-aucamville-st-loup-cammas.fr\/site\/category\/bapteme-adultes\/\" rel=\"tag\">Bapt\u00eame adultes<\/a>, <a href=\"https:\/\/www.paroisse-aucamville-st-loup-cammas.fr\/site\/category\/bapteme-enfant\/\" rel=\"tag\">Bapt\u00eame enfant<\/a>, <a href=\"https:\/\/www.paroisse-aucamville-st-loup-cammas.fr\/site\/category\/catechumenat\/\" rel=\"tag\">Cat\u00e9chum\u00e9nat<\/a>, <a href=\"https:\/\/www.paroisse-aucamville-st-loup-cammas.fr\/site\/category\/pages-accueil\/\" rel=\"tag\">Page d'accueil<\/a>, <a href=\"https:\/\/www.paroisse-aucamville-st-loup-cammas.fr\/site\/category\/vie-groupes\/\" rel=\"tag\">Vie des groupes<\/a><\/div>\t\t\t\t\t\n\t\t\n\t\t\t\t<a class=\"fusion-link-wrapper\" href=\"https:\/\/www.paroisse-aucamville-st-loup-cammas.fr\/site\/baptises-a-paques-bienvenue-a-nos-freres-et-soeurs\/\" aria-label=\"Baptis\u00e9s \u00e0 P\u00e2ques : bienvenue \u00e0 nos fr\u00e8res et soeurs.\"><\/a>\n\t<\/div>\n<\/div>\n\n\t\n<\/div>\n<\/li>\n\t\t\t\n\t\t\t\n\t\t\t\t\t\t\t\t\t\t\t\n\t\t\t\t\t\n\t\t\t\t\t\t\t\t\t\t\t<li>\n\t\t\t\t\t\t\t<div class=\"fusion-image-wrapper\">\n\t\t\t\t\t\t\t\t<a href=\"https:\/\/www.paroisse-aucamville-st-loup-cammas.fr\/site\/baptises-a-paques-bienvenue-a-nos-freres-et-soeurs\/\" aria-label=\"Baptis\u00e9s \u00e0 P\u00e2ques : bienvenue \u00e0 nos fr\u00e8res et soeurs.\">\n\t\t\t\t\t\t\t\t\t<img loading=\"lazy\" width=\"320\" height=\"202\" src=\"https:\/\/www.paroisse-aucamville-st-loup-cammas.fr\/site\/wp-content\/uploads\/DSC_1345-320x202.jpg\" alt=\"\" class=\"wp-image-18641\" role=\"presentation\" srcset=\"https:\/\/www.paroisse-aucamville-st-loup-cammas.fr\/site\/wp-content\/uploads\/DSC_1345-320x202.jpg 320w, https:\/\/www.paroisse-aucamville-st-loup-cammas.fr\/site\/wp-content\/uploads\/DSC_1345-700x441.jpg 700w\" sizes=\"(max-width: 320px) 100vw, 320px\" \/>\t\t\t\t\t\t\t\t<\/a>\n\t\t\t\t\t\t\t\t<a style=\"display:none;\" href=\"https:\/\/www.paroisse-aucamville-st-loup-cammas.fr\/site\/wp-content\/uploads\/DSC_1345.jpg\" data-rel=\"iLightbox[gallery18639]\"  title=\"\" data-title=\"DSC_1345\" data-caption=\"\">\n\t\t\t\t\t\t\t\t\t\t\t\t\t\t\t\t\t<\/a>\n\t\t\t\t\t\t\t<\/div>\n\t\t\t\t\t\t<\/li>\n\t\t\t\t\t\t\t\t\t\t\t\t\t\t\t\t\t\t\t\t\t\t\t\t\t\t\t\t\t\t\t\t\t\t\t\t\t\t\t\t\t\t\t\t\t\t\t\t\t\t\t\t\t\t\t\t\t\t\t\t\t\t\t\t\t\t<\/ul>\n\t<\/div>\n\t<div class=\"fusion-post-content post-content\"><h2 class=\"blog-shortcode-post-title entry-title\"><a href=\"https:\/\/www.paroisse-aucamville-st-loup-cammas.fr\/site\/baptises-a-paques-bienvenue-a-nos-freres-et-soeurs\/\">Baptis\u00e9s \u00e0 P\u00e2ques : bienvenue \u00e0 nos fr\u00e8res et soeurs.<\/a><\/h2><div class=\"fusion-post-content-container\"><p>Lors du week-end pascal 6 adusltes : Aur\u00e9lia, Lynda, C\u00e9cile, Sandra, Alexandre et Noamy, 3 adolescents : Louise, Micka\u00ebl et Jessica, 2 enfants : Eden et Jade et deux b\u00e9b\u00e9s : Lya et Sloane ont [...]<\/p><\/div><\/div><div class=\"fusion-clearfix\"><\/div><\/article>\n<article id=\"blog-1-post-18372\" class=\"fusion-post-medium-alternate post-18372 post type-post status-publish format-standard has-post-thumbnail hentry category-bapteme-enfant category-pages-accueil category-vie-groupes\">\n<div class=\"fusion-date-and-formats\"><div class=\"fusion-date-box updated\"><span class=\"fusion-date\">25<\/span><span class=\"fusion-month-year\">01, 2022<\/span><\/div><div class=\"fusion-format-box\"><i class=\"fusion-icon-pen\"><\/i><\/div><\/div>\t<style type=\"text\/css\">\n\t\t\n\t\t\n\t\t\n\t\t\n\t\t\t<\/style>\n\n\n\t\t\t<div class=\"fusion-flexslider flexslider fusion-flexslider-loading fusion-post-slideshow\" style=\"\">\n\t\t<ul class=\"slides\">\n\t\t\t\n\t\t\t\t\t\t\t\t\t\t\t\t\t\t<li>\n\n<div  class=\"fusion-image-wrapper fusion-image-size-fixed\" aria-haspopup=\"true\">\n\t\n\t\n\t\t\n\t\t\t\t\t<img width=\"320\" height=\"202\" src=\"https:\/\/www.paroisse-aucamville-st-loup-cammas.fr\/site\/wp-content\/uploads\/IMG_0772-320x202.jpeg\" class=\"attachment-blog-medium size-blog-medium wp-post-image\" alt=\"\" loading=\"lazy\" \/>\n\t\n\n\t\t<div class=\"fusion-rollover\">\n\t<div class=\"fusion-rollover-content\">\n\n\t\t\t\t\t\t\t\t\t\t\t\t\t\t<a class=\"fusion-rollover-link\" href=\"https:\/\/www.paroisse-aucamville-st-loup-cammas.fr\/site\/les-bebes-a-lhonneur-pour-la-fete-du-bapteme-de-jesus\/\">Les b\u00e9b\u00e9s \u00e0 l&rsquo;honneur pour la f\u00eate du bapt\u00eame de J\u00e9sus.<\/a>\n\t\t\t\n\t\t\t\t\t\t\t\t\t\t\t\t\t\t\n\t\t\t\t\t\t\t\t\n\t\t\t\t\t\t\t\t\t\t\t\t\t<div class=\"fusion-rollover-sep\"><\/div>\n\t\t\t\t\n\t\t\t\t\t\t\t\t\t\t\t\t\t\t\t\t\t\t<a class=\"fusion-rollover-gallery\" href=\"https:\/\/www.paroisse-aucamville-st-loup-cammas.fr\/site\/wp-content\/uploads\/IMG_0772.jpeg\" data-id=\"18372\" data-rel=\"iLightbox[gallery]\" data-title=\"IMG_0772\" data-caption=\"\">\n\t\t\t\t\t\tGallery\t\t\t\t\t<\/a>\n\t\t\t\t\t\t\t\t\t\t\t\t\t\t\n\t\t\t\t\n\t\t\t\t\t\t\t\t\t\t\t\t<h4 class=\"fusion-rollover-title\">\n\t\t\t\t\t<a href=\"https:\/\/www.paroisse-aucamville-st-loup-cammas.fr\/site\/les-bebes-a-lhonneur-pour-la-fete-du-bapteme-de-jesus\/\">\n\t\t\t\t\t\tLes b\u00e9b\u00e9s \u00e0 l&rsquo;honneur pour la f\u00eate du bapt\u00eame de J\u00e9sus.\t\t\t\t\t<\/a>\n\t\t\t\t<\/h4>\n\t\t\t\n\t\t\t\t\t\t\t\t\t\t\t\t\t\t<div class=\"fusion-rollover-categories\"><a href=\"https:\/\/www.paroisse-aucamville-st-loup-cammas.fr\/site\/category\/bapteme-enfant\/\" rel=\"tag\">Bapt\u00eame enfant<\/a>, <a href=\"https:\/\/www.paroisse-aucamville-st-loup-cammas.fr\/site\/category\/pages-accueil\/\" rel=\"tag\">Page d'accueil<\/a>, <a href=\"https:\/\/www.paroisse-aucamville-st-loup-cammas.fr\/site\/category\/vie-groupes\/\" rel=\"tag\">Vie des groupes<\/a><\/div>\t\t\t\t\t\n\t\t\n\t\t\t\t<a class=\"fusion-link-wrapper\" href=\"https:\/\/www.paroisse-aucamville-st-loup-cammas.fr\/site\/les-bebes-a-lhonneur-pour-la-fete-du-bapteme-de-jesus\/\" aria-label=\"Les b\u00e9b\u00e9s \u00e0 l&rsquo;honneur pour la f\u00eate du bapt\u00eame de J\u00e9sus.\"><\/a>\n\t<\/div>\n<\/div>\n\n\t\n<\/div>\n<\/li>\n\t\t\t\n\t\t\t\n\t\t\t\t\t\t\t\t\t\t\t\t\t\t\t\t\t\t\t\t\t\t\t\t\t\t\t\t\t\t\t\t\t\t\t\t\t\t\t\t\t\t\t\t\t\t\t\t\t\t\t\t\t\t\t\t\t\t\t\t\t\t\t\t\t\t\t\t<\/ul>\n\t<\/div>\n\t<div class=\"fusion-post-content post-content\"><h2 class=\"blog-shortcode-post-title entry-title\"><a href=\"https:\/\/www.paroisse-aucamville-st-loup-cammas.fr\/site\/les-bebes-a-lhonneur-pour-la-fete-du-bapteme-de-jesus\/\">Les b\u00e9b\u00e9s \u00e0 l&rsquo;honneur pour la f\u00eate du bapt\u00eame de J\u00e9sus.<\/a><\/h2><div class=\"fusion-post-content-container\"><p>Apr\u00e8s les f\u00eates de la Nativit\u00e9, un des premiers dimanche de l'ann\u00e9e est l'occasion de c\u00e9l\u00e9brer le bapt\u00eame\u00a0du Christ. Cette ann\u00e9e, notre paroisse en a fait m\u00e9moire le 9 janvier. L'\u00e9quipe de pr\u00e9paration au bapt\u00eame [...]<\/p><\/div><\/div><div class=\"fusion-clearfix\"><\/div><\/article>\n<article id=\"blog-1-post-16247\" class=\"fusion-post-medium-alternate post-16247 post type-post status-publish format-standard has-post-thumbnail hentry category-bapteme-adultes category-bapteme-enfant category-pages-accueil category-vie-groupes\">\n<div class=\"fusion-date-and-formats\"><div class=\"fusion-date-box updated\"><span class=\"fusion-date\">6<\/span><span class=\"fusion-month-year\">05, 2019<\/span><\/div><div class=\"fusion-format-box\"><i class=\"fusion-icon-pen\"><\/i><\/div><\/div>\t<style type=\"text\/css\">\n\t\t\n\t\t\n\t\t\n\t\t\n\t\t\t<\/style>\n\n\n\t\t\t<div class=\"fusion-flexslider flexslider fusion-flexslider-loading fusion-post-slideshow\" style=\"\">\n\t\t<ul class=\"slides\">\n\t\t\t\n\t\t\t\t\t\t\t\t\t\t\t\t\t\t<li>\n\n<div  class=\"fusion-image-wrapper fusion-image-size-fixed\" aria-haspopup=\"true\">\n\t\n\t\n\t\t\n\t\t\t\t\t<img width=\"320\" height=\"202\" src=\"https:\/\/www.paroisse-aucamville-st-loup-cammas.fr\/site\/wp-content\/uploads\/bapt\u00eame-1-320x202.jpg\" class=\"attachment-blog-medium size-blog-medium wp-post-image\" alt=\"\" loading=\"lazy\" srcset=\"https:\/\/www.paroisse-aucamville-st-loup-cammas.fr\/site\/wp-content\/uploads\/bapt\u00eame-1-320x202.jpg 320w, https:\/\/www.paroisse-aucamville-st-loup-cammas.fr\/site\/wp-content\/uploads\/bapt\u00eame-1-700x441.jpg 700w\" sizes=\"(max-width: 320px) 100vw, 320px\" \/>\n\t\n\n\t\t<div class=\"fusion-rollover\">\n\t<div class=\"fusion-rollover-content\">\n\n\t\t\t\t\t\t\t\t\t\t\t\t\t\t<a class=\"fusion-rollover-link\" href=\"https:\/\/www.paroisse-aucamville-st-loup-cammas.fr\/site\/baptises-dans-la-lumiere-de-jesus-ils-sont-devenus-enfants-de-dieu\/\">Baptis\u00e9s dans la lumi\u00e8re de J\u00e9sus, ils sont devenus enfants de Dieu.<\/a>\n\t\t\t\n\t\t\t\t\t\t\t\t\t\t\t\t\t\t\n\t\t\t\t\t\t\t\t\n\t\t\t\t\t\t\t\t\t\t\t\t\t<div class=\"fusion-rollover-sep\"><\/div>\n\t\t\t\t\n\t\t\t\t\t\t\t\t\t\t\t\t\t\t\t\t\t\t<a class=\"fusion-rollover-gallery\" href=\"https:\/\/www.paroisse-aucamville-st-loup-cammas.fr\/site\/wp-content\/uploads\/bapt\u00eame-1-e1557090047917.jpg\" data-id=\"16247\" data-rel=\"iLightbox[gallery]\" data-title=\"bapt\u00eame 1\" data-caption=\"\">\n\t\t\t\t\t\tGallery\t\t\t\t\t<\/a>\n\t\t\t\t\t\t\t\t\t\t\t\t\t\t\n\t\t\t\t\n\t\t\t\t\t\t\t\t\t\t\t\t<h4 class=\"fusion-rollover-title\">\n\t\t\t\t\t<a href=\"https:\/\/www.paroisse-aucamville-st-loup-cammas.fr\/site\/baptises-dans-la-lumiere-de-jesus-ils-sont-devenus-enfants-de-dieu\/\">\n\t\t\t\t\t\tBaptis\u00e9s dans la lumi\u00e8re de J\u00e9sus, ils sont devenus enfants de Dieu.\t\t\t\t\t<\/a>\n\t\t\t\t<\/h4>\n\t\t\t\n\t\t\t\t\t\t\t\t\t\t\t\t\t\t<div class=\"fusion-rollover-categories\"><a href=\"https:\/\/www.paroisse-aucamville-st-loup-cammas.fr\/site\/category\/bapteme-adultes\/\" rel=\"tag\">Bapt\u00eame adultes<\/a>, <a href=\"https:\/\/www.paroisse-aucamville-st-loup-cammas.fr\/site\/category\/bapteme-enfant\/\" rel=\"tag\">Bapt\u00eame enfant<\/a>, <a href=\"https:\/\/www.paroisse-aucamville-st-loup-cammas.fr\/site\/category\/pages-accueil\/\" rel=\"tag\">Page d'accueil<\/a>, <a href=\"https:\/\/www.paroisse-aucamville-st-loup-cammas.fr\/site\/category\/vie-groupes\/\" rel=\"tag\">Vie des groupes<\/a><\/div>\t\t\t\t\t\n\t\t\n\t\t\t\t<a class=\"fusion-link-wrapper\" href=\"https:\/\/www.paroisse-aucamville-st-loup-cammas.fr\/site\/baptises-dans-la-lumiere-de-jesus-ils-sont-devenus-enfants-de-dieu\/\" aria-label=\"Baptis\u00e9s dans la lumi\u00e8re de J\u00e9sus, ils sont devenus enfants de Dieu.\"><\/a>\n\t<\/div>\n<\/div>\n\n\t\n<\/div>\n<\/li>\n\t\t\t\n\t\t\t\n\t\t\t\t\t\t\t\t\t\t\t\n\t\t\t\t\t\n\t\t\t\t\t\t\t\t\t\t\t<li>\n\t\t\t\t\t\t\t<div class=\"fusion-image-wrapper\">\n\t\t\t\t\t\t\t\t<a href=\"https:\/\/www.paroisse-aucamville-st-loup-cammas.fr\/site\/baptises-dans-la-lumiere-de-jesus-ils-sont-devenus-enfants-de-dieu\/\" aria-label=\"Baptis\u00e9s dans la lumi\u00e8re de J\u00e9sus, ils sont devenus enfants de Dieu.\">\n\t\t\t\t\t\t\t\t\t<img loading=\"lazy\" width=\"320\" height=\"202\" src=\"https:\/\/www.paroisse-aucamville-st-loup-cammas.fr\/site\/wp-content\/uploads\/bapt\u00eame-2-copie-320x202.jpg\" alt=\"\" class=\"wp-image-16250\" role=\"presentation\"\/>\t\t\t\t\t\t\t\t<\/a>\n\t\t\t\t\t\t\t\t<a style=\"display:none;\" href=\"https:\/\/www.paroisse-aucamville-st-loup-cammas.fr\/site\/wp-content\/uploads\/bapt\u00eame-2-copie-e1557090067518.jpg\" data-rel=\"iLightbox[gallery16247]\"  title=\"\" data-title=\"bapt\u00eame 2 &#8211; copie\" data-caption=\"\">\n\t\t\t\t\t\t\t\t\t\t\t\t\t\t\t\t\t<\/a>\n\t\t\t\t\t\t\t<\/div>\n\t\t\t\t\t\t<\/li>\n\t\t\t\t\t\t\t\t\t\t\t\t\t\t\t\t\t\t\t\t\t\t\t\t\n\t\t\t\t\t\n\t\t\t\t\t\t\t\t\t\t\t<li>\n\t\t\t\t\t\t\t<div class=\"fusion-image-wrapper\">\n\t\t\t\t\t\t\t\t<a href=\"https:\/\/www.paroisse-aucamville-st-loup-cammas.fr\/site\/baptises-dans-la-lumiere-de-jesus-ils-sont-devenus-enfants-de-dieu\/\" aria-label=\"Baptis\u00e9s dans la lumi\u00e8re de J\u00e9sus, ils sont devenus enfants de Dieu.\">\n\t\t\t\t\t\t\t\t\t<img loading=\"lazy\" width=\"320\" height=\"202\" src=\"https:\/\/www.paroisse-aucamville-st-loup-cammas.fr\/site\/wp-content\/uploads\/bapt\u00eame-3-copie-320x202.jpg\" alt=\"\" class=\"wp-image-16249\" role=\"presentation\"\/>\t\t\t\t\t\t\t\t<\/a>\n\t\t\t\t\t\t\t\t<a style=\"display:none;\" href=\"https:\/\/www.paroisse-aucamville-st-loup-cammas.fr\/site\/wp-content\/uploads\/bapt\u00eame-3-copie-e1557090082927.jpg\" data-rel=\"iLightbox[gallery16247]\"  title=\"\" data-title=\"bapt\u00eame 3 &#8211; copie\" data-caption=\"\">\n\t\t\t\t\t\t\t\t\t\t\t\t\t\t\t\t\t<\/a>\n\t\t\t\t\t\t\t<\/div>\n\t\t\t\t\t\t<\/li>\n\t\t\t\t\t\t\t\t\t\t\t\t\t\t\t\t\t\t\t\t\t\t\t\t\t\t\t\t\t\t\t\t\t\t\t\t\t\t\t\t\t\t\t\t\t\t\t\t\t\t\t<\/ul>\n\t<\/div>\n\t<div class=\"fusion-post-content post-content\"><h2 class=\"blog-shortcode-post-title entry-title\"><a href=\"https:\/\/www.paroisse-aucamville-st-loup-cammas.fr\/site\/baptises-dans-la-lumiere-de-jesus-ils-sont-devenus-enfants-de-dieu\/\">Baptis\u00e9s dans la lumi\u00e8re de J\u00e9sus, ils sont devenus enfants de Dieu.<\/a><\/h2><div class=\"fusion-post-content-container\"><p>7 jeunes et enfants de notre ensemble paroissial Aucamville-Saint-Loup Cammas ont re\u00e7u le sacrement du bapt\u00eame le jour de P\u00e2ques. Apr\u00e8s neuf mois de pr\u00e9paration et deux \u00e9tapes, Kim Lan, Nina, Killian, Alexiane, Lucille, Lucas [...]<\/p><\/div><\/div><div class=\"fusion-clearfix\"><\/div><\/article>\n<\/div><div class=\"pagination clearfix\"><span class=\"current\">1<\/span><a href=\"https:\/\/www.paroisse-aucamville-st-loup-cammas.fr\/site\/wp-json\/wp\/v2\/pages\/11900\/page\/2\/\" class=\"inactive\">2<\/a><a class=\"pagination-next\" href=\"https:\/\/www.paroisse-aucamville-st-loup-cammas.fr\/site\/wp-json\/wp\/v2\/pages\/11900\/page\/2\/\"><span class=\"page-text\">Next<\/span><span class=\"page-next\"><\/span><\/a><\/div><div class=\"fusion-clearfix\"><\/div><\/div><div class=\"fusion-clearfix\"><\/div>\n\n\t\t\t\t\t<\/div>\n\t\t\t\t<\/div><\/div><\/div><\/p>\n","protected":false},"excerpt":{"rendered":"","protected":false},"author":1,"featured_media":0,"parent":0,"menu_order":0,"comment_status":"closed","ping_status":"closed","template":"100-width.php","meta":[],"_links":{"self":[{"href":"https:\/\/www.paroisse-aucamville-st-loup-cammas.fr\/site\/wp-json\/wp\/v2\/pages\/11900"}],"collection":[{"href":"https:\/\/www.paroisse-aucamville-st-loup-cammas.fr\/site\/wp-json\/wp\/v2\/pages"}],"about":[{"href":"https:\/\/www.paroisse-aucamville-st-loup-cammas.fr\/site\/wp-json\/wp\/v2\/types\/page"}],"author":[{"embeddable":true,"href":"https:\/\/www.paroisse-aucamville-st-loup-cammas.fr\/site\/wp-json\/wp\/v2\/users\/1"}],"replies":[{"embeddable":true,"href":"https:\/\/www.paroisse-aucamville-st-loup-cammas.fr\/site\/wp-json\/wp\/v2\/comments?post=11900"}],"version-history":[{"count":31,"href":"https:\/\/www.paroisse-aucamville-st-loup-cammas.fr\/site\/wp-json\/wp\/v2\/pages\/11900\/revisions"}],"predecessor-version":[{"id":20988,"href":"https:\/\/www.paroisse-aucamville-st-loup-cammas.fr\/site\/wp-json\/wp\/v2\/pages\/11900\/revisions\/20988"}],"wp:attachment":[{"href":"https:\/\/www.paroisse-aucamville-st-loup-cammas.fr\/site\/wp-json\/wp\/v2\/media?parent=11900"}],"curies":[{"name":"wp","href":"https:\/\/api.w.org\/{rel}","templated":true}]}}