{"id":12144,"date":"2016-05-26T17:22:07","date_gmt":"2016-05-26T16:22:07","guid":{"rendered":"http:\/\/www.paroisse-aucamville-st-loup-cammas.fr\/site\/?page_id=12144"},"modified":"2025-07-23T17:29:53","modified_gmt":"2025-07-23T16:29:53","slug":"eveil-a-la-foi","status":"publish","type":"page","link":"https:\/\/www.paroisse-aucamville-st-loup-cammas.fr\/site\/eveil-a-la-foi\/","title":{"rendered":"L&rsquo;\u00e9veil \u00e0 la foi"},"content":{"rendered":"<p><div class=\"fusion-fullwidth fullwidth-box hundred-percent-fullwidth non-hundred-percent-height-scrolling\"  style='background-color: rgba(255,255,255,0);background-position: left top;background-repeat: no-repeat;padding-top:20px;padding-right:0px;padding-bottom:20px;padding-left:0px;border-top-width:0px;border-bottom-width:0px;border-color:#eae9e9;border-top-style:solid;border-bottom-style:solid;'><div class=\"fusion-builder-row fusion-row \"><div  class=\"fusion-layout-column fusion_builder_column fusion_builder_column_1_1  fusion-one-full fusion-column-first fusion-column-last fusion-column-no-min-height 1_1\"  style='margin-top:0px;margin-bottom:0px;'>\n\t\t\t\t\t<div class=\"fusion-column-wrapper\" style=\"padding: 0px 0px 0px 0px;background-position:left top;background-repeat:no-repeat;-webkit-background-size:cover;-moz-background-size:cover;-o-background-size:cover;background-size:cover;\"  data-bg-url=\"\">\n\t\t\t\t\t\t<link href=\"https:\/\/fonts.googleapis.com\/css?family=Open+Sans%3A600\" rel=\"stylesheet\" property=\"stylesheet\" type=\"text\/css\" media=\"all\" \/>\n<div id=\"rev_slider_24_1_wrapper\" class=\"rev_slider_wrapper fullwidthbanner-container\" style=\"margin:0px auto;background-color:transparent;padding:0px;margin-top:0px;margin-bottom:0px;\">\n<!-- START REVOLUTION SLIDER 5.2.5 auto mode -->\n\t<div id=\"rev_slider_24_1\" class=\"rev_slider fullwidthabanner\" style=\"display:none;\" data-version=\"5.2.5\">\n<ul>\t<!-- SLIDE  -->\n\t<li data-index=\"rs-24\" data-transition=\"notransition\" data-slotamount=\"default\" data-hideafterloop=\"0\" data-hideslideonmobile=\"off\"  data-easein=\"default\" data-easeout=\"default\" data-masterspeed=\"default\"  data-delay=\"15520\"  data-rotate=\"0\"  data-saveperformance=\"off\"  data-title=\"Slide\" data-param1=\"\" data-param2=\"\" data-param3=\"\" data-param4=\"\" data-param5=\"\" data-param6=\"\" data-param7=\"\" data-param8=\"\" data-param9=\"\" data-param10=\"\" data-description=\"\">\n\t\t<!-- MAIN IMAGE -->\n\t\t<img src=\"https:\/\/www.paroisse-aucamville-st-loup-cammas.fr\/site\/wp-content\/plugins\/revslider\/admin\/assets\/images\/transparent.png\"  alt=\"\" title=\"L&rsquo;\u00e9veil \u00e0 la foi\"  data-bgposition=\"center center\" data-bgfit=\"cover\" data-bgrepeat=\"no-repeat\" class=\"rev-slidebg\" data-no-retina>\n\t\t<!-- LAYERS -->\n\n\t\t<!-- LAYER NR. 1 -->\n\t\t<div class=\"tp-caption   tp-resizeme\" \n\t\t\t id=\"slide-24-layer-1\" \n\t\t\t data-x=\"1\" \n\t\t\t data-y=\"-1\" \n\t\t\t\t\t\tdata-width=\"['none','none','none','none']\"\n\t\t\tdata-height=\"['none','none','none','none']\"\n\t\t\tdata-transform_idle=\"o:1;\"\n \n\t\t\t data-transform_in=\"opacity:0;s:300;e:Power2.easeInOut;\" \n\t\t\t data-transform_out=\"opacity:0;s:1.875;\" \n\t\t\tdata-start=\"0\" \n\t\t\tdata-responsive_offset=\"on\" \n\n\t\t\t\n\t\t\tstyle=\"z-index: 5;\"><img src=\"https:\/\/www.paroisse-aucamville-st-loup-cammas.fr\/site\/wp-content\/uploads\/banni\u00e8re-3.jpg\" alt=\"\" width=\"800\" height=\"156\" data-ww=\"1298px\" data-hh=\"185px\" data-no-retina> <\/div>\n\n\t\t<!-- LAYER NR. 2 -->\n\t\t<div class=\"tp-caption   tp-resizeme\" \n\t\t\t id=\"slide-24-layer-2\" \n\t\t\t data-x=\"center\" data-hoffset=\"150\" \n\t\t\t data-y=\"center\" data-voffset=\"-13\" \n\t\t\t\t\t\tdata-width=\"['1050']\"\n\t\t\tdata-height=\"['101']\"\n\t\t\tdata-transform_idle=\"o:1;\"\n \n\t\t\t data-transform_in=\"y:[100%];z:0;rX:0deg;rY:0;rZ:0;sX:1;sY:1;skX:0;skY:0;opacity:0;s:1210;e:Power2.easeInOut;\" \n\t\t\t data-transform_out=\"opacity:0;s:300;\" \n\t\t\t data-mask_in=\"x:0px;y:[100%];s:inherit;e:inherit;\" \n\t\t\tdata-start=\"0\" \n\t\t\tdata-splitin=\"none\" \n\t\t\tdata-splitout=\"none\" \n\t\t\tdata-responsive_offset=\"on\" \n\n\t\t\t\n\t\t\tstyle=\"z-index: 6; min-width: 1050px; max-width: 1050px; max-width: 101px; max-width: 101px; white-space: normal; font-size: 80px; line-height: 100px; font-weight: 600; color: rgba(255, 255, 255, 1.00);font-family:Open Sans;\">L'\u00e9veil \u00e0 la foi <\/div>\n\t<\/li>\n<\/ul>\n<div class=\"tp-bannertimer tp-bottom\" style=\"visibility: hidden !important;\"><\/div>\t<\/div>\n<script>var htmlDiv = document.getElementById(\"rs-plugin-settings-inline-css\"); var htmlDivCss=\"\";\r\n\t\t\t\tif(htmlDiv) {\r\n\t\t\t\t\thtmlDiv.innerHTML = htmlDiv.innerHTML + htmlDivCss;\r\n\t\t\t\t}else{\r\n\t\t\t\t\tvar htmlDiv = document.createElement(\"div\");\r\n\t\t\t\t\thtmlDiv.innerHTML = \"<style>\" + htmlDivCss + \"<\/style>\";\r\n\t\t\t\t\tdocument.getElementsByTagName(\"head\")[0].appendChild(htmlDiv.childNodes[0]);\r\n\t\t\t\t}\r\n\t\t\t<\/script>\n\t\t<script type=\"text\/javascript\">\r\n\t\t\t\t\t\t\/******************************************\r\n\t\t\t\t-\tPREPARE PLACEHOLDER FOR SLIDER\t-\r\n\t\t\t******************************************\/\r\n\r\n\t\t\tvar setREVStartSize=function(){\r\n\t\t\t\ttry{var e=new Object,i=jQuery(window).width(),t=9999,r=0,n=0,l=0,f=0,s=0,h=0;\r\n\t\t\t\t\te.c = jQuery('#rev_slider_24_1');\r\n\t\t\t\t\te.gridwidth = [1300];\r\n\t\t\t\t\te.gridheight = [185];\r\n\t\t\t\t\t\t\t\r\n\t\t\t\t\te.sliderLayout = \"auto\";\r\n\t\t\t\t\tif(e.responsiveLevels&&(jQuery.each(e.responsiveLevels,function(e,f){f>i&&(t=r=f,l=e),i>f&&f>r&&(r=f,n=e)}),t>r&&(l=n)),f=e.gridheight[l]||e.gridheight[0]||e.gridheight,s=e.gridwidth[l]||e.gridwidth[0]||e.gridwidth,h=i\/s,h=h>1?1:h,f=Math.round(h*f),\"fullscreen\"==e.sliderLayout){var u=(e.c.width(),jQuery(window).height());if(void 0!=e.fullScreenOffsetContainer){var c=e.fullScreenOffsetContainer.split(\",\");if (c) jQuery.each(c,function(e,i){u=jQuery(i).length>0?u-jQuery(i).outerHeight(!0):u}),e.fullScreenOffset.split(\"%\").length>1&&void 0!=e.fullScreenOffset&&e.fullScreenOffset.length>0?u-=jQuery(window).height()*parseInt(e.fullScreenOffset,0)\/100:void 0!=e.fullScreenOffset&&e.fullScreenOffset.length>0&&(u-=parseInt(e.fullScreenOffset,0))}f=u}else void 0!=e.minHeight&&f<e.minHeight&&(f=e.minHeight);e.c.closest(\".rev_slider_wrapper\").css({height:f})\r\n\t\t\t\t\t\r\n\t\t\t\t}catch(d){console.log(\"Failure at Presize of Slider:\"+d)}\r\n\t\t\t};\r\n\t\t\t\r\n\t\t\tsetREVStartSize();\r\n\t\t\t\r\n\t\t\t\t\t\tvar tpj=jQuery;\r\n\t\t\t\r\n\t\t\tvar revapi24;\r\n\t\t\ttpj(document).ready(function() {\n\t\t\t\tif(tpj(\"#rev_slider_24_1\").revolution == undefined){\n\t\t\t\t\trevslider_showDoubleJqueryError(\"#rev_slider_24_1\");\n\t\t\t\t}else{\n\t\t\t\t\trevapi24 = tpj(\"#rev_slider_24_1\").show().revolution({\n\t\t\t\t\t\tsliderType:\"standard\",\njsFileLocation:\"\/\/www.paroisse-aucamville-st-loup-cammas.fr\/site\/wp-content\/plugins\/revslider\/public\/assets\/js\/\",\n\t\t\t\t\t\tsliderLayout:\"auto\",\n\t\t\t\t\t\tdottedOverlay:\"none\",\n\t\t\t\t\t\tdelay:9000,\n\t\t\t\t\t\tnavigation: {\n\t\t\t\t\t\t\tonHoverStop:\"off\",\n\t\t\t\t\t\t},\n\t\t\t\t\t\tvisibilityLevels:[1240,1024,778,480],\n\t\t\t\t\t\tgridwidth:1300,\n\t\t\t\t\t\tgridheight:185,\n\t\t\t\t\t\tlazyType:\"none\",\n\t\t\t\t\t\tshadow:0,\n\t\t\t\t\t\tspinner:\"spinner0\",\n\t\t\t\t\t\tstopLoop:\"off\",\n\t\t\t\t\t\tstopAfterLoops:-1,\n\t\t\t\t\t\tstopAtSlide:-1,\n\t\t\t\t\t\tshuffle:\"off\",\n\t\t\t\t\t\tautoHeight:\"on\",\n\t\t\t\t\t\tdisableProgressBar:\"on\",\n\t\t\t\t\t\thideThumbsOnMobile:\"off\",\n\t\t\t\t\t\thideSliderAtLimit:0,\n\t\t\t\t\t\thideCaptionAtLimit:0,\n\t\t\t\t\t\thideAllCaptionAtLilmit:0,\n\t\t\t\t\t\tdebugMode:false,\n\t\t\t\t\t\tfallbacks: {\n\t\t\t\t\t\t\tsimplifyAll:\"off\",\n\t\t\t\t\t\t\tnextSlideOnWindowFocus:\"off\",\n\t\t\t\t\t\t\tdisableFocusListener:false,\n\t\t\t\t\t\t}\n\t\t\t\t\t});\n\t\t\t\t}\n\t\t\t});\t\/*ready*\/\n\t\t<\/script>\r\n\t\t<\/div><!-- END REVOLUTION SLIDER --><div class=\"fusion-clearfix\"><\/div>\n\n\t\t\t\t\t<\/div>\n\t\t\t\t<\/div><\/div><\/div><div class=\"fusion-fullwidth fullwidth-box nonhundred-percent-fullwidth non-hundred-percent-height-scrolling\"  style='background-color: rgba(255,255,255,0);background-position: left top;background-repeat: no-repeat;padding-top:20px;padding-right:0px;padding-bottom:20px;padding-left:0px;border-top-width:0px;border-bottom-width:0px;border-color:#eae9e9;border-top-style:solid;border-bottom-style:solid;'><div class=\"fusion-builder-row fusion-row \"><div  class=\"fusion-layout-column fusion_builder_column fusion_builder_column_1_1  fusion-one-full fusion-column-first fusion-column-last 1_1\"  style='margin-top:0px;margin-bottom:20px;'>\n\t\t\t\t\t<div class=\"fusion-column-wrapper\" style=\"padding: 0px 0px 0px 0px;background-position:left top;background-repeat:no-repeat;-webkit-background-size:cover;-moz-background-size:cover;-o-background-size:cover;background-size:cover;\"  data-bg-url=\"\">\n\t\t\t\t\t\t<style type='text\/css'>.reading-box-container-1 .element-bottomshadow:before,.reading-box-container-1 .element-bottomshadow:after{opacity:0.70;}<\/style><div class=\"fusion-reading-box-container reading-box-container-1\" style=\"margin-top:0px;margin-bottom:84px;\"><div class=\"reading-box\" style=\"background-color:#f6f6f6;border-width:1px;border-color:#f6f6f6;border-top-width:3px;border-top-color:#ff9800;border-style:solid;\"><div class=\"reading-box-additional\">\n<h2 style=\"text-align: justify;\">A Labastide Saint-Sernin, une fois par mois, des enfants de 4 \u00e0 7 ans (de la moyenne section de maternelle au CE1) se l\u00e8vent de bonne heure le samedi matin (10h00-11h30) pour aller \u00e0 la rencontre de Dieu qui les aime.<\/h2>\n<h2 style=\"text-align: justify;\">Les enfants affluent pour vivre un temps joyeux et amical. \u00c7a chantonne, \u00e7a danse, \u00e7a se questionne, \u00e7a partage, \u00e7a mime, \u00e7a dessine, \u00e7a parle en son coeur dans un coeur \u00e0 coeur, en d\u00e9couvrant et grandissent dans la foi.<\/h2>\n<\/div><div class=\"fusion-clearfix\"><\/div><\/div><\/div><div class=\"fusion-clearfix\"><\/div>\n\n\t\t\t\t\t<\/div>\n\t\t\t\t<\/div><div  class=\"fusion-layout-column fusion_builder_column fusion_builder_column_2_3  fusion-two-third fusion-column-first 2_3\"  style='margin-top:0px;margin-bottom:20px;width:65.3333%; margin-right: 4%;'>\n\t\t\t\t\t<div class=\"fusion-column-wrapper\" style=\"padding: 0px 0px 0px 0px;background-position:left top;background-repeat:no-repeat;-webkit-background-size:cover;-moz-background-size:cover;-o-background-size:cover;background-size:cover;\"  data-bg-url=\"\">\n\t\t\t\t\t\t<div class=\"fusion-text\"><p style=\"text-align: justify;\">La paroisse propose pour les plus jeunes un temps d&rsquo;accueil et de d\u00e9couverte de J\u00e9sus : l&rsquo;\u00e9veil \u00e0 la foi. En 2020-2021, plus de 40 enfants sont inscrits entre le groupe de Castelginest et celui de Labastide Saint-Sernin. Pendant ces rencontres, les cat\u00e9chistes privil\u00e9gient l\u2019accueil de chaque enfant et de ses parents. \u00ab Nous souhaitons que chacun se sente en confiance, puisse faire sereinement la d\u00e9couverte du vivre ensemble avec et au nom de J\u00e9sus, bien s\u00fbr ! \u00bb Et pour \u00e7a, elles d\u00e9bordent d\u2019imagination : jeux pour faire connaissance avec les copains, chants gestu\u00e9s pour chanter la gloire de Dieu, marionnettes pour d\u00e9couvrir la vie de J\u00e9sus, bricolage \u00e0 ramener \u00e0 la maison, moment de pri\u00e8re dans un c\u0153ur \u00e0 c\u0153ur avec J\u00e9sus,\u2026Et tout cela ne serait pas possible sans la participation de quelques parents qui restent nous aider.<br \/>\nTout le monde repart satisfait : les enfants qui ont avanc\u00e9 un peu plus sur le chemin avec J\u00e9sus, les parents heureux d\u2019accompagner leur enfant et de cheminer avec eux et les cat\u00e9chistes\u2026 \u00e9puis\u00e9es mais heureuses de pouvoir communiquer leur joie d\u2019aimer J\u00e9sus !<\/p>\n<\/div><div class=\"fusion-clearfix\"><\/div>\n\n\t\t\t\t\t<\/div>\n\t\t\t\t<\/div><div  class=\"fusion-layout-column fusion_builder_column fusion_builder_column_1_3  fusion-one-third fusion-column-last 1_3\"  style='margin-top:0px;margin-bottom:20px;width:30.6666%'>\n\t\t\t\t\t<div class=\"fusion-column-wrapper\" style=\"padding: 0px 0px 0px 0px;background-position:left top;background-repeat:no-repeat;-webkit-background-size:cover;-moz-background-size:cover;-o-background-size:cover;background-size:cover;\"  data-bg-url=\"\">\n\t\t\t\t\t\t<span class=\"fusion-imageframe imageframe-none imageframe-1 hover-type-none\"><img loading=\"lazy\" src=\"http:\/\/www.paroisse-aucamville-st-loup-cammas.fr\/site\/wp-content\/uploads\/EF-6-300x200.jpg\" width=\"300\" height=\"200\" alt=\"\" title=\"EF\" class=\"img-responsive wp-image-19547\" srcset=\"https:\/\/www.paroisse-aucamville-st-loup-cammas.fr\/site\/wp-content\/uploads\/EF-6-200x134.jpg 200w, https:\/\/www.paroisse-aucamville-st-loup-cammas.fr\/site\/wp-content\/uploads\/EF-6-400x267.jpg 400w, https:\/\/www.paroisse-aucamville-st-loup-cammas.fr\/site\/wp-content\/uploads\/EF-6-600x401.jpg 600w, https:\/\/www.paroisse-aucamville-st-loup-cammas.fr\/site\/wp-content\/uploads\/EF-6.jpg 800w\" sizes=\"(max-width: 800px) 100vw, 300px\" \/><\/span><div class=\"fusion-clearfix\"><\/div>\n\n\t\t\t\t\t<\/div>\n\t\t\t\t<\/div><div  class=\"fusion-layout-column fusion_builder_column fusion_builder_column_1_1  fusion-one-full fusion-column-first fusion-column-last 1_1\"  style='margin-top:0px;margin-bottom:20px;'>\n\t\t\t\t\t<div class=\"fusion-column-wrapper\" style=\"padding: 0px 0px 0px 0px;background-position:left top;background-repeat:no-repeat;-webkit-background-size:cover;-moz-background-size:cover;-o-background-size:cover;background-size:cover;\"  data-bg-url=\"\">\n\t\t\t\t\t\t<div class=\"fusion-title title fusion-title-center fusion-title-size-two\" style=\"margin-top:10px;margin-bottom:10px;\"><div class=\"title-sep-container title-sep-container-left\"><div class=\"title-sep sep-single sep-solid\" style=\"border-color:#ff9800;\"><\/div><\/div><h2 class=\"title-heading-center\">Contact et infos pratiques<\/h2><div class=\"title-sep-container title-sep-container-right\"><div class=\"title-sep sep-single sep-solid\" style=\"border-color:#ff9800;\"><\/div><\/div><\/div><div class=\"fusion-clearfix\"><\/div>\n\n\t\t\t\t\t<\/div>\n\t\t\t\t<\/div><div  class=\"fusion-layout-column fusion_builder_column fusion_builder_column_1_4  fusion-one-fourth fusion-column-first 1_4\"  style='margin-top:0px;margin-bottom:20px;width:22%; margin-right: 4%;'>\n\t\t\t\t\t<div class=\"fusion-column-wrapper\" style=\"padding: 0px 0px 0px 0px;background-position:left top;background-repeat:no-repeat;-webkit-background-size:cover;-moz-background-size:cover;-o-background-size:cover;background-size:cover;\"  data-bg-url=\"\">\n\t\t\t\t\t\t<div class=\"fusion-person person fusion-person-left fusion-person-1 fusion-person-icon-top\"><div class=\"person-shortcode-image-wrapper\"><div class=\"person-image-container hover-type-none person-rounded-overflow\" style=\"-webkit-border-radius:0px;-moz-border-radius:0px;border-radius:0px;border:0px solid #f6f6f6;-webkit-border-radius:0px;-moz-border-radius:0px;border-radius:0px;\"><img loading=\"lazy\" class=\"person-img img-responsive wp-image-12201\" width=\"300\" height=\"300\" src=\"http:\/\/www.paroisse-aucamville-st-loup-cammas.fr\/site\/wp-content\/uploads\/2016\/05\/portrait-femme-300x300.png\" alt=\"Meriem\" srcset=\"https:\/\/www.paroisse-aucamville-st-loup-cammas.fr\/site\/wp-content\/uploads\/2016\/05\/portrait-femme-200x200.png 200w, https:\/\/www.paroisse-aucamville-st-loup-cammas.fr\/site\/wp-content\/uploads\/2016\/05\/portrait-femme-400x400.png 400w, https:\/\/www.paroisse-aucamville-st-loup-cammas.fr\/site\/wp-content\/uploads\/2016\/05\/portrait-femme-600x600.png 600w, https:\/\/www.paroisse-aucamville-st-loup-cammas.fr\/site\/wp-content\/uploads\/2016\/05\/portrait-femme-800x800.png 800w, https:\/\/www.paroisse-aucamville-st-loup-cammas.fr\/site\/wp-content\/uploads\/2016\/05\/portrait-femme.png 801w\" sizes=\"(max-width: 800px) 100vw, 400px\" \/><\/div><\/div><div class=\"person-desc\"><div class=\"person-author\"><div class=\"person-author-wrapper\"><span class=\"person-name\">Meriem<\/span><span class=\"person-title\">Responsable \u00e9veil \u00e0 la foi<\/span><\/div><\/div><div class=\"person-content fusion-clearfix\">T\u00e9l\u00e9phone : 07.60.76.53.22<\/div><\/div><\/div><div class=\"fusion-clearfix\"><\/div>\n\n\t\t\t\t\t<\/div>\n\t\t\t\t<\/div><div  class=\"fusion-layout-column fusion_builder_column fusion_builder_column_1_2  fusion-one-half 1_2\"  style='margin-top:0px;margin-bottom:20px;width:48%; margin-right: 4%;'>\n\t\t\t\t\t<div class=\"fusion-column-wrapper\" style=\"padding: 0px 0px 0px 0px;background-position:left top;background-repeat:no-repeat;-webkit-background-size:cover;-moz-background-size:cover;-o-background-size:cover;background-size:cover;\"  data-bg-url=\"\">\n\t\t\t\t\t\t<div class=\"fusion-content-boxes content-boxes columns row fusion-columns-1 fusion-columns-total-1 fusion-content-boxes-1 content-boxes-icon-boxed content-left\" data-animationOffset=\"100%\" style=\"margin-top:0px;margin-bottom:60px;\"><style type=\"text\/css\" scoped=\"scoped\">.fusion-content-boxes-1 .heading .content-box-heading {color:#000000;}\n\t\t\t\t\t.fusion-content-boxes-1 .fusion-content-box-hover .link-area-link-icon-hover .heading .content-box-heading,\n\t\t\t\t\t.fusion-content-boxes-1 .fusion-content-box-hover .link-area-link-icon-hover .heading .heading-link .content-box-heading,\n\t\t\t\t\t.fusion-content-boxes-1 .fusion-content-box-hover .link-area-box-hover .heading .content-box-heading,\n\t\t\t\t\t.fusion-content-boxes-1 .fusion-content-box-hover .link-area-box-hover .heading .heading-link .content-box-heading,\n\t\t\t\t\t.fusion-content-boxes-1 .fusion-content-box-hover .link-area-link-icon-hover.link-area-box .fusion-read-more,\n\t\t\t\t\t.fusion-content-boxes-1 .fusion-content-box-hover .link-area-link-icon-hover.link-area-box .fusion-read-more::after,\n\t\t\t\t\t.fusion-content-boxes-1 .fusion-content-box-hover .link-area-link-icon-hover.link-area-box .fusion-read-more::before,\n\t\t\t\t\t.fusion-content-boxes-1 .fusion-content-box-hover .fusion-read-more:hover:after,\n\t\t\t\t\t.fusion-content-boxes-1 .fusion-content-box-hover .fusion-read-more:hover:before,\n\t\t\t\t\t.fusion-content-boxes-1 .fusion-content-box-hover .fusion-read-more:hover,\n\t\t\t\t\t.fusion-content-boxes-1 .fusion-content-box-hover .link-area-box-hover.link-area-box .fusion-read-more,\n\t\t\t\t\t.fusion-content-boxes-1 .fusion-content-box-hover .link-area-box-hover.link-area-box .fusion-read-more::after,\n\t\t\t\t\t.fusion-content-boxes-1 .fusion-content-box-hover .link-area-box-hover.link-area-box .fusion-read-more::before,\n\t\t\t\t\t.fusion-content-boxes-1 .fusion-content-box-hover .link-area-link-icon-hover .icon .circle-no,\n\t\t\t\t\t.fusion-content-boxes-1 .heading .heading-link:hover .content-box-heading {\n\t\t\t\t\t\tcolor: #a0ce4e;\n\t\t\t\t\t}\n\t\t\t\t\t.fusion-content-boxes-1 .fusion-content-box-hover .link-area-box-hover .icon .circle-no {\n\t\t\t\t\t\tcolor: #a0ce4e !important;\n\t\t\t\t\t}.fusion-content-boxes-1 .fusion-content-box-hover .link-area-box.link-area-box-hover .fusion-content-box-button {background: #ff9800;color: #ffffff;}.fusion-content-boxes-1 .fusion-content-box-hover .link-area-box.link-area-box-hover .fusion-content-box-button .fusion-button-text {color: #ffffff;}\n\t\t\t\t\t.fusion-content-boxes-1 .fusion-content-box-hover .link-area-link-icon-hover .heading .icon > span {\n\t\t\t\t\t\tbackground-color: #a0ce4e !important;\n\t\t\t\t\t}\n\t\t\t\t\t.fusion-content-boxes-1 .fusion-content-box-hover .link-area-box-hover .heading .icon > span {\n\t\t\t\t\t\tborder-color: #a0ce4e !important;\n\t\t\t\t\t}\n\t\t\t\t\t\t.fusion-content-boxes-1 .fusion-content-box-hover .link-area-link-icon-hover.icon-hover-animation-pulsate .fontawesome-icon:after,\n\t\t\t\t\t\t.fusion-content-boxes-1 .fusion-content-box-hover .link-area-box-hover.icon-hover-animation-pulsate .fontawesome-icon:after,\n\t\t\t\t\t\t.fusion-content-boxes-1 .fusion-content-box-hover .link-area-link-icon-hover.icon-wrapper-hover-animation-pulsate .icon span:after,\n\t\t\t\t\t\t.fusion-content-boxes-1 .fusion-content-box-hover .link-area-box-hover.icon-wrapper-hover-animation-pulsate .icon span:after {\n\t\t\t\t\t\t\t-webkit-box-shadow:0 0 0 2px rgba(255,255,255,0.1), 0 0 10px 10px #a0ce4e, 0 0 0 10px rgba(255,255,255,0.5);\n\t\t\t\t\t\t\t-moz-box-shadow:0 0 0 2px rgba(255,255,255,0.1), 0 0 10px 10px #a0ce4e, 0 0 0 10px rgba(255,255,255,0.5);\n\t\t\t\t\t\t\tbox-shadow: 0 0 0 2px rgba(255,255,255,0.1), 0 0 10px 10px #a0ce4e, 0 0 0 10px rgba(255,255,255,0.5);\n\t\t\t\t\t\t}\n\t\t\t\t\t<\/style><div class=\"fusion-column content-box-column content-box-column content-box-column-1 col-lg-12 col-md-12 col-sm-12 fusion-content-box-hover  content-box-column-last\"><div class=\"col content-wrapper-background content-wrapper-boxed link-area-link-icon icon-hover-animation-pulsate\" style=\"background-color:#f2f2f2;\" data-animationOffset=\"100%\"><div class=\"heading heading-with-icon icon-left\"><div class=\"icon\"><i style=\"border-color:#333333;border-width:1px;background-color:#333333;box-sizing:content-box;height:42px;width:42px;line-height:42px;top:-71px;margin-left:-21px;border-radius:50%;color:#ffffff;font-size:21px;\" class=\"fontawesome-icon fa-clock far circle-yes\"><\/i><\/div><h2 class=\"content-box-heading\" style=\"font-size:18px;line-height:23px;\">Les groupes existants<\/h2><\/div><div class=\"fusion-clearfix\"><\/div><div class=\"content-container\" style=\"color:#747474;\">\n<p>Le groupe d&rsquo;\u00e9veil \u00e0 la foi se r\u00e9unit une fois par mois le samedi matin de 9h30 \u00e0 11h au centre paroissial de Labastide St Sernin.<\/p>\n<\/div><\/div><\/div><style type=\"text\/css\" scoped=\"scoped\">\n\t\t\t\t\t\t.fusion-content-boxes-1 .fusion-content-box-hover .heading-link:hover .icon i.circle-yes,\n\t\t\t\t\t\t.fusion-content-boxes-1 .fusion-content-box-hover .link-area-box:hover .heading-link .icon i.circle-yes,\n\t\t\t\t\t\t.fusion-content-boxes-1 .fusion-content-box-hover .link-area-link-icon-hover .heading .icon i.circle-yes,\n\t\t\t\t\t\t.fusion-content-boxes-1 .fusion-content-box-hover .link-area-box-hover .heading .icon i.circle-yes {\n\t\t\t\t\t\t\tbackground-color: #a0ce4e !important;\n\t\t\t\t\t\t\tborder-color: #a0ce4e !important;\n\t\t\t\t\t\t}<\/style><div class=\"fusion-clearfix\"><\/div><\/div><div class=\"fusion-clearfix\"><\/div>\n\n\t\t\t\t\t<\/div>\n\t\t\t\t<\/div><div  class=\"fusion-layout-column fusion_builder_column fusion_builder_column_1_1  fusion-one-full fusion-column-last 1_1\"  style='margin-top:0px;margin-bottom:20px;'>\n\t\t\t\t\t<div class=\"fusion-column-wrapper\" style=\"padding: 0px 0px 0px 0px;background-position:left top;background-repeat:no-repeat;-webkit-background-size:cover;-moz-background-size:cover;-o-background-size:cover;background-size:cover;\"  data-bg-url=\"\">\n\t\t\t\t\t\t<div class=\"fusion-title title fusion-title-center fusion-title-size-two\" style=\"margin-top:10px;margin-bottom:10px;\"><div class=\"title-sep-container title-sep-container-left\"><div class=\"title-sep sep-single sep-solid\" style=\"border-color:#ff9800;\"><\/div><\/div><h2 class=\"title-heading-center\">Ce qui s&rsquo;y passe&#8230;<\/h2><div class=\"title-sep-container title-sep-container-right\"><div class=\"title-sep sep-single sep-solid\" style=\"border-color:#ff9800;\"><\/div><\/div><\/div><div class=\"fusion-blog-shortcode fusion-blog-shortcode-1 fusion-blog-archive fusion-blog-layout-medium-alternate fusion-blog-pagination\"><div class=\"fusion-posts-container fusion-posts-container-pagination fusion-blog-rollover\" data-pages=\"8\"><article id=\"blog-1-post-20733\" class=\"fusion-post-medium-alternate post-20733 post type-post status-publish format-standard has-post-thumbnail hentry category-aumonerie category-catechisme category-eveil-a-la-foi category-pages-accueil category-vie-groupes\">\n<div class=\"fusion-date-and-formats\"><div class=\"fusion-date-box updated\"><span class=\"fusion-date\">18<\/span><span class=\"fusion-month-year\">08, 2025<\/span><\/div><div class=\"fusion-format-box\"><i class=\"fusion-icon-pen\"><\/i><\/div><\/div>\t<style type=\"text\/css\">\n\t\t\n\t\t\n\t\t\n\t\t\n\t\t\t<\/style>\n\n\n\t\t\t<div class=\"fusion-flexslider flexslider fusion-flexslider-loading fusion-post-slideshow\" style=\"\">\n\t\t<ul class=\"slides\">\n\t\t\t\n\t\t\t\t\t\t\t\t\t\t\t\t\t\t<li>\n\n<div  class=\"fusion-image-wrapper fusion-image-size-fixed\" aria-haspopup=\"true\">\n\t\n\t\n\t\t\n\t\t\t\t\t<img width=\"320\" height=\"202\" src=\"https:\/\/www.paroisse-aucamville-st-loup-cammas.fr\/site\/wp-content\/uploads\/KT-2024-320x202.jpg\" class=\"attachment-blog-medium size-blog-medium wp-post-image\" alt=\"\" loading=\"lazy\" \/>\n\t\n\n\t\t<div class=\"fusion-rollover\">\n\t<div class=\"fusion-rollover-content\">\n\n\t\t\t\t\t\t\t\t\t\t\t\t\t\t<a class=\"fusion-rollover-link\" href=\"https:\/\/www.paroisse-aucamville-st-loup-cammas.fr\/site\/inscriptions-kt-eveil-a-la-foi-aumonerie\/\">Inscriptions KT\/Eveil \u00e0 la Foi\/Aum\u00f4nerie.<\/a>\n\t\t\t\n\t\t\t\t\t\t\t\t\t\t\t\t\t\t\n\t\t\t\t\t\t\t\t\n\t\t\t\t\t\t\t\t\t\t\t\t\t<div class=\"fusion-rollover-sep\"><\/div>\n\t\t\t\t\n\t\t\t\t\t\t\t\t\t\t\t\t\t\t\t\t\t\t<a class=\"fusion-rollover-gallery\" href=\"https:\/\/www.paroisse-aucamville-st-loup-cammas.fr\/site\/wp-content\/uploads\/KT-2024.jpg\" data-id=\"20733\" data-rel=\"iLightbox[gallery]\" data-title=\"KT-2024\" data-caption=\"\">\n\t\t\t\t\t\tGallery\t\t\t\t\t<\/a>\n\t\t\t\t\t\t\t\t\t\t\t\t\t\t\n\t\t\t\t\n\t\t\t\t\t\t\t\t\t\t\t\t<h4 class=\"fusion-rollover-title\">\n\t\t\t\t\t<a href=\"https:\/\/www.paroisse-aucamville-st-loup-cammas.fr\/site\/inscriptions-kt-eveil-a-la-foi-aumonerie\/\">\n\t\t\t\t\t\tInscriptions KT\/Eveil \u00e0 la Foi\/Aum\u00f4nerie.\t\t\t\t\t<\/a>\n\t\t\t\t<\/h4>\n\t\t\t\n\t\t\t\t\t\t\t\t\t\t\t\t\t\t<div class=\"fusion-rollover-categories\"><a href=\"https:\/\/www.paroisse-aucamville-st-loup-cammas.fr\/site\/category\/aumonerie\/\" rel=\"tag\">Aum\u00f4nerie<\/a>, <a href=\"https:\/\/www.paroisse-aucamville-st-loup-cammas.fr\/site\/category\/catechisme\/\" rel=\"tag\">Cat\u00e9chisme<\/a>, <a href=\"https:\/\/www.paroisse-aucamville-st-loup-cammas.fr\/site\/category\/eveil-a-la-foi\/\" rel=\"tag\">Eveil \u00e0 la foi<\/a>, <a href=\"https:\/\/www.paroisse-aucamville-st-loup-cammas.fr\/site\/category\/pages-accueil\/\" rel=\"tag\">Page d'accueil<\/a>, <a href=\"https:\/\/www.paroisse-aucamville-st-loup-cammas.fr\/site\/category\/vie-groupes\/\" rel=\"tag\">Vie des groupes<\/a><\/div>\t\t\t\t\t\n\t\t\n\t\t\t\t<a class=\"fusion-link-wrapper\" href=\"https:\/\/www.paroisse-aucamville-st-loup-cammas.fr\/site\/inscriptions-kt-eveil-a-la-foi-aumonerie\/\" aria-label=\"Inscriptions KT\/Eveil \u00e0 la Foi\/Aum\u00f4nerie.\"><\/a>\n\t<\/div>\n<\/div>\n\n\t\n<\/div>\n<\/li>\n\t\t\t\n\t\t\t\n\t\t\t\t\t\t\t\t\t\t\t\t\t\t\t\t\t\t\t\t\t\t\t\t\t\t\t\t\t\t\t\t\t\t\t\t\t\t\t\t\t\t\t\t\t\t\t\t\t\t\t\t\t\t\t\t\t\t\t\t\t\t\t\t\t\t\t\t<\/ul>\n\t<\/div>\n\t<div class=\"fusion-post-content post-content\"><h2 class=\"blog-shortcode-post-title entry-title\"><a href=\"https:\/\/www.paroisse-aucamville-st-loup-cammas.fr\/site\/inscriptions-kt-eveil-a-la-foi-aumonerie\/\">Inscriptions KT\/Eveil \u00e0 la Foi\/Aum\u00f4nerie.<\/a><\/h2><p class=\"fusion-single-line-meta\"><span class=\"vcard\" style=\"display: none;\"><span class=\"fn\"><a href=\"https:\/\/www.paroisse-aucamville-st-loup-cammas.fr\/site\/author\/maryline-laguens\/\" title=\"Articles par Maryline Laguens\" rel=\"author\">Maryline Laguens<\/a><\/span><\/span><span class=\"updated\" style=\"display:none;\">2025-09-03T14:33:25+01:00<\/span><span>18 ao\u00fbt  2025<\/span><span class=\"fusion-inline-sep\">|<\/span><\/p><div class=\"fusion-post-content-container\"><p>Les inscriptions pour 2025\/2026 sur notre ensemble paroissial se d\u00e9rouleront : -le mercredi 17 septembre de 15h \u00e0 18h \u00e0 la salle paroissiale de Castelginest, 9 rue Malconseil\u00a0 -le samedi 20 septembre de 9h30 \u00e0 [...]<\/p><\/div><\/div><div class=\"fusion-clearfix\"><\/div><div class=\"fusion-meta-info\"><div class=\"fusion-alignright\"><a class=\"fusion-read-more\" href=\"https:\/\/www.paroisse-aucamville-st-loup-cammas.fr\/site\/inscriptions-kt-eveil-a-la-foi-aumonerie\/\">Read More<\/a><\/div><\/div><\/article>\n<article id=\"blog-1-post-20536\" class=\"fusion-post-medium-alternate post-20536 post type-post status-publish format-standard has-post-thumbnail hentry category-catechisme category-eveil-a-la-foi category-pages-accueil category-vie-groupes\">\n<div class=\"fusion-date-and-formats\"><div class=\"fusion-date-box updated\"><span class=\"fusion-date\">18<\/span><span class=\"fusion-month-year\">05, 2025<\/span><\/div><div class=\"fusion-format-box\"><i class=\"fusion-icon-pen\"><\/i><\/div><\/div>\t<style type=\"text\/css\">\n\t\t\n\t\t\n\t\t\n\t\t\n\t\t\t<\/style>\n\n\n\t\t\t<div class=\"fusion-flexslider flexslider fusion-flexslider-loading fusion-post-slideshow\" style=\"\">\n\t\t<ul class=\"slides\">\n\t\t\t\n\t\t\t\t\t\t\t\t\t\t\t\t\t\t<li>\n\n<div  class=\"fusion-image-wrapper fusion-image-size-fixed\" aria-haspopup=\"true\">\n\t\n\t\n\t\t\n\t\t\t\t\t<img width=\"259\" height=\"194\" src=\"https:\/\/www.paroisse-aucamville-st-loup-cammas.fr\/site\/wp-content\/uploads\/download-10.jpg\" class=\"attachment-blog-medium size-blog-medium wp-post-image\" alt=\"\" loading=\"lazy\" srcset=\"https:\/\/www.paroisse-aucamville-st-loup-cammas.fr\/site\/wp-content\/uploads\/download-10-200x150.jpg 200w, https:\/\/www.paroisse-aucamville-st-loup-cammas.fr\/site\/wp-content\/uploads\/download-10.jpg 259w\" sizes=\"(max-width: 259px) 100vw, 259px\" \/>\n\t\n\n\t\t<div class=\"fusion-rollover\">\n\t<div class=\"fusion-rollover-content\">\n\n\t\t\t\t\t\t\t\t\t\t\t\t\t\t<a class=\"fusion-rollover-link\" href=\"https:\/\/www.paroisse-aucamville-st-loup-cammas.fr\/site\/nos-petits-a-la-basilique-de-saint-sernin\/\">Nos petits \u00e0 la basilique de Saint Sernin.<\/a>\n\t\t\t\n\t\t\t\t\t\t\t\t\t\t\t\t\t\t\n\t\t\t\t\t\t\t\t\n\t\t\t\t\t\t\t\t\t\t\t\t\t<div class=\"fusion-rollover-sep\"><\/div>\n\t\t\t\t\n\t\t\t\t\t\t\t\t\t\t\t\t\t\t\t\t\t\t<a class=\"fusion-rollover-gallery\" href=\"https:\/\/www.paroisse-aucamville-st-loup-cammas.fr\/site\/wp-content\/uploads\/download-10.jpg\" data-id=\"20536\" data-rel=\"iLightbox[gallery]\" data-title=\"download\" data-caption=\"\">\n\t\t\t\t\t\tGallery\t\t\t\t\t<\/a>\n\t\t\t\t\t\t\t\t\t\t\t\t\t\t\n\t\t\t\t\n\t\t\t\t\t\t\t\t\t\t\t\t<h4 class=\"fusion-rollover-title\">\n\t\t\t\t\t<a href=\"https:\/\/www.paroisse-aucamville-st-loup-cammas.fr\/site\/nos-petits-a-la-basilique-de-saint-sernin\/\">\n\t\t\t\t\t\tNos petits \u00e0 la basilique de Saint Sernin.\t\t\t\t\t<\/a>\n\t\t\t\t<\/h4>\n\t\t\t\n\t\t\t\t\t\t\t\t\t\t\t\t\t\t<div class=\"fusion-rollover-categories\"><a href=\"https:\/\/www.paroisse-aucamville-st-loup-cammas.fr\/site\/category\/catechisme\/\" rel=\"tag\">Cat\u00e9chisme<\/a>, <a href=\"https:\/\/www.paroisse-aucamville-st-loup-cammas.fr\/site\/category\/eveil-a-la-foi\/\" rel=\"tag\">Eveil \u00e0 la foi<\/a>, <a href=\"https:\/\/www.paroisse-aucamville-st-loup-cammas.fr\/site\/category\/pages-accueil\/\" rel=\"tag\">Page d'accueil<\/a>, <a href=\"https:\/\/www.paroisse-aucamville-st-loup-cammas.fr\/site\/category\/vie-groupes\/\" rel=\"tag\">Vie des groupes<\/a><\/div>\t\t\t\t\t\n\t\t\n\t\t\t\t<a class=\"fusion-link-wrapper\" href=\"https:\/\/www.paroisse-aucamville-st-loup-cammas.fr\/site\/nos-petits-a-la-basilique-de-saint-sernin\/\" aria-label=\"Nos petits \u00e0 la basilique de Saint Sernin.\"><\/a>\n\t<\/div>\n<\/div>\n\n\t\n<\/div>\n<\/li>\n\t\t\t\n\t\t\t\n\t\t\t\t\t\t\t\t\t\t\t\n\t\t\t\t\t\n\t\t\t\t\t\t\t\t\t\t\t<li>\n\t\t\t\t\t\t\t<div class=\"fusion-image-wrapper\">\n\t\t\t\t\t\t\t\t<a href=\"https:\/\/www.paroisse-aucamville-st-loup-cammas.fr\/site\/nos-petits-a-la-basilique-de-saint-sernin\/\" aria-label=\"Nos petits \u00e0 la basilique de Saint Sernin.\">\n\t\t\t\t\t\t\t\t\t<img loading=\"lazy\" width=\"320\" height=\"202\" src=\"https:\/\/www.paroisse-aucamville-st-loup-cammas.fr\/site\/wp-content\/uploads\/IMG-20250514-WA0017-320x202.jpg\" alt=\"\" class=\"wp-image-20539\" role=\"presentation\" srcset=\"https:\/\/www.paroisse-aucamville-st-loup-cammas.fr\/site\/wp-content\/uploads\/IMG-20250514-WA0017-320x202.jpg 320w, https:\/\/www.paroisse-aucamville-st-loup-cammas.fr\/site\/wp-content\/uploads\/IMG-20250514-WA0017-700x441.jpg 700w\" sizes=\"(max-width: 320px) 100vw, 320px\" \/>\t\t\t\t\t\t\t\t<\/a>\n\t\t\t\t\t\t\t\t<a style=\"display:none;\" href=\"https:\/\/www.paroisse-aucamville-st-loup-cammas.fr\/site\/wp-content\/uploads\/IMG-20250514-WA0017.jpg\" data-rel=\"iLightbox[gallery20536]\"  title=\"\" data-title=\"IMG-20250514-WA0017\" data-caption=\"\">\n\t\t\t\t\t\t\t\t\t\t\t\t\t\t\t\t\t<\/a>\n\t\t\t\t\t\t\t<\/div>\n\t\t\t\t\t\t<\/li>\n\t\t\t\t\t\t\t\t\t\t\t\t\t\t\t\t\t\t\t\t\t\t\t\t\n\t\t\t\t\t\n\t\t\t\t\t\t\t\t\t\t\t<li>\n\t\t\t\t\t\t\t<div class=\"fusion-image-wrapper\">\n\t\t\t\t\t\t\t\t<a href=\"https:\/\/www.paroisse-aucamville-st-loup-cammas.fr\/site\/nos-petits-a-la-basilique-de-saint-sernin\/\" aria-label=\"Nos petits \u00e0 la basilique de Saint Sernin.\">\n\t\t\t\t\t\t\t\t\t<img loading=\"lazy\" width=\"320\" height=\"202\" src=\"https:\/\/www.paroisse-aucamville-st-loup-cammas.fr\/site\/wp-content\/uploads\/IMG-20250514-WA0013-320x202.jpg\" alt=\"\" class=\"wp-image-20540\" role=\"presentation\"\/>\t\t\t\t\t\t\t\t<\/a>\n\t\t\t\t\t\t\t\t<a style=\"display:none;\" href=\"https:\/\/www.paroisse-aucamville-st-loup-cammas.fr\/site\/wp-content\/uploads\/IMG-20250514-WA0013.jpg\" data-rel=\"iLightbox[gallery20536]\"  title=\"\" data-title=\"IMG-20250514-WA0013\" data-caption=\"\">\n\t\t\t\t\t\t\t\t\t\t\t\t\t\t\t\t\t<\/a>\n\t\t\t\t\t\t\t<\/div>\n\t\t\t\t\t\t<\/li>\n\t\t\t\t\t\t\t\t\t\t\t\t\t\t\t\t\t\t\t\t\t\t\t\t\n\t\t\t\t\t\n\t\t\t\t\t\t\t\t\t\t\t<li>\n\t\t\t\t\t\t\t<div class=\"fusion-image-wrapper\">\n\t\t\t\t\t\t\t\t<a href=\"https:\/\/www.paroisse-aucamville-st-loup-cammas.fr\/site\/nos-petits-a-la-basilique-de-saint-sernin\/\" aria-label=\"Nos petits \u00e0 la basilique de Saint Sernin.\">\n\t\t\t\t\t\t\t\t\t<img loading=\"lazy\" width=\"320\" height=\"202\" src=\"https:\/\/www.paroisse-aucamville-st-loup-cammas.fr\/site\/wp-content\/uploads\/IMG-20250514-WA0010-320x202.jpg\" alt=\"\" class=\"wp-image-20541\" role=\"presentation\"\/>\t\t\t\t\t\t\t\t<\/a>\n\t\t\t\t\t\t\t\t<a style=\"display:none;\" href=\"https:\/\/www.paroisse-aucamville-st-loup-cammas.fr\/site\/wp-content\/uploads\/IMG-20250514-WA0010.jpg\" data-rel=\"iLightbox[gallery20536]\"  title=\"\" data-title=\"IMG-20250514-WA0010\" data-caption=\"\">\n\t\t\t\t\t\t\t\t\t\t\t\t\t\t\t\t\t<\/a>\n\t\t\t\t\t\t\t<\/div>\n\t\t\t\t\t\t<\/li>\n\t\t\t\t\t\t\t\t\t\t\t\t\t\t\t\t\t\t\t\t\t\t\t\t\n\t\t\t\t\t\n\t\t\t\t\t\t\t\t\t\t\t<li>\n\t\t\t\t\t\t\t<div class=\"fusion-image-wrapper\">\n\t\t\t\t\t\t\t\t<a href=\"https:\/\/www.paroisse-aucamville-st-loup-cammas.fr\/site\/nos-petits-a-la-basilique-de-saint-sernin\/\" aria-label=\"Nos petits \u00e0 la basilique de Saint Sernin.\">\n\t\t\t\t\t\t\t\t\t<img loading=\"lazy\" width=\"320\" height=\"202\" src=\"https:\/\/www.paroisse-aucamville-st-loup-cammas.fr\/site\/wp-content\/uploads\/IMG-20250514-WA0004-320x202.jpg\" alt=\"\" class=\"wp-image-20542\" role=\"presentation\"\/>\t\t\t\t\t\t\t\t<\/a>\n\t\t\t\t\t\t\t\t<a style=\"display:none;\" href=\"https:\/\/www.paroisse-aucamville-st-loup-cammas.fr\/site\/wp-content\/uploads\/IMG-20250514-WA0004.jpg\" data-rel=\"iLightbox[gallery20536]\"  title=\"\" data-title=\"IMG-20250514-WA0004\" data-caption=\"\">\n\t\t\t\t\t\t\t\t\t\t\t\t\t\t\t\t\t<\/a>\n\t\t\t\t\t\t\t<\/div>\n\t\t\t\t\t\t<\/li>\n\t\t\t\t\t\t\t\t\t\t\t\t\t\t\t\t\t\t\t\t\t<\/ul>\n\t<\/div>\n\t<div class=\"fusion-post-content post-content\"><h2 class=\"blog-shortcode-post-title entry-title\"><a href=\"https:\/\/www.paroisse-aucamville-st-loup-cammas.fr\/site\/nos-petits-a-la-basilique-de-saint-sernin\/\">Nos petits \u00e0 la basilique de Saint Sernin.<\/a><\/h2><p class=\"fusion-single-line-meta\"><span class=\"vcard\" style=\"display: none;\"><span class=\"fn\"><a href=\"https:\/\/www.paroisse-aucamville-st-loup-cammas.fr\/site\/author\/maryline-laguens\/\" title=\"Articles par Maryline Laguens\" rel=\"author\">Maryline Laguens<\/a><\/span><\/span><span class=\"updated\" style=\"display:none;\">2025-05-18T15:26:03+01:00<\/span><span>18 mai  2025<\/span><span class=\"fusion-inline-sep\">|<\/span><\/p><div class=\"fusion-post-content-container\"><p>Ce samedi 10 mai nous nous sommes rendus en p\u00e8lerinage avec les enfants de l\u2019\u00e9veil \u00e0 la foi et du CE2 et leur famille, pour leur faire d\u00e9couvrir le saint patron du dioc\u00e8se de Toulouse. [...]<\/p><\/div><\/div><div class=\"fusion-clearfix\"><\/div><div class=\"fusion-meta-info\"><div class=\"fusion-alignright\"><a class=\"fusion-read-more\" href=\"https:\/\/www.paroisse-aucamville-st-loup-cammas.fr\/site\/nos-petits-a-la-basilique-de-saint-sernin\/\">Read More<\/a><\/div><\/div><\/article>\n<article id=\"blog-1-post-20475\" class=\"fusion-post-medium-alternate post-20475 post type-post status-publish format-standard has-post-thumbnail hentry category-aumonerie category-bapteme-adultes category-bapteme-enfant category-catechisme category-catechumenat category-eveil-a-la-foi category-pages-accueil category-pretres-et-diacres category-vie-groupes\">\n<div class=\"fusion-date-and-formats\"><div class=\"fusion-date-box updated\"><span class=\"fusion-date\">22<\/span><span class=\"fusion-month-year\">04, 2025<\/span><\/div><div class=\"fusion-format-box\"><i class=\"fusion-icon-pen\"><\/i><\/div><\/div>\t<style type=\"text\/css\">\n\t\t\n\t\t\n\t\t\n\t\t\n\t\t\t<\/style>\n\n\n\t\t\t<div class=\"fusion-flexslider flexslider fusion-flexslider-loading fusion-post-slideshow\" style=\"\">\n\t\t<ul class=\"slides\">\n\t\t\t\n\t\t\t\t\t\t\t\t\t\t\t\t\t\t<li>\n\n<div  class=\"fusion-image-wrapper fusion-image-size-fixed\" aria-haspopup=\"true\">\n\t\n\t\n\t\t\n\t\t\t\t\t<img width=\"320\" height=\"202\" src=\"https:\/\/www.paroisse-aucamville-st-loup-cammas.fr\/site\/wp-content\/uploads\/IMG-20250422-WA0002-320x202.jpg\" class=\"attachment-blog-medium size-blog-medium wp-post-image\" alt=\"\" loading=\"lazy\" srcset=\"https:\/\/www.paroisse-aucamville-st-loup-cammas.fr\/site\/wp-content\/uploads\/IMG-20250422-WA0002-320x202.jpg 320w, https:\/\/www.paroisse-aucamville-st-loup-cammas.fr\/site\/wp-content\/uploads\/IMG-20250422-WA0002-700x441.jpg 700w\" sizes=\"(max-width: 320px) 100vw, 320px\" \/>\n\t\n\n\t\t<div class=\"fusion-rollover\">\n\t<div class=\"fusion-rollover-content\">\n\n\t\t\t\t\t\t\t\t\t\t\t\t\t\t<a class=\"fusion-rollover-link\" href=\"https:\/\/www.paroisse-aucamville-st-loup-cammas.fr\/site\/52-baptemes-a-paques\/\">52 bapt\u00eames \u00e0 P\u00e2ques.<\/a>\n\t\t\t\n\t\t\t\t\t\t\t\t\t\t\t\t\t\t\n\t\t\t\t\t\t\t\t\n\t\t\t\t\t\t\t\t\t\t\t\t\t<div class=\"fusion-rollover-sep\"><\/div>\n\t\t\t\t\n\t\t\t\t\t\t\t\t\t\t\t\t\t\t\t\t\t\t<a class=\"fusion-rollover-gallery\" href=\"https:\/\/www.paroisse-aucamville-st-loup-cammas.fr\/site\/wp-content\/uploads\/IMG-20250422-WA0002.jpg\" data-id=\"20475\" data-rel=\"iLightbox[gallery]\" data-title=\"IMG-20250422-WA0002\" data-caption=\"\">\n\t\t\t\t\t\tGallery\t\t\t\t\t<\/a>\n\t\t\t\t\t\t\t\t\t\t\t\t\t\t\n\t\t\t\t\n\t\t\t\t\t\t\t\t\t\t\t\t<h4 class=\"fusion-rollover-title\">\n\t\t\t\t\t<a href=\"https:\/\/www.paroisse-aucamville-st-loup-cammas.fr\/site\/52-baptemes-a-paques\/\">\n\t\t\t\t\t\t52 bapt\u00eames \u00e0 P\u00e2ques.\t\t\t\t\t<\/a>\n\t\t\t\t<\/h4>\n\t\t\t\n\t\t\t\t\t\t\t\t\t\t\t\t\t\t<div class=\"fusion-rollover-categories\"><a href=\"https:\/\/www.paroisse-aucamville-st-loup-cammas.fr\/site\/category\/aumonerie\/\" rel=\"tag\">Aum\u00f4nerie<\/a>, <a href=\"https:\/\/www.paroisse-aucamville-st-loup-cammas.fr\/site\/category\/bapteme-adultes\/\" rel=\"tag\">Bapt\u00eame adultes<\/a>, <a href=\"https:\/\/www.paroisse-aucamville-st-loup-cammas.fr\/site\/category\/bapteme-enfant\/\" rel=\"tag\">Bapt\u00eame enfant<\/a>, <a href=\"https:\/\/www.paroisse-aucamville-st-loup-cammas.fr\/site\/category\/catechisme\/\" rel=\"tag\">Cat\u00e9chisme<\/a>, <a href=\"https:\/\/www.paroisse-aucamville-st-loup-cammas.fr\/site\/category\/catechumenat\/\" rel=\"tag\">Cat\u00e9chum\u00e9nat<\/a>, <a href=\"https:\/\/www.paroisse-aucamville-st-loup-cammas.fr\/site\/category\/eveil-a-la-foi\/\" rel=\"tag\">Eveil \u00e0 la foi<\/a>, <a href=\"https:\/\/www.paroisse-aucamville-st-loup-cammas.fr\/site\/category\/pages-accueil\/\" rel=\"tag\">Page d'accueil<\/a>, <a href=\"https:\/\/www.paroisse-aucamville-st-loup-cammas.fr\/site\/category\/pretres-et-diacres\/\" rel=\"tag\">Pr\u00eatres et diacres<\/a>, <a href=\"https:\/\/www.paroisse-aucamville-st-loup-cammas.fr\/site\/category\/vie-groupes\/\" rel=\"tag\">Vie des groupes<\/a><\/div>\t\t\t\t\t\n\t\t\n\t\t\t\t<a class=\"fusion-link-wrapper\" href=\"https:\/\/www.paroisse-aucamville-st-loup-cammas.fr\/site\/52-baptemes-a-paques\/\" aria-label=\"52 bapt\u00eames \u00e0 P\u00e2ques.\"><\/a>\n\t<\/div>\n<\/div>\n\n\t\n<\/div>\n<\/li>\n\t\t\t\n\t\t\t\n\t\t\t\t\t\t\t\t\t\t\t\n\t\t\t\t\t\n\t\t\t\t\t\t\t\t\t\t\t<li>\n\t\t\t\t\t\t\t<div class=\"fusion-image-wrapper\">\n\t\t\t\t\t\t\t\t<a href=\"https:\/\/www.paroisse-aucamville-st-loup-cammas.fr\/site\/52-baptemes-a-paques\/\" aria-label=\"52 bapt\u00eames \u00e0 P\u00e2ques.\">\n\t\t\t\t\t\t\t\t\t<img loading=\"lazy\" width=\"320\" height=\"202\" src=\"https:\/\/www.paroisse-aucamville-st-loup-cammas.fr\/site\/wp-content\/uploads\/IMG-20250422-WA0001-320x202.jpg\" alt=\"\" class=\"wp-image-20477\" role=\"presentation\" srcset=\"https:\/\/www.paroisse-aucamville-st-loup-cammas.fr\/site\/wp-content\/uploads\/IMG-20250422-WA0001-320x202.jpg 320w, https:\/\/www.paroisse-aucamville-st-loup-cammas.fr\/site\/wp-content\/uploads\/IMG-20250422-WA0001-700x441.jpg 700w\" sizes=\"(max-width: 320px) 100vw, 320px\" \/>\t\t\t\t\t\t\t\t<\/a>\n\t\t\t\t\t\t\t\t<a style=\"display:none;\" href=\"https:\/\/www.paroisse-aucamville-st-loup-cammas.fr\/site\/wp-content\/uploads\/IMG-20250422-WA0001.jpg\" data-rel=\"iLightbox[gallery20475]\"  title=\"\" data-title=\"IMG-20250422-WA0001\" data-caption=\"\">\n\t\t\t\t\t\t\t\t\t\t\t\t\t\t\t\t\t<\/a>\n\t\t\t\t\t\t\t<\/div>\n\t\t\t\t\t\t<\/li>\n\t\t\t\t\t\t\t\t\t\t\t\t\t\t\t\t\t\t\t\t\t\t\t\t\n\t\t\t\t\t\n\t\t\t\t\t\t\t\t\t\t\t<li>\n\t\t\t\t\t\t\t<div class=\"fusion-image-wrapper\">\n\t\t\t\t\t\t\t\t<a href=\"https:\/\/www.paroisse-aucamville-st-loup-cammas.fr\/site\/52-baptemes-a-paques\/\" aria-label=\"52 bapt\u00eames \u00e0 P\u00e2ques.\">\n\t\t\t\t\t\t\t\t\t<img loading=\"lazy\" width=\"320\" height=\"202\" src=\"https:\/\/www.paroisse-aucamville-st-loup-cammas.fr\/site\/wp-content\/uploads\/IMG-20250422-WA0003-320x202.jpg\" alt=\"\" class=\"wp-image-20478\" role=\"presentation\" srcset=\"https:\/\/www.paroisse-aucamville-st-loup-cammas.fr\/site\/wp-content\/uploads\/IMG-20250422-WA0003-320x202.jpg 320w, https:\/\/www.paroisse-aucamville-st-loup-cammas.fr\/site\/wp-content\/uploads\/IMG-20250422-WA0003-700x441.jpg 700w\" sizes=\"(max-width: 320px) 100vw, 320px\" \/>\t\t\t\t\t\t\t\t<\/a>\n\t\t\t\t\t\t\t\t<a style=\"display:none;\" href=\"https:\/\/www.paroisse-aucamville-st-loup-cammas.fr\/site\/wp-content\/uploads\/IMG-20250422-WA0003.jpg\" data-rel=\"iLightbox[gallery20475]\"  title=\"\" data-title=\"IMG-20250422-WA0003\" data-caption=\"\">\n\t\t\t\t\t\t\t\t\t\t\t\t\t\t\t\t\t<\/a>\n\t\t\t\t\t\t\t<\/div>\n\t\t\t\t\t\t<\/li>\n\t\t\t\t\t\t\t\t\t\t\t\t\t\t\t\t\t\t\t\t\t\t\t\t\n\t\t\t\t\t\n\t\t\t\t\t\t\t\t\t\t\t<li>\n\t\t\t\t\t\t\t<div class=\"fusion-image-wrapper\">\n\t\t\t\t\t\t\t\t<a href=\"https:\/\/www.paroisse-aucamville-st-loup-cammas.fr\/site\/52-baptemes-a-paques\/\" aria-label=\"52 bapt\u00eames \u00e0 P\u00e2ques.\">\n\t\t\t\t\t\t\t\t\t<img loading=\"lazy\" width=\"320\" height=\"202\" src=\"https:\/\/www.paroisse-aucamville-st-loup-cammas.fr\/site\/wp-content\/uploads\/IMG-20250420-WA0007-320x202.jpg\" alt=\"\" class=\"wp-image-20479\" role=\"presentation\"\/>\t\t\t\t\t\t\t\t<\/a>\n\t\t\t\t\t\t\t\t<a style=\"display:none;\" href=\"https:\/\/www.paroisse-aucamville-st-loup-cammas.fr\/site\/wp-content\/uploads\/IMG-20250420-WA0007.jpg\" data-rel=\"iLightbox[gallery20475]\"  title=\"\" data-title=\"IMG-20250420-WA0007\" data-caption=\"\">\n\t\t\t\t\t\t\t\t\t\t\t\t\t\t\t\t\t<\/a>\n\t\t\t\t\t\t\t<\/div>\n\t\t\t\t\t\t<\/li>\n\t\t\t\t\t\t\t\t\t\t\t\t\t\t\t\t\t\t\t\t\t\t\t\t\t\t\t\t\t\t\t\t\t\t\t\t<\/ul>\n\t<\/div>\n\t<div class=\"fusion-post-content post-content\"><h2 class=\"blog-shortcode-post-title entry-title\"><a href=\"https:\/\/www.paroisse-aucamville-st-loup-cammas.fr\/site\/52-baptemes-a-paques\/\">52 bapt\u00eames \u00e0 P\u00e2ques.<\/a><\/h2><p class=\"fusion-single-line-meta\"><span class=\"vcard\" style=\"display: none;\"><span class=\"fn\"><a href=\"https:\/\/www.paroisse-aucamville-st-loup-cammas.fr\/site\/author\/maryline-laguens\/\" title=\"Articles par Maryline Laguens\" rel=\"author\">Maryline Laguens<\/a><\/span><\/span><span class=\"updated\" style=\"display:none;\">2025-04-22T18:29:23+01:00<\/span><span>22 avril  2025<\/span><span class=\"fusion-inline-sep\">|<\/span><\/p><div class=\"fusion-post-content-container\"><p>Notre communaut\u00e9 paroissiale \u00e0 eu la joie de c\u00e9l\u00e9brer, en ce week-end de P\u00e2ques, 52 bapt\u00eames. 26 adultes et 1 adolescent se sont faits baptiser par Monseigneur Batut pendant la Veill\u00e9e pascale \u00e0 Castelginest. Le [...]<\/p><\/div><\/div><div class=\"fusion-clearfix\"><\/div><div class=\"fusion-meta-info\"><div class=\"fusion-alignright\"><a class=\"fusion-read-more\" href=\"https:\/\/www.paroisse-aucamville-st-loup-cammas.fr\/site\/52-baptemes-a-paques\/\">Read More<\/a><\/div><\/div><\/article>\n<article id=\"blog-1-post-20191\" class=\"fusion-post-medium-alternate post-20191 post type-post status-publish format-standard has-post-thumbnail hentry category-eveil-a-la-foi category-pages-accueil category-vie-groupes\">\n<div class=\"fusion-date-and-formats\"><div class=\"fusion-date-box updated\"><span class=\"fusion-date\">19<\/span><span class=\"fusion-month-year\">11, 2024<\/span><\/div><div class=\"fusion-format-box\"><i class=\"fusion-icon-pen\"><\/i><\/div><\/div>\t<style type=\"text\/css\">\n\t\t\n\t\t\n\t\t\n\t\t\n\t\t\t<\/style>\n\n\n\t\t\t<div class=\"fusion-flexslider flexslider fusion-flexslider-loading fusion-post-slideshow\" style=\"\">\n\t\t<ul class=\"slides\">\n\t\t\t\n\t\t\t\t\t\t\t\t\t\t\t\t\t\t<li>\n\n<div  class=\"fusion-image-wrapper fusion-image-size-fixed\" aria-haspopup=\"true\">\n\t\n\t\n\t\t\n\t\t\t\t\t<img width=\"320\" height=\"202\" src=\"https:\/\/www.paroisse-aucamville-st-loup-cammas.fr\/site\/wp-content\/uploads\/IMG-20241119-WA0012-320x202.jpg\" class=\"attachment-blog-medium size-blog-medium wp-post-image\" alt=\"\" loading=\"lazy\" \/>\n\t\n\n\t\t<div class=\"fusion-rollover\">\n\t<div class=\"fusion-rollover-content\">\n\n\t\t\t\t\t\t\t\t\t\t\t\t\t\t<a class=\"fusion-rollover-link\" href=\"https:\/\/www.paroisse-aucamville-st-loup-cammas.fr\/site\/les-artistes-en-herbe-realisent-une-oeuvre-qui-exprime-la-lumiere-de-dieu-festival-de-la-beaute-divine\/\">Les Artistes en Herbe r\u00e9alisent une \u0153uvre qui exprime la lumi\u00e8re de Dieu \u2018Festival de la beaut\u00e9 divine\u2019 .<\/a>\n\t\t\t\n\t\t\t\t\t\t\t\t\t\t\t\t\t\t\n\t\t\t\t\t\t\t\t\n\t\t\t\t\t\t\t\t\t\t\t\t\t<div class=\"fusion-rollover-sep\"><\/div>\n\t\t\t\t\n\t\t\t\t\t\t\t\t\t\t\t\t\t\t\t\t\t\t<a class=\"fusion-rollover-gallery\" href=\"https:\/\/www.paroisse-aucamville-st-loup-cammas.fr\/site\/wp-content\/uploads\/IMG-20241119-WA0012.jpg\" data-id=\"20191\" data-rel=\"iLightbox[gallery]\" data-title=\"IMG-20241119-WA0012\" data-caption=\"\">\n\t\t\t\t\t\tGallery\t\t\t\t\t<\/a>\n\t\t\t\t\t\t\t\t\t\t\t\t\t\t\n\t\t\t\t\n\t\t\t\t\t\t\t\t\t\t\t\t<h4 class=\"fusion-rollover-title\">\n\t\t\t\t\t<a href=\"https:\/\/www.paroisse-aucamville-st-loup-cammas.fr\/site\/les-artistes-en-herbe-realisent-une-oeuvre-qui-exprime-la-lumiere-de-dieu-festival-de-la-beaute-divine\/\">\n\t\t\t\t\t\tLes Artistes en Herbe r\u00e9alisent une \u0153uvre qui exprime la lumi\u00e8re de Dieu \u2018Festival de la beaut\u00e9 divine\u2019 .\t\t\t\t\t<\/a>\n\t\t\t\t<\/h4>\n\t\t\t\n\t\t\t\t\t\t\t\t\t\t\t\t\t\t<div class=\"fusion-rollover-categories\"><a href=\"https:\/\/www.paroisse-aucamville-st-loup-cammas.fr\/site\/category\/eveil-a-la-foi\/\" rel=\"tag\">Eveil \u00e0 la foi<\/a>, <a href=\"https:\/\/www.paroisse-aucamville-st-loup-cammas.fr\/site\/category\/pages-accueil\/\" rel=\"tag\">Page d'accueil<\/a>, <a href=\"https:\/\/www.paroisse-aucamville-st-loup-cammas.fr\/site\/category\/vie-groupes\/\" rel=\"tag\">Vie des groupes<\/a><\/div>\t\t\t\t\t\n\t\t\n\t\t\t\t<a class=\"fusion-link-wrapper\" href=\"https:\/\/www.paroisse-aucamville-st-loup-cammas.fr\/site\/les-artistes-en-herbe-realisent-une-oeuvre-qui-exprime-la-lumiere-de-dieu-festival-de-la-beaute-divine\/\" aria-label=\"Les Artistes en Herbe r\u00e9alisent une \u0153uvre qui exprime la lumi\u00e8re de Dieu \u2018Festival de la beaut\u00e9 divine\u2019 .\"><\/a>\n\t<\/div>\n<\/div>\n\n\t\n<\/div>\n<\/li>\n\t\t\t\n\t\t\t\n\t\t\t\t\t\t\t\t\t\t\t\n\t\t\t\t\t\n\t\t\t\t\t\t\t\t\t\t\t<li>\n\t\t\t\t\t\t\t<div class=\"fusion-image-wrapper\">\n\t\t\t\t\t\t\t\t<a href=\"https:\/\/www.paroisse-aucamville-st-loup-cammas.fr\/site\/les-artistes-en-herbe-realisent-une-oeuvre-qui-exprime-la-lumiere-de-dieu-festival-de-la-beaute-divine\/\" aria-label=\"Les Artistes en Herbe r\u00e9alisent une \u0153uvre qui exprime la lumi\u00e8re de Dieu \u2018Festival de la beaut\u00e9 divine\u2019 .\">\n\t\t\t\t\t\t\t\t\t<img loading=\"lazy\" width=\"320\" height=\"202\" src=\"https:\/\/www.paroisse-aucamville-st-loup-cammas.fr\/site\/wp-content\/uploads\/IMG-20241119-WA0013-320x202.jpg\" alt=\"\" class=\"wp-image-20193\" role=\"presentation\"\/>\t\t\t\t\t\t\t\t<\/a>\n\t\t\t\t\t\t\t\t<a style=\"display:none;\" href=\"https:\/\/www.paroisse-aucamville-st-loup-cammas.fr\/site\/wp-content\/uploads\/IMG-20241119-WA0013.jpg\" data-rel=\"iLightbox[gallery20191]\"  title=\"\" data-title=\"IMG-20241119-WA0013\" data-caption=\"\">\n\t\t\t\t\t\t\t\t\t\t\t\t\t\t\t\t\t<\/a>\n\t\t\t\t\t\t\t<\/div>\n\t\t\t\t\t\t<\/li>\n\t\t\t\t\t\t\t\t\t\t\t\t\t\t\t\t\t\t\t\t\t\t\t\t\n\t\t\t\t\t\n\t\t\t\t\t\t\t\t\t\t\t<li>\n\t\t\t\t\t\t\t<div class=\"fusion-image-wrapper\">\n\t\t\t\t\t\t\t\t<a href=\"https:\/\/www.paroisse-aucamville-st-loup-cammas.fr\/site\/les-artistes-en-herbe-realisent-une-oeuvre-qui-exprime-la-lumiere-de-dieu-festival-de-la-beaute-divine\/\" aria-label=\"Les Artistes en Herbe r\u00e9alisent une \u0153uvre qui exprime la lumi\u00e8re de Dieu \u2018Festival de la beaut\u00e9 divine\u2019 .\">\n\t\t\t\t\t\t\t\t\t<img loading=\"lazy\" width=\"320\" height=\"202\" src=\"https:\/\/www.paroisse-aucamville-st-loup-cammas.fr\/site\/wp-content\/uploads\/IMG-20241119-WA0014-320x202.jpg\" alt=\"\" class=\"wp-image-20194\" role=\"presentation\"\/>\t\t\t\t\t\t\t\t<\/a>\n\t\t\t\t\t\t\t\t<a style=\"display:none;\" href=\"https:\/\/www.paroisse-aucamville-st-loup-cammas.fr\/site\/wp-content\/uploads\/IMG-20241119-WA0014.jpg\" data-rel=\"iLightbox[gallery20191]\"  title=\"\" data-title=\"IMG-20241119-WA0014\" data-caption=\"\">\n\t\t\t\t\t\t\t\t\t\t\t\t\t\t\t\t\t<\/a>\n\t\t\t\t\t\t\t<\/div>\n\t\t\t\t\t\t<\/li>\n\t\t\t\t\t\t\t\t\t\t\t\t\t\t\t\t\t\t\t\t\t\t\t\t\n\t\t\t\t\t\n\t\t\t\t\t\t\t\t\t\t\t<li>\n\t\t\t\t\t\t\t<div class=\"fusion-image-wrapper\">\n\t\t\t\t\t\t\t\t<a href=\"https:\/\/www.paroisse-aucamville-st-loup-cammas.fr\/site\/les-artistes-en-herbe-realisent-une-oeuvre-qui-exprime-la-lumiere-de-dieu-festival-de-la-beaute-divine\/\" aria-label=\"Les Artistes en Herbe r\u00e9alisent une \u0153uvre qui exprime la lumi\u00e8re de Dieu \u2018Festival de la beaut\u00e9 divine\u2019 .\">\n\t\t\t\t\t\t\t\t\t<img loading=\"lazy\" width=\"320\" height=\"202\" src=\"https:\/\/www.paroisse-aucamville-st-loup-cammas.fr\/site\/wp-content\/uploads\/IMG-20241119-WA0015-320x202.jpg\" alt=\"\" class=\"wp-image-20195\" role=\"presentation\"\/>\t\t\t\t\t\t\t\t<\/a>\n\t\t\t\t\t\t\t\t<a style=\"display:none;\" href=\"https:\/\/www.paroisse-aucamville-st-loup-cammas.fr\/site\/wp-content\/uploads\/IMG-20241119-WA0015.jpg\" data-rel=\"iLightbox[gallery20191]\"  title=\"\" data-title=\"IMG-20241119-WA0015\" data-caption=\"\">\n\t\t\t\t\t\t\t\t\t\t\t\t\t\t\t\t\t<\/a>\n\t\t\t\t\t\t\t<\/div>\n\t\t\t\t\t\t<\/li>\n\t\t\t\t\t\t\t\t\t\t\t\t\t\t\t\t\t\t\t\t\t\t\t\t\t\t\t\t\t\t\t\t\t\t\t\t<\/ul>\n\t<\/div>\n\t<div class=\"fusion-post-content post-content\"><h2 class=\"blog-shortcode-post-title entry-title\"><a href=\"https:\/\/www.paroisse-aucamville-st-loup-cammas.fr\/site\/les-artistes-en-herbe-realisent-une-oeuvre-qui-exprime-la-lumiere-de-dieu-festival-de-la-beaute-divine\/\">Les Artistes en Herbe r\u00e9alisent une \u0153uvre qui exprime la lumi\u00e8re de Dieu \u2018Festival de la beaut\u00e9 divine\u2019 .<\/a><\/h2><p class=\"fusion-single-line-meta\"><span class=\"vcard\" style=\"display: none;\"><span class=\"fn\"><a href=\"https:\/\/www.paroisse-aucamville-st-loup-cammas.fr\/site\/author\/maryline-laguens\/\" title=\"Articles par Maryline Laguens\" rel=\"author\">Maryline Laguens<\/a><\/span><\/span><span class=\"updated\" style=\"display:none;\">2024-11-19T13:09:26+01:00<\/span><span>19 novembre  2024<\/span><span class=\"fusion-inline-sep\">|<\/span><\/p><div class=\"fusion-post-content-container\"><p>Voici, ce matin les petits de l\u2019\u00e9veil \u00e0 la foi partent \u00e0 la rencontre de Celui qui les aime \u00e0 travers une activit\u00e9 particuli\u00e8re celle du vitrail de son C\u0153ur : le C\u0153ur de l\u2019amour [...]<\/p><\/div><\/div><div class=\"fusion-clearfix\"><\/div><div class=\"fusion-meta-info\"><div class=\"fusion-alignright\"><a class=\"fusion-read-more\" href=\"https:\/\/www.paroisse-aucamville-st-loup-cammas.fr\/site\/les-artistes-en-herbe-realisent-une-oeuvre-qui-exprime-la-lumiere-de-dieu-festival-de-la-beaute-divine\/\">Read More<\/a><\/div><\/div><\/article>\n<article id=\"blog-1-post-20036\" class=\"fusion-post-medium-alternate post-20036 post type-post status-publish format-standard has-post-thumbnail hentry category-aumonerie category-catechisme category-eveil-a-la-foi category-pages-accueil category-vie-groupes\">\n<div class=\"fusion-date-and-formats\"><div class=\"fusion-date-box updated\"><span class=\"fusion-date\">21<\/span><span class=\"fusion-month-year\">08, 2024<\/span><\/div><div class=\"fusion-format-box\"><i class=\"fusion-icon-pen\"><\/i><\/div><\/div>\t<style type=\"text\/css\">\n\t\t\n\t\t\n\t\t\n\t\t\n\t\t\t<\/style>\n\n\n\t\t\t<div class=\"fusion-flexslider flexslider fusion-flexslider-loading fusion-post-slideshow\" style=\"\">\n\t\t<ul class=\"slides\">\n\t\t\t\n\t\t\t\t\t\t\t\t\t\t\t\t\t\t<li>\n\n<div  class=\"fusion-image-wrapper fusion-image-size-fixed\" aria-haspopup=\"true\">\n\t\n\t\n\t\t\n\t\t\t\t\t<img width=\"320\" height=\"202\" src=\"https:\/\/www.paroisse-aucamville-st-loup-cammas.fr\/site\/wp-content\/uploads\/20240816_103611-320x202.jpg\" class=\"attachment-blog-medium size-blog-medium wp-post-image\" alt=\"\" loading=\"lazy\" \/>\n\t\n\n\t\t<div class=\"fusion-rollover\">\n\t<div class=\"fusion-rollover-content\">\n\n\t\t\t\t\t\t\t\t\t\t\t\t\t\t<a class=\"fusion-rollover-link\" href=\"https:\/\/www.paroisse-aucamville-st-loup-cammas.fr\/site\/kt-et-aumonerie-la-rentree\/\">KT et aum\u00f4nerie : la rentr\u00e9e !<\/a>\n\t\t\t\n\t\t\t\t\t\t\t\t\t\t\t\t\t\t\n\t\t\t\t\t\t\t\t\n\t\t\t\t\t\t\t\t\t\t\t\t\t<div class=\"fusion-rollover-sep\"><\/div>\n\t\t\t\t\n\t\t\t\t\t\t\t\t\t\t\t\t\t\t\t\t\t\t<a class=\"fusion-rollover-gallery\" href=\"https:\/\/www.paroisse-aucamville-st-loup-cammas.fr\/site\/wp-content\/uploads\/20240816_103611.jpg\" data-id=\"20036\" data-rel=\"iLightbox[gallery]\" data-title=\"20240816_103611\" data-caption=\"\">\n\t\t\t\t\t\tGallery\t\t\t\t\t<\/a>\n\t\t\t\t\t\t\t\t\t\t\t\t\t\t\n\t\t\t\t\n\t\t\t\t\t\t\t\t\t\t\t\t<h4 class=\"fusion-rollover-title\">\n\t\t\t\t\t<a href=\"https:\/\/www.paroisse-aucamville-st-loup-cammas.fr\/site\/kt-et-aumonerie-la-rentree\/\">\n\t\t\t\t\t\tKT et aum\u00f4nerie : la rentr\u00e9e !\t\t\t\t\t<\/a>\n\t\t\t\t<\/h4>\n\t\t\t\n\t\t\t\t\t\t\t\t\t\t\t\t\t\t<div class=\"fusion-rollover-categories\"><a href=\"https:\/\/www.paroisse-aucamville-st-loup-cammas.fr\/site\/category\/aumonerie\/\" rel=\"tag\">Aum\u00f4nerie<\/a>, <a href=\"https:\/\/www.paroisse-aucamville-st-loup-cammas.fr\/site\/category\/catechisme\/\" rel=\"tag\">Cat\u00e9chisme<\/a>, <a href=\"https:\/\/www.paroisse-aucamville-st-loup-cammas.fr\/site\/category\/eveil-a-la-foi\/\" rel=\"tag\">Eveil \u00e0 la foi<\/a>, <a href=\"https:\/\/www.paroisse-aucamville-st-loup-cammas.fr\/site\/category\/pages-accueil\/\" rel=\"tag\">Page d'accueil<\/a>, <a href=\"https:\/\/www.paroisse-aucamville-st-loup-cammas.fr\/site\/category\/vie-groupes\/\" rel=\"tag\">Vie des groupes<\/a><\/div>\t\t\t\t\t\n\t\t\n\t\t\t\t<a class=\"fusion-link-wrapper\" href=\"https:\/\/www.paroisse-aucamville-st-loup-cammas.fr\/site\/kt-et-aumonerie-la-rentree\/\" aria-label=\"KT et aum\u00f4nerie : la rentr\u00e9e !\"><\/a>\n\t<\/div>\n<\/div>\n\n\t\n<\/div>\n<\/li>\n\t\t\t\n\t\t\t\n\t\t\t\t\t\t\t\t\t\t\t\t\t\t\t\t\t\t\t\t\t\t\t\t\t\t\t\t\t\t\t\t\t\t\t\t\t\t\t\t\t\t\t\t\t\t\t\t\t\t\t\t\t\t\t\t\t\t\t\t\t\t\t\t\t\t\t\t<\/ul>\n\t<\/div>\n\t<div class=\"fusion-post-content post-content\"><h2 class=\"blog-shortcode-post-title entry-title\"><a href=\"https:\/\/www.paroisse-aucamville-st-loup-cammas.fr\/site\/kt-et-aumonerie-la-rentree\/\">KT et aum\u00f4nerie : la rentr\u00e9e !<\/a><\/h2><p class=\"fusion-single-line-meta\"><span class=\"vcard\" style=\"display: none;\"><span class=\"fn\"><a href=\"https:\/\/www.paroisse-aucamville-st-loup-cammas.fr\/site\/author\/maryline-laguens\/\" title=\"Articles par Maryline Laguens\" rel=\"author\">Maryline Laguens<\/a><\/span><\/span><span class=\"updated\" style=\"display:none;\">2024-08-21T17:46:43+01:00<\/span><span>21 ao\u00fbt  2024<\/span><span class=\"fusion-inline-sep\">|<\/span><\/p><div class=\"fusion-post-content-container\"><p>Les inscriptions pour le KT, l'\u00e9veil \u00e0 foi et l'aum\u00f4nerie auront lieu : soit le mercredi 18 septembre de 15h \u00e0 18h au centre paroissial de Castelginest (9 rue Malconseil) soir le samedi 21 septembre [...]<\/p><\/div><\/div><div class=\"fusion-clearfix\"><\/div><div class=\"fusion-meta-info\"><div class=\"fusion-alignright\"><a class=\"fusion-read-more\" href=\"https:\/\/www.paroisse-aucamville-st-loup-cammas.fr\/site\/kt-et-aumonerie-la-rentree\/\">Read More<\/a><\/div><\/div><\/article>\n<article id=\"blog-1-post-19994\" class=\"fusion-post-medium-alternate post-19994 post type-post status-publish format-standard has-post-thumbnail hentry category-aumonerie category-catechisme category-eveil-a-la-foi category-pages-accueil category-vie-groupes\">\n<div class=\"fusion-date-and-formats\"><div class=\"fusion-date-box updated\"><span class=\"fusion-date\">1<\/span><span class=\"fusion-month-year\">07, 2024<\/span><\/div><div class=\"fusion-format-box\"><i class=\"fusion-icon-pen\"><\/i><\/div><\/div>\t<style type=\"text\/css\">\n\t\t\n\t\t\n\t\t\n\t\t\n\t\t\t<\/style>\n\n\n\t\t\t<div class=\"fusion-flexslider flexslider fusion-flexslider-loading fusion-post-slideshow\" style=\"\">\n\t\t<ul class=\"slides\">\n\t\t\t\n\t\t\t\t\t\t\t\t\t\t\t\t\t\t<li>\n\n<div  class=\"fusion-image-wrapper fusion-image-size-fixed\" aria-haspopup=\"true\">\n\t\n\t\n\t\t\n\t\t\t\t\t<img width=\"320\" height=\"202\" src=\"https:\/\/www.paroisse-aucamville-st-loup-cammas.fr\/site\/wp-content\/uploads\/1000013365-320x202.jpg\" class=\"attachment-blog-medium size-blog-medium wp-post-image\" alt=\"\" loading=\"lazy\" srcset=\"https:\/\/www.paroisse-aucamville-st-loup-cammas.fr\/site\/wp-content\/uploads\/1000013365-320x202.jpg 320w, https:\/\/www.paroisse-aucamville-st-loup-cammas.fr\/site\/wp-content\/uploads\/1000013365-700x441.jpg 700w\" sizes=\"(max-width: 320px) 100vw, 320px\" \/>\n\t\n\n\t\t<div class=\"fusion-rollover\">\n\t<div class=\"fusion-rollover-content\">\n\n\t\t\t\t\t\t\t\t\t\t\t\t\t\t<a class=\"fusion-rollover-link\" href=\"https:\/\/www.paroisse-aucamville-st-loup-cammas.fr\/site\/leveil-a-la-foi-le-catechisme-et-laumonerie-en-fete\/\">L&rsquo;\u00e9veil \u00e0 la foi,\u00a0le cat\u00e9chisme et l\u2019aum\u00f4nerie en f\u00eate\u00a0!<\/a>\n\t\t\t\n\t\t\t\t\t\t\t\t\t\t\t\t\t\t\n\t\t\t\t\t\t\t\t\n\t\t\t\t\t\t\t\t\t\t\t\t\t<div class=\"fusion-rollover-sep\"><\/div>\n\t\t\t\t\n\t\t\t\t\t\t\t\t\t\t\t\t\t\t\t\t\t\t<a class=\"fusion-rollover-gallery\" href=\"https:\/\/www.paroisse-aucamville-st-loup-cammas.fr\/site\/wp-content\/uploads\/1000013365.jpg\" data-id=\"19994\" data-rel=\"iLightbox[gallery]\" data-title=\"1000013365\" data-caption=\"\">\n\t\t\t\t\t\tGallery\t\t\t\t\t<\/a>\n\t\t\t\t\t\t\t\t\t\t\t\t\t\t\n\t\t\t\t\n\t\t\t\t\t\t\t\t\t\t\t\t<h4 class=\"fusion-rollover-title\">\n\t\t\t\t\t<a href=\"https:\/\/www.paroisse-aucamville-st-loup-cammas.fr\/site\/leveil-a-la-foi-le-catechisme-et-laumonerie-en-fete\/\">\n\t\t\t\t\t\tL&rsquo;\u00e9veil \u00e0 la foi,\u00a0le cat\u00e9chisme et l\u2019aum\u00f4nerie en f\u00eate\u00a0!\t\t\t\t\t<\/a>\n\t\t\t\t<\/h4>\n\t\t\t\n\t\t\t\t\t\t\t\t\t\t\t\t\t\t<div class=\"fusion-rollover-categories\"><a href=\"https:\/\/www.paroisse-aucamville-st-loup-cammas.fr\/site\/category\/aumonerie\/\" rel=\"tag\">Aum\u00f4nerie<\/a>, <a href=\"https:\/\/www.paroisse-aucamville-st-loup-cammas.fr\/site\/category\/catechisme\/\" rel=\"tag\">Cat\u00e9chisme<\/a>, <a href=\"https:\/\/www.paroisse-aucamville-st-loup-cammas.fr\/site\/category\/eveil-a-la-foi\/\" rel=\"tag\">Eveil \u00e0 la foi<\/a>, <a href=\"https:\/\/www.paroisse-aucamville-st-loup-cammas.fr\/site\/category\/pages-accueil\/\" rel=\"tag\">Page d'accueil<\/a>, <a href=\"https:\/\/www.paroisse-aucamville-st-loup-cammas.fr\/site\/category\/vie-groupes\/\" rel=\"tag\">Vie des groupes<\/a><\/div>\t\t\t\t\t\n\t\t\n\t\t\t\t<a class=\"fusion-link-wrapper\" href=\"https:\/\/www.paroisse-aucamville-st-loup-cammas.fr\/site\/leveil-a-la-foi-le-catechisme-et-laumonerie-en-fete\/\" aria-label=\"L&rsquo;\u00e9veil \u00e0 la foi,\u00a0le cat\u00e9chisme et l\u2019aum\u00f4nerie en f\u00eate\u00a0!\"><\/a>\n\t<\/div>\n<\/div>\n\n\t\n<\/div>\n<\/li>\n\t\t\t\n\t\t\t\n\t\t\t\t\t\t\t\t\t\t\t\n\t\t\t\t\t\n\t\t\t\t\t\t\t\t\t\t\t<li>\n\t\t\t\t\t\t\t<div class=\"fusion-image-wrapper\">\n\t\t\t\t\t\t\t\t<a href=\"https:\/\/www.paroisse-aucamville-st-loup-cammas.fr\/site\/leveil-a-la-foi-le-catechisme-et-laumonerie-en-fete\/\" aria-label=\"L&rsquo;\u00e9veil \u00e0 la foi,\u00a0le cat\u00e9chisme et l\u2019aum\u00f4nerie en f\u00eate\u00a0!\">\n\t\t\t\t\t\t\t\t\t<img loading=\"lazy\" width=\"320\" height=\"202\" src=\"https:\/\/www.paroisse-aucamville-st-loup-cammas.fr\/site\/wp-content\/uploads\/1000013416-320x202.jpg\" alt=\"\" class=\"wp-image-19996\" role=\"presentation\" srcset=\"https:\/\/www.paroisse-aucamville-st-loup-cammas.fr\/site\/wp-content\/uploads\/1000013416-320x202.jpg 320w, https:\/\/www.paroisse-aucamville-st-loup-cammas.fr\/site\/wp-content\/uploads\/1000013416-700x441.jpg 700w\" sizes=\"(max-width: 320px) 100vw, 320px\" \/>\t\t\t\t\t\t\t\t<\/a>\n\t\t\t\t\t\t\t\t<a style=\"display:none;\" href=\"https:\/\/www.paroisse-aucamville-st-loup-cammas.fr\/site\/wp-content\/uploads\/1000013416.jpg\" data-rel=\"iLightbox[gallery19994]\"  title=\"\" data-title=\"1000013416\" data-caption=\"\">\n\t\t\t\t\t\t\t\t\t\t\t\t\t\t\t\t\t<\/a>\n\t\t\t\t\t\t\t<\/div>\n\t\t\t\t\t\t<\/li>\n\t\t\t\t\t\t\t\t\t\t\t\t\t\t\t\t\t\t\t\t\t\t\t\t\n\t\t\t\t\t\n\t\t\t\t\t\t\t\t\t\t\t<li>\n\t\t\t\t\t\t\t<div class=\"fusion-image-wrapper\">\n\t\t\t\t\t\t\t\t<a href=\"https:\/\/www.paroisse-aucamville-st-loup-cammas.fr\/site\/leveil-a-la-foi-le-catechisme-et-laumonerie-en-fete\/\" aria-label=\"L&rsquo;\u00e9veil \u00e0 la foi,\u00a0le cat\u00e9chisme et l\u2019aum\u00f4nerie en f\u00eate\u00a0!\">\n\t\t\t\t\t\t\t\t\t<img loading=\"lazy\" width=\"320\" height=\"202\" src=\"https:\/\/www.paroisse-aucamville-st-loup-cammas.fr\/site\/wp-content\/uploads\/1000013342-320x202.jpg\" alt=\"\" class=\"wp-image-19997\" role=\"presentation\" srcset=\"https:\/\/www.paroisse-aucamville-st-loup-cammas.fr\/site\/wp-content\/uploads\/1000013342-320x202.jpg 320w, https:\/\/www.paroisse-aucamville-st-loup-cammas.fr\/site\/wp-content\/uploads\/1000013342-700x441.jpg 700w\" sizes=\"(max-width: 320px) 100vw, 320px\" \/>\t\t\t\t\t\t\t\t<\/a>\n\t\t\t\t\t\t\t\t<a style=\"display:none;\" href=\"https:\/\/www.paroisse-aucamville-st-loup-cammas.fr\/site\/wp-content\/uploads\/1000013342.jpg\" data-rel=\"iLightbox[gallery19994]\"  title=\"\" data-title=\"1000013342\" data-caption=\"\">\n\t\t\t\t\t\t\t\t\t\t\t\t\t\t\t\t\t<\/a>\n\t\t\t\t\t\t\t<\/div>\n\t\t\t\t\t\t<\/li>\n\t\t\t\t\t\t\t\t\t\t\t\t\t\t\t\t\t\t\t\t\t\t\t\t\n\t\t\t\t\t\n\t\t\t\t\t\t\t\t\t\t\t<li>\n\t\t\t\t\t\t\t<div class=\"fusion-image-wrapper\">\n\t\t\t\t\t\t\t\t<a href=\"https:\/\/www.paroisse-aucamville-st-loup-cammas.fr\/site\/leveil-a-la-foi-le-catechisme-et-laumonerie-en-fete\/\" aria-label=\"L&rsquo;\u00e9veil \u00e0 la foi,\u00a0le cat\u00e9chisme et l\u2019aum\u00f4nerie en f\u00eate\u00a0!\">\n\t\t\t\t\t\t\t\t\t<img loading=\"lazy\" width=\"320\" height=\"202\" src=\"https:\/\/www.paroisse-aucamville-st-loup-cammas.fr\/site\/wp-content\/uploads\/1000013513-320x202.jpg\" alt=\"\" class=\"wp-image-19999\" role=\"presentation\"\/>\t\t\t\t\t\t\t\t<\/a>\n\t\t\t\t\t\t\t\t<a style=\"display:none;\" href=\"https:\/\/www.paroisse-aucamville-st-loup-cammas.fr\/site\/wp-content\/uploads\/1000013513.jpg\" data-rel=\"iLightbox[gallery19994]\"  title=\"\" data-title=\"1000013513\" data-caption=\"\">\n\t\t\t\t\t\t\t\t\t\t\t\t\t\t\t\t\t<\/a>\n\t\t\t\t\t\t\t<\/div>\n\t\t\t\t\t\t<\/li>\n\t\t\t\t\t\t\t\t\t\t\t\t\t\t\t\t\t\t\t\t\t\t\t\t\t\t\t\t\t\t\t\t\t\t\t\t<\/ul>\n\t<\/div>\n\t<div class=\"fusion-post-content post-content\"><h2 class=\"blog-shortcode-post-title entry-title\"><a href=\"https:\/\/www.paroisse-aucamville-st-loup-cammas.fr\/site\/leveil-a-la-foi-le-catechisme-et-laumonerie-en-fete\/\">L&rsquo;\u00e9veil \u00e0 la foi,\u00a0le cat\u00e9chisme et l\u2019aum\u00f4nerie en f\u00eate\u00a0!<\/a><\/h2><p class=\"fusion-single-line-meta\"><span class=\"vcard\" style=\"display: none;\"><span class=\"fn\"><a href=\"https:\/\/www.paroisse-aucamville-st-loup-cammas.fr\/site\/author\/maryline-laguens\/\" title=\"Articles par Maryline Laguens\" rel=\"author\">Maryline Laguens<\/a><\/span><\/span><span class=\"updated\" style=\"display:none;\">2024-07-01T12:18:38+01:00<\/span><span>1 juillet  2024<\/span><span class=\"fusion-inline-sep\">|<\/span><\/p><div class=\"fusion-post-content-container\"><p>C\u2019est ensemble que les enfants de l'\u00e9veil \u00e0 la foi,\u00a0du cat\u00e9chisme et les jeunes de l\u2019aum\u00f4nerie se sont retrouv\u00e9s \u00e0 Labastide Saint Sernin ce samedi 22 juin pour f\u00eater le terme de cette ann\u00e9e de [...]<\/p><\/div><\/div><div class=\"fusion-clearfix\"><\/div><div class=\"fusion-meta-info\"><div class=\"fusion-alignright\"><a class=\"fusion-read-more\" href=\"https:\/\/www.paroisse-aucamville-st-loup-cammas.fr\/site\/leveil-a-la-foi-le-catechisme-et-laumonerie-en-fete\/\">Read More<\/a><\/div><\/div><\/article>\n<\/div><div class=\"pagination clearfix\"><span class=\"current\">1<\/span><a href=\"https:\/\/www.paroisse-aucamville-st-loup-cammas.fr\/site\/wp-json\/wp\/v2\/pages\/12144\/page\/2\/\" class=\"inactive\">2<\/a><a class=\"pagination-next\" href=\"https:\/\/www.paroisse-aucamville-st-loup-cammas.fr\/site\/wp-json\/wp\/v2\/pages\/12144\/page\/2\/\"><span class=\"page-text\">Next<\/span><span class=\"page-next\"><\/span><\/a><\/div><div class=\"fusion-clearfix\"><\/div><\/div><div class=\"fusion-clearfix\"><\/div>\n\n\t\t\t\t\t<\/div>\n\t\t\t\t<\/div><\/div><\/div><\/p>\n","protected":false},"excerpt":{"rendered":"","protected":false},"author":1,"featured_media":0,"parent":0,"menu_order":0,"comment_status":"closed","ping_status":"closed","template":"100-width.php","meta":[],"_links":{"self":[{"href":"https:\/\/www.paroisse-aucamville-st-loup-cammas.fr\/site\/wp-json\/wp\/v2\/pages\/12144"}],"collection":[{"href":"https:\/\/www.paroisse-aucamville-st-loup-cammas.fr\/site\/wp-json\/wp\/v2\/pages"}],"about":[{"href":"https:\/\/www.paroisse-aucamville-st-loup-cammas.fr\/site\/wp-json\/wp\/v2\/types\/page"}],"author":[{"embeddable":true,"href":"https:\/\/www.paroisse-aucamville-st-loup-cammas.fr\/site\/wp-json\/wp\/v2\/users\/1"}],"replies":[{"embeddable":true,"href":"https:\/\/www.paroisse-aucamville-st-loup-cammas.fr\/site\/wp-json\/wp\/v2\/comments?post=12144"}],"version-history":[{"count":37,"href":"https:\/\/www.paroisse-aucamville-st-loup-cammas.fr\/site\/wp-json\/wp\/v2\/pages\/12144\/revisions"}],"predecessor-version":[{"id":20694,"href":"https:\/\/www.paroisse-aucamville-st-loup-cammas.fr\/site\/wp-json\/wp\/v2\/pages\/12144\/revisions\/20694"}],"wp:attachment":[{"href":"https:\/\/www.paroisse-aucamville-st-loup-cammas.fr\/site\/wp-json\/wp\/v2\/media?parent=12144"}],"curies":[{"name":"wp","href":"https:\/\/api.w.org\/{rel}","templated":true}]}}