{"id":12241,"date":"2016-06-13T20:05:02","date_gmt":"2016-06-13T19:05:02","guid":{"rendered":"http:\/\/www.paroisse-aucamville-st-loup-cammas.fr\/site\/?page_id=12241"},"modified":"2025-06-15T10:04:30","modified_gmt":"2025-06-15T09:04:30","slug":"sacrement-malades","status":"publish","type":"page","link":"https:\/\/www.paroisse-aucamville-st-loup-cammas.fr\/site\/sacrement-malades\/","title":{"rendered":"Le sacrement des malades"},"content":{"rendered":"<p><div class=\"fusion-fullwidth fullwidth-box hundred-percent-fullwidth non-hundred-percent-height-scrolling\"  style='background-color: rgba(255,255,255,0);background-position: left top;background-repeat: no-repeat;padding-top:0px;padding-right:0px;padding-bottom:0px;padding-left:0px;border-top-width:0px;border-bottom-width:0px;border-color:#eae9e9;border-top-style:solid;border-bottom-style:solid;'><div class=\"fusion-builder-row fusion-row \"><div  class=\"fusion-layout-column fusion_builder_column fusion_builder_column_1_1  fusion-one-full fusion-column-first fusion-column-last fusion-column-no-min-height 1_1\"  style='margin-top:0px;margin-bottom:0px;'>\n\t\t\t\t\t<div class=\"fusion-column-wrapper\" style=\"padding: 0px 0px 0px 0px;background-position:left top;background-repeat:no-repeat;-webkit-background-size:cover;-moz-background-size:cover;-o-background-size:cover;background-size:cover;\"  data-bg-url=\"\">\n\t\t\t\t\t\t<link href=\"https:\/\/fonts.googleapis.com\/css?family=Open+Sans%3A600\" rel=\"stylesheet\" property=\"stylesheet\" type=\"text\/css\" media=\"all\" \/>\n<div id=\"rev_slider_21_1_wrapper\" class=\"rev_slider_wrapper fullwidthbanner-container\" style=\"margin:0px auto;background-color:transparent;padding:0px;margin-top:0px;margin-bottom:0px;\">\n<!-- START REVOLUTION SLIDER 5.2.5 auto mode -->\n\t<div id=\"rev_slider_21_1\" class=\"rev_slider fullwidthabanner\" style=\"display:none;\" data-version=\"5.2.5\">\n<ul>\t<!-- SLIDE  -->\n\t<li data-index=\"rs-21\" data-transition=\"notransition\" data-slotamount=\"default\" data-hideafterloop=\"0\" data-hideslideonmobile=\"off\"  data-easein=\"default\" data-easeout=\"default\" data-masterspeed=\"default\"  data-delay=\"15520\"  data-rotate=\"0\"  data-saveperformance=\"off\"  data-title=\"Slide\" data-param1=\"\" data-param2=\"\" data-param3=\"\" data-param4=\"\" data-param5=\"\" data-param6=\"\" data-param7=\"\" data-param8=\"\" data-param9=\"\" data-param10=\"\" data-description=\"\">\n\t\t<!-- MAIN IMAGE -->\n\t\t<img src=\"https:\/\/www.paroisse-aucamville-st-loup-cammas.fr\/site\/wp-content\/plugins\/revslider\/admin\/assets\/images\/transparent.png\"  alt=\"\" title=\"Le sacrement des malades\"  data-bgposition=\"center center\" data-bgfit=\"cover\" data-bgrepeat=\"no-repeat\" class=\"rev-slidebg\" data-no-retina>\n\t\t<!-- LAYERS -->\n\n\t\t<!-- LAYER NR. 1 -->\n\t\t<div class=\"tp-caption   tp-resizeme\" \n\t\t\t id=\"slide-21-layer-1\" \n\t\t\t data-x=\"1\" \n\t\t\t data-y=\"-1\" \n\t\t\t\t\t\tdata-width=\"['none','none','none','none']\"\n\t\t\tdata-height=\"['none','none','none','none']\"\n\t\t\tdata-transform_idle=\"o:1;\"\n \n\t\t\t data-transform_in=\"opacity:0;s:300;e:Power2.easeInOut;\" \n\t\t\t data-transform_out=\"opacity:0;s:1.875;\" \n\t\t\tdata-start=\"0\" \n\t\t\tdata-responsive_offset=\"on\" \n\n\t\t\t\n\t\t\tstyle=\"z-index: 5;\"><img src=\"https:\/\/www.paroisse-aucamville-st-loup-cammas.fr\/site\/wp-content\/uploads\/Banni\u00e8re-2.jpg\" alt=\"\" width=\"1100\" height=\"185\" data-ww=\"1298px\" data-hh=\"185px\" data-no-retina> <\/div>\n\n\t\t<!-- LAYER NR. 2 -->\n\t\t<div class=\"tp-caption tp-shape tp-shapewrapper  tp-resizeme\" \n\t\t\t id=\"slide-21-layer-3\" \n\t\t\t data-x=\"\" \n\t\t\t data-y=\"-7\" \n\t\t\t\t\t\tdata-width=\"['1301']\"\n\t\t\tdata-height=\"['322']\"\n\t\t\tdata-transform_idle=\"o:1;\"\n \n\t\t\t data-transform_in=\"opacity:0;s:300;e:Power2.easeInOut;\" \n\t\t\t data-transform_out=\"opacity:0;s:1.875;\" \n\t\t\tdata-start=\"0\" \n\t\t\tdata-responsive_offset=\"on\" \n\n\t\t\t\n\t\t\tstyle=\"z-index: 6;font-family:Arial;background-color:rgba(255, 255, 255, 0.50);border-color:rgba(0, 0, 0, 0.50);\"> <\/div>\n\n\t\t<!-- LAYER NR. 3 -->\n\t\t<div class=\"tp-caption   tp-resizeme\" \n\t\t\t id=\"slide-21-layer-4\" \n\t\t\t data-x=\"290\" \n\t\t\t data-y=\"96\" \n\t\t\t\t\t\tdata-width=\"['965']\"\n\t\t\tdata-height=\"['121']\"\n\t\t\tdata-transform_idle=\"o:1;\"\n \n\t\t\t data-transform_in=\"x:[-100%];z:0;rX:0deg;rY:0;rZ:0;sX:1;sY:1;skX:0;skY:0;s:2230;e:Power3.easeInOut;\" \n\t\t\t data-transform_out=\"opacity:0;s:300;\" \n\t\t\t data-mask_in=\"x:0px;y:0px;\" \n\t\t\tdata-start=\"1180\" \n\t\t\tdata-splitin=\"none\" \n\t\t\tdata-splitout=\"none\" \n\t\t\tdata-responsive_offset=\"on\" \n\n\t\t\t\n\t\t\tstyle=\"z-index: 7; min-width: 965px; max-width: 965px; max-width: 121px; max-width: 121px; white-space: normal; font-size: 50px; line-height: 60px; font-weight: 600; color: rgba(76, 76, 76, 1.00);font-family:Open Sans;text-align:right;\">\u2026recevoir le sacrement des malades <\/div>\n\n\t\t<!-- LAYER NR. 4 -->\n\t\t<div class=\"tp-caption   tp-resizeme\" \n\t\t\t id=\"slide-21-layer-2\" \n\t\t\t data-x=\"center\" data-hoffset=\"241\" \n\t\t\t data-y=\"center\" data-voffset=\"25\" \n\t\t\t\t\t\tdata-width=\"['1017']\"\n\t\t\tdata-height=\"['244']\"\n\t\t\tdata-transform_idle=\"o:1;\"\n \n\t\t\t data-transform_in=\"y:[100%];z:0;rX:0deg;rY:0;rZ:0;sX:1;sY:1;skX:0;skY:0;opacity:0;s:1210;e:Power2.easeInOut;\" \n\t\t\t data-transform_out=\"opacity:0;s:300;\" \n\t\t\t data-mask_in=\"x:0px;y:[100%];s:inherit;e:inherit;\" \n\t\t\tdata-start=\"0\" \n\t\t\tdata-splitin=\"none\" \n\t\t\tdata-splitout=\"none\" \n\t\t\tdata-responsive_offset=\"on\" \n\n\t\t\t\n\t\t\tstyle=\"z-index: 8; min-width: 1017px; max-width: 1017px; max-width: 244px; max-width: 244px; white-space: normal; font-size: 70px; line-height: 100px; font-weight: 600; color: rgba(255, 152, 0, 1.00);font-family:Open Sans;\">Je d\u00e9sire\u2026 <\/div>\n\t<\/li>\n<\/ul>\n<div class=\"tp-bannertimer tp-bottom\" style=\"visibility: hidden !important;\"><\/div>\t<\/div>\n<script>var htmlDiv = document.getElementById(\"rs-plugin-settings-inline-css\"); var htmlDivCss=\"\";\r\n\t\t\t\tif(htmlDiv) {\r\n\t\t\t\t\thtmlDiv.innerHTML = htmlDiv.innerHTML + htmlDivCss;\r\n\t\t\t\t}else{\r\n\t\t\t\t\tvar htmlDiv = document.createElement(\"div\");\r\n\t\t\t\t\thtmlDiv.innerHTML = \"<style>\" + htmlDivCss + \"<\/style>\";\r\n\t\t\t\t\tdocument.getElementsByTagName(\"head\")[0].appendChild(htmlDiv.childNodes[0]);\r\n\t\t\t\t}\r\n\t\t\t<\/script>\n\t\t<script type=\"text\/javascript\">\r\n\t\t\t\t\t\t\/******************************************\r\n\t\t\t\t-\tPREPARE PLACEHOLDER FOR SLIDER\t-\r\n\t\t\t******************************************\/\r\n\r\n\t\t\tvar setREVStartSize=function(){\r\n\t\t\t\ttry{var e=new Object,i=jQuery(window).width(),t=9999,r=0,n=0,l=0,f=0,s=0,h=0;\r\n\t\t\t\t\te.c = jQuery('#rev_slider_21_1');\r\n\t\t\t\t\te.gridwidth = [1300];\r\n\t\t\t\t\te.gridheight = [185];\r\n\t\t\t\t\t\t\t\r\n\t\t\t\t\te.sliderLayout = \"auto\";\r\n\t\t\t\t\tif(e.responsiveLevels&&(jQuery.each(e.responsiveLevels,function(e,f){f>i&&(t=r=f,l=e),i>f&&f>r&&(r=f,n=e)}),t>r&&(l=n)),f=e.gridheight[l]||e.gridheight[0]||e.gridheight,s=e.gridwidth[l]||e.gridwidth[0]||e.gridwidth,h=i\/s,h=h>1?1:h,f=Math.round(h*f),\"fullscreen\"==e.sliderLayout){var u=(e.c.width(),jQuery(window).height());if(void 0!=e.fullScreenOffsetContainer){var c=e.fullScreenOffsetContainer.split(\",\");if (c) jQuery.each(c,function(e,i){u=jQuery(i).length>0?u-jQuery(i).outerHeight(!0):u}),e.fullScreenOffset.split(\"%\").length>1&&void 0!=e.fullScreenOffset&&e.fullScreenOffset.length>0?u-=jQuery(window).height()*parseInt(e.fullScreenOffset,0)\/100:void 0!=e.fullScreenOffset&&e.fullScreenOffset.length>0&&(u-=parseInt(e.fullScreenOffset,0))}f=u}else void 0!=e.minHeight&&f<e.minHeight&&(f=e.minHeight);e.c.closest(\".rev_slider_wrapper\").css({height:f})\r\n\t\t\t\t\t\r\n\t\t\t\t}catch(d){console.log(\"Failure at Presize of Slider:\"+d)}\r\n\t\t\t};\r\n\t\t\t\r\n\t\t\tsetREVStartSize();\r\n\t\t\t\r\n\t\t\t\t\t\tvar tpj=jQuery;\r\n\t\t\t\r\n\t\t\tvar revapi21;\r\n\t\t\ttpj(document).ready(function() {\n\t\t\t\tif(tpj(\"#rev_slider_21_1\").revolution == undefined){\n\t\t\t\t\trevslider_showDoubleJqueryError(\"#rev_slider_21_1\");\n\t\t\t\t}else{\n\t\t\t\t\trevapi21 = tpj(\"#rev_slider_21_1\").show().revolution({\n\t\t\t\t\t\tsliderType:\"standard\",\njsFileLocation:\"\/\/www.paroisse-aucamville-st-loup-cammas.fr\/site\/wp-content\/plugins\/revslider\/public\/assets\/js\/\",\n\t\t\t\t\t\tsliderLayout:\"auto\",\n\t\t\t\t\t\tdottedOverlay:\"none\",\n\t\t\t\t\t\tdelay:9000,\n\t\t\t\t\t\tnavigation: {\n\t\t\t\t\t\t\tonHoverStop:\"off\",\n\t\t\t\t\t\t},\n\t\t\t\t\t\tvisibilityLevels:[1240,1024,778,480],\n\t\t\t\t\t\tgridwidth:1300,\n\t\t\t\t\t\tgridheight:185,\n\t\t\t\t\t\tlazyType:\"none\",\n\t\t\t\t\t\tshadow:0,\n\t\t\t\t\t\tspinner:\"spinner0\",\n\t\t\t\t\t\tstopLoop:\"off\",\n\t\t\t\t\t\tstopAfterLoops:-1,\n\t\t\t\t\t\tstopAtSlide:-1,\n\t\t\t\t\t\tshuffle:\"off\",\n\t\t\t\t\t\tautoHeight:\"on\",\n\t\t\t\t\t\tdisableProgressBar:\"on\",\n\t\t\t\t\t\thideThumbsOnMobile:\"off\",\n\t\t\t\t\t\thideSliderAtLimit:0,\n\t\t\t\t\t\thideCaptionAtLimit:0,\n\t\t\t\t\t\thideAllCaptionAtLilmit:0,\n\t\t\t\t\t\tdebugMode:false,\n\t\t\t\t\t\tfallbacks: {\n\t\t\t\t\t\t\tsimplifyAll:\"off\",\n\t\t\t\t\t\t\tnextSlideOnWindowFocus:\"off\",\n\t\t\t\t\t\t\tdisableFocusListener:false,\n\t\t\t\t\t\t}\n\t\t\t\t\t});\n\t\t\t\t}\n\t\t\t});\t\/*ready*\/\n\t\t<\/script>\r\n\t\t<\/div><!-- END REVOLUTION SLIDER --><div class=\"fusion-clearfix\"><\/div>\n\n\t\t\t\t\t<\/div>\n\t\t\t\t<\/div><\/div><\/div><div class=\"fusion-fullwidth fullwidth-box nonhundred-percent-fullwidth non-hundred-percent-height-scrolling\"  style='background-color: rgba(255,255,255,0);background-position: left top;background-repeat: no-repeat;padding-top:20px;padding-right:0px;padding-bottom:20px;padding-left:0px;border-top-width:0px;border-bottom-width:0px;border-color:#eae9e9;border-top-style:solid;border-bottom-style:solid;'><div class=\"fusion-builder-row fusion-row \"><div  class=\"fusion-layout-column fusion_builder_column fusion_builder_column_1_1  fusion-one-full fusion-column-first fusion-column-last 1_1\"  style='margin-top:0px;margin-bottom:20px;'>\n\t\t\t\t\t<div class=\"fusion-column-wrapper\" style=\"padding: 0px 0px 0px 0px;background-position:left top;background-repeat:no-repeat;-webkit-background-size:cover;-moz-background-size:cover;-o-background-size:cover;background-size:cover;\"  data-bg-url=\"\">\n\t\t\t\t\t\t<style type='text\/css'>.reading-box-container-1 .element-bottomshadow:before,.reading-box-container-1 .element-bottomshadow:after{opacity:0.7;}<\/style><div class=\"fusion-reading-box-container reading-box-container-1\" style=\"margin-top:0px;margin-bottom:84px;\"><div class=\"reading-box\" style=\"background-color:#f6f6f6;border-width:1px;border-color:#f6f6f6;border-top-width:3px;border-top-color:#ff9800;border-style:solid;\"><div class=\"reading-box-additional\">\n<h2>Par le sacrement des malades, la personne re\u00e7oit la gr\u00e2ce qui la fortifie et l&rsquo;esp\u00e9rance dans l&rsquo;\u00e9preuve qu&rsquo;elle vit. Elle s&rsquo;unit ainsi au Christ souffrant qui aime. A l&rsquo;approche de la mort, elle pr\u00e9pare son \u00e2me \u00e0 la rencontre d\u00e9finitive avec le P\u00e8re.<\/h2>\n<\/div><div class=\"fusion-clearfix\"><\/div><\/div><\/div><div class=\"fusion-clearfix\"><\/div>\n\n\t\t\t\t\t<\/div>\n\t\t\t\t<\/div><div  class=\"fusion-layout-column fusion_builder_column fusion_builder_column_2_3  fusion-two-third fusion-column-first 2_3\"  style='margin-top:0px;margin-bottom:20px;width:65.3333%; margin-right: 4%;'>\n\t\t\t\t\t<div class=\"fusion-column-wrapper\" style=\"padding: 0px 0px 0px 0px;background-position:left top;background-repeat:no-repeat;-webkit-background-size:cover;-moz-background-size:cover;-o-background-size:cover;background-size:cover;\"  data-bg-url=\"\">\n\t\t\t\t\t\t<div class=\"fusion-title title fusion-title-size-two\" style=\"margin-top:0px;margin-bottom:31px;\"><h2 class=\"title-heading-left\">Qu&rsquo;est ce que le sacrement des malades ?<\/h2><div class=\"title-sep-container\"><div class=\"title-sep sep-double sep-solid\" style=\"border-color:#e0dede;\"><\/div><\/div><\/div><div class=\"fusion-text\"><p style=\"text-align: justify;\">Le sacrement des malades, appel\u00e9 aussi \u00ab Onction des malades \u00bb manifeste la tendresse du Seigneur qui, par son Eglise, a une attention particuli\u00e8re pour les malades et les personnes touch\u00e9s dans leur corps et dans leur c\u0153ur par l\u2019\u00e9preuve de la maladie. Ce sacrement de vie nourrit et affermit la foi, l\u2019esp\u00e9rance et l\u2019Amour dans la vie du malade. Il ne s\u2019agit pas d\u2019un sacrement des morts\u2026 ou de la mort : tous les sacrements, et celui-ci en particulier, nourrissent la vie divine dans le c\u0153ur du malade. Il est v\u00e9cu et re\u00e7u dans le cadre de la communaut\u00e9 eccl\u00e9siale, repr\u00e9sent\u00e9 par le pr\u00eatre, le malade, sa famille, les membres de l\u2019\u00e9quipe SEM\u2026. Le malade re\u00e7oit la gr\u00e2ce qui le fortifie dans sa faiblesse, l\u2019esp\u00e9rance dans l\u2019\u00e9preuve de la maladie ou lors une op\u00e9ration chirurgicale importante\u2026 Par ce sacrement, le malade s\u2019unit au Christ souffrant qui aime, esp\u00e8re et croit au c\u0153ur m\u00eame de la maladie. M\u00eame si parfois le sacrement des malades ne conduit pas \u00e0 la gu\u00e9rison du corps, surtout au moment o\u00f9 approche la mort du corps, ce sacrement permet au malade de retrouver la paix dans son \u00e2me, la confiance et le pardon de ses p\u00e9ch\u00e9s : ceci le pr\u00e9pare ainsi \u00e0 la rencontre d\u00e9finitive avec le Dieu de la Vie.<\/p>\n<\/div><div class=\"fusion-clearfix\"><\/div>\n\n\t\t\t\t\t<\/div>\n\t\t\t\t<\/div><div  class=\"fusion-layout-column fusion_builder_column fusion_builder_column_1_3  fusion-one-third fusion-column-last 1_3\"  style='margin-top:0px;margin-bottom:20px;width:30.6666%'>\n\t\t\t\t\t<div class=\"fusion-column-wrapper\" style=\"padding: 0px 0px 0px 0px;background-position:left top;background-repeat:no-repeat;-webkit-background-size:cover;-moz-background-size:cover;-o-background-size:cover;background-size:cover;\"  data-bg-url=\"\">\n\t\t\t\t\t\t<span class=\"fusion-imageframe imageframe-none imageframe-1 hover-type-none\"><img loading=\"lazy\" src=\"http:\/\/www.paroisse-aucamville-st-loup-cammas.fr\/site\/wp-content\/uploads\/IMG_4971-E-800x600.jpg\" width=\"800\" height=\"600\" alt=\"\" title=\"Le sacrement des malades\" class=\"img-responsive\"\/><\/span><div class=\"fusion-clearfix\"><\/div>\n\n\t\t\t\t\t<\/div>\n\t\t\t\t<\/div><div  class=\"fusion-layout-column fusion_builder_column fusion_builder_column_1_1  fusion-one-full fusion-column-first fusion-column-last 1_1\"  style='margin-top:0px;margin-bottom:20px;'>\n\t\t\t\t\t<div class=\"fusion-column-wrapper\" style=\"padding: 0px 0px 0px 0px;background-position:left top;background-repeat:no-repeat;-webkit-background-size:cover;-moz-background-size:cover;-o-background-size:cover;background-size:cover;\"  data-bg-url=\"\">\n\t\t\t\t\t\t<div class=\"fusion-content-boxes content-boxes columns row fusion-columns-1 fusion-columns-total-1 fusion-content-boxes-1 content-boxes-icon-boxed content-left\" data-animationOffset=\"100%\" style=\"margin-top:0px;margin-bottom:60px;\"><style type=\"text\/css\" scoped=\"scoped\">.fusion-content-boxes-1 .heading .content-box-heading {color:#333333;}\n\t\t\t\t\t.fusion-content-boxes-1 .fusion-content-box-hover .link-area-link-icon-hover .heading .content-box-heading,\n\t\t\t\t\t.fusion-content-boxes-1 .fusion-content-box-hover .link-area-link-icon-hover .heading .heading-link .content-box-heading,\n\t\t\t\t\t.fusion-content-boxes-1 .fusion-content-box-hover .link-area-box-hover .heading .content-box-heading,\n\t\t\t\t\t.fusion-content-boxes-1 .fusion-content-box-hover .link-area-box-hover .heading .heading-link .content-box-heading,\n\t\t\t\t\t.fusion-content-boxes-1 .fusion-content-box-hover .link-area-link-icon-hover.link-area-box .fusion-read-more,\n\t\t\t\t\t.fusion-content-boxes-1 .fusion-content-box-hover .link-area-link-icon-hover.link-area-box .fusion-read-more::after,\n\t\t\t\t\t.fusion-content-boxes-1 .fusion-content-box-hover .link-area-link-icon-hover.link-area-box .fusion-read-more::before,\n\t\t\t\t\t.fusion-content-boxes-1 .fusion-content-box-hover .fusion-read-more:hover:after,\n\t\t\t\t\t.fusion-content-boxes-1 .fusion-content-box-hover .fusion-read-more:hover:before,\n\t\t\t\t\t.fusion-content-boxes-1 .fusion-content-box-hover .fusion-read-more:hover,\n\t\t\t\t\t.fusion-content-boxes-1 .fusion-content-box-hover .link-area-box-hover.link-area-box .fusion-read-more,\n\t\t\t\t\t.fusion-content-boxes-1 .fusion-content-box-hover .link-area-box-hover.link-area-box .fusion-read-more::after,\n\t\t\t\t\t.fusion-content-boxes-1 .fusion-content-box-hover .link-area-box-hover.link-area-box .fusion-read-more::before,\n\t\t\t\t\t.fusion-content-boxes-1 .fusion-content-box-hover .link-area-link-icon-hover .icon .circle-no,\n\t\t\t\t\t.fusion-content-boxes-1 .heading .heading-link:hover .content-box-heading {\n\t\t\t\t\t\tcolor: #a0ce4e;\n\t\t\t\t\t}\n\t\t\t\t\t.fusion-content-boxes-1 .fusion-content-box-hover .link-area-box-hover .icon .circle-no {\n\t\t\t\t\t\tcolor: #a0ce4e !important;\n\t\t\t\t\t}.fusion-content-boxes-1 .fusion-content-box-hover .link-area-box.link-area-box-hover .fusion-content-box-button {background: #ff9800;color: #ffffff;}.fusion-content-boxes-1 .fusion-content-box-hover .link-area-box.link-area-box-hover .fusion-content-box-button .fusion-button-text {color: #ffffff;}\n\t\t\t\t\t.fusion-content-boxes-1 .fusion-content-box-hover .link-area-link-icon-hover .heading .icon > span {\n\t\t\t\t\t\tbackground-color: #a0ce4e !important;\n\t\t\t\t\t}\n\t\t\t\t\t.fusion-content-boxes-1 .fusion-content-box-hover .link-area-box-hover .heading .icon > span {\n\t\t\t\t\t\tborder-color: #a0ce4e !important;\n\t\t\t\t\t}<\/style><div class=\"fusion-column content-box-column content-box-column content-box-column-1 col-lg-12 col-md-12 col-sm-12 fusion-content-box-hover  content-box-column-last\"><div class=\"col content-wrapper content-wrapper-boxed link-area-link-icon icon-hover-animation-fade\" style=\"background-color:rgba(255,255,255,0);\" data-animationOffset=\"100%\"><div class=\"heading heading-with-icon icon-left\"><div class=\"icon\"><i style=\"border-color:#333333;border-width:1px;background-color:#333333;box-sizing:content-box;height:42px;width:42px;line-height:42px;top:-71px;margin-left:-21px;border-radius:50%;color:#ffffff;font-size:21px;\" class=\"fontawesome-icon  fa fa-leaf circle-yes\"><\/i><\/div><h2 class=\"content-box-heading\" style=\"font-size:18px;line-height:23px;\">Comment recevoir le sacrement des malades ?<\/h2><\/div><div class=\"fusion-clearfix\"><\/div><div class=\"content-container\" style=\"color:#747474;\">Concr\u00e8tement, sur notre paroisse, pendant la Semaine Sainte, g\u00e9n\u00e9ralement mardi saint, nous c\u00e9l\u00e9brons une eucharistie avec tous les malades et personnes \u00e2g\u00e9es de nos diff\u00e9rentes maisons de retraite, cliniques, villages et quartiers. Au cours de cette c\u00e9l\u00e9bration eucharistique c\u00e9l\u00e9br\u00e9e dans l\u2019\u00e9glise de Castelginest, les malades pr\u00e9par\u00e9s par le <a href=\"http:\/\/www.paroisse-aucamville-st-loup-cammas.fr\/site\/sem\/\">Service \u00e9vang\u00e9lique des malades<\/a> et les familles re\u00e7oivent l\u2019onction des malades et peuvent aussi se confesser. Les pr\u00eatres se d\u00e9placent aussi dans les maisons de retraite et les familles pour c\u00e9l\u00e9brer ce sacrement, \u00e0 la demande du malade ou de sa famille. Pour cela, il suffit d\u2019appeler\u00a0<a href=\"http:\/\/www.paroisse-aucamville-st-loup-cammas.fr\/site\/les_pretres_et_diacre\/\">un des pr\u00eatres<\/a> de la paroisse ou vous rapprocher du <a href=\"http:\/\/www.paroisse-aucamville-st-loup-cammas.fr\/site\/contact\/\">secr\u00e9tariat paroissial<\/a>. Lors d\u2019une hospitalisation, notre ensemble paroissial peut faciliter le lien entre la famille et l\u2019aum\u00f4nerie de l\u2019h\u00f4pital pour que chaque malade qui le d\u00e9sire puisse recevoir cette onction sainte. Il y a en effet des pr\u00eatres et un service d\u2019aum\u00f4nerie dans chaque h\u00f4pital du dioc\u00e8se.<\/div><\/div><\/div><style type=\"text\/css\" scoped=\"scoped\">\n\t\t\t\t\t\t.fusion-content-boxes-1 .fusion-content-box-hover .heading-link:hover .icon i.circle-yes,\n\t\t\t\t\t\t.fusion-content-boxes-1 .fusion-content-box-hover .link-area-box:hover .heading-link .icon i.circle-yes,\n\t\t\t\t\t\t.fusion-content-boxes-1 .fusion-content-box-hover .link-area-link-icon-hover .heading .icon i.circle-yes,\n\t\t\t\t\t\t.fusion-content-boxes-1 .fusion-content-box-hover .link-area-box-hover .heading .icon i.circle-yes {\n\t\t\t\t\t\t\tbackground-color: #a0ce4e !important;\n\t\t\t\t\t\t\tborder-color: #a0ce4e !important;\n\t\t\t\t\t\t}<\/style><div class=\"fusion-clearfix\"><\/div><\/div><div class=\"fusion-title title fusion-title-size-one\" style=\"margin-top:0px;margin-bottom:31px;\"><h1 class=\"title-heading-left\">Ce qui s&rsquo;y passe&#8230;.<\/h1><div class=\"title-sep-container\"><div class=\"title-sep sep-double sep-solid\" style=\"border-color:#e0dede;\"><\/div><\/div><\/div><div class=\"fusion-clearfix\"><\/div>\n\n\t\t\t\t\t<\/div>\n\t\t\t\t<\/div><div  class=\"fusion-layout-column fusion_builder_column fusion_builder_column_1_1  fusion-one-full fusion-column-first fusion-column-last 1_1\"  style='margin-top:0px;margin-bottom:20px;'>\n\t\t\t\t\t<div class=\"fusion-column-wrapper\" style=\"padding: 0px 0px 0px 0px;background-position:left top;background-repeat:no-repeat;-webkit-background-size:cover;-moz-background-size:cover;-o-background-size:cover;background-size:cover;\"  data-bg-url=\"\">\n\t\t\t\t\t\t<div class=\"fusion-blog-shortcode fusion-blog-shortcode-1 fusion-blog-archive fusion-blog-layout-medium-alternate fusion-blog-pagination\"><div class=\"fusion-posts-container fusion-posts-container-pagination fusion-blog-rollover\" data-pages=\"2\"><article id=\"blog-1-post-20600\" class=\"fusion-post-medium-alternate post-20600 post type-post status-publish format-standard has-post-thumbnail hentry category-pages-accueil category-sem category-vie-groupes\">\n<div class=\"fusion-date-and-formats\"><div class=\"fusion-date-box updated\"><span class=\"fusion-date\">15<\/span><span class=\"fusion-month-year\">06, 2025<\/span><\/div><div class=\"fusion-format-box\"><i class=\"fusion-icon-pen\"><\/i><\/div><\/div>\t<style type=\"text\/css\">\n\t\t\n\t\t\n\t\t\n\t\t\n\t\t\t<\/style>\n\n\n\t\t\t<div class=\"fusion-flexslider flexslider fusion-flexslider-loading fusion-post-slideshow\" style=\"\">\n\t\t<ul class=\"slides\">\n\t\t\t\n\t\t\t\t\t\t\t\t\t\t\t\t\t\t<li>\n\n<div  class=\"fusion-image-wrapper fusion-image-size-fixed\" aria-haspopup=\"true\">\n\t\n\t\n\t\t\n\t\t\t\t\t<img width=\"320\" height=\"202\" src=\"https:\/\/www.paroisse-aucamville-st-loup-cammas.fr\/site\/wp-content\/uploads\/20250611_181425-320x202.jpg\" class=\"attachment-blog-medium size-blog-medium wp-post-image\" alt=\"\" loading=\"lazy\" srcset=\"https:\/\/www.paroisse-aucamville-st-loup-cammas.fr\/site\/wp-content\/uploads\/20250611_181425-320x202.jpg 320w, https:\/\/www.paroisse-aucamville-st-loup-cammas.fr\/site\/wp-content\/uploads\/20250611_181425-700x441.jpg 700w\" sizes=\"(max-width: 320px) 100vw, 320px\" \/>\n\t\n\n\t\t<div class=\"fusion-rollover\">\n\t<div class=\"fusion-rollover-content\">\n\n\t\t\t\t\t\t\t\t\t\t\t\t\t\t<a class=\"fusion-rollover-link\" href=\"https:\/\/www.paroisse-aucamville-st-loup-cammas.fr\/site\/la-joie-du-sem\/\">La joie du SEM.<\/a>\n\t\t\t\n\t\t\t\t\t\t\t\t\t\t\t\t\t\t\n\t\t\t\t\t\t\t\t\n\t\t\t\t\t\t\t\t\t\t\t\t\t<div class=\"fusion-rollover-sep\"><\/div>\n\t\t\t\t\n\t\t\t\t\t\t\t\t\t\t\t\t\t\t\t\t\t\t<a class=\"fusion-rollover-gallery\" href=\"https:\/\/www.paroisse-aucamville-st-loup-cammas.fr\/site\/wp-content\/uploads\/20250611_181425.jpg\" data-id=\"20600\" data-rel=\"iLightbox[gallery]\" data-title=\"20250611_181425\" data-caption=\"\">\n\t\t\t\t\t\tGallery\t\t\t\t\t<\/a>\n\t\t\t\t\t\t\t\t\t\t\t\t\t\t\n\t\t\t\t\n\t\t\t\t\t\t\t\t\t\t\t\t<h4 class=\"fusion-rollover-title\">\n\t\t\t\t\t<a href=\"https:\/\/www.paroisse-aucamville-st-loup-cammas.fr\/site\/la-joie-du-sem\/\">\n\t\t\t\t\t\tLa joie du SEM.\t\t\t\t\t<\/a>\n\t\t\t\t<\/h4>\n\t\t\t\n\t\t\t\t\t\t\t\t\t\t\t\t\t\t<div class=\"fusion-rollover-categories\"><a href=\"https:\/\/www.paroisse-aucamville-st-loup-cammas.fr\/site\/category\/pages-accueil\/\" rel=\"tag\">Page d'accueil<\/a>, <a href=\"https:\/\/www.paroisse-aucamville-st-loup-cammas.fr\/site\/category\/sem\/\" rel=\"tag\">SEM<\/a>, <a href=\"https:\/\/www.paroisse-aucamville-st-loup-cammas.fr\/site\/category\/vie-groupes\/\" rel=\"tag\">Vie des groupes<\/a><\/div>\t\t\t\t\t\n\t\t\n\t\t\t\t<a class=\"fusion-link-wrapper\" href=\"https:\/\/www.paroisse-aucamville-st-loup-cammas.fr\/site\/la-joie-du-sem\/\" aria-label=\"La joie du SEM.\"><\/a>\n\t<\/div>\n<\/div>\n\n\t\n<\/div>\n<\/li>\n\t\t\t\n\t\t\t\n\t\t\t\t\t\t\t\t\t\t\t\t\t\t\t\t\t\t\t\t\t\t\t\t\t\t\t\t\t\t\t\t\t\t\t\t\t\t\t\t\t\t\t\t\t\t\t\t\t\t\t\t\t\t\t\t\t\t\t\t\t\t\t\t\t\t\t\t<\/ul>\n\t<\/div>\n\t<div class=\"fusion-post-content post-content\"><h2 class=\"blog-shortcode-post-title entry-title\"><a href=\"https:\/\/www.paroisse-aucamville-st-loup-cammas.fr\/site\/la-joie-du-sem\/\">La joie du SEM.<\/a><\/h2><p class=\"fusion-single-line-meta\"><span class=\"vcard\" style=\"display: none;\"><span class=\"fn\"><a href=\"https:\/\/www.paroisse-aucamville-st-loup-cammas.fr\/site\/author\/maryline-laguens\/\" title=\"Articles par Maryline Laguens\" rel=\"author\">Maryline Laguens<\/a><\/span><\/span><span class=\"updated\" style=\"display:none;\">2025-06-15T09:35:48+01:00<\/span><span>15 juin  2025<\/span><span class=\"fusion-inline-sep\">|<\/span><\/p><div class=\"fusion-post-content-container\"><p>R\u00e9union bilan pour le Service \u00c9vang\u00e9lique aupr\u00e8s des Malades en cette fin d'ann\u00e9e liturgique. Si quelques probl\u00e8mes ponctuels apparaissent \u00e7a et l\u00e0 avec le personnel de certaines maisons de retraite, ce qui domine c'est la [...]<\/p><\/div><\/div><div class=\"fusion-clearfix\"><\/div><div class=\"fusion-meta-info\"><div class=\"fusion-alignright\"><a class=\"fusion-read-more\" href=\"https:\/\/www.paroisse-aucamville-st-loup-cammas.fr\/site\/la-joie-du-sem\/\">Read More<\/a><\/div><\/div><\/article>\n<article id=\"blog-1-post-19276\" class=\"fusion-post-medium-alternate post-19276 post type-post status-publish format-standard has-post-thumbnail hentry category-pages-accueil category-sem category-vie-groupes\">\n<div class=\"fusion-date-and-formats\"><div class=\"fusion-date-box updated\"><span class=\"fusion-date\">17<\/span><span class=\"fusion-month-year\">05, 2023<\/span><\/div><div class=\"fusion-format-box\"><i class=\"fusion-icon-pen\"><\/i><\/div><\/div>\t<style type=\"text\/css\">\n\t\t\n\t\t\n\t\t\n\t\t\n\t\t\t<\/style>\n\n\n\t\t\t<div class=\"fusion-flexslider flexslider fusion-flexslider-loading fusion-post-slideshow\" style=\"\">\n\t\t<ul class=\"slides\">\n\t\t\t\n\t\t\t\t\t\t\t\t\t\t\t\t\t\t<li>\n\n<div  class=\"fusion-image-wrapper fusion-image-size-fixed\" aria-haspopup=\"true\">\n\t\n\t\n\t\t\n\t\t\t\t\t<img width=\"320\" height=\"202\" src=\"https:\/\/www.paroisse-aucamville-st-loup-cammas.fr\/site\/wp-content\/uploads\/20230513_093902-320x202.jpg\" class=\"attachment-blog-medium size-blog-medium wp-post-image\" alt=\"\" loading=\"lazy\" srcset=\"https:\/\/www.paroisse-aucamville-st-loup-cammas.fr\/site\/wp-content\/uploads\/20230513_093902-320x202.jpg 320w, https:\/\/www.paroisse-aucamville-st-loup-cammas.fr\/site\/wp-content\/uploads\/20230513_093902-700x441.jpg 700w\" sizes=\"(max-width: 320px) 100vw, 320px\" \/>\n\t\n\n\t\t<div class=\"fusion-rollover\">\n\t<div class=\"fusion-rollover-content\">\n\n\t\t\t\t\t\t\t\t\t\t\t\t\t\t<a class=\"fusion-rollover-link\" href=\"https:\/\/www.paroisse-aucamville-st-loup-cammas.fr\/site\/formation-sem-preparer-la-rencontre-avec-nos-freres-et-soeurs\/\">Formation SEM\u00a0: pr\u00e9parer la rencontre avec nos fr\u00e8res et soeurs.<\/a>\n\t\t\t\n\t\t\t\t\t\t\t\t\t\t\t\t\t\t\n\t\t\t\t\t\t\t\t\n\t\t\t\t\t\t\t\t\t\t\t\t\t<div class=\"fusion-rollover-sep\"><\/div>\n\t\t\t\t\n\t\t\t\t\t\t\t\t\t\t\t\t\t\t\t\t\t\t<a class=\"fusion-rollover-gallery\" href=\"https:\/\/www.paroisse-aucamville-st-loup-cammas.fr\/site\/wp-content\/uploads\/20230513_093902.jpg\" data-id=\"19276\" data-rel=\"iLightbox[gallery]\" data-title=\"20230513_093902\" data-caption=\"\">\n\t\t\t\t\t\tGallery\t\t\t\t\t<\/a>\n\t\t\t\t\t\t\t\t\t\t\t\t\t\t\n\t\t\t\t\n\t\t\t\t\t\t\t\t\t\t\t\t<h4 class=\"fusion-rollover-title\">\n\t\t\t\t\t<a href=\"https:\/\/www.paroisse-aucamville-st-loup-cammas.fr\/site\/formation-sem-preparer-la-rencontre-avec-nos-freres-et-soeurs\/\">\n\t\t\t\t\t\tFormation SEM\u00a0: pr\u00e9parer la rencontre avec nos fr\u00e8res et soeurs.\t\t\t\t\t<\/a>\n\t\t\t\t<\/h4>\n\t\t\t\n\t\t\t\t\t\t\t\t\t\t\t\t\t\t<div class=\"fusion-rollover-categories\"><a href=\"https:\/\/www.paroisse-aucamville-st-loup-cammas.fr\/site\/category\/pages-accueil\/\" rel=\"tag\">Page d'accueil<\/a>, <a href=\"https:\/\/www.paroisse-aucamville-st-loup-cammas.fr\/site\/category\/sem\/\" rel=\"tag\">SEM<\/a>, <a href=\"https:\/\/www.paroisse-aucamville-st-loup-cammas.fr\/site\/category\/vie-groupes\/\" rel=\"tag\">Vie des groupes<\/a><\/div>\t\t\t\t\t\n\t\t\n\t\t\t\t<a class=\"fusion-link-wrapper\" href=\"https:\/\/www.paroisse-aucamville-st-loup-cammas.fr\/site\/formation-sem-preparer-la-rencontre-avec-nos-freres-et-soeurs\/\" aria-label=\"Formation SEM\u00a0: pr\u00e9parer la rencontre avec nos fr\u00e8res et soeurs.\"><\/a>\n\t<\/div>\n<\/div>\n\n\t\n<\/div>\n<\/li>\n\t\t\t\n\t\t\t\n\t\t\t\t\t\t\t\t\t\t\t\n\t\t\t\t\t\n\t\t\t\t\t\t\t\t\t\t\t<li>\n\t\t\t\t\t\t\t<div class=\"fusion-image-wrapper\">\n\t\t\t\t\t\t\t\t<a href=\"https:\/\/www.paroisse-aucamville-st-loup-cammas.fr\/site\/formation-sem-preparer-la-rencontre-avec-nos-freres-et-soeurs\/\" aria-label=\"Formation SEM\u00a0: pr\u00e9parer la rencontre avec nos fr\u00e8res et soeurs.\">\n\t\t\t\t\t\t\t\t\t<img loading=\"lazy\" width=\"320\" height=\"202\" src=\"https:\/\/www.paroisse-aucamville-st-loup-cammas.fr\/site\/wp-content\/uploads\/20230513_105116-320x202.jpg\" alt=\"\" class=\"wp-image-19278\" role=\"presentation\" srcset=\"https:\/\/www.paroisse-aucamville-st-loup-cammas.fr\/site\/wp-content\/uploads\/20230513_105116-320x202.jpg 320w, https:\/\/www.paroisse-aucamville-st-loup-cammas.fr\/site\/wp-content\/uploads\/20230513_105116-700x441.jpg 700w\" sizes=\"(max-width: 320px) 100vw, 320px\" \/>\t\t\t\t\t\t\t\t<\/a>\n\t\t\t\t\t\t\t\t<a style=\"display:none;\" href=\"https:\/\/www.paroisse-aucamville-st-loup-cammas.fr\/site\/wp-content\/uploads\/20230513_105116.jpg\" data-rel=\"iLightbox[gallery19276]\"  title=\"\" data-title=\"20230513_105116\" data-caption=\"\">\n\t\t\t\t\t\t\t\t\t\t\t\t\t\t\t\t\t<\/a>\n\t\t\t\t\t\t\t<\/div>\n\t\t\t\t\t\t<\/li>\n\t\t\t\t\t\t\t\t\t\t\t\t\t\t\t\t\t\t\t\t\t\t\t\t\n\t\t\t\t\t\n\t\t\t\t\t\t\t\t\t\t\t<li>\n\t\t\t\t\t\t\t<div class=\"fusion-image-wrapper\">\n\t\t\t\t\t\t\t\t<a href=\"https:\/\/www.paroisse-aucamville-st-loup-cammas.fr\/site\/formation-sem-preparer-la-rencontre-avec-nos-freres-et-soeurs\/\" aria-label=\"Formation SEM\u00a0: pr\u00e9parer la rencontre avec nos fr\u00e8res et soeurs.\">\n\t\t\t\t\t\t\t\t\t<img loading=\"lazy\" width=\"320\" height=\"202\" src=\"https:\/\/www.paroisse-aucamville-st-loup-cammas.fr\/site\/wp-content\/uploads\/20230513_105310-320x202.jpg\" alt=\"\" class=\"wp-image-19279\" role=\"presentation\" srcset=\"https:\/\/www.paroisse-aucamville-st-loup-cammas.fr\/site\/wp-content\/uploads\/20230513_105310-320x202.jpg 320w, https:\/\/www.paroisse-aucamville-st-loup-cammas.fr\/site\/wp-content\/uploads\/20230513_105310-700x441.jpg 700w\" sizes=\"(max-width: 320px) 100vw, 320px\" \/>\t\t\t\t\t\t\t\t<\/a>\n\t\t\t\t\t\t\t\t<a style=\"display:none;\" href=\"https:\/\/www.paroisse-aucamville-st-loup-cammas.fr\/site\/wp-content\/uploads\/20230513_105310.jpg\" data-rel=\"iLightbox[gallery19276]\"  title=\"\" data-title=\"20230513_105310\" data-caption=\"\">\n\t\t\t\t\t\t\t\t\t\t\t\t\t\t\t\t\t<\/a>\n\t\t\t\t\t\t\t<\/div>\n\t\t\t\t\t\t<\/li>\n\t\t\t\t\t\t\t\t\t\t\t\t\t\t\t\t\t\t\t\t\t\t\t\t\n\t\t\t\t\t\n\t\t\t\t\t\t\t\t\t\t\t<li>\n\t\t\t\t\t\t\t<div class=\"fusion-image-wrapper\">\n\t\t\t\t\t\t\t\t<a href=\"https:\/\/www.paroisse-aucamville-st-loup-cammas.fr\/site\/formation-sem-preparer-la-rencontre-avec-nos-freres-et-soeurs\/\" aria-label=\"Formation SEM\u00a0: pr\u00e9parer la rencontre avec nos fr\u00e8res et soeurs.\">\n\t\t\t\t\t\t\t\t\t<img loading=\"lazy\" width=\"320\" height=\"202\" src=\"https:\/\/www.paroisse-aucamville-st-loup-cammas.fr\/site\/wp-content\/uploads\/20230513_105127-320x202.jpg\" alt=\"\" class=\"wp-image-19280\" role=\"presentation\" srcset=\"https:\/\/www.paroisse-aucamville-st-loup-cammas.fr\/site\/wp-content\/uploads\/20230513_105127-320x202.jpg 320w, https:\/\/www.paroisse-aucamville-st-loup-cammas.fr\/site\/wp-content\/uploads\/20230513_105127-700x441.jpg 700w\" sizes=\"(max-width: 320px) 100vw, 320px\" \/>\t\t\t\t\t\t\t\t<\/a>\n\t\t\t\t\t\t\t\t<a style=\"display:none;\" href=\"https:\/\/www.paroisse-aucamville-st-loup-cammas.fr\/site\/wp-content\/uploads\/20230513_105127.jpg\" data-rel=\"iLightbox[gallery19276]\"  title=\"\" data-title=\"20230513_105127\" data-caption=\"\">\n\t\t\t\t\t\t\t\t\t\t\t\t\t\t\t\t\t<\/a>\n\t\t\t\t\t\t\t<\/div>\n\t\t\t\t\t\t<\/li>\n\t\t\t\t\t\t\t\t\t\t\t\t\t\t\t\t\t\t\t\t\t\t\t\t\n\t\t\t\t\t\n\t\t\t\t\t\t\t\t\t\t\t<li>\n\t\t\t\t\t\t\t<div class=\"fusion-image-wrapper\">\n\t\t\t\t\t\t\t\t<a href=\"https:\/\/www.paroisse-aucamville-st-loup-cammas.fr\/site\/formation-sem-preparer-la-rencontre-avec-nos-freres-et-soeurs\/\" aria-label=\"Formation SEM\u00a0: pr\u00e9parer la rencontre avec nos fr\u00e8res et soeurs.\">\n\t\t\t\t\t\t\t\t\t<img loading=\"lazy\" width=\"320\" height=\"202\" src=\"https:\/\/www.paroisse-aucamville-st-loup-cammas.fr\/site\/wp-content\/uploads\/20230513_111736-320x202.jpg\" alt=\"\" class=\"wp-image-19281\" role=\"presentation\" srcset=\"https:\/\/www.paroisse-aucamville-st-loup-cammas.fr\/site\/wp-content\/uploads\/20230513_111736-320x202.jpg 320w, https:\/\/www.paroisse-aucamville-st-loup-cammas.fr\/site\/wp-content\/uploads\/20230513_111736-700x441.jpg 700w\" sizes=\"(max-width: 320px) 100vw, 320px\" \/>\t\t\t\t\t\t\t\t<\/a>\n\t\t\t\t\t\t\t\t<a style=\"display:none;\" href=\"https:\/\/www.paroisse-aucamville-st-loup-cammas.fr\/site\/wp-content\/uploads\/20230513_111736.jpg\" data-rel=\"iLightbox[gallery19276]\"  title=\"\" data-title=\"20230513_111736\" data-caption=\"\">\n\t\t\t\t\t\t\t\t\t\t\t\t\t\t\t\t\t<\/a>\n\t\t\t\t\t\t\t<\/div>\n\t\t\t\t\t\t<\/li>\n\t\t\t\t\t\t\t\t\t\t\t\t\t\t\t\t\t\t\t\t\t<\/ul>\n\t<\/div>\n\t<div class=\"fusion-post-content post-content\"><h2 class=\"blog-shortcode-post-title entry-title\"><a href=\"https:\/\/www.paroisse-aucamville-st-loup-cammas.fr\/site\/formation-sem-preparer-la-rencontre-avec-nos-freres-et-soeurs\/\">Formation SEM\u00a0: pr\u00e9parer la rencontre avec nos fr\u00e8res et soeurs.<\/a><\/h2><p class=\"fusion-single-line-meta\"><span class=\"vcard\" style=\"display: none;\"><span class=\"fn\"><a href=\"https:\/\/www.paroisse-aucamville-st-loup-cammas.fr\/site\/author\/maryline-laguens\/\" title=\"Articles par Maryline Laguens\" rel=\"author\">Maryline Laguens<\/a><\/span><\/span><span class=\"updated\" style=\"display:none;\">2023-05-17T14:47:43+01:00<\/span><span>17 mai  2023<\/span><span class=\"fusion-inline-sep\">|<\/span><\/p><div class=\"fusion-post-content-container\"><p>Apr\u00e8s un accueil caf\u00e9-th\u00e9-tisane chaleureux, la formation du Service \u00c9vang\u00e9lique aupr\u00e8s des Malades a pu commencer, ce samedi au centre paroissial de Castelginest, par une pr\u00e9sentation de tous les participants. Ouverte \u00e0 tout le doyenn\u00e9, [...]<\/p><\/div><\/div><div class=\"fusion-clearfix\"><\/div><div class=\"fusion-meta-info\"><div class=\"fusion-alignright\"><a class=\"fusion-read-more\" href=\"https:\/\/www.paroisse-aucamville-st-loup-cammas.fr\/site\/formation-sem-preparer-la-rencontre-avec-nos-freres-et-soeurs\/\">Read More<\/a><\/div><\/div><\/article>\n<article id=\"blog-1-post-19120\" class=\"fusion-post-medium-alternate post-19120 post type-post status-publish format-standard has-post-thumbnail hentry category-pages-accueil category-sem category-vie-groupes\">\n<div class=\"fusion-date-and-formats\"><div class=\"fusion-date-box updated\"><span class=\"fusion-date\">12<\/span><span class=\"fusion-month-year\">02, 2023<\/span><\/div><div class=\"fusion-format-box\"><i class=\"fusion-icon-pen\"><\/i><\/div><\/div>\t<style type=\"text\/css\">\n\t\t\n\t\t\n\t\t\n\t\t\n\t\t\t<\/style>\n\n\n\t\t\t<div class=\"fusion-flexslider flexslider fusion-flexslider-loading fusion-post-slideshow\" style=\"\">\n\t\t<ul class=\"slides\">\n\t\t\t\n\t\t\t\t\t\t\t\t\t\t\t\t\t\t<li>\n\n<div  class=\"fusion-image-wrapper fusion-image-size-fixed\" aria-haspopup=\"true\">\n\t\n\t\n\t\t\n\t\t\t\t\t<img width=\"320\" height=\"202\" src=\"https:\/\/www.paroisse-aucamville-st-loup-cammas.fr\/site\/wp-content\/uploads\/DSC_1541-320x202.jpg\" class=\"attachment-blog-medium size-blog-medium wp-post-image\" alt=\"\" loading=\"lazy\" srcset=\"https:\/\/www.paroisse-aucamville-st-loup-cammas.fr\/site\/wp-content\/uploads\/DSC_1541-320x202.jpg 320w, https:\/\/www.paroisse-aucamville-st-loup-cammas.fr\/site\/wp-content\/uploads\/DSC_1541-700x441.jpg 700w\" sizes=\"(max-width: 320px) 100vw, 320px\" \/>\n\t\n\n\t\t<div class=\"fusion-rollover\">\n\t<div class=\"fusion-rollover-content\">\n\n\t\t\t\t\t\t\t\t\t\t\t\t\t\t<a class=\"fusion-rollover-link\" href=\"https:\/\/www.paroisse-aucamville-st-loup-cammas.fr\/site\/journee-des-malades-le-temoignage-du-service-evangelique-aupres-des-malades\/\">Journ\u00e9e des malades : le t\u00e9moignage du Service \u00c9vang\u00e9lique aupr\u00e8s des Malades.<\/a>\n\t\t\t\n\t\t\t\t\t\t\t\t\t\t\t\t\t\t\n\t\t\t\t\t\t\t\t\n\t\t\t\t\t\t\t\t\t\t\t\t\t<div class=\"fusion-rollover-sep\"><\/div>\n\t\t\t\t\n\t\t\t\t\t\t\t\t\t\t\t\t\t\t\t\t\t\t<a class=\"fusion-rollover-gallery\" href=\"https:\/\/www.paroisse-aucamville-st-loup-cammas.fr\/site\/wp-content\/uploads\/DSC_1541.jpg\" data-id=\"19120\" data-rel=\"iLightbox[gallery]\" data-title=\"DSC_1541\" data-caption=\"\">\n\t\t\t\t\t\tGallery\t\t\t\t\t<\/a>\n\t\t\t\t\t\t\t\t\t\t\t\t\t\t\n\t\t\t\t\n\t\t\t\t\t\t\t\t\t\t\t\t<h4 class=\"fusion-rollover-title\">\n\t\t\t\t\t<a href=\"https:\/\/www.paroisse-aucamville-st-loup-cammas.fr\/site\/journee-des-malades-le-temoignage-du-service-evangelique-aupres-des-malades\/\">\n\t\t\t\t\t\tJourn\u00e9e des malades : le t\u00e9moignage du Service \u00c9vang\u00e9lique aupr\u00e8s des Malades.\t\t\t\t\t<\/a>\n\t\t\t\t<\/h4>\n\t\t\t\n\t\t\t\t\t\t\t\t\t\t\t\t\t\t<div class=\"fusion-rollover-categories\"><a href=\"https:\/\/www.paroisse-aucamville-st-loup-cammas.fr\/site\/category\/pages-accueil\/\" rel=\"tag\">Page d'accueil<\/a>, <a href=\"https:\/\/www.paroisse-aucamville-st-loup-cammas.fr\/site\/category\/sem\/\" rel=\"tag\">SEM<\/a>, <a href=\"https:\/\/www.paroisse-aucamville-st-loup-cammas.fr\/site\/category\/vie-groupes\/\" rel=\"tag\">Vie des groupes<\/a><\/div>\t\t\t\t\t\n\t\t\n\t\t\t\t<a class=\"fusion-link-wrapper\" href=\"https:\/\/www.paroisse-aucamville-st-loup-cammas.fr\/site\/journee-des-malades-le-temoignage-du-service-evangelique-aupres-des-malades\/\" aria-label=\"Journ\u00e9e des malades : le t\u00e9moignage du Service \u00c9vang\u00e9lique aupr\u00e8s des Malades.\"><\/a>\n\t<\/div>\n<\/div>\n\n\t\n<\/div>\n<\/li>\n\t\t\t\n\t\t\t\n\t\t\t\t\t\t\t\t\t\t\t\n\t\t\t\t\t\n\t\t\t\t\t\t\t\t\t\t\t<li>\n\t\t\t\t\t\t\t<div class=\"fusion-image-wrapper\">\n\t\t\t\t\t\t\t\t<a href=\"https:\/\/www.paroisse-aucamville-st-loup-cammas.fr\/site\/journee-des-malades-le-temoignage-du-service-evangelique-aupres-des-malades\/\" aria-label=\"Journ\u00e9e des malades : le t\u00e9moignage du Service \u00c9vang\u00e9lique aupr\u00e8s des Malades.\">\n\t\t\t\t\t\t\t\t\t<img loading=\"lazy\" width=\"320\" height=\"202\" src=\"https:\/\/www.paroisse-aucamville-st-loup-cammas.fr\/site\/wp-content\/uploads\/DSC_1539-320x202.jpg\" alt=\"\" class=\"wp-image-19122\" role=\"presentation\" srcset=\"https:\/\/www.paroisse-aucamville-st-loup-cammas.fr\/site\/wp-content\/uploads\/DSC_1539-320x202.jpg 320w, https:\/\/www.paroisse-aucamville-st-loup-cammas.fr\/site\/wp-content\/uploads\/DSC_1539-700x441.jpg 700w\" sizes=\"(max-width: 320px) 100vw, 320px\" \/>\t\t\t\t\t\t\t\t<\/a>\n\t\t\t\t\t\t\t\t<a style=\"display:none;\" href=\"https:\/\/www.paroisse-aucamville-st-loup-cammas.fr\/site\/wp-content\/uploads\/DSC_1539.jpg\" data-rel=\"iLightbox[gallery19120]\"  title=\"\" data-title=\"DSC_1539\" data-caption=\"\">\n\t\t\t\t\t\t\t\t\t\t\t\t\t\t\t\t\t<\/a>\n\t\t\t\t\t\t\t<\/div>\n\t\t\t\t\t\t<\/li>\n\t\t\t\t\t\t\t\t\t\t\t\t\t\t\t\t\t\t\t\t\t\t\t\t\n\t\t\t\t\t\n\t\t\t\t\t\t\t\t\t\t\t<li>\n\t\t\t\t\t\t\t<div class=\"fusion-image-wrapper\">\n\t\t\t\t\t\t\t\t<a href=\"https:\/\/www.paroisse-aucamville-st-loup-cammas.fr\/site\/journee-des-malades-le-temoignage-du-service-evangelique-aupres-des-malades\/\" aria-label=\"Journ\u00e9e des malades : le t\u00e9moignage du Service \u00c9vang\u00e9lique aupr\u00e8s des Malades.\">\n\t\t\t\t\t\t\t\t\t<img loading=\"lazy\" width=\"320\" height=\"202\" src=\"https:\/\/www.paroisse-aucamville-st-loup-cammas.fr\/site\/wp-content\/uploads\/DSC_1540-320x202.jpg\" alt=\"\" class=\"wp-image-19123\" role=\"presentation\" srcset=\"https:\/\/www.paroisse-aucamville-st-loup-cammas.fr\/site\/wp-content\/uploads\/DSC_1540-320x202.jpg 320w, https:\/\/www.paroisse-aucamville-st-loup-cammas.fr\/site\/wp-content\/uploads\/DSC_1540-700x441.jpg 700w\" sizes=\"(max-width: 320px) 100vw, 320px\" \/>\t\t\t\t\t\t\t\t<\/a>\n\t\t\t\t\t\t\t\t<a style=\"display:none;\" href=\"https:\/\/www.paroisse-aucamville-st-loup-cammas.fr\/site\/wp-content\/uploads\/DSC_1540.jpg\" data-rel=\"iLightbox[gallery19120]\"  title=\"\" data-title=\"DSC_1540\" data-caption=\"\">\n\t\t\t\t\t\t\t\t\t\t\t\t\t\t\t\t\t<\/a>\n\t\t\t\t\t\t\t<\/div>\n\t\t\t\t\t\t<\/li>\n\t\t\t\t\t\t\t\t\t\t\t\t\t\t\t\t\t\t\t\t\t\t\t\t\n\t\t\t\t\t\n\t\t\t\t\t\t\t\t\t\t\t<li>\n\t\t\t\t\t\t\t<div class=\"fusion-image-wrapper\">\n\t\t\t\t\t\t\t\t<a href=\"https:\/\/www.paroisse-aucamville-st-loup-cammas.fr\/site\/journee-des-malades-le-temoignage-du-service-evangelique-aupres-des-malades\/\" aria-label=\"Journ\u00e9e des malades : le t\u00e9moignage du Service \u00c9vang\u00e9lique aupr\u00e8s des Malades.\">\n\t\t\t\t\t\t\t\t\t<img loading=\"lazy\" width=\"320\" height=\"202\" src=\"https:\/\/www.paroisse-aucamville-st-loup-cammas.fr\/site\/wp-content\/uploads\/DSC_1543-320x202.jpg\" alt=\"\" class=\"wp-image-19124\" role=\"presentation\" srcset=\"https:\/\/www.paroisse-aucamville-st-loup-cammas.fr\/site\/wp-content\/uploads\/DSC_1543-320x202.jpg 320w, https:\/\/www.paroisse-aucamville-st-loup-cammas.fr\/site\/wp-content\/uploads\/DSC_1543-700x441.jpg 700w\" sizes=\"(max-width: 320px) 100vw, 320px\" \/>\t\t\t\t\t\t\t\t<\/a>\n\t\t\t\t\t\t\t\t<a style=\"display:none;\" href=\"https:\/\/www.paroisse-aucamville-st-loup-cammas.fr\/site\/wp-content\/uploads\/DSC_1543.jpg\" data-rel=\"iLightbox[gallery19120]\"  title=\"\" data-title=\"DSC_1543\" data-caption=\"\">\n\t\t\t\t\t\t\t\t\t\t\t\t\t\t\t\t\t<\/a>\n\t\t\t\t\t\t\t<\/div>\n\t\t\t\t\t\t<\/li>\n\t\t\t\t\t\t\t\t\t\t\t\t\t\t\t\t\t\t\t\t\t\t\t\t\t\t\t\t\t\t\t\t\t\t\t\t<\/ul>\n\t<\/div>\n\t<div class=\"fusion-post-content post-content\"><h2 class=\"blog-shortcode-post-title entry-title\"><a href=\"https:\/\/www.paroisse-aucamville-st-loup-cammas.fr\/site\/journee-des-malades-le-temoignage-du-service-evangelique-aupres-des-malades\/\">Journ\u00e9e des malades : le t\u00e9moignage du Service \u00c9vang\u00e9lique aupr\u00e8s des Malades.<\/a><\/h2><p class=\"fusion-single-line-meta\"><span class=\"vcard\" style=\"display: none;\"><span class=\"fn\"><a href=\"https:\/\/www.paroisse-aucamville-st-loup-cammas.fr\/site\/author\/maryline-laguens\/\" title=\"Articles par Maryline Laguens\" rel=\"author\">Maryline Laguens<\/a><\/span><\/span><span class=\"updated\" style=\"display:none;\">2023-02-12T18:43:51+01:00<\/span><span>12 f\u00e9vrier  2023<\/span><span class=\"fusion-inline-sep\">|<\/span><\/p><div class=\"fusion-post-content-container\"><p>Lors de la messe du 12 f\u00e9vrier, \u00e9tait c\u00e9l\u00e9br\u00e9e la journ\u00e9e mondiale des malades. Le Service \u00c9vang\u00e9lique aupr\u00e8s des Malades a livr\u00e9 un t\u00e9moignage et a lu un extrait du message du pape Fran\u00e7ois pour [...]<\/p><\/div><\/div><div class=\"fusion-clearfix\"><\/div><div class=\"fusion-meta-info\"><div class=\"fusion-alignright\"><a class=\"fusion-read-more\" href=\"https:\/\/www.paroisse-aucamville-st-loup-cammas.fr\/site\/journee-des-malades-le-temoignage-du-service-evangelique-aupres-des-malades\/\">Read More<\/a><\/div><\/div><\/article>\n<article id=\"blog-1-post-18644\" class=\"fusion-post-medium-alternate post-18644 post type-post status-publish format-standard has-post-thumbnail hentry category-pages-accueil category-sem category-vie-groupes\">\n<div class=\"fusion-date-and-formats\"><div class=\"fusion-date-box updated\"><span class=\"fusion-date\">25<\/span><span class=\"fusion-month-year\">04, 2022<\/span><\/div><div class=\"fusion-format-box\"><i class=\"fusion-icon-pen\"><\/i><\/div><\/div>\t<style type=\"text\/css\">\n\t\t\n\t\t\n\t\t\n\t\t\n\t\t\t<\/style>\n\n\n\t\t\t<div class=\"fusion-flexslider flexslider fusion-flexslider-loading fusion-post-slideshow\" style=\"\">\n\t\t<ul class=\"slides\">\n\t\t\t\n\t\t\t\t\t\t\t\t\t\t\t\t\t\t<li>\n\n<div  class=\"fusion-image-wrapper fusion-image-size-fixed\" aria-haspopup=\"true\">\n\t\n\t\n\t\t\n\t\t\t\t\t<img width=\"320\" height=\"202\" src=\"https:\/\/www.paroisse-aucamville-st-loup-cammas.fr\/site\/wp-content\/uploads\/P1040256-320x202.jpg\" class=\"attachment-blog-medium size-blog-medium wp-post-image\" alt=\"\" loading=\"lazy\" srcset=\"https:\/\/www.paroisse-aucamville-st-loup-cammas.fr\/site\/wp-content\/uploads\/P1040256-320x202.jpg 320w, https:\/\/www.paroisse-aucamville-st-loup-cammas.fr\/site\/wp-content\/uploads\/P1040256-700x441.jpg 700w\" sizes=\"(max-width: 320px) 100vw, 320px\" \/>\n\t\n\n\t\t<div class=\"fusion-rollover\">\n\t<div class=\"fusion-rollover-content\">\n\n\t\t\t\t\t\t\t\t\t\t\t\t\t\t<a class=\"fusion-rollover-link\" href=\"https:\/\/www.paroisse-aucamville-st-loup-cammas.fr\/site\/recollection-a-dourgne-pour-le-sem\/\">R\u00e9collection \u00e0 Dourgne pour le SEM<\/a>\n\t\t\t\n\t\t\t\t\t\t\t\t\t\t\t\t\t\t\n\t\t\t\t\t\t\t\t\n\t\t\t\t\t\t\t\t\t\t\t\t\t<div class=\"fusion-rollover-sep\"><\/div>\n\t\t\t\t\n\t\t\t\t\t\t\t\t\t\t\t\t\t\t\t\t\t\t<a class=\"fusion-rollover-gallery\" href=\"https:\/\/www.paroisse-aucamville-st-loup-cammas.fr\/site\/wp-content\/uploads\/P1040256.jpg\" data-id=\"18644\" data-rel=\"iLightbox[gallery]\" data-title=\"P1040256\" data-caption=\"\">\n\t\t\t\t\t\tGallery\t\t\t\t\t<\/a>\n\t\t\t\t\t\t\t\t\t\t\t\t\t\t\n\t\t\t\t\n\t\t\t\t\t\t\t\t\t\t\t\t<h4 class=\"fusion-rollover-title\">\n\t\t\t\t\t<a href=\"https:\/\/www.paroisse-aucamville-st-loup-cammas.fr\/site\/recollection-a-dourgne-pour-le-sem\/\">\n\t\t\t\t\t\tR\u00e9collection \u00e0 Dourgne pour le SEM\t\t\t\t\t<\/a>\n\t\t\t\t<\/h4>\n\t\t\t\n\t\t\t\t\t\t\t\t\t\t\t\t\t\t<div class=\"fusion-rollover-categories\"><a href=\"https:\/\/www.paroisse-aucamville-st-loup-cammas.fr\/site\/category\/pages-accueil\/\" rel=\"tag\">Page d'accueil<\/a>, <a href=\"https:\/\/www.paroisse-aucamville-st-loup-cammas.fr\/site\/category\/sem\/\" rel=\"tag\">SEM<\/a>, <a href=\"https:\/\/www.paroisse-aucamville-st-loup-cammas.fr\/site\/category\/vie-groupes\/\" rel=\"tag\">Vie des groupes<\/a><\/div>\t\t\t\t\t\n\t\t\n\t\t\t\t<a class=\"fusion-link-wrapper\" href=\"https:\/\/www.paroisse-aucamville-st-loup-cammas.fr\/site\/recollection-a-dourgne-pour-le-sem\/\" aria-label=\"R\u00e9collection \u00e0 Dourgne pour le SEM\"><\/a>\n\t<\/div>\n<\/div>\n\n\t\n<\/div>\n<\/li>\n\t\t\t\n\t\t\t\n\t\t\t\t\t\t\t\t\t\t\t\n\t\t\t\t\t\n\t\t\t\t\t\t\t\t\t\t\t<li>\n\t\t\t\t\t\t\t<div class=\"fusion-image-wrapper\">\n\t\t\t\t\t\t\t\t<a href=\"https:\/\/www.paroisse-aucamville-st-loup-cammas.fr\/site\/recollection-a-dourgne-pour-le-sem\/\" aria-label=\"R\u00e9collection \u00e0 Dourgne pour le SEM\">\n\t\t\t\t\t\t\t\t\t<img loading=\"lazy\" width=\"320\" height=\"202\" src=\"https:\/\/www.paroisse-aucamville-st-loup-cammas.fr\/site\/wp-content\/uploads\/IMG_20220420_171725-320x202.jpg\" alt=\"\" class=\"wp-image-18646\" role=\"presentation\" srcset=\"https:\/\/www.paroisse-aucamville-st-loup-cammas.fr\/site\/wp-content\/uploads\/IMG_20220420_171725-320x202.jpg 320w, https:\/\/www.paroisse-aucamville-st-loup-cammas.fr\/site\/wp-content\/uploads\/IMG_20220420_171725-700x441.jpg 700w\" sizes=\"(max-width: 320px) 100vw, 320px\" \/>\t\t\t\t\t\t\t\t<\/a>\n\t\t\t\t\t\t\t\t<a style=\"display:none;\" href=\"https:\/\/www.paroisse-aucamville-st-loup-cammas.fr\/site\/wp-content\/uploads\/IMG_20220420_171725.jpg\" data-rel=\"iLightbox[gallery18644]\"  title=\"\" data-title=\"IMG_20220420_171725\" data-caption=\"\">\n\t\t\t\t\t\t\t\t\t\t\t\t\t\t\t\t\t<\/a>\n\t\t\t\t\t\t\t<\/div>\n\t\t\t\t\t\t<\/li>\n\t\t\t\t\t\t\t\t\t\t\t\t\t\t\t\t\t\t\t\t\t\t\t\t\n\t\t\t\t\t\n\t\t\t\t\t\t\t\t\t\t\t<li>\n\t\t\t\t\t\t\t<div class=\"fusion-image-wrapper\">\n\t\t\t\t\t\t\t\t<a href=\"https:\/\/www.paroisse-aucamville-st-loup-cammas.fr\/site\/recollection-a-dourgne-pour-le-sem\/\" aria-label=\"R\u00e9collection \u00e0 Dourgne pour le SEM\">\n\t\t\t\t\t\t\t\t\t<img loading=\"lazy\" width=\"320\" height=\"202\" src=\"https:\/\/www.paroisse-aucamville-st-loup-cammas.fr\/site\/wp-content\/uploads\/P1040254-320x202.jpg\" alt=\"\" class=\"wp-image-18647\" role=\"presentation\" srcset=\"https:\/\/www.paroisse-aucamville-st-loup-cammas.fr\/site\/wp-content\/uploads\/P1040254-320x202.jpg 320w, https:\/\/www.paroisse-aucamville-st-loup-cammas.fr\/site\/wp-content\/uploads\/P1040254-700x441.jpg 700w\" sizes=\"(max-width: 320px) 100vw, 320px\" \/>\t\t\t\t\t\t\t\t<\/a>\n\t\t\t\t\t\t\t\t<a style=\"display:none;\" href=\"https:\/\/www.paroisse-aucamville-st-loup-cammas.fr\/site\/wp-content\/uploads\/P1040254.jpg\" data-rel=\"iLightbox[gallery18644]\"  title=\"\" data-title=\"P1040254\" data-caption=\"\">\n\t\t\t\t\t\t\t\t\t\t\t\t\t\t\t\t\t<\/a>\n\t\t\t\t\t\t\t<\/div>\n\t\t\t\t\t\t<\/li>\n\t\t\t\t\t\t\t\t\t\t\t\t\t\t\t\t\t\t\t\t\t\t\t\t\n\t\t\t\t\t\n\t\t\t\t\t\t\t\t\t\t\t<li>\n\t\t\t\t\t\t\t<div class=\"fusion-image-wrapper\">\n\t\t\t\t\t\t\t\t<a href=\"https:\/\/www.paroisse-aucamville-st-loup-cammas.fr\/site\/recollection-a-dourgne-pour-le-sem\/\" aria-label=\"R\u00e9collection \u00e0 Dourgne pour le SEM\">\n\t\t\t\t\t\t\t\t\t<img loading=\"lazy\" width=\"320\" height=\"202\" src=\"https:\/\/www.paroisse-aucamville-st-loup-cammas.fr\/site\/wp-content\/uploads\/P1040252-320x202.jpg\" alt=\"\" class=\"wp-image-18648\" role=\"presentation\"\/>\t\t\t\t\t\t\t\t<\/a>\n\t\t\t\t\t\t\t\t<a style=\"display:none;\" href=\"https:\/\/www.paroisse-aucamville-st-loup-cammas.fr\/site\/wp-content\/uploads\/P1040252.jpg\" data-rel=\"iLightbox[gallery18644]\"  title=\"\" data-title=\"P1040252\" data-caption=\"\">\n\t\t\t\t\t\t\t\t\t\t\t\t\t\t\t\t\t<\/a>\n\t\t\t\t\t\t\t<\/div>\n\t\t\t\t\t\t<\/li>\n\t\t\t\t\t\t\t\t\t\t\t\t\t\t\t\t\t\t\t\t\t\t\t\t\t\t\t\t\t\t\t\t\t\t\t\t<\/ul>\n\t<\/div>\n\t<div class=\"fusion-post-content post-content\"><h2 class=\"blog-shortcode-post-title entry-title\"><a href=\"https:\/\/www.paroisse-aucamville-st-loup-cammas.fr\/site\/recollection-a-dourgne-pour-le-sem\/\">R\u00e9collection \u00e0 Dourgne pour le SEM<\/a><\/h2><p class=\"fusion-single-line-meta\"><span class=\"vcard\" style=\"display: none;\"><span class=\"fn\"><a href=\"https:\/\/www.paroisse-aucamville-st-loup-cammas.fr\/site\/author\/maryline-laguens\/\" title=\"Articles par Maryline Laguens\" rel=\"author\">Maryline Laguens<\/a><\/span><\/span><span class=\"updated\" style=\"display:none;\">2022-04-25T16:14:53+01:00<\/span><span>25 avril  2022<\/span><span class=\"fusion-inline-sep\">|<\/span><\/p><div class=\"fusion-post-content-container\"><p>Nous voil\u00e0 parties vers l\u2019Abbaye Sainte Scholastique \u00e0 Dourgne (Tarn) quelques unes de notre \u00e9quipe SEM (=Service Evang\u00e9lique aux Malades) apr\u00e8s la F\u00eate de P\u00e2ques. Notre cur\u00e9 P\u00e8re Gibson et Jos\u00e9 furent nos compagnons sur [...]<\/p><\/div><\/div><div class=\"fusion-clearfix\"><\/div><div class=\"fusion-meta-info\"><div class=\"fusion-alignright\"><a class=\"fusion-read-more\" href=\"https:\/\/www.paroisse-aucamville-st-loup-cammas.fr\/site\/recollection-a-dourgne-pour-le-sem\/\">Read More<\/a><\/div><\/div><\/article>\n<article id=\"blog-1-post-17899\" class=\"fusion-post-medium-alternate post-17899 post type-post status-publish format-standard has-post-thumbnail hentry category-pages-accueil category-sem category-vie-groupes\">\n<div class=\"fusion-date-and-formats\"><div class=\"fusion-date-box updated\"><span class=\"fusion-date\">2<\/span><span class=\"fusion-month-year\">02, 2021<\/span><\/div><div class=\"fusion-format-box\"><i class=\"fusion-icon-pen\"><\/i><\/div><\/div>\t<style type=\"text\/css\">\n\t\t\n\t\t\n\t\t\n\t\t\n\t\t\t<\/style>\n\n\n\t\t\t<div class=\"fusion-flexslider flexslider fusion-flexslider-loading fusion-post-slideshow\" style=\"\">\n\t\t<ul class=\"slides\">\n\t\t\t\n\t\t\t\t\t\t\t\t\t\t\t\t\t\t<li>\n\n<div  class=\"fusion-image-wrapper fusion-image-size-fixed\" aria-haspopup=\"true\">\n\t\n\t\n\t\t\n\t\t\t\t\t<img width=\"320\" height=\"202\" src=\"https:\/\/www.paroisse-aucamville-st-loup-cammas.fr\/site\/wp-content\/uploads\/hortensia-320x202.jpg\" class=\"attachment-blog-medium size-blog-medium wp-post-image\" alt=\"\" loading=\"lazy\" srcset=\"https:\/\/www.paroisse-aucamville-st-loup-cammas.fr\/site\/wp-content\/uploads\/hortensia-320x202.jpg 320w, https:\/\/www.paroisse-aucamville-st-loup-cammas.fr\/site\/wp-content\/uploads\/hortensia-700x441.jpg 700w\" sizes=\"(max-width: 320px) 100vw, 320px\" \/>\n\t\n\n\t\t<div class=\"fusion-rollover\">\n\t<div class=\"fusion-rollover-content\">\n\n\t\t\t\t\t\t\t\t\t\t\t\t\t\t<a class=\"fusion-rollover-link\" href=\"https:\/\/www.paroisse-aucamville-st-loup-cammas.fr\/site\/dimanche-de-la-sante-tout-le-monde-te-cherche-mc-1-37\/\">Dimanche de la Sant\u00e9 \u00ab\u00a0Tout le monde te cherche\u00a0\u00bb Mc 1, 37<\/a>\n\t\t\t\n\t\t\t\t\t\t\t\t\t\t\t\t\t\t\n\t\t\t\t\t\t\t\t\n\t\t\t\t\t\t\t\t\t\t\t\t\t<div class=\"fusion-rollover-sep\"><\/div>\n\t\t\t\t\n\t\t\t\t\t\t\t\t\t\t\t\t\t\t\t\t\t\t<a class=\"fusion-rollover-gallery\" href=\"https:\/\/www.paroisse-aucamville-st-loup-cammas.fr\/site\/wp-content\/uploads\/hortensia.jpg\" data-id=\"17899\" data-rel=\"iLightbox[gallery]\" data-title=\"hortensia\" data-caption=\"\">\n\t\t\t\t\t\tGallery\t\t\t\t\t<\/a>\n\t\t\t\t\t\t\t\t\t\t\t\t\t\t\n\t\t\t\t\n\t\t\t\t\t\t\t\t\t\t\t\t<h4 class=\"fusion-rollover-title\">\n\t\t\t\t\t<a href=\"https:\/\/www.paroisse-aucamville-st-loup-cammas.fr\/site\/dimanche-de-la-sante-tout-le-monde-te-cherche-mc-1-37\/\">\n\t\t\t\t\t\tDimanche de la Sant\u00e9 \u00ab\u00a0Tout le monde te cherche\u00a0\u00bb Mc 1, 37\t\t\t\t\t<\/a>\n\t\t\t\t<\/h4>\n\t\t\t\n\t\t\t\t\t\t\t\t\t\t\t\t\t\t<div class=\"fusion-rollover-categories\"><a href=\"https:\/\/www.paroisse-aucamville-st-loup-cammas.fr\/site\/category\/pages-accueil\/\" rel=\"tag\">Page d'accueil<\/a>, <a href=\"https:\/\/www.paroisse-aucamville-st-loup-cammas.fr\/site\/category\/sem\/\" rel=\"tag\">SEM<\/a>, <a href=\"https:\/\/www.paroisse-aucamville-st-loup-cammas.fr\/site\/category\/vie-groupes\/\" rel=\"tag\">Vie des groupes<\/a><\/div>\t\t\t\t\t\n\t\t\n\t\t\t\t<a class=\"fusion-link-wrapper\" href=\"https:\/\/www.paroisse-aucamville-st-loup-cammas.fr\/site\/dimanche-de-la-sante-tout-le-monde-te-cherche-mc-1-37\/\" aria-label=\"Dimanche de la Sant\u00e9 \u00ab\u00a0Tout le monde te cherche\u00a0\u00bb Mc 1, 37\"><\/a>\n\t<\/div>\n<\/div>\n\n\t\n<\/div>\n<\/li>\n\t\t\t\n\t\t\t\n\t\t\t\t\t\t\t\t\t\t\t\t\t\t\t\t\t\t\t\t\t\t\t\t\t\t\t\t\t\t\t\t\t\t\t\t\t\t\t\t\t\t\t\t\t\t\t\t\t\t\t\t\t\t\t\t\t\t\t\t\t\t\t\t\t\t\t\t<\/ul>\n\t<\/div>\n\t<div class=\"fusion-post-content post-content\"><h2 class=\"blog-shortcode-post-title entry-title\"><a href=\"https:\/\/www.paroisse-aucamville-st-loup-cammas.fr\/site\/dimanche-de-la-sante-tout-le-monde-te-cherche-mc-1-37\/\">Dimanche de la Sant\u00e9 \u00ab\u00a0Tout le monde te cherche\u00a0\u00bb Mc 1, 37<\/a><\/h2><p class=\"fusion-single-line-meta\"><span class=\"vcard\" style=\"display: none;\"><span class=\"fn\"><a href=\"https:\/\/www.paroisse-aucamville-st-loup-cammas.fr\/site\/author\/maryline-laguens\/\" title=\"Articles par Maryline Laguens\" rel=\"author\">Maryline Laguens<\/a><\/span><\/span><span class=\"updated\" style=\"display:none;\">2021-02-02T18:46:58+01:00<\/span><span>2 f\u00e9vrier  2021<\/span><span class=\"fusion-inline-sep\">|<\/span><\/p><div class=\"fusion-post-content-container\"><p>Le dimanche 7 f\u00e9vrier sera le dimanche de la Sant\u00e9 en France. Proche de la f\u00eate de Notre Dame de Lourdes, le jeudi 11 f\u00e9vrier, nous le f\u00eaterons en paroisse. Les malades sont au c\u0153ur [...]<\/p><\/div><\/div><div class=\"fusion-clearfix\"><\/div><div class=\"fusion-meta-info\"><div class=\"fusion-alignright\"><a class=\"fusion-read-more\" href=\"https:\/\/www.paroisse-aucamville-st-loup-cammas.fr\/site\/dimanche-de-la-sante-tout-le-monde-te-cherche-mc-1-37\/\">Read More<\/a><\/div><\/div><\/article>\n<article id=\"blog-1-post-17591\" class=\"fusion-post-medium-alternate post-17591 post type-post status-publish format-standard has-post-thumbnail hentry category-cpl category-pages-accueil category-sem category-vie-groupes\">\n<div class=\"fusion-date-and-formats\"><div class=\"fusion-date-box updated\"><span class=\"fusion-date\">12<\/span><span class=\"fusion-month-year\">10, 2020<\/span><\/div><div class=\"fusion-format-box\"><i class=\"fusion-icon-pen\"><\/i><\/div><\/div>\t<style type=\"text\/css\">\n\t\t\n\t\t\n\t\t\n\t\t\n\t\t\t<\/style>\n\n\n\t\t\t<div class=\"fusion-flexslider flexslider fusion-flexslider-loading fusion-post-slideshow\" style=\"\">\n\t\t<ul class=\"slides\">\n\t\t\t\n\t\t\t\t\t\t\t\t\t\t\t\t\t\t<li>\n\n<div  class=\"fusion-image-wrapper fusion-image-size-fixed\" aria-haspopup=\"true\">\n\t\n\t\n\t\t\n\t\t\t\t\t<img width=\"320\" height=\"202\" src=\"https:\/\/www.paroisse-aucamville-st-loup-cammas.fr\/site\/wp-content\/uploads\/DSC_0852-1-320x202.jpg\" class=\"attachment-blog-medium size-blog-medium wp-post-image\" alt=\"\" loading=\"lazy\" srcset=\"https:\/\/www.paroisse-aucamville-st-loup-cammas.fr\/site\/wp-content\/uploads\/DSC_0852-1-320x202.jpg 320w, https:\/\/www.paroisse-aucamville-st-loup-cammas.fr\/site\/wp-content\/uploads\/DSC_0852-1-700x441.jpg 700w\" sizes=\"(max-width: 320px) 100vw, 320px\" \/>\n\t\n\n\t\t<div class=\"fusion-rollover\">\n\t<div class=\"fusion-rollover-content\">\n\n\t\t\t\t\t\t\t\t\t\t\t\t\t\t<a class=\"fusion-rollover-link\" href=\"https:\/\/www.paroisse-aucamville-st-loup-cammas.fr\/site\/et-jetais-malade-vous-etes-venus-me-visiter-mt-2563\/\">\u00ab\u00a0Et j&rsquo;\u00e9tais malade, vous \u00eates venus me visiter\u00a0\u00bb Mt 25,63<\/a>\n\t\t\t\n\t\t\t\t\t\t\t\t\t\t\t\t\t\t\n\t\t\t\t\t\t\t\t\n\t\t\t\t\t\t\t\t\t\t\t\t\t<div class=\"fusion-rollover-sep\"><\/div>\n\t\t\t\t\n\t\t\t\t\t\t\t\t\t\t\t\t\t\t\t\t\t\t<a class=\"fusion-rollover-gallery\" href=\"https:\/\/www.paroisse-aucamville-st-loup-cammas.fr\/site\/wp-content\/uploads\/DSC_0852-1.jpg\" data-id=\"17591\" data-rel=\"iLightbox[gallery]\" data-title=\"DSC_0852\" data-caption=\"\">\n\t\t\t\t\t\tGallery\t\t\t\t\t<\/a>\n\t\t\t\t\t\t\t\t\t\t\t\t\t\t\n\t\t\t\t\n\t\t\t\t\t\t\t\t\t\t\t\t<h4 class=\"fusion-rollover-title\">\n\t\t\t\t\t<a href=\"https:\/\/www.paroisse-aucamville-st-loup-cammas.fr\/site\/et-jetais-malade-vous-etes-venus-me-visiter-mt-2563\/\">\n\t\t\t\t\t\t\u00ab\u00a0Et j&rsquo;\u00e9tais malade, vous \u00eates venus me visiter\u00a0\u00bb Mt 25,63\t\t\t\t\t<\/a>\n\t\t\t\t<\/h4>\n\t\t\t\n\t\t\t\t\t\t\t\t\t\t\t\t\t\t<div class=\"fusion-rollover-categories\"><a href=\"https:\/\/www.paroisse-aucamville-st-loup-cammas.fr\/site\/category\/cpl\/\" rel=\"tag\">CPL<\/a>, <a href=\"https:\/\/www.paroisse-aucamville-st-loup-cammas.fr\/site\/category\/pages-accueil\/\" rel=\"tag\">Page d'accueil<\/a>, <a href=\"https:\/\/www.paroisse-aucamville-st-loup-cammas.fr\/site\/category\/sem\/\" rel=\"tag\">SEM<\/a>, <a href=\"https:\/\/www.paroisse-aucamville-st-loup-cammas.fr\/site\/category\/vie-groupes\/\" rel=\"tag\">Vie des groupes<\/a><\/div>\t\t\t\t\t\n\t\t\n\t\t\t\t<a class=\"fusion-link-wrapper\" href=\"https:\/\/www.paroisse-aucamville-st-loup-cammas.fr\/site\/et-jetais-malade-vous-etes-venus-me-visiter-mt-2563\/\" aria-label=\"\u00ab\u00a0Et j&rsquo;\u00e9tais malade, vous \u00eates venus me visiter\u00a0\u00bb Mt 25,63\"><\/a>\n\t<\/div>\n<\/div>\n\n\t\n<\/div>\n<\/li>\n\t\t\t\n\t\t\t\n\t\t\t\t\t\t\t\t\t\t\t\t\t\t\t\t\t\t\t\t\t\t\t\t\t\t\t\t\t\t\t\t\t\t\t\t\t\t\t\t\t\t\t\t\t\t\t\t\t\t\t\t\t\t\t\t\t\t\t\t\t\t\t\t\t\t\t\t<\/ul>\n\t<\/div>\n\t<div class=\"fusion-post-content post-content\"><h2 class=\"blog-shortcode-post-title entry-title\"><a href=\"https:\/\/www.paroisse-aucamville-st-loup-cammas.fr\/site\/et-jetais-malade-vous-etes-venus-me-visiter-mt-2563\/\">\u00ab\u00a0Et j&rsquo;\u00e9tais malade, vous \u00eates venus me visiter\u00a0\u00bb Mt 25,63<\/a><\/h2><p class=\"fusion-single-line-meta\"><span class=\"vcard\" style=\"display: none;\"><span class=\"fn\"><a href=\"https:\/\/www.paroisse-aucamville-st-loup-cammas.fr\/site\/author\/maryline-laguens\/\" title=\"Articles par Maryline Laguens\" rel=\"author\">Maryline Laguens<\/a><\/span><\/span><span class=\"updated\" style=\"display:none;\">2020-10-12T10:14:43+01:00<\/span><span>12 octobre  2020<\/span><span class=\"fusion-inline-sep\">|<\/span><\/p><div class=\"fusion-post-content-container\"><p>Visite pastorale, le jeudi, pour P\u00e8re Gibson. \u00ab\u00a0Les pauvres\u00a0\u00bb occupent une place capitale dans la pr\u00e9dication \u00e9vang\u00e9lique. Ils constituent essentiellement dans la pens\u00e9e du Christ, et \u00e0 sa suite dans la pens\u00e9e de l\u2019\u00c9glise, une [...]<\/p><\/div><\/div><div class=\"fusion-clearfix\"><\/div><div class=\"fusion-meta-info\"><div class=\"fusion-alignright\"><a class=\"fusion-read-more\" href=\"https:\/\/www.paroisse-aucamville-st-loup-cammas.fr\/site\/et-jetais-malade-vous-etes-venus-me-visiter-mt-2563\/\">Read More<\/a><\/div><\/div><\/article>\n<article id=\"blog-1-post-17049\" class=\"fusion-post-medium-alternate post-17049 post type-post status-publish format-standard has-post-thumbnail hentry category-pages-accueil category-sem category-vie-groupes\">\n<div class=\"fusion-date-and-formats\"><div class=\"fusion-date-box updated\"><span class=\"fusion-date\">26<\/span><span class=\"fusion-month-year\">02, 2020<\/span><\/div><div class=\"fusion-format-box\"><i class=\"fusion-icon-pen\"><\/i><\/div><\/div>\t<style type=\"text\/css\">\n\t\t\n\t\t\n\t\t\n\t\t\n\t\t\t<\/style>\n\n\n\t\t\t<div class=\"fusion-flexslider flexslider fusion-flexslider-loading fusion-post-slideshow\" style=\"\">\n\t\t<ul class=\"slides\">\n\t\t\t\n\t\t\t\t\t\t\t\t\t\t\t\t\t\t<li>\n\n<div  class=\"fusion-image-wrapper fusion-image-size-fixed\" aria-haspopup=\"true\">\n\t\n\t\n\t\t\n\t\t\t\t\t<img width=\"320\" height=\"202\" src=\"https:\/\/www.paroisse-aucamville-st-loup-cammas.fr\/site\/wp-content\/uploads\/Prieres-St-Alban1-320x202.jpg\" class=\"attachment-blog-medium size-blog-medium wp-post-image\" alt=\"\" loading=\"lazy\" \/>\n\t\n\n\t\t<div class=\"fusion-rollover\">\n\t<div class=\"fusion-rollover-content\">\n\n\t\t\t\t\t\t\t\t\t\t\t\t\t\t<a class=\"fusion-rollover-link\" href=\"https:\/\/www.paroisse-aucamville-st-loup-cammas.fr\/site\/journee-mondiale-pour-les-malades-prieres-chants-temoignages-a-leglise-de-saint-alban\/\">Journ\u00e9e mondiale pour les malades : pri\u00e8res, chants, t\u00e9moignages \u00e0 l\u2019\u00e9glise de Saint-Alban<\/a>\n\t\t\t\n\t\t\t\t\t\t\t\t\t\t\t\t\t\t\n\t\t\t\t\t\t\t\t\n\t\t\t\t\t\t\t\t\t\t\t\t\t<div class=\"fusion-rollover-sep\"><\/div>\n\t\t\t\t\n\t\t\t\t\t\t\t\t\t\t\t\t\t\t\t\t\t\t<a class=\"fusion-rollover-gallery\" href=\"https:\/\/www.paroisse-aucamville-st-loup-cammas.fr\/site\/wp-content\/uploads\/Prieres-St-Alban1.jpg\" data-id=\"17049\" data-rel=\"iLightbox[gallery]\" data-title=\"Prieres-St-Alban1\" data-caption=\"\">\n\t\t\t\t\t\tGallery\t\t\t\t\t<\/a>\n\t\t\t\t\t\t\t\t\t\t\t\t\t\t\n\t\t\t\t\n\t\t\t\t\t\t\t\t\t\t\t\t<h4 class=\"fusion-rollover-title\">\n\t\t\t\t\t<a href=\"https:\/\/www.paroisse-aucamville-st-loup-cammas.fr\/site\/journee-mondiale-pour-les-malades-prieres-chants-temoignages-a-leglise-de-saint-alban\/\">\n\t\t\t\t\t\tJourn\u00e9e mondiale pour les malades : pri\u00e8res, chants, t\u00e9moignages \u00e0 l\u2019\u00e9glise de Saint-Alban\t\t\t\t\t<\/a>\n\t\t\t\t<\/h4>\n\t\t\t\n\t\t\t\t\t\t\t\t\t\t\t\t\t\t<div class=\"fusion-rollover-categories\"><a href=\"https:\/\/www.paroisse-aucamville-st-loup-cammas.fr\/site\/category\/pages-accueil\/\" rel=\"tag\">Page d'accueil<\/a>, <a href=\"https:\/\/www.paroisse-aucamville-st-loup-cammas.fr\/site\/category\/sem\/\" rel=\"tag\">SEM<\/a>, <a href=\"https:\/\/www.paroisse-aucamville-st-loup-cammas.fr\/site\/category\/vie-groupes\/\" rel=\"tag\">Vie des groupes<\/a><\/div>\t\t\t\t\t\n\t\t\n\t\t\t\t<a class=\"fusion-link-wrapper\" href=\"https:\/\/www.paroisse-aucamville-st-loup-cammas.fr\/site\/journee-mondiale-pour-les-malades-prieres-chants-temoignages-a-leglise-de-saint-alban\/\" aria-label=\"Journ\u00e9e mondiale pour les malades : pri\u00e8res, chants, t\u00e9moignages \u00e0 l\u2019\u00e9glise de Saint-Alban\"><\/a>\n\t<\/div>\n<\/div>\n\n\t\n<\/div>\n<\/li>\n\t\t\t\n\t\t\t\n\t\t\t\t\t\t\t\t\t\t\t\n\t\t\t\t\t\n\t\t\t\t\t\t\t\t\t\t\t<li>\n\t\t\t\t\t\t\t<div class=\"fusion-image-wrapper\">\n\t\t\t\t\t\t\t\t<a href=\"https:\/\/www.paroisse-aucamville-st-loup-cammas.fr\/site\/journee-mondiale-pour-les-malades-prieres-chants-temoignages-a-leglise-de-saint-alban\/\" aria-label=\"Journ\u00e9e mondiale pour les malades : pri\u00e8res, chants, t\u00e9moignages \u00e0 l\u2019\u00e9glise de Saint-Alban\">\n\t\t\t\t\t\t\t\t\t<img loading=\"lazy\" width=\"320\" height=\"202\" src=\"https:\/\/www.paroisse-aucamville-st-loup-cammas.fr\/site\/wp-content\/uploads\/Prieres-St-Alban2.PNG-320x202.jpg\" alt=\"\" class=\"wp-image-17051\" role=\"presentation\"\/>\t\t\t\t\t\t\t\t<\/a>\n\t\t\t\t\t\t\t\t<a style=\"display:none;\" href=\"https:\/\/www.paroisse-aucamville-st-loup-cammas.fr\/site\/wp-content\/uploads\/Prieres-St-Alban2.PNG.jpg\" data-rel=\"iLightbox[gallery17049]\"  title=\"\" data-title=\"Prieres-St-Alban2.PNG\" data-caption=\"\">\n\t\t\t\t\t\t\t\t\t\t\t\t\t\t\t\t\t<\/a>\n\t\t\t\t\t\t\t<\/div>\n\t\t\t\t\t\t<\/li>\n\t\t\t\t\t\t\t\t\t\t\t\t\t\t\t\t\t\t\t\t\t\t\t\t\n\t\t\t\t\t\n\t\t\t\t\t\t\t\t\t\t\t<li>\n\t\t\t\t\t\t\t<div class=\"fusion-image-wrapper\">\n\t\t\t\t\t\t\t\t<a href=\"https:\/\/www.paroisse-aucamville-st-loup-cammas.fr\/site\/journee-mondiale-pour-les-malades-prieres-chants-temoignages-a-leglise-de-saint-alban\/\" aria-label=\"Journ\u00e9e mondiale pour les malades : pri\u00e8res, chants, t\u00e9moignages \u00e0 l\u2019\u00e9glise de Saint-Alban\">\n\t\t\t\t\t\t\t\t\t<img loading=\"lazy\" width=\"320\" height=\"202\" src=\"https:\/\/www.paroisse-aucamville-st-loup-cammas.fr\/site\/wp-content\/uploads\/Prieres-St-Alban3-320x202.jpg\" alt=\"\" class=\"wp-image-17052\" role=\"presentation\"\/>\t\t\t\t\t\t\t\t<\/a>\n\t\t\t\t\t\t\t\t<a style=\"display:none;\" href=\"https:\/\/www.paroisse-aucamville-st-loup-cammas.fr\/site\/wp-content\/uploads\/Prieres-St-Alban3.jpg\" data-rel=\"iLightbox[gallery17049]\"  title=\"\" data-title=\"Prieres-St-Alban3\" data-caption=\"\">\n\t\t\t\t\t\t\t\t\t\t\t\t\t\t\t\t\t<\/a>\n\t\t\t\t\t\t\t<\/div>\n\t\t\t\t\t\t<\/li>\n\t\t\t\t\t\t\t\t\t\t\t\t\t\t\t\t\t\t\t\t\t\t\t\t\t\t\t\t\t\t\t\t\t\t\t\t\t\t\t\t\t\t\t\t\t\t\t\t\t\t\t<\/ul>\n\t<\/div>\n\t<div class=\"fusion-post-content post-content\"><h2 class=\"blog-shortcode-post-title entry-title\"><a href=\"https:\/\/www.paroisse-aucamville-st-loup-cammas.fr\/site\/journee-mondiale-pour-les-malades-prieres-chants-temoignages-a-leglise-de-saint-alban\/\">Journ\u00e9e mondiale pour les malades : pri\u00e8res, chants, t\u00e9moignages \u00e0 l\u2019\u00e9glise de Saint-Alban<\/a><\/h2><p class=\"fusion-single-line-meta\"><span class=\"vcard\" style=\"display: none;\"><span class=\"fn\"><a href=\"https:\/\/www.paroisse-aucamville-st-loup-cammas.fr\/site\/author\/admin-paroisse\/\" title=\"Articles par Equipe \u00e9ditoriale\" rel=\"author\">Equipe \u00e9ditoriale<\/a><\/span><\/span><span class=\"updated\" style=\"display:none;\">2020-02-26T09:17:21+01:00<\/span><span>26 f\u00e9vrier  2020<\/span><span class=\"fusion-inline-sep\">|<\/span><\/p><div class=\"fusion-post-content-container\"><p>\u00ab La pastorale de la sant\u00e9, c\u2019est parfois la maladie, la souffrance, la mort, mais c\u2019est aussi et surtout : la vie, la joie, la paix, le bonheur, la surprise, l\u2019\u00e9tonnement devant l\u2019inattendu du myst\u00e8re [...]<\/p><\/div><\/div><div class=\"fusion-clearfix\"><\/div><div class=\"fusion-meta-info\"><div class=\"fusion-alignright\"><a class=\"fusion-read-more\" href=\"https:\/\/www.paroisse-aucamville-st-loup-cammas.fr\/site\/journee-mondiale-pour-les-malades-prieres-chants-temoignages-a-leglise-de-saint-alban\/\">Read More<\/a><\/div><\/div><\/article>\n<article id=\"blog-1-post-16888\" class=\"fusion-post-medium-alternate post-16888 post type-post status-publish format-standard has-post-thumbnail hentry category-pages-accueil category-sem category-vie-groupes\">\n<div class=\"fusion-date-and-formats\"><div class=\"fusion-date-box updated\"><span class=\"fusion-date\">15<\/span><span class=\"fusion-month-year\">12, 2019<\/span><\/div><div class=\"fusion-format-box\"><i class=\"fusion-icon-pen\"><\/i><\/div><\/div>\t<style type=\"text\/css\">\n\t\t\n\t\t\n\t\t\n\t\t\n\t\t\t<\/style>\n\n\n\t\t\t<div class=\"fusion-flexslider flexslider fusion-flexslider-loading fusion-post-slideshow\" style=\"\">\n\t\t<ul class=\"slides\">\n\t\t\t\n\t\t\t\t\t\t\t\t\t\t\t\t\t\t<li>\n\n<div  class=\"fusion-image-wrapper fusion-image-size-fixed\" aria-haspopup=\"true\">\n\t\n\t\n\t\t\n\t\t\t\t\t<img width=\"320\" height=\"202\" src=\"https:\/\/www.paroisse-aucamville-st-loup-cammas.fr\/site\/wp-content\/uploads\/SEM-Recollection-320x202.jpg\" class=\"attachment-blog-medium size-blog-medium wp-post-image\" alt=\"\" loading=\"lazy\" srcset=\"https:\/\/www.paroisse-aucamville-st-loup-cammas.fr\/site\/wp-content\/uploads\/SEM-Recollection-320x202.jpg 320w, https:\/\/www.paroisse-aucamville-st-loup-cammas.fr\/site\/wp-content\/uploads\/SEM-Recollection-700x441.jpg 700w\" sizes=\"(max-width: 320px) 100vw, 320px\" \/>\n\t\n\n\t\t<div class=\"fusion-rollover\">\n\t<div class=\"fusion-rollover-content\">\n\n\t\t\t\t\t\t\t\t\t\t\t\t\t\t<a class=\"fusion-rollover-link\" href=\"https:\/\/www.paroisse-aucamville-st-loup-cammas.fr\/site\/porter-la-communion-aux-malades-le-sem-medite-sur-le-coeur-de-sa-mission\/\">Porter la communion aux malades : le SEM m\u00e9dite sur le c\u0153ur de sa mission<\/a>\n\t\t\t\n\t\t\t\t\t\t\t\t\t\t\t\t\t\t\n\t\t\t\t\t\t\t\t\n\t\t\t\t\t\t\t\t\t\t\t\t\t<div class=\"fusion-rollover-sep\"><\/div>\n\t\t\t\t\n\t\t\t\t\t\t\t\t\t\t\t\t\t\t\t\t\t\t<a class=\"fusion-rollover-gallery\" href=\"https:\/\/www.paroisse-aucamville-st-loup-cammas.fr\/site\/wp-content\/uploads\/SEM-Recollection.jpg\" data-id=\"16888\" data-rel=\"iLightbox[gallery]\" data-title=\"SEM-Recollection\" data-caption=\"\">\n\t\t\t\t\t\tGallery\t\t\t\t\t<\/a>\n\t\t\t\t\t\t\t\t\t\t\t\t\t\t\n\t\t\t\t\n\t\t\t\t\t\t\t\t\t\t\t\t<h4 class=\"fusion-rollover-title\">\n\t\t\t\t\t<a href=\"https:\/\/www.paroisse-aucamville-st-loup-cammas.fr\/site\/porter-la-communion-aux-malades-le-sem-medite-sur-le-coeur-de-sa-mission\/\">\n\t\t\t\t\t\tPorter la communion aux malades : le SEM m\u00e9dite sur le c\u0153ur de sa mission\t\t\t\t\t<\/a>\n\t\t\t\t<\/h4>\n\t\t\t\n\t\t\t\t\t\t\t\t\t\t\t\t\t\t<div class=\"fusion-rollover-categories\"><a href=\"https:\/\/www.paroisse-aucamville-st-loup-cammas.fr\/site\/category\/pages-accueil\/\" rel=\"tag\">Page d'accueil<\/a>, <a href=\"https:\/\/www.paroisse-aucamville-st-loup-cammas.fr\/site\/category\/sem\/\" rel=\"tag\">SEM<\/a>, <a href=\"https:\/\/www.paroisse-aucamville-st-loup-cammas.fr\/site\/category\/vie-groupes\/\" rel=\"tag\">Vie des groupes<\/a><\/div>\t\t\t\t\t\n\t\t\n\t\t\t\t<a class=\"fusion-link-wrapper\" href=\"https:\/\/www.paroisse-aucamville-st-loup-cammas.fr\/site\/porter-la-communion-aux-malades-le-sem-medite-sur-le-coeur-de-sa-mission\/\" aria-label=\"Porter la communion aux malades : le SEM m\u00e9dite sur le c\u0153ur de sa mission\"><\/a>\n\t<\/div>\n<\/div>\n\n\t\n<\/div>\n<\/li>\n\t\t\t\n\t\t\t\n\t\t\t\t\t\t\t\t\t\t\t\t\t\t\t\t\t\t\t\t\t\t\t\t\t\t\t\t\t\t\t\t\t\t\t\t\t\t\t\t\t\t\t\t\t\t\t\t\t\t\t\t\t\t\t\t\t\t\t\t\t\t\t\t\t\t\t\t<\/ul>\n\t<\/div>\n\t<div class=\"fusion-post-content post-content\"><h2 class=\"blog-shortcode-post-title entry-title\"><a href=\"https:\/\/www.paroisse-aucamville-st-loup-cammas.fr\/site\/porter-la-communion-aux-malades-le-sem-medite-sur-le-coeur-de-sa-mission\/\">Porter la communion aux malades : le SEM m\u00e9dite sur le c\u0153ur de sa mission<\/a><\/h2><p class=\"fusion-single-line-meta\"><span class=\"vcard\" style=\"display: none;\"><span class=\"fn\"><a href=\"https:\/\/www.paroisse-aucamville-st-loup-cammas.fr\/site\/author\/admin-paroisse\/\" title=\"Articles par Equipe \u00e9ditoriale\" rel=\"author\">Equipe \u00e9ditoriale<\/a><\/span><\/span><span class=\"updated\" style=\"display:none;\">2019-12-15T11:40:28+01:00<\/span><span>15 d\u00e9cembre  2019<\/span><span class=\"fusion-inline-sep\">|<\/span><\/p><div class=\"fusion-post-content-container\"><p>Comment porter la communion aux personnes malades -chez elles ou en institution ? Tel \u00e9tait le th\u00e8me de la journ\u00e9e de r\u00e9collection du Service de l\u2019\u00c9vangile aupr\u00e8s des Malades (SEM) de l\u2019ensemble paroissial Aucamville-Saint-Loup Cammas. [...]<\/p><\/div><\/div><div class=\"fusion-clearfix\"><\/div><div class=\"fusion-meta-info\"><div class=\"fusion-alignright\"><a class=\"fusion-read-more\" href=\"https:\/\/www.paroisse-aucamville-st-loup-cammas.fr\/site\/porter-la-communion-aux-malades-le-sem-medite-sur-le-coeur-de-sa-mission\/\">Read More<\/a><\/div><\/div><\/article>\n<article id=\"blog-1-post-16182\" class=\"fusion-post-medium-alternate post-16182 post type-post status-publish format-standard has-post-thumbnail hentry category-pages-accueil category-sem category-vie-groupes\">\n<div class=\"fusion-date-and-formats\"><div class=\"fusion-date-box updated\"><span class=\"fusion-date\">21<\/span><span class=\"fusion-month-year\">04, 2019<\/span><\/div><div class=\"fusion-format-box\"><i class=\"fusion-icon-pen\"><\/i><\/div><\/div>\t<style type=\"text\/css\">\n\t\t\n\t\t\n\t\t\n\t\t\n\t\t\t<\/style>\n\n\n\t\t\t<div class=\"fusion-flexslider flexslider fusion-flexslider-loading fusion-post-slideshow\" style=\"\">\n\t\t<ul class=\"slides\">\n\t\t\t\n\t\t\t\t\t\t\t\t\t\t\t\t\t\t<li>\n\n<div  class=\"fusion-image-wrapper fusion-image-size-fixed\" aria-haspopup=\"true\">\n\t\n\t\n\t\t\n\t\t\t\t\t<img width=\"320\" height=\"202\" src=\"https:\/\/www.paroisse-aucamville-st-loup-cammas.fr\/site\/wp-content\/uploads\/messe_malades1-320x202.jpg\" class=\"attachment-blog-medium size-blog-medium wp-post-image\" alt=\"\" loading=\"lazy\" \/>\n\t\n\n\t\t<div class=\"fusion-rollover\">\n\t<div class=\"fusion-rollover-content\">\n\n\t\t\t\t\t\t\t\t\t\t\t\t\t\t<a class=\"fusion-rollover-link\" href=\"https:\/\/www.paroisse-aucamville-st-loup-cammas.fr\/site\/mardi-saint-une-messe-pour-nos-malades-et-personnes-agees\/\">Mardi saint : une messe pour nos malades et personnes \u00e2g\u00e9es<\/a>\n\t\t\t\n\t\t\t\t\t\t\t\t\t\t\t\t\t\t\n\t\t\t\t\t\t\t\t\n\t\t\t\t\t\t\t\t\t\t\t\t\t<div class=\"fusion-rollover-sep\"><\/div>\n\t\t\t\t\n\t\t\t\t\t\t\t\t\t\t\t\t\t\t\t\t\t\t<a class=\"fusion-rollover-gallery\" href=\"https:\/\/www.paroisse-aucamville-st-loup-cammas.fr\/site\/wp-content\/uploads\/messe_malades1.jpg\" data-id=\"16182\" data-rel=\"iLightbox[gallery]\" data-title=\"messe_malades1\" data-caption=\"\">\n\t\t\t\t\t\tGallery\t\t\t\t\t<\/a>\n\t\t\t\t\t\t\t\t\t\t\t\t\t\t\n\t\t\t\t\n\t\t\t\t\t\t\t\t\t\t\t\t<h4 class=\"fusion-rollover-title\">\n\t\t\t\t\t<a href=\"https:\/\/www.paroisse-aucamville-st-loup-cammas.fr\/site\/mardi-saint-une-messe-pour-nos-malades-et-personnes-agees\/\">\n\t\t\t\t\t\tMardi saint : une messe pour nos malades et personnes \u00e2g\u00e9es\t\t\t\t\t<\/a>\n\t\t\t\t<\/h4>\n\t\t\t\n\t\t\t\t\t\t\t\t\t\t\t\t\t\t<div class=\"fusion-rollover-categories\"><a href=\"https:\/\/www.paroisse-aucamville-st-loup-cammas.fr\/site\/category\/pages-accueil\/\" rel=\"tag\">Page d'accueil<\/a>, <a href=\"https:\/\/www.paroisse-aucamville-st-loup-cammas.fr\/site\/category\/sem\/\" rel=\"tag\">SEM<\/a>, <a href=\"https:\/\/www.paroisse-aucamville-st-loup-cammas.fr\/site\/category\/vie-groupes\/\" rel=\"tag\">Vie des groupes<\/a><\/div>\t\t\t\t\t\n\t\t\n\t\t\t\t<a class=\"fusion-link-wrapper\" href=\"https:\/\/www.paroisse-aucamville-st-loup-cammas.fr\/site\/mardi-saint-une-messe-pour-nos-malades-et-personnes-agees\/\" aria-label=\"Mardi saint : une messe pour nos malades et personnes \u00e2g\u00e9es\"><\/a>\n\t<\/div>\n<\/div>\n\n\t\n<\/div>\n<\/li>\n\t\t\t\n\t\t\t\n\t\t\t\t\t\t\t\t\t\t\t\n\t\t\t\t\t\n\t\t\t\t\t\t\t\t\t\t\t<li>\n\t\t\t\t\t\t\t<div class=\"fusion-image-wrapper\">\n\t\t\t\t\t\t\t\t<a href=\"https:\/\/www.paroisse-aucamville-st-loup-cammas.fr\/site\/mardi-saint-une-messe-pour-nos-malades-et-personnes-agees\/\" aria-label=\"Mardi saint : une messe pour nos malades et personnes \u00e2g\u00e9es\">\n\t\t\t\t\t\t\t\t\t<img loading=\"lazy\" width=\"320\" height=\"202\" src=\"https:\/\/www.paroisse-aucamville-st-loup-cammas.fr\/site\/wp-content\/uploads\/messe_malades2-320x202.jpg\" alt=\"\" class=\"wp-image-16185\" role=\"presentation\"\/>\t\t\t\t\t\t\t\t<\/a>\n\t\t\t\t\t\t\t\t<a style=\"display:none;\" href=\"https:\/\/www.paroisse-aucamville-st-loup-cammas.fr\/site\/wp-content\/uploads\/messe_malades2.jpg\" data-rel=\"iLightbox[gallery16182]\"  title=\"\" data-title=\"messe_malades2\" data-caption=\"\">\n\t\t\t\t\t\t\t\t\t\t\t\t\t\t\t\t\t<\/a>\n\t\t\t\t\t\t\t<\/div>\n\t\t\t\t\t\t<\/li>\n\t\t\t\t\t\t\t\t\t\t\t\t\t\t\t\t\t\t\t\t\t\t\t\t\n\t\t\t\t\t\n\t\t\t\t\t\t\t\t\t\t\t<li>\n\t\t\t\t\t\t\t<div class=\"fusion-image-wrapper\">\n\t\t\t\t\t\t\t\t<a href=\"https:\/\/www.paroisse-aucamville-st-loup-cammas.fr\/site\/mardi-saint-une-messe-pour-nos-malades-et-personnes-agees\/\" aria-label=\"Mardi saint : une messe pour nos malades et personnes \u00e2g\u00e9es\">\n\t\t\t\t\t\t\t\t\t<img loading=\"lazy\" width=\"320\" height=\"202\" src=\"https:\/\/www.paroisse-aucamville-st-loup-cammas.fr\/site\/wp-content\/uploads\/messe_malades3-320x202.jpg\" alt=\"\" class=\"wp-image-16186\" role=\"presentation\"\/>\t\t\t\t\t\t\t\t<\/a>\n\t\t\t\t\t\t\t\t<a style=\"display:none;\" href=\"https:\/\/www.paroisse-aucamville-st-loup-cammas.fr\/site\/wp-content\/uploads\/messe_malades3-e1555805641492.jpg\" data-rel=\"iLightbox[gallery16182]\"  title=\"\" data-title=\"messe_malades3\" data-caption=\"\">\n\t\t\t\t\t\t\t\t\t\t\t\t\t\t\t\t\t<\/a>\n\t\t\t\t\t\t\t<\/div>\n\t\t\t\t\t\t<\/li>\n\t\t\t\t\t\t\t\t\t\t\t\t\t\t\t\t\t\t\t\t\t\t\t\t\n\t\t\t\t\t\n\t\t\t\t\t\t\t\t\t\t\t<li>\n\t\t\t\t\t\t\t<div class=\"fusion-image-wrapper\">\n\t\t\t\t\t\t\t\t<a href=\"https:\/\/www.paroisse-aucamville-st-loup-cammas.fr\/site\/mardi-saint-une-messe-pour-nos-malades-et-personnes-agees\/\" aria-label=\"Mardi saint : une messe pour nos malades et personnes \u00e2g\u00e9es\">\n\t\t\t\t\t\t\t\t\t<img loading=\"lazy\" width=\"320\" height=\"202\" src=\"https:\/\/www.paroisse-aucamville-st-loup-cammas.fr\/site\/wp-content\/uploads\/messe_malades4-320x202.jpg\" alt=\"\" class=\"wp-image-16187\" role=\"presentation\"\/>\t\t\t\t\t\t\t\t<\/a>\n\t\t\t\t\t\t\t\t<a style=\"display:none;\" href=\"https:\/\/www.paroisse-aucamville-st-loup-cammas.fr\/site\/wp-content\/uploads\/messe_malades4-e1555805625748.jpg\" data-rel=\"iLightbox[gallery16182]\"  title=\"\" data-title=\"messe_malades4\" data-caption=\"\">\n\t\t\t\t\t\t\t\t\t\t\t\t\t\t\t\t\t<\/a>\n\t\t\t\t\t\t\t<\/div>\n\t\t\t\t\t\t<\/li>\n\t\t\t\t\t\t\t\t\t\t\t\t\t\t\t\t\t\t\t\t\t\t\t\t\n\t\t\t\t\t\n\t\t\t\t\t\t\t\t\t\t\t<li>\n\t\t\t\t\t\t\t<div class=\"fusion-image-wrapper\">\n\t\t\t\t\t\t\t\t<a href=\"https:\/\/www.paroisse-aucamville-st-loup-cammas.fr\/site\/mardi-saint-une-messe-pour-nos-malades-et-personnes-agees\/\" aria-label=\"Mardi saint : une messe pour nos malades et personnes \u00e2g\u00e9es\">\n\t\t\t\t\t\t\t\t\t<img loading=\"lazy\" width=\"320\" height=\"202\" src=\"https:\/\/www.paroisse-aucamville-st-loup-cammas.fr\/site\/wp-content\/uploads\/messe_malades5-320x202.jpg\" alt=\"\" class=\"wp-image-16188\" role=\"presentation\"\/>\t\t\t\t\t\t\t\t<\/a>\n\t\t\t\t\t\t\t\t<a style=\"display:none;\" href=\"https:\/\/www.paroisse-aucamville-st-loup-cammas.fr\/site\/wp-content\/uploads\/messe_malades5-e1555805609552.jpg\" data-rel=\"iLightbox[gallery16182]\"  title=\"\" data-title=\"messe_malades5\" data-caption=\"\">\n\t\t\t\t\t\t\t\t\t\t\t\t\t\t\t\t\t<\/a>\n\t\t\t\t\t\t\t<\/div>\n\t\t\t\t\t\t<\/li>\n\t\t\t\t\t\t\t\t\t\t\t\t\t\t\t\t\t\t\t\t\t<\/ul>\n\t<\/div>\n\t<div class=\"fusion-post-content post-content\"><h2 class=\"blog-shortcode-post-title entry-title\"><a href=\"https:\/\/www.paroisse-aucamville-st-loup-cammas.fr\/site\/mardi-saint-une-messe-pour-nos-malades-et-personnes-agees\/\">Mardi saint : une messe pour nos malades et personnes \u00e2g\u00e9es<\/a><\/h2><p class=\"fusion-single-line-meta\"><span class=\"vcard\" style=\"display: none;\"><span class=\"fn\"><a href=\"https:\/\/www.paroisse-aucamville-st-loup-cammas.fr\/site\/author\/admin-paroisse\/\" title=\"Articles par Equipe \u00e9ditoriale\" rel=\"author\">Equipe \u00e9ditoriale<\/a><\/span><\/span><span class=\"updated\" style=\"display:none;\">2019-04-21T01:16:31+01:00<\/span><span>21 avril  2019<\/span><span class=\"fusion-inline-sep\">|<\/span><\/p><div class=\"fusion-post-content-container\"><p>Mardi Saint, le 16 avril dernier, les malades et personnes \u00e2g\u00e9es vivant en institution ou \u00e0 domicile, furent accueillis \u00e0 l\u2019\u00e9glise de Castelginest par l\u2019\u00e9quipe S E M (Service \u00c9vang\u00e9lique aupr\u00e8s des malades) et des [...]<\/p><\/div><\/div><div class=\"fusion-clearfix\"><\/div><div class=\"fusion-meta-info\"><div class=\"fusion-alignright\"><a class=\"fusion-read-more\" href=\"https:\/\/www.paroisse-aucamville-st-loup-cammas.fr\/site\/mardi-saint-une-messe-pour-nos-malades-et-personnes-agees\/\">Read More<\/a><\/div><\/div><\/article>\n<article id=\"blog-1-post-15907\" class=\"fusion-post-medium-alternate post-15907 post type-post status-publish format-standard has-post-thumbnail hentry category-pages-accueil category-sem category-vie-groupes\">\n<div class=\"fusion-date-and-formats\"><div class=\"fusion-date-box updated\"><span class=\"fusion-date\">18<\/span><span class=\"fusion-month-year\">02, 2019<\/span><\/div><div class=\"fusion-format-box\"><i class=\"fusion-icon-pen\"><\/i><\/div><\/div>\t<style type=\"text\/css\">\n\t\t\n\t\t\n\t\t\n\t\t\n\t\t\t<\/style>\n\n\n\t\t\t<div class=\"fusion-flexslider flexslider fusion-flexslider-loading fusion-post-slideshow\" style=\"\">\n\t\t<ul class=\"slides\">\n\t\t\t\n\t\t\t\t\t\t\t\t\t\t\t\t\t\t<li>\n\n<div  class=\"fusion-image-wrapper fusion-image-size-fixed\" aria-haspopup=\"true\">\n\t\n\t\n\t\t\n\t\t\t\t\t<img width=\"320\" height=\"202\" src=\"https:\/\/www.paroisse-aucamville-st-loup-cammas.fr\/site\/wp-content\/uploads\/veilleepourlesmalades_8fev2019-320x202.jpg\" class=\"attachment-blog-medium size-blog-medium wp-post-image\" alt=\"\" loading=\"lazy\" srcset=\"https:\/\/www.paroisse-aucamville-st-loup-cammas.fr\/site\/wp-content\/uploads\/veilleepourlesmalades_8fev2019-320x202.jpg 320w, https:\/\/www.paroisse-aucamville-st-loup-cammas.fr\/site\/wp-content\/uploads\/veilleepourlesmalades_8fev2019-700x441.jpg 700w\" sizes=\"(max-width: 320px) 100vw, 320px\" \/>\n\t\n\n\t\t<div class=\"fusion-rollover\">\n\t<div class=\"fusion-rollover-content\">\n\n\t\t\t\t\t\t\t\t\t\t\t\t\t\t<a class=\"fusion-rollover-link\" href=\"https:\/\/www.paroisse-aucamville-st-loup-cammas.fr\/site\/veillee-de-priere-pour-les-malades-chemins-de-saintete\/\">Veill\u00e9e de pri\u00e8re pour les malades : Chemins de saintet\u00e9&#8230;<\/a>\n\t\t\t\n\t\t\t\t\t\t\t\t\t\t\t\t\t\t\n\t\t\t\t\t\t\t\t\n\t\t\t\t\t\t\t\t\t\t\t\t\t<div class=\"fusion-rollover-sep\"><\/div>\n\t\t\t\t\n\t\t\t\t\t\t\t\t\t\t\t\t\t\t\t\t\t\t<a class=\"fusion-rollover-gallery\" href=\"https:\/\/www.paroisse-aucamville-st-loup-cammas.fr\/site\/wp-content\/uploads\/veilleepourlesmalades_8fev2019.jpg\" data-id=\"15907\" data-rel=\"iLightbox[gallery]\" data-title=\"veilleepourlesmalades_8fev2019\" data-caption=\"\">\n\t\t\t\t\t\tGallery\t\t\t\t\t<\/a>\n\t\t\t\t\t\t\t\t\t\t\t\t\t\t\n\t\t\t\t\n\t\t\t\t\t\t\t\t\t\t\t\t<h4 class=\"fusion-rollover-title\">\n\t\t\t\t\t<a href=\"https:\/\/www.paroisse-aucamville-st-loup-cammas.fr\/site\/veillee-de-priere-pour-les-malades-chemins-de-saintete\/\">\n\t\t\t\t\t\tVeill\u00e9e de pri\u00e8re pour les malades : Chemins de saintet\u00e9&#8230;\t\t\t\t\t<\/a>\n\t\t\t\t<\/h4>\n\t\t\t\n\t\t\t\t\t\t\t\t\t\t\t\t\t\t<div class=\"fusion-rollover-categories\"><a href=\"https:\/\/www.paroisse-aucamville-st-loup-cammas.fr\/site\/category\/pages-accueil\/\" rel=\"tag\">Page d'accueil<\/a>, <a href=\"https:\/\/www.paroisse-aucamville-st-loup-cammas.fr\/site\/category\/sem\/\" rel=\"tag\">SEM<\/a>, <a href=\"https:\/\/www.paroisse-aucamville-st-loup-cammas.fr\/site\/category\/vie-groupes\/\" rel=\"tag\">Vie des groupes<\/a><\/div>\t\t\t\t\t\n\t\t\n\t\t\t\t<a class=\"fusion-link-wrapper\" href=\"https:\/\/www.paroisse-aucamville-st-loup-cammas.fr\/site\/veillee-de-priere-pour-les-malades-chemins-de-saintete\/\" aria-label=\"Veill\u00e9e de pri\u00e8re pour les malades : Chemins de saintet\u00e9&#8230;\"><\/a>\n\t<\/div>\n<\/div>\n\n\t\n<\/div>\n<\/li>\n\t\t\t\n\t\t\t\n\t\t\t\t\t\t\t\t\t\t\t\t\t\t\t\t\t\t\t\t\t\t\t\t\t\t\t\t\t\t\t\t\t\t\t\t\t\t\t\t\t\t\t\t\t\t\t\t\t\t\t\t\t\t\t\t\t\t\t\t\t\t\t\t\t\t\t\t<\/ul>\n\t<\/div>\n\t<div class=\"fusion-post-content post-content\"><h2 class=\"blog-shortcode-post-title entry-title\"><a href=\"https:\/\/www.paroisse-aucamville-st-loup-cammas.fr\/site\/veillee-de-priere-pour-les-malades-chemins-de-saintete\/\">Veill\u00e9e de pri\u00e8re pour les malades : Chemins de saintet\u00e9&#8230;<\/a><\/h2><p class=\"fusion-single-line-meta\"><span class=\"vcard\" style=\"display: none;\"><span class=\"fn\"><a href=\"https:\/\/www.paroisse-aucamville-st-loup-cammas.fr\/site\/author\/admin-paroisse\/\" title=\"Articles par Equipe \u00e9ditoriale\" rel=\"author\">Equipe \u00e9ditoriale<\/a><\/span><\/span><span class=\"updated\" style=\"display:none;\">2019-02-19T07:26:02+01:00<\/span><span>18 f\u00e9vrier  2019<\/span><span class=\"fusion-inline-sep\">|<\/span><\/p><div class=\"fusion-post-content-container\"><p> \u00ab On est dans le m\u00e9tro toulousain. L'ascenseur est en panne. Je me trouvais l\u00e0, devant les contr\u00f4leurs, au moment o\u00f9 une femme en fauteuil roulant arrive. Elle ne pouvait pas acc\u00e9der aux rames [...]<\/p><\/div><\/div><div class=\"fusion-clearfix\"><\/div><div class=\"fusion-meta-info\"><div class=\"fusion-alignright\"><a class=\"fusion-read-more\" href=\"https:\/\/www.paroisse-aucamville-st-loup-cammas.fr\/site\/veillee-de-priere-pour-les-malades-chemins-de-saintete\/\">Read More<\/a><\/div><\/div><\/article>\n<\/div><div class=\"pagination clearfix\"><span class=\"current\">1<\/span><a href=\"https:\/\/www.paroisse-aucamville-st-loup-cammas.fr\/site\/wp-json\/wp\/v2\/pages\/12241\/page\/2\/\" class=\"inactive\">2<\/a><a class=\"pagination-next\" href=\"https:\/\/www.paroisse-aucamville-st-loup-cammas.fr\/site\/wp-json\/wp\/v2\/pages\/12241\/page\/2\/\"><span class=\"page-text\">Next<\/span><span class=\"page-next\"><\/span><\/a><\/div><div class=\"fusion-clearfix\"><\/div><\/div><div class=\"fusion-clearfix\"><\/div>\n\n\t\t\t\t\t<\/div>\n\t\t\t\t<\/div><\/div><\/div><\/p>\n","protected":false},"excerpt":{"rendered":"","protected":false},"author":1,"featured_media":0,"parent":0,"menu_order":0,"comment_status":"closed","ping_status":"closed","template":"100-width.php","meta":[],"_links":{"self":[{"href":"https:\/\/www.paroisse-aucamville-st-loup-cammas.fr\/site\/wp-json\/wp\/v2\/pages\/12241"}],"collection":[{"href":"https:\/\/www.paroisse-aucamville-st-loup-cammas.fr\/site\/wp-json\/wp\/v2\/pages"}],"about":[{"href":"https:\/\/www.paroisse-aucamville-st-loup-cammas.fr\/site\/wp-json\/wp\/v2\/types\/page"}],"author":[{"embeddable":true,"href":"https:\/\/www.paroisse-aucamville-st-loup-cammas.fr\/site\/wp-json\/wp\/v2\/users\/1"}],"replies":[{"embeddable":true,"href":"https:\/\/www.paroisse-aucamville-st-loup-cammas.fr\/site\/wp-json\/wp\/v2\/comments?post=12241"}],"version-history":[{"count":23,"href":"https:\/\/www.paroisse-aucamville-st-loup-cammas.fr\/site\/wp-json\/wp\/v2\/pages\/12241\/revisions"}],"predecessor-version":[{"id":20617,"href":"https:\/\/www.paroisse-aucamville-st-loup-cammas.fr\/site\/wp-json\/wp\/v2\/pages\/12241\/revisions\/20617"}],"wp:attachment":[{"href":"https:\/\/www.paroisse-aucamville-st-loup-cammas.fr\/site\/wp-json\/wp\/v2\/media?parent=12241"}],"curies":[{"name":"wp","href":"https:\/\/api.w.org\/{rel}","templated":true}]}}