{"id":12257,"date":"2016-06-16T19:53:51","date_gmt":"2016-06-16T18:53:51","guid":{"rendered":"http:\/\/www.paroisse-aucamville-st-loup-cammas.fr\/site\/?page_id=12257"},"modified":"2024-12-16T17:36:21","modified_gmt":"2024-12-16T16:36:21","slug":"chorale","status":"publish","type":"page","link":"https:\/\/www.paroisse-aucamville-st-loup-cammas.fr\/site\/chorale\/","title":{"rendered":"Chorale"},"content":{"rendered":"<div class=\"fusion-fullwidth fullwidth-box nonhundred-percent-fullwidth non-hundred-percent-height-scrolling\"  style='background-color: rgba(255,255,255,0);background-position: left top;background-repeat: no-repeat;padding-top:20px;padding-right:0px;padding-bottom:20px;padding-left:0px;border-top-width:0px;border-bottom-width:0px;border-color:#eae9e9;border-top-style:solid;border-bottom-style:solid;'><div class=\"fusion-builder-row fusion-row \"><div  class=\"fusion-layout-column fusion_builder_column fusion_builder_column_1_1  fusion-one-full fusion-column-first fusion-column-last 1_1\"  style='margin-top:0px;margin-bottom:20px;'>\n\t\t\t\t\t<div class=\"fusion-column-wrapper\" style=\"padding: 0px 0px 0px 0px;background-position:left top;background-repeat:no-repeat;-webkit-background-size:cover;-moz-background-size:cover;-o-background-size:cover;background-size:cover;\"  data-bg-url=\"\">\n\t\t\t\t\t\t<style type='text\/css'>.reading-box-container-1 .element-bottomshadow:before,.reading-box-container-1 .element-bottomshadow:after{opacity:0.70;}<\/style><div class=\"fusion-reading-box-container reading-box-container-1\" style=\"margin-top:0px;margin-bottom:84px;\"><div class=\"reading-box\" style=\"background-color:#f6f6f6;border-width:1px;border-color:#f6f6f6;border-top-width:3px;border-top-color:#ff9800;border-style:solid;\"><div class=\"reading-box-additional\">\n<h2>La chorale paroissiale, un groupe d&rsquo;une quarantaine de personnes, vient embellir nos c\u00e9l\u00e9brations et soutenir l\u2019assembl\u00e9e dans le chant et la pri\u00e8re.<\/h2>\n<h2>Depuis septembre dernier, la chorale est anim\u00e9e par Lut\u00e9cia et un petit groupe de chanteurs : partitions, enregistrements des chants sur nos smartphones ou MP3&#8230; tout est fait pour que chacun puisse progresser et participer !<\/h2>\n<\/div><div class=\"fusion-clearfix\"><\/div><\/div><\/div><div class=\"fusion-clearfix\"><\/div>\n\n\t\t\t\t\t<\/div>\n\t\t\t\t<\/div><div  class=\"fusion-layout-column fusion_builder_column fusion_builder_column_1_3  fusion-one-third fusion-column-first 1_3\"  style='margin-top:0px;margin-bottom:20px;width:30.6666%; margin-right: 4%;'>\n\t\t\t\t\t<div class=\"fusion-column-wrapper\" style=\"padding: 0px 0px 0px 0px;background-position:left top;background-repeat:no-repeat;-webkit-background-size:cover;-moz-background-size:cover;-o-background-size:cover;background-size:cover;\"  data-bg-url=\"\">\n\t\t\t\t\t\t<span class=\"fusion-imageframe imageframe-none imageframe-1 hover-type-none\"><img loading=\"lazy\" src=\"http:\/\/www.paroisse-aucamville-st-loup-cammas.fr\/site\/wp-content\/uploads\/IMG-20241214-WA0000-300x195.jpg\" width=\"300\" height=\"195\" alt=\"\" title=\"IMG-20241214-WA0000\" class=\"img-responsive wp-image-20256\" srcset=\"https:\/\/www.paroisse-aucamville-st-loup-cammas.fr\/site\/wp-content\/uploads\/IMG-20241214-WA0000-200x130.jpg 200w, https:\/\/www.paroisse-aucamville-st-loup-cammas.fr\/site\/wp-content\/uploads\/IMG-20241214-WA0000-400x260.jpg 400w, https:\/\/www.paroisse-aucamville-st-loup-cammas.fr\/site\/wp-content\/uploads\/IMG-20241214-WA0000-600x390.jpg 600w, https:\/\/www.paroisse-aucamville-st-loup-cammas.fr\/site\/wp-content\/uploads\/IMG-20241214-WA0000-800x520.jpg 800w, https:\/\/www.paroisse-aucamville-st-loup-cammas.fr\/site\/wp-content\/uploads\/IMG-20241214-WA0000.jpg 900w\" sizes=\"(max-width: 800px) 100vw, 300px\" \/><\/span><div class=\"fusion-clearfix\"><\/div>\n\n\t\t\t\t\t<\/div>\n\t\t\t\t<\/div><div  class=\"fusion-layout-column fusion_builder_column fusion_builder_column_2_3  fusion-two-third fusion-column-last 2_3\"  style='margin-top:0px;margin-bottom:20px;width:65.3333%'>\n\t\t\t\t\t<div class=\"fusion-column-wrapper\" style=\"padding: 0px 0px 0px 0px;background-position:left top;background-repeat:no-repeat;-webkit-background-size:cover;-moz-background-size:cover;-o-background-size:cover;background-size:cover;\"  data-bg-url=\"\">\n\t\t\t\t\t\t<div class=\"fusion-title title fusion-title-size-two\" style=\"margin-top:0px;margin-bottom:31px;\"><h2 class=\"title-heading-left\">Chorale paroissiale : Et maintenant chantez !<\/h2><div class=\"title-sep-container\"><div class=\"title-sep sep-double sep-solid\" style=\"border-color:#e0dede;\"><\/div><\/div><\/div><div class=\"fusion-text\"><p style=\"text-align: justify;\">C\u00f4t\u00e9 coulisse, pendant les r\u00e9p\u00e9titions, il y en a qui se bagarrent entre un mi b\u00e9mol et un mi b\u00e9carre, d&rsquo;autres qui improvisent de belles envol\u00e9es vocales, les sopranos qui raillent les alti&#8230; et notre chef, patient et d\u00e9vou\u00e9, qui fait de nous un vrai choeur capable m\u00eame de chanter \u00e0 quatre voix dans une atmosph\u00e8re conviviale et rieuse.<br \/>\nPendant les messes, c&rsquo;est avec application, avec coeur et dans la foi que nous venons chanter avec l&rsquo;assembl\u00e9e, contribuant \u00e0 rendre nos c\u00e9l\u00e9brations vivantes et priantes.<br \/>\nAinsi, la chorale regroupe toutes les personnes d\u00e9sireuses de pr\u00eater leur voix pour embellir les c\u00e9l\u00e9brations paroissiales et soutenir l\u2019assembl\u00e9e dans le chant et la pri\u00e8re. La mission de la chorale porte principalement sur l\u2019animation des messes des familles, des communions ou professions de foi et des c\u00e9l\u00e9brations des grandes f\u00eates de l&rsquo;ann\u00e9e liturgique (No\u00ebl, Semaine Sainte&#8230;).<br \/>\nNous vous accueillerons avec joie quelle que soit votre exp\u00e9rience du chant choral. Nous vous accueillerons avec autant de joie si vous jouez d\u2019un instrument de musique qui puisse soutenir nos chants&#8230;<\/p>\n<\/div><div class=\"fusion-clearfix\"><\/div>\n\n\t\t\t\t\t<\/div>\n\t\t\t\t<\/div><div  class=\"fusion-layout-column fusion_builder_column fusion_builder_column_1_1  fusion-one-full fusion-column-first fusion-column-last 1_1\"  style='margin-top:30px;margin-bottom:30px;'>\n\t\t\t\t\t<div class=\"fusion-column-wrapper\" style=\"padding: 0px 0px 0px 0px;background-position:left top;background-repeat:no-repeat;-webkit-background-size:cover;-moz-background-size:cover;-o-background-size:cover;background-size:cover;\"  data-bg-url=\"\">\n\t\t\t\t\t\t<div class=\"fusion-builder-row fusion-builder-row-inner fusion-row \"><div  class=\"fusion-layout-column fusion_builder_column fusion_builder_column_1_3  fusion-one-third fusion-column-first 1_3\"  style='margin-top: 0px;margin-bottom: 20px;width:33.33%;width:calc(33.33% - ( ( 4% + 4% ) * 0.3333 ) );margin-right:4%;'><div class=\"fusion-column-wrapper\" style=\"padding: 0px 0px 0px 0px;background-position:left top;background-repeat:no-repeat;-webkit-background-size:cover;-moz-background-size:cover;-o-background-size:cover;background-size:cover;\"  data-bg-url=\"\"><div class=\"fusion-button-wrapper\"><style type=\"text\/css\" scoped=\"scoped\">.fusion-button.button-1 .fusion-button-text, .fusion-button.button-1 i {color:#ffffff;}.fusion-button.button-1 {border-width:0px;border-color:#ffffff;}.fusion-button.button-1 .fusion-button-icon-divider{border-color:#ffffff;}.fusion-button.button-1:hover .fusion-button-text, .fusion-button.button-1:hover i,.fusion-button.button-1:focus .fusion-button-text, .fusion-button.button-1:focus i,.fusion-button.button-1:active .fusion-button-text, .fusion-button.button-1:active{color:#ffffff;}.fusion-button.button-1:hover, .fusion-button.button-1:focus, .fusion-button.button-1:active{border-width:0px;border-color:#ffffff;}.fusion-button.button-1:hover .fusion-button-icon-divider, .fusion-button.button-1:hover .fusion-button-icon-divider, .fusion-button.button-1:active .fusion-button-icon-divider{border-color:#ffffff;}.fusion-button.button-1{background: #ff9800;}.fusion-button.button-1:hover,.button-1:focus,.fusion-button.button-1:active{background: #ff9800;}.fusion-button.button-1{width:100%;}<\/style><a class=\"fusion-button button-flat fusion-button-pill button-medium button-custom button-1\" target=\"_self\" href=\"http:\/\/www.paroisse-aucamville-st-loup-cammas.fr\/site\/chorale-psaumes-annee-a\/\"><i class=\"fa-music fas button-icon-left\"><\/i><span class=\"fusion-button-text\">Psaumes Ann\u00e9e A<\/span><\/a><\/div><\/div><\/div><div  class=\"fusion-layout-column fusion_builder_column fusion_builder_column_1_3  fusion-one-third 1_3\"  style='margin-top: 0px;margin-bottom: 20px;width:33.33%;width:calc(33.33% - ( ( 4% + 4% ) * 0.3333 ) );margin-right:4%;'><div class=\"fusion-column-wrapper\" style=\"padding: 0px 0px 0px 0px;background-position:left top;background-repeat:no-repeat;-webkit-background-size:cover;-moz-background-size:cover;-o-background-size:cover;background-size:cover;\"  data-bg-url=\"\"><div class=\"fusion-button-wrapper\"><style type=\"text\/css\" scoped=\"scoped\">.fusion-button.button-2 .fusion-button-text, .fusion-button.button-2 i {color:#ffffff;}.fusion-button.button-2 {border-width:0px;border-color:#ffffff;}.fusion-button.button-2 .fusion-button-icon-divider{border-color:#ffffff;}.fusion-button.button-2:hover .fusion-button-text, .fusion-button.button-2:hover i,.fusion-button.button-2:focus .fusion-button-text, .fusion-button.button-2:focus i,.fusion-button.button-2:active .fusion-button-text, .fusion-button.button-2:active{color:#ffffff;}.fusion-button.button-2:hover, .fusion-button.button-2:focus, .fusion-button.button-2:active{border-width:0px;border-color:#ffffff;}.fusion-button.button-2:hover .fusion-button-icon-divider, .fusion-button.button-2:hover .fusion-button-icon-divider, .fusion-button.button-2:active .fusion-button-icon-divider{border-color:#ffffff;}.fusion-button.button-2{background: #ff9800;}.fusion-button.button-2:hover,.button-2:focus,.fusion-button.button-2:active{background: #ff9800;}.fusion-button.button-2{width:100%;}<\/style><a class=\"fusion-button button-flat fusion-button-pill button-medium button-custom button-2\" target=\"_self\" href=\"http:\/\/www.paroisse-aucamville-st-loup-cammas.fr\/site\/chorale-psaumes-annee-b\/\"><i class=\"fa-music fas button-icon-left\"><\/i><span class=\"fusion-button-text\">Psaumes Ann\u00e9e B<\/span><\/a><\/div><\/div><\/div><div  class=\"fusion-layout-column fusion_builder_column fusion_builder_column_1_3  fusion-one-third fusion-column-last 1_3\"  style='margin-top: 0px;margin-bottom: 20px;width:33.33%;width:calc(33.33% - ( ( 4% + 4% ) * 0.3333 ) );'><div class=\"fusion-column-wrapper\" style=\"padding: 0px 0px 0px 0px;background-position:left top;background-repeat:no-repeat;-webkit-background-size:cover;-moz-background-size:cover;-o-background-size:cover;background-size:cover;\"  data-bg-url=\"\"><div class=\"fusion-button-wrapper\"><style type=\"text\/css\" scoped=\"scoped\">.fusion-button.button-3 .fusion-button-text, .fusion-button.button-3 i {color:#ffffff;}.fusion-button.button-3 {border-width:0px;border-color:#ffffff;}.fusion-button.button-3 .fusion-button-icon-divider{border-color:#ffffff;}.fusion-button.button-3:hover .fusion-button-text, .fusion-button.button-3:hover i,.fusion-button.button-3:focus .fusion-button-text, .fusion-button.button-3:focus i,.fusion-button.button-3:active .fusion-button-text, .fusion-button.button-3:active{color:#ffffff;}.fusion-button.button-3:hover, .fusion-button.button-3:focus, .fusion-button.button-3:active{border-width:0px;border-color:#ffffff;}.fusion-button.button-3:hover .fusion-button-icon-divider, .fusion-button.button-3:hover .fusion-button-icon-divider, .fusion-button.button-3:active .fusion-button-icon-divider{border-color:#ffffff;}.fusion-button.button-3{background: #ff9800;}.fusion-button.button-3:hover,.button-3:focus,.fusion-button.button-3:active{background: #ff9800;}.fusion-button.button-3{width:100%;}<\/style><a class=\"fusion-button button-flat fusion-button-pill button-medium button-custom button-3\" target=\"_self\" href=\"http:\/\/www.paroisse-aucamville-st-loup-cammas.fr\/site\/chorale-psaumes-annee-c\/\"><i class=\"fa-music fas button-icon-left\"><\/i><span class=\"fusion-button-text\">Psaumes Ann\u00e9e C<\/span><\/a><\/div><\/div><\/div><\/div><div class=\"fusion-clearfix\"><\/div>\n\n\t\t\t\t\t<\/div>\n\t\t\t\t<\/div><div  class=\"fusion-layout-column fusion_builder_column fusion_builder_column_1_1  fusion-one-full fusion-column-first fusion-column-last 1_1\"  style='margin-top:30px;margin-bottom:30px;'>\n\t\t\t\t\t<div class=\"fusion-column-wrapper\" style=\"padding: 0px 0px 0px 0px;background-position:left top;background-repeat:no-repeat;-webkit-background-size:cover;-moz-background-size:cover;-o-background-size:cover;background-size:cover;\"  data-bg-url=\"\">\n\t\t\t\t\t\t<div class=\"fusion-title title fusion-title-center fusion-title-size-two\" style=\"margin-top:0px;margin-bottom:31px;\"><div class=\"title-sep-container title-sep-container-left\"><div class=\"title-sep sep-single sep-solid\" style=\"border-color:#ff9800;\"><\/div><\/div><h2 class=\"title-heading-center\">Contacts et infos pratiques<\/h2><div class=\"title-sep-container title-sep-container-right\"><div class=\"title-sep sep-single sep-solid\" style=\"border-color:#ff9800;\"><\/div><\/div><\/div><div class=\"fusion-clearfix\"><\/div>\n\n\t\t\t\t\t<\/div>\n\t\t\t\t<\/div><div  class=\"fusion-layout-column fusion_builder_column fusion_builder_column_1_3  fusion-one-third fusion-column-first 1_3\"  style='margin-top:0px;margin-bottom:20px;width:30.6666%; margin-right: 4%;'>\n\t\t\t\t\t<div class=\"fusion-column-wrapper\" style=\"padding: 0px 0px 0px 0px;background-position:left top;background-repeat:no-repeat;-webkit-background-size:cover;-moz-background-size:cover;-o-background-size:cover;background-size:cover;\"  data-bg-url=\"\">\n\t\t\t\t\t\t<div class=\"fusion-person person fusion-person-left fusion-person-1 fusion-person-icon-top\"><div class=\"person-shortcode-image-wrapper\"><div class=\"person-image-container hover-type-none person-rounded-overflow\" style=\"-webkit-border-radius:0px;-moz-border-radius:0px;border-radius:0px;border:0px solid #f6f6f6;-webkit-border-radius:0px;-moz-border-radius:0px;border-radius:0px;\"><img loading=\"lazy\" class=\"person-img img-responsive wp-image-13872\" width=\"1024\" height=\"1024\" src=\"http:\/\/www.paroisse-aucamville-st-loup-cammas.fr\/site\/wp-content\/uploads\/EqLiturgie_Lut\u00e9cia-e1494835388560-1024x1024.jpg\" alt=\"Lut\u00e9cia Rafiringa\" \/><\/div><\/div><div class=\"person-desc\"><div class=\"person-author\"><div class=\"person-author-wrapper\"><span class=\"person-name\">Lut\u00e9cia Rafiringa<\/span><span class=\"person-title\">Responsable de la chorale<\/span><\/div><\/div><div class=\"person-content fusion-clearfix\">T\u00e9l\u00e9phone : 06 14 46 63 85<\/div><\/div><\/div><div class=\"fusion-clearfix\"><\/div>\n\n\t\t\t\t\t<\/div>\n\t\t\t\t<\/div><div  class=\"fusion-layout-column fusion_builder_column fusion_builder_column_2_3  fusion-two-third fusion-column-last 2_3\"  style='margin-top:0px;margin-bottom:20px;width:65.3333%'>\n\t\t\t\t\t<div class=\"fusion-column-wrapper\" style=\"padding: 0px 0px 0px 0px;background-position:left top;background-repeat:no-repeat;-webkit-background-size:cover;-moz-background-size:cover;-o-background-size:cover;background-size:cover;\"  data-bg-url=\"\">\n\t\t\t\t\t\t<div class=\"fusion-content-boxes content-boxes columns row fusion-columns-1 fusion-columns-total-1 fusion-content-boxes-1 content-boxes-icon-boxed content-left\" data-animationOffset=\"100%\" style=\"margin-top:0px;margin-bottom:60px;\"><style type=\"text\/css\" scoped=\"scoped\">.fusion-content-boxes-1 .heading .content-box-heading {color:#333333;}\n\t\t\t\t\t.fusion-content-boxes-1 .fusion-content-box-hover .link-area-link-icon-hover .heading .content-box-heading,\n\t\t\t\t\t.fusion-content-boxes-1 .fusion-content-box-hover .link-area-link-icon-hover .heading .heading-link .content-box-heading,\n\t\t\t\t\t.fusion-content-boxes-1 .fusion-content-box-hover .link-area-box-hover .heading .content-box-heading,\n\t\t\t\t\t.fusion-content-boxes-1 .fusion-content-box-hover .link-area-box-hover .heading .heading-link .content-box-heading,\n\t\t\t\t\t.fusion-content-boxes-1 .fusion-content-box-hover .link-area-link-icon-hover.link-area-box .fusion-read-more,\n\t\t\t\t\t.fusion-content-boxes-1 .fusion-content-box-hover .link-area-link-icon-hover.link-area-box .fusion-read-more::after,\n\t\t\t\t\t.fusion-content-boxes-1 .fusion-content-box-hover .link-area-link-icon-hover.link-area-box .fusion-read-more::before,\n\t\t\t\t\t.fusion-content-boxes-1 .fusion-content-box-hover .fusion-read-more:hover:after,\n\t\t\t\t\t.fusion-content-boxes-1 .fusion-content-box-hover .fusion-read-more:hover:before,\n\t\t\t\t\t.fusion-content-boxes-1 .fusion-content-box-hover .fusion-read-more:hover,\n\t\t\t\t\t.fusion-content-boxes-1 .fusion-content-box-hover .link-area-box-hover.link-area-box .fusion-read-more,\n\t\t\t\t\t.fusion-content-boxes-1 .fusion-content-box-hover .link-area-box-hover.link-area-box .fusion-read-more::after,\n\t\t\t\t\t.fusion-content-boxes-1 .fusion-content-box-hover .link-area-box-hover.link-area-box .fusion-read-more::before,\n\t\t\t\t\t.fusion-content-boxes-1 .fusion-content-box-hover .link-area-link-icon-hover .icon .circle-no,\n\t\t\t\t\t.fusion-content-boxes-1 .heading .heading-link:hover .content-box-heading {\n\t\t\t\t\t\tcolor: #a0ce4e;\n\t\t\t\t\t}\n\t\t\t\t\t.fusion-content-boxes-1 .fusion-content-box-hover .link-area-box-hover .icon .circle-no {\n\t\t\t\t\t\tcolor: #a0ce4e !important;\n\t\t\t\t\t}.fusion-content-boxes-1 .fusion-content-box-hover .link-area-box.link-area-box-hover .fusion-content-box-button {background: #ff9800;color: #ffffff;}.fusion-content-boxes-1 .fusion-content-box-hover .link-area-box.link-area-box-hover .fusion-content-box-button .fusion-button-text {color: #ffffff;}\n\t\t\t\t\t.fusion-content-boxes-1 .fusion-content-box-hover .link-area-link-icon-hover .heading .icon > span {\n\t\t\t\t\t\tbackground-color: #a0ce4e !important;\n\t\t\t\t\t}\n\t\t\t\t\t.fusion-content-boxes-1 .fusion-content-box-hover .link-area-box-hover .heading .icon > span {\n\t\t\t\t\t\tborder-color: #a0ce4e !important;\n\t\t\t\t\t}<\/style><div class=\"fusion-column content-box-column content-box-column content-box-column-1 col-lg-12 col-md-12 col-sm-12 fusion-content-box-hover  content-box-column-last\"><div class=\"col content-wrapper content-wrapper-boxed link-area-link-icon icon-hover-animation-fade\" style=\"background-color:rgba(255,255,255,0);\" data-animationOffset=\"100%\"><div class=\"heading heading-with-icon icon-left\"><div class=\"icon\"><i style=\"border-color:#333333;border-width:1px;background-color:#333333;box-sizing:content-box;height:42px;width:42px;line-height:42px;top:-71px;margin-left:-21px;border-radius:50%;color:#ffffff;font-size:21px;\" class=\"fontawesome-icon fa-music fas circle-yes\"><\/i><\/div><h2 class=\"content-box-heading\" style=\"font-size:18px;line-height:23px;\">R\u00e9p\u00e9titions<\/h2><\/div><div class=\"fusion-clearfix\"><\/div><div class=\"content-container\" style=\"color:#747474;\">\n<p>R\u00e9p\u00e9tition de la chorale, tous les mercredis de 20h30 \u00e0 21h30, \u00e0 l&rsquo;\u00e9glise de Castelginest.<\/p>\n<\/div><\/div><\/div><style type=\"text\/css\" scoped=\"scoped\">\n\t\t\t\t\t\t.fusion-content-boxes-1 .fusion-content-box-hover .heading-link:hover .icon i.circle-yes,\n\t\t\t\t\t\t.fusion-content-boxes-1 .fusion-content-box-hover .link-area-box:hover .heading-link .icon i.circle-yes,\n\t\t\t\t\t\t.fusion-content-boxes-1 .fusion-content-box-hover .link-area-link-icon-hover .heading .icon i.circle-yes,\n\t\t\t\t\t\t.fusion-content-boxes-1 .fusion-content-box-hover .link-area-box-hover .heading .icon i.circle-yes {\n\t\t\t\t\t\t\tbackground-color: #a0ce4e !important;\n\t\t\t\t\t\t\tborder-color: #a0ce4e !important;\n\t\t\t\t\t\t}<\/style><div class=\"fusion-clearfix\"><\/div><\/div><div class=\"fusion-clearfix\"><\/div>\n\n\t\t\t\t\t<\/div>\n\t\t\t\t<\/div><div  class=\"fusion-layout-column fusion_builder_column fusion_builder_column_1_1  fusion-one-full fusion-column-first fusion-column-last 1_1\"  style='margin-top:0px;margin-bottom:20px;'>\n\t\t\t\t\t<div class=\"fusion-column-wrapper\" style=\"padding: 0px 0px 0px 0px;background-position:left top;background-repeat:no-repeat;-webkit-background-size:cover;-moz-background-size:cover;-o-background-size:cover;background-size:cover;\"  data-bg-url=\"\">\n\t\t\t\t\t\t<div class=\"fusion-title title fusion-title-center fusion-title-size-two\" style=\"margin-top:0px;margin-bottom:31px;\"><div class=\"title-sep-container title-sep-container-left\"><div class=\"title-sep sep-single sep-solid\" style=\"border-color:#dd9933;\"><\/div><\/div><h2 class=\"title-heading-center\">Morceaux choisis<\/h2><div class=\"title-sep-container title-sep-container-right\"><div class=\"title-sep sep-single sep-solid\" style=\"border-color:#dd9933;\"><\/div><\/div><\/div><div class=\"fusion-blog-shortcode fusion-blog-shortcode-1 fusion-blog-archive fusion-blog-layout-medium-alternate fusion-blog-pagination\"><div class=\"fusion-posts-container fusion-posts-container-pagination fusion-blog-rollover\" data-pages=\"6\"><article id=\"blog-1-post-20555\" class=\"fusion-post-medium-alternate post-20555 post type-post status-publish format-standard has-post-thumbnail hentry category-chorale category-pages-accueil category-vie-groupes\">\n<div class=\"fusion-date-and-formats\"><div class=\"fusion-date-box updated\"><span class=\"fusion-date\">25<\/span><span class=\"fusion-month-year\">05, 2025<\/span><\/div><div class=\"fusion-format-box\"><i class=\"fusion-icon-pen\"><\/i><\/div><\/div>\t<style type=\"text\/css\">\n\t\t\n\t\t\n\t\t\n\t\t\n\t\t\t<\/style>\n\n\n\t\t\t<div class=\"fusion-flexslider flexslider fusion-flexslider-loading fusion-post-slideshow\" style=\"\">\n\t\t<ul class=\"slides\">\n\t\t\t\n\t\t\t\t\t\t\t\t\t\t\t\t\t\t<li>\n\n<div  class=\"fusion-image-wrapper fusion-image-size-fixed\" aria-haspopup=\"true\">\n\t\n\t\n\t\t\n\t\t\t\t\t<img width=\"320\" height=\"202\" src=\"https:\/\/www.paroisse-aucamville-st-loup-cammas.fr\/site\/wp-content\/uploads\/IMG-20250521-WA0004-320x202.jpg\" class=\"attachment-blog-medium size-blog-medium wp-post-image\" alt=\"\" loading=\"lazy\" srcset=\"https:\/\/www.paroisse-aucamville-st-loup-cammas.fr\/site\/wp-content\/uploads\/IMG-20250521-WA0004-320x202.jpg 320w, https:\/\/www.paroisse-aucamville-st-loup-cammas.fr\/site\/wp-content\/uploads\/IMG-20250521-WA0004-700x441.jpg 700w\" sizes=\"(max-width: 320px) 100vw, 320px\" \/>\n\t\n\n\t\t<div class=\"fusion-rollover\">\n\t<div class=\"fusion-rollover-content\">\n\n\t\t\t\t\t\t\t\t\t\t\t\t\t\t<a class=\"fusion-rollover-link\" href=\"https:\/\/www.paroisse-aucamville-st-loup-cammas.fr\/site\/la-chorale-en-fete\/\">La chorale en f\u00eate.<\/a>\n\t\t\t\n\t\t\t\t\t\t\t\t\t\t\t\t\t\t\n\t\t\t\t\t\t\t\t\n\t\t\t\t\t\t\t\t\t\t\t\t\t<div class=\"fusion-rollover-sep\"><\/div>\n\t\t\t\t\n\t\t\t\t\t\t\t\t\t\t\t\t\t\t\t\t\t\t<a class=\"fusion-rollover-gallery\" href=\"https:\/\/www.paroisse-aucamville-st-loup-cammas.fr\/site\/wp-content\/uploads\/IMG-20250521-WA0004.jpg\" data-id=\"20555\" data-rel=\"iLightbox[gallery]\" data-title=\"IMG-20250521-WA0004\" data-caption=\"\">\n\t\t\t\t\t\tGallery\t\t\t\t\t<\/a>\n\t\t\t\t\t\t\t\t\t\t\t\t\t\t\n\t\t\t\t\n\t\t\t\t\t\t\t\t\t\t\t\t<h4 class=\"fusion-rollover-title\">\n\t\t\t\t\t<a href=\"https:\/\/www.paroisse-aucamville-st-loup-cammas.fr\/site\/la-chorale-en-fete\/\">\n\t\t\t\t\t\tLa chorale en f\u00eate.\t\t\t\t\t<\/a>\n\t\t\t\t<\/h4>\n\t\t\t\n\t\t\t\t\t\t\t\t\t\t\t\t\t\t<div class=\"fusion-rollover-categories\"><a href=\"https:\/\/www.paroisse-aucamville-st-loup-cammas.fr\/site\/category\/chorale\/\" rel=\"tag\">Chorale<\/a>, <a href=\"https:\/\/www.paroisse-aucamville-st-loup-cammas.fr\/site\/category\/pages-accueil\/\" rel=\"tag\">Page d'accueil<\/a>, <a href=\"https:\/\/www.paroisse-aucamville-st-loup-cammas.fr\/site\/category\/vie-groupes\/\" rel=\"tag\">Vie des groupes<\/a><\/div>\t\t\t\t\t\n\t\t\n\t\t\t\t<a class=\"fusion-link-wrapper\" href=\"https:\/\/www.paroisse-aucamville-st-loup-cammas.fr\/site\/la-chorale-en-fete\/\" aria-label=\"La chorale en f\u00eate.\"><\/a>\n\t<\/div>\n<\/div>\n\n\t\n<\/div>\n<\/li>\n\t\t\t\n\t\t\t\n\t\t\t\t\t\t\t\t\t\t\t\n\t\t\t\t\t\n\t\t\t\t\t\t\t\t\t\t\t<li>\n\t\t\t\t\t\t\t<div class=\"fusion-image-wrapper\">\n\t\t\t\t\t\t\t\t<a href=\"https:\/\/www.paroisse-aucamville-st-loup-cammas.fr\/site\/la-chorale-en-fete\/\" aria-label=\"La chorale en f\u00eate.\">\n\t\t\t\t\t\t\t\t\t<img loading=\"lazy\" width=\"320\" height=\"202\" src=\"https:\/\/www.paroisse-aucamville-st-loup-cammas.fr\/site\/wp-content\/uploads\/20250521_215133-320x202.jpg\" alt=\"\" class=\"wp-image-20557\" role=\"presentation\" srcset=\"https:\/\/www.paroisse-aucamville-st-loup-cammas.fr\/site\/wp-content\/uploads\/20250521_215133-320x202.jpg 320w, https:\/\/www.paroisse-aucamville-st-loup-cammas.fr\/site\/wp-content\/uploads\/20250521_215133-700x441.jpg 700w\" sizes=\"(max-width: 320px) 100vw, 320px\" \/>\t\t\t\t\t\t\t\t<\/a>\n\t\t\t\t\t\t\t\t<a style=\"display:none;\" href=\"https:\/\/www.paroisse-aucamville-st-loup-cammas.fr\/site\/wp-content\/uploads\/20250521_215133.jpg\" data-rel=\"iLightbox[gallery20555]\"  title=\"\" data-title=\"20250521_215133\" data-caption=\"\">\n\t\t\t\t\t\t\t\t\t\t\t\t\t\t\t\t\t<\/a>\n\t\t\t\t\t\t\t<\/div>\n\t\t\t\t\t\t<\/li>\n\t\t\t\t\t\t\t\t\t\t\t\t\t\t\t\t\t\t\t\t\t\t\t\t\n\t\t\t\t\t\n\t\t\t\t\t\t\t\t\t\t\t<li>\n\t\t\t\t\t\t\t<div class=\"fusion-image-wrapper\">\n\t\t\t\t\t\t\t\t<a href=\"https:\/\/www.paroisse-aucamville-st-loup-cammas.fr\/site\/la-chorale-en-fete\/\" aria-label=\"La chorale en f\u00eate.\">\n\t\t\t\t\t\t\t\t\t<img loading=\"lazy\" width=\"320\" height=\"202\" src=\"https:\/\/www.paroisse-aucamville-st-loup-cammas.fr\/site\/wp-content\/uploads\/20250521_220124-320x202.jpg\" alt=\"\" class=\"wp-image-20558\" role=\"presentation\" srcset=\"https:\/\/www.paroisse-aucamville-st-loup-cammas.fr\/site\/wp-content\/uploads\/20250521_220124-320x202.jpg 320w, https:\/\/www.paroisse-aucamville-st-loup-cammas.fr\/site\/wp-content\/uploads\/20250521_220124-700x441.jpg 700w\" sizes=\"(max-width: 320px) 100vw, 320px\" \/>\t\t\t\t\t\t\t\t<\/a>\n\t\t\t\t\t\t\t\t<a style=\"display:none;\" href=\"https:\/\/www.paroisse-aucamville-st-loup-cammas.fr\/site\/wp-content\/uploads\/20250521_220124.jpg\" data-rel=\"iLightbox[gallery20555]\"  title=\"\" data-title=\"20250521_220124\" data-caption=\"\">\n\t\t\t\t\t\t\t\t\t\t\t\t\t\t\t\t\t<\/a>\n\t\t\t\t\t\t\t<\/div>\n\t\t\t\t\t\t<\/li>\n\t\t\t\t\t\t\t\t\t\t\t\t\t\t\t\t\t\t\t\t\t\t\t\t\n\t\t\t\t\t\n\t\t\t\t\t\t\t\t\t\t\t<li>\n\t\t\t\t\t\t\t<div class=\"fusion-image-wrapper\">\n\t\t\t\t\t\t\t\t<a href=\"https:\/\/www.paroisse-aucamville-st-loup-cammas.fr\/site\/la-chorale-en-fete\/\" aria-label=\"La chorale en f\u00eate.\">\n\t\t\t\t\t\t\t\t\t<img loading=\"lazy\" width=\"320\" height=\"202\" src=\"https:\/\/www.paroisse-aucamville-st-loup-cammas.fr\/site\/wp-content\/uploads\/20250521_220130-320x202.jpg\" alt=\"\" class=\"wp-image-20559\" role=\"presentation\" srcset=\"https:\/\/www.paroisse-aucamville-st-loup-cammas.fr\/site\/wp-content\/uploads\/20250521_220130-320x202.jpg 320w, https:\/\/www.paroisse-aucamville-st-loup-cammas.fr\/site\/wp-content\/uploads\/20250521_220130-700x441.jpg 700w\" sizes=\"(max-width: 320px) 100vw, 320px\" \/>\t\t\t\t\t\t\t\t<\/a>\n\t\t\t\t\t\t\t\t<a style=\"display:none;\" href=\"https:\/\/www.paroisse-aucamville-st-loup-cammas.fr\/site\/wp-content\/uploads\/20250521_220130.jpg\" data-rel=\"iLightbox[gallery20555]\"  title=\"\" data-title=\"20250521_220130\" data-caption=\"\">\n\t\t\t\t\t\t\t\t\t\t\t\t\t\t\t\t\t<\/a>\n\t\t\t\t\t\t\t<\/div>\n\t\t\t\t\t\t<\/li>\n\t\t\t\t\t\t\t\t\t\t\t\t\t\t\t\t\t\t\t\t\t\t\t\t\t\t\t\t\t\t\t\t\t\t\t\t<\/ul>\n\t<\/div>\n\t<div class=\"fusion-post-content post-content\"><h2 class=\"blog-shortcode-post-title entry-title\"><a href=\"https:\/\/www.paroisse-aucamville-st-loup-cammas.fr\/site\/la-chorale-en-fete\/\">La chorale en f\u00eate.<\/a><\/h2><p class=\"fusion-single-line-meta\"><span class=\"vcard\" style=\"display: none;\"><span class=\"fn\"><a href=\"https:\/\/www.paroisse-aucamville-st-loup-cammas.fr\/site\/author\/maryline-laguens\/\" title=\"Articles par Maryline Laguens\" rel=\"author\">Maryline Laguens<\/a><\/span><\/span><span class=\"updated\" style=\"display:none;\">2025-05-25T14:37:34+01:00<\/span><span>25 mai  2025<\/span><span class=\"fusion-inline-sep\">|<\/span><\/p><div class=\"fusion-post-content-container\"><p>Fin de r\u00e9p\u00e9tition festive ce mercredi pour entourer Genevi\u00e8ve qui f\u00eatait sa 7\u00e8me dizaine. Les choristes ont particip\u00e9 au financement d'un p\u00e8lerinage \u00e0 Rome, en cette ann\u00e9e jubilaire, qui lui tient \u00e0 c\u0153ur. Comme il [...]<\/p><\/div><\/div><div class=\"fusion-clearfix\"><\/div><div class=\"fusion-meta-info\"><div class=\"fusion-alignright\"><a class=\"fusion-read-more\" href=\"https:\/\/www.paroisse-aucamville-st-loup-cammas.fr\/site\/la-chorale-en-fete\/\">Read More<\/a><\/div><\/div><\/article>\n<article id=\"blog-1-post-20430\" class=\"fusion-post-medium-alternate post-20430 post type-post status-publish format-standard has-post-thumbnail hentry category-chorale category-pages-accueil category-vie-groupes\">\n<div class=\"fusion-date-and-formats\"><div class=\"fusion-date-box updated\"><span class=\"fusion-date\">6<\/span><span class=\"fusion-month-year\">04, 2025<\/span><\/div><div class=\"fusion-format-box\"><i class=\"fusion-icon-pen\"><\/i><\/div><\/div>\t<style type=\"text\/css\">\n\t\t\n\t\t\n\t\t\n\t\t\n\t\t\t<\/style>\n\n\n\t\t\t<div class=\"fusion-flexslider flexslider fusion-flexslider-loading fusion-post-slideshow\" style=\"\">\n\t\t<ul class=\"slides\">\n\t\t\t\n\t\t\t\t\t\t\t\t\t\t\t\t\t\t<li>\n\n<div  class=\"fusion-image-wrapper fusion-image-size-fixed\" aria-haspopup=\"true\">\n\t\n\t\n\t\t\n\t\t\t\t\t<img width=\"320\" height=\"202\" src=\"https:\/\/www.paroisse-aucamville-st-loup-cammas.fr\/site\/wp-content\/uploads\/IMG-20250329-WA0001-320x202.jpg\" class=\"attachment-blog-medium size-blog-medium wp-post-image\" alt=\"\" loading=\"lazy\" srcset=\"https:\/\/www.paroisse-aucamville-st-loup-cammas.fr\/site\/wp-content\/uploads\/IMG-20250329-WA0001-320x202.jpg 320w, https:\/\/www.paroisse-aucamville-st-loup-cammas.fr\/site\/wp-content\/uploads\/IMG-20250329-WA0001-700x441.jpg 700w\" sizes=\"(max-width: 320px) 100vw, 320px\" \/>\n\t\n\n\t\t<div class=\"fusion-rollover\">\n\t<div class=\"fusion-rollover-content\">\n\n\t\t\t\t\t\t\t\t\t\t\t\t\t\t<a class=\"fusion-rollover-link\" href=\"https:\/\/www.paroisse-aucamville-st-loup-cammas.fr\/site\/la-chorale-prepare-paques\/\">La chorale pr\u00e9pare P\u00e2ques.<\/a>\n\t\t\t\n\t\t\t\t\t\t\t\t\t\t\t\t\t\t\n\t\t\t\t\t\t\t\t\n\t\t\t\t\t\t\t\t\t\t\t\t\t<div class=\"fusion-rollover-sep\"><\/div>\n\t\t\t\t\n\t\t\t\t\t\t\t\t\t\t\t\t\t\t\t\t\t\t<a class=\"fusion-rollover-gallery\" href=\"https:\/\/www.paroisse-aucamville-st-loup-cammas.fr\/site\/wp-content\/uploads\/IMG-20250329-WA0001.jpg\" data-id=\"20430\" data-rel=\"iLightbox[gallery]\" data-title=\"IMG-20250329-WA0001\" data-caption=\"\">\n\t\t\t\t\t\tGallery\t\t\t\t\t<\/a>\n\t\t\t\t\t\t\t\t\t\t\t\t\t\t\n\t\t\t\t\n\t\t\t\t\t\t\t\t\t\t\t\t<h4 class=\"fusion-rollover-title\">\n\t\t\t\t\t<a href=\"https:\/\/www.paroisse-aucamville-st-loup-cammas.fr\/site\/la-chorale-prepare-paques\/\">\n\t\t\t\t\t\tLa chorale pr\u00e9pare P\u00e2ques.\t\t\t\t\t<\/a>\n\t\t\t\t<\/h4>\n\t\t\t\n\t\t\t\t\t\t\t\t\t\t\t\t\t\t<div class=\"fusion-rollover-categories\"><a href=\"https:\/\/www.paroisse-aucamville-st-loup-cammas.fr\/site\/category\/chorale\/\" rel=\"tag\">Chorale<\/a>, <a href=\"https:\/\/www.paroisse-aucamville-st-loup-cammas.fr\/site\/category\/pages-accueil\/\" rel=\"tag\">Page d'accueil<\/a>, <a href=\"https:\/\/www.paroisse-aucamville-st-loup-cammas.fr\/site\/category\/vie-groupes\/\" rel=\"tag\">Vie des groupes<\/a><\/div>\t\t\t\t\t\n\t\t\n\t\t\t\t<a class=\"fusion-link-wrapper\" href=\"https:\/\/www.paroisse-aucamville-st-loup-cammas.fr\/site\/la-chorale-prepare-paques\/\" aria-label=\"La chorale pr\u00e9pare P\u00e2ques.\"><\/a>\n\t<\/div>\n<\/div>\n\n\t\n<\/div>\n<\/li>\n\t\t\t\n\t\t\t\n\t\t\t\t\t\t\t\t\t\t\t\n\t\t\t\t\t\n\t\t\t\t\t\t\t\t\t\t\t<li>\n\t\t\t\t\t\t\t<div class=\"fusion-image-wrapper\">\n\t\t\t\t\t\t\t\t<a href=\"https:\/\/www.paroisse-aucamville-st-loup-cammas.fr\/site\/la-chorale-prepare-paques\/\" aria-label=\"La chorale pr\u00e9pare P\u00e2ques.\">\n\t\t\t\t\t\t\t\t\t<img loading=\"lazy\" width=\"320\" height=\"202\" src=\"https:\/\/www.paroisse-aucamville-st-loup-cammas.fr\/site\/wp-content\/uploads\/IMG-20250331-WA0004-320x202.jpg\" alt=\"\" class=\"wp-image-20432\" role=\"presentation\" srcset=\"https:\/\/www.paroisse-aucamville-st-loup-cammas.fr\/site\/wp-content\/uploads\/IMG-20250331-WA0004-320x202.jpg 320w, https:\/\/www.paroisse-aucamville-st-loup-cammas.fr\/site\/wp-content\/uploads\/IMG-20250331-WA0004-700x441.jpg 700w\" sizes=\"(max-width: 320px) 100vw, 320px\" \/>\t\t\t\t\t\t\t\t<\/a>\n\t\t\t\t\t\t\t\t<a style=\"display:none;\" href=\"https:\/\/www.paroisse-aucamville-st-loup-cammas.fr\/site\/wp-content\/uploads\/IMG-20250331-WA0004.jpg\" data-rel=\"iLightbox[gallery20430]\"  title=\"\" data-title=\"IMG-20250331-WA0004\" data-caption=\"\">\n\t\t\t\t\t\t\t\t\t\t\t\t\t\t\t\t\t<\/a>\n\t\t\t\t\t\t\t<\/div>\n\t\t\t\t\t\t<\/li>\n\t\t\t\t\t\t\t\t\t\t\t\t\t\t\t\t\t\t\t\t\t\t\t\t\n\t\t\t\t\t\n\t\t\t\t\t\t\t\t\t\t\t<li>\n\t\t\t\t\t\t\t<div class=\"fusion-image-wrapper\">\n\t\t\t\t\t\t\t\t<a href=\"https:\/\/www.paroisse-aucamville-st-loup-cammas.fr\/site\/la-chorale-prepare-paques\/\" aria-label=\"La chorale pr\u00e9pare P\u00e2ques.\">\n\t\t\t\t\t\t\t\t\t<img loading=\"lazy\" width=\"320\" height=\"202\" src=\"https:\/\/www.paroisse-aucamville-st-loup-cammas.fr\/site\/wp-content\/uploads\/IMG-20250329-WA0006-320x202.jpg\" alt=\"\" class=\"wp-image-20433\" role=\"presentation\" srcset=\"https:\/\/www.paroisse-aucamville-st-loup-cammas.fr\/site\/wp-content\/uploads\/IMG-20250329-WA0006-320x202.jpg 320w, https:\/\/www.paroisse-aucamville-st-loup-cammas.fr\/site\/wp-content\/uploads\/IMG-20250329-WA0006-700x441.jpg 700w\" sizes=\"(max-width: 320px) 100vw, 320px\" \/>\t\t\t\t\t\t\t\t<\/a>\n\t\t\t\t\t\t\t\t<a style=\"display:none;\" href=\"https:\/\/www.paroisse-aucamville-st-loup-cammas.fr\/site\/wp-content\/uploads\/IMG-20250329-WA0006.jpg\" data-rel=\"iLightbox[gallery20430]\"  title=\"\" data-title=\"IMG-20250329-WA0006\" data-caption=\"\">\n\t\t\t\t\t\t\t\t\t\t\t\t\t\t\t\t\t<\/a>\n\t\t\t\t\t\t\t<\/div>\n\t\t\t\t\t\t<\/li>\n\t\t\t\t\t\t\t\t\t\t\t\t\t\t\t\t\t\t\t\t\t\t\t\t\n\t\t\t\t\t\n\t\t\t\t\t\t\t\t\t\t\t<li>\n\t\t\t\t\t\t\t<div class=\"fusion-image-wrapper\">\n\t\t\t\t\t\t\t\t<a href=\"https:\/\/www.paroisse-aucamville-st-loup-cammas.fr\/site\/la-chorale-prepare-paques\/\" aria-label=\"La chorale pr\u00e9pare P\u00e2ques.\">\n\t\t\t\t\t\t\t\t\t<img loading=\"lazy\" width=\"320\" height=\"202\" src=\"https:\/\/www.paroisse-aucamville-st-loup-cammas.fr\/site\/wp-content\/uploads\/IMG-20250329-WA0005-320x202.jpg\" alt=\"\" class=\"wp-image-20434\" role=\"presentation\"\/>\t\t\t\t\t\t\t\t<\/a>\n\t\t\t\t\t\t\t\t<a style=\"display:none;\" href=\"https:\/\/www.paroisse-aucamville-st-loup-cammas.fr\/site\/wp-content\/uploads\/IMG-20250329-WA0005.jpg\" data-rel=\"iLightbox[gallery20430]\"  title=\"\" data-title=\"IMG-20250329-WA0005\" data-caption=\"\">\n\t\t\t\t\t\t\t\t\t\t\t\t\t\t\t\t\t<\/a>\n\t\t\t\t\t\t\t<\/div>\n\t\t\t\t\t\t<\/li>\n\t\t\t\t\t\t\t\t\t\t\t\t\t\t\t\t\t\t\t\t\t\t\t\t\t\t\t\t\t\t\t\t\t\t\t\t<\/ul>\n\t<\/div>\n\t<div class=\"fusion-post-content post-content\"><h2 class=\"blog-shortcode-post-title entry-title\"><a href=\"https:\/\/www.paroisse-aucamville-st-loup-cammas.fr\/site\/la-chorale-prepare-paques\/\">La chorale pr\u00e9pare P\u00e2ques.<\/a><\/h2><p class=\"fusion-single-line-meta\"><span class=\"vcard\" style=\"display: none;\"><span class=\"fn\"><a href=\"https:\/\/www.paroisse-aucamville-st-loup-cammas.fr\/site\/author\/maryline-laguens\/\" title=\"Articles par Maryline Laguens\" rel=\"author\">Maryline Laguens<\/a><\/span><\/span><span class=\"updated\" style=\"display:none;\">2025-04-06T18:53:20+01:00<\/span><span>6 avril  2025<\/span><span class=\"fusion-inline-sep\">|<\/span><\/p><div class=\"fusion-post-content-container\"><p>La Semaine Sainte est le sommet de notre vie de croyant avec, comme point culminant la R\u00e9surrection du Christ le dimanche matin. Pour pr\u00e9parer ce moment solennel, la chorale s'est r\u00e9unie tout un samedi pour [...]<\/p><\/div><\/div><div class=\"fusion-clearfix\"><\/div><div class=\"fusion-meta-info\"><div class=\"fusion-alignright\"><a class=\"fusion-read-more\" href=\"https:\/\/www.paroisse-aucamville-st-loup-cammas.fr\/site\/la-chorale-prepare-paques\/\">Read More<\/a><\/div><\/div><\/article>\n<article id=\"blog-1-post-20372\" class=\"fusion-post-medium-alternate post-20372 post type-post status-publish format-standard has-post-thumbnail hentry category-chorale category-pages-accueil category-vie-groupes\">\n<div class=\"fusion-date-and-formats\"><div class=\"fusion-date-box updated\"><span class=\"fusion-date\">15<\/span><span class=\"fusion-month-year\">03, 2025<\/span><\/div><div class=\"fusion-format-box\"><i class=\"fusion-icon-pen\"><\/i><\/div><\/div>\t<style type=\"text\/css\">\n\t\t\n\t\t\n\t\t\n\t\t\n\t\t\t<\/style>\n\n\n\t\t\t<div class=\"fusion-flexslider flexslider fusion-flexslider-loading fusion-post-slideshow\" style=\"\">\n\t\t<ul class=\"slides\">\n\t\t\t\n\t\t\t\t\t\t\t\t\t\t\t\t\t\t<li>\n\n<div  class=\"fusion-image-wrapper fusion-image-size-fixed\" aria-haspopup=\"true\">\n\t\n\t\n\t\t\n\t\t\t\t\t<img width=\"320\" height=\"202\" src=\"https:\/\/www.paroisse-aucamville-st-loup-cammas.fr\/site\/wp-content\/uploads\/IMG-20250314-WA0004-320x202.jpg\" class=\"attachment-blog-medium size-blog-medium wp-post-image\" alt=\"\" loading=\"lazy\" srcset=\"https:\/\/www.paroisse-aucamville-st-loup-cammas.fr\/site\/wp-content\/uploads\/IMG-20250314-WA0004-320x202.jpg 320w, https:\/\/www.paroisse-aucamville-st-loup-cammas.fr\/site\/wp-content\/uploads\/IMG-20250314-WA0004-700x441.jpg 700w\" sizes=\"(max-width: 320px) 100vw, 320px\" \/>\n\t\n\n\t\t<div class=\"fusion-rollover\">\n\t<div class=\"fusion-rollover-content\">\n\n\t\t\t\t\t\t\t\t\t\t\t\t\t\t<a class=\"fusion-rollover-link\" href=\"https:\/\/www.paroisse-aucamville-st-loup-cammas.fr\/site\/louange-en-temps-de-careme\/\">Louange en temps de Car\u00eame.<\/a>\n\t\t\t\n\t\t\t\t\t\t\t\t\t\t\t\t\t\t\n\t\t\t\t\t\t\t\t\n\t\t\t\t\t\t\t\t\t\t\t\t\t<div class=\"fusion-rollover-sep\"><\/div>\n\t\t\t\t\n\t\t\t\t\t\t\t\t\t\t\t\t\t\t\t\t\t\t<a class=\"fusion-rollover-gallery\" href=\"https:\/\/www.paroisse-aucamville-st-loup-cammas.fr\/site\/wp-content\/uploads\/IMG-20250314-WA0004.jpg\" data-id=\"20372\" data-rel=\"iLightbox[gallery]\" data-title=\"IMG-20250314-WA0004\" data-caption=\"\">\n\t\t\t\t\t\tGallery\t\t\t\t\t<\/a>\n\t\t\t\t\t\t\t\t\t\t\t\t\t\t\n\t\t\t\t\n\t\t\t\t\t\t\t\t\t\t\t\t<h4 class=\"fusion-rollover-title\">\n\t\t\t\t\t<a href=\"https:\/\/www.paroisse-aucamville-st-loup-cammas.fr\/site\/louange-en-temps-de-careme\/\">\n\t\t\t\t\t\tLouange en temps de Car\u00eame.\t\t\t\t\t<\/a>\n\t\t\t\t<\/h4>\n\t\t\t\n\t\t\t\t\t\t\t\t\t\t\t\t\t\t<div class=\"fusion-rollover-categories\"><a href=\"https:\/\/www.paroisse-aucamville-st-loup-cammas.fr\/site\/category\/chorale\/\" rel=\"tag\">Chorale<\/a>, <a href=\"https:\/\/www.paroisse-aucamville-st-loup-cammas.fr\/site\/category\/pages-accueil\/\" rel=\"tag\">Page d'accueil<\/a>, <a href=\"https:\/\/www.paroisse-aucamville-st-loup-cammas.fr\/site\/category\/vie-groupes\/\" rel=\"tag\">Vie des groupes<\/a><\/div>\t\t\t\t\t\n\t\t\n\t\t\t\t<a class=\"fusion-link-wrapper\" href=\"https:\/\/www.paroisse-aucamville-st-loup-cammas.fr\/site\/louange-en-temps-de-careme\/\" aria-label=\"Louange en temps de Car\u00eame.\"><\/a>\n\t<\/div>\n<\/div>\n\n\t\n<\/div>\n<\/li>\n\t\t\t\n\t\t\t\n\t\t\t\t\t\t\t\t\t\t\t\n\t\t\t\t\t\n\t\t\t\t\t\t\t\t\t\t\t<li>\n\t\t\t\t\t\t\t<div class=\"fusion-image-wrapper\">\n\t\t\t\t\t\t\t\t<a href=\"https:\/\/www.paroisse-aucamville-st-loup-cammas.fr\/site\/louange-en-temps-de-careme\/\" aria-label=\"Louange en temps de Car\u00eame.\">\n\t\t\t\t\t\t\t\t\t<img loading=\"lazy\" width=\"320\" height=\"202\" src=\"https:\/\/www.paroisse-aucamville-st-loup-cammas.fr\/site\/wp-content\/uploads\/20250314_204332-320x202.jpg\" alt=\"\" class=\"wp-image-20375\" role=\"presentation\" srcset=\"https:\/\/www.paroisse-aucamville-st-loup-cammas.fr\/site\/wp-content\/uploads\/20250314_204332-320x202.jpg 320w, https:\/\/www.paroisse-aucamville-st-loup-cammas.fr\/site\/wp-content\/uploads\/20250314_204332-700x441.jpg 700w\" sizes=\"(max-width: 320px) 100vw, 320px\" \/>\t\t\t\t\t\t\t\t<\/a>\n\t\t\t\t\t\t\t\t<a style=\"display:none;\" href=\"https:\/\/www.paroisse-aucamville-st-loup-cammas.fr\/site\/wp-content\/uploads\/20250314_204332.jpg\" data-rel=\"iLightbox[gallery20372]\"  title=\"\" data-title=\"20250314_204332\" data-caption=\"\">\n\t\t\t\t\t\t\t\t\t\t\t\t\t\t\t\t\t<\/a>\n\t\t\t\t\t\t\t<\/div>\n\t\t\t\t\t\t<\/li>\n\t\t\t\t\t\t\t\t\t\t\t\t\t\t\t\t\t\t\t\t\t\t\t\t\n\t\t\t\t\t\n\t\t\t\t\t\t\t\t\t\t\t<li>\n\t\t\t\t\t\t\t<div class=\"fusion-image-wrapper\">\n\t\t\t\t\t\t\t\t<a href=\"https:\/\/www.paroisse-aucamville-st-loup-cammas.fr\/site\/louange-en-temps-de-careme\/\" aria-label=\"Louange en temps de Car\u00eame.\">\n\t\t\t\t\t\t\t\t\t<img loading=\"lazy\" width=\"320\" height=\"202\" src=\"https:\/\/www.paroisse-aucamville-st-loup-cammas.fr\/site\/wp-content\/uploads\/20250314_200305-320x202.jpg\" alt=\"\" class=\"wp-image-20374\" role=\"presentation\" srcset=\"https:\/\/www.paroisse-aucamville-st-loup-cammas.fr\/site\/wp-content\/uploads\/20250314_200305-320x202.jpg 320w, https:\/\/www.paroisse-aucamville-st-loup-cammas.fr\/site\/wp-content\/uploads\/20250314_200305-700x441.jpg 700w\" sizes=\"(max-width: 320px) 100vw, 320px\" \/>\t\t\t\t\t\t\t\t<\/a>\n\t\t\t\t\t\t\t\t<a style=\"display:none;\" href=\"https:\/\/www.paroisse-aucamville-st-loup-cammas.fr\/site\/wp-content\/uploads\/20250314_200305.jpg\" data-rel=\"iLightbox[gallery20372]\"  title=\"\" data-title=\"20250314_200305\" data-caption=\"\">\n\t\t\t\t\t\t\t\t\t\t\t\t\t\t\t\t\t<\/a>\n\t\t\t\t\t\t\t<\/div>\n\t\t\t\t\t\t<\/li>\n\t\t\t\t\t\t\t\t\t\t\t\t\t\t\t\t\t\t\t\t\t\t\t\t\n\t\t\t\t\t\n\t\t\t\t\t\t\t\t\t\t\t<li>\n\t\t\t\t\t\t\t<div class=\"fusion-image-wrapper\">\n\t\t\t\t\t\t\t\t<a href=\"https:\/\/www.paroisse-aucamville-st-loup-cammas.fr\/site\/louange-en-temps-de-careme\/\" aria-label=\"Louange en temps de Car\u00eame.\">\n\t\t\t\t\t\t\t\t\t<img loading=\"lazy\" width=\"320\" height=\"202\" src=\"https:\/\/www.paroisse-aucamville-st-loup-cammas.fr\/site\/wp-content\/uploads\/20250314_200305-320x202.jpg\" alt=\"\" class=\"wp-image-20374\" role=\"presentation\" srcset=\"https:\/\/www.paroisse-aucamville-st-loup-cammas.fr\/site\/wp-content\/uploads\/20250314_200305-320x202.jpg 320w, https:\/\/www.paroisse-aucamville-st-loup-cammas.fr\/site\/wp-content\/uploads\/20250314_200305-700x441.jpg 700w\" sizes=\"(max-width: 320px) 100vw, 320px\" \/>\t\t\t\t\t\t\t\t<\/a>\n\t\t\t\t\t\t\t\t<a style=\"display:none;\" href=\"https:\/\/www.paroisse-aucamville-st-loup-cammas.fr\/site\/wp-content\/uploads\/20250314_200305.jpg\" data-rel=\"iLightbox[gallery20372]\"  title=\"\" data-title=\"20250314_200305\" data-caption=\"\">\n\t\t\t\t\t\t\t\t\t\t\t\t\t\t\t\t\t<\/a>\n\t\t\t\t\t\t\t<\/div>\n\t\t\t\t\t\t<\/li>\n\t\t\t\t\t\t\t\t\t\t\t\t\t\t\t\t\t\t\t\t\t\t\t\t\t\t\t\t\t\t\t\t\t\t\t\t<\/ul>\n\t<\/div>\n\t<div class=\"fusion-post-content post-content\"><h2 class=\"blog-shortcode-post-title entry-title\"><a href=\"https:\/\/www.paroisse-aucamville-st-loup-cammas.fr\/site\/louange-en-temps-de-careme\/\">Louange en temps de Car\u00eame.<\/a><\/h2><p class=\"fusion-single-line-meta\"><span class=\"vcard\" style=\"display: none;\"><span class=\"fn\"><a href=\"https:\/\/www.paroisse-aucamville-st-loup-cammas.fr\/site\/author\/maryline-laguens\/\" title=\"Articles par Maryline Laguens\" rel=\"author\">Maryline Laguens<\/a><\/span><\/span><span class=\"updated\" style=\"display:none;\">2025-03-15T18:24:38+01:00<\/span><span>15 mars  2025<\/span><span class=\"fusion-inline-sep\">|<\/span><\/p><div class=\"fusion-post-content-container\"><p>Soir\u00e9e de louange avec des chants m\u00e9ditatifs en ce d\u00e9but de Car\u00eame pour faire monter nos pri\u00e8res et dire : Je veux voir Dieu, Notre P\u00e8re. Dieu tout puissant, \u00d4 Dieu d'amour, donne-moi seulement de [...]<\/p><\/div><\/div><div class=\"fusion-clearfix\"><\/div><div class=\"fusion-meta-info\"><div class=\"fusion-alignright\"><a class=\"fusion-read-more\" href=\"https:\/\/www.paroisse-aucamville-st-loup-cammas.fr\/site\/louange-en-temps-de-careme\/\">Read More<\/a><\/div><\/div><\/article>\n<article id=\"blog-1-post-20286\" class=\"fusion-post-medium-alternate post-20286 post type-post status-publish format-standard has-post-thumbnail hentry category-chorale category-pages-accueil category-vie-groupes\">\n<div class=\"fusion-date-and-formats\"><div class=\"fusion-date-box updated\"><span class=\"fusion-date\">17<\/span><span class=\"fusion-month-year\">01, 2025<\/span><\/div><div class=\"fusion-format-box\"><i class=\"fusion-icon-pen\"><\/i><\/div><\/div>\t<style type=\"text\/css\">\n\t\t\n\t\t\n\t\t\n\t\t\n\t\t\t<\/style>\n\n\n\t\t\t<div class=\"fusion-flexslider flexslider fusion-flexslider-loading fusion-post-slideshow\" style=\"\">\n\t\t<ul class=\"slides\">\n\t\t\t\n\t\t\t\t\t\t\t\t\t\t\t\t\t\t<li>\n\n<div  class=\"fusion-image-wrapper fusion-image-size-fixed\" aria-haspopup=\"true\">\n\t\n\t\n\t\t\n\t\t\t\t\t<img width=\"320\" height=\"202\" src=\"https:\/\/www.paroisse-aucamville-st-loup-cammas.fr\/site\/wp-content\/uploads\/IMG-20250115-WA0021-320x202.jpg\" class=\"attachment-blog-medium size-blog-medium wp-post-image\" alt=\"\" loading=\"lazy\" srcset=\"https:\/\/www.paroisse-aucamville-st-loup-cammas.fr\/site\/wp-content\/uploads\/IMG-20250115-WA0021-320x202.jpg 320w, https:\/\/www.paroisse-aucamville-st-loup-cammas.fr\/site\/wp-content\/uploads\/IMG-20250115-WA0021-700x441.jpg 700w\" sizes=\"(max-width: 320px) 100vw, 320px\" \/>\n\t\n\n\t\t<div class=\"fusion-rollover\">\n\t<div class=\"fusion-rollover-content\">\n\n\t\t\t\t\t\t\t\t\t\t\t\t\t\t<a class=\"fusion-rollover-link\" href=\"https:\/\/www.paroisse-aucamville-st-loup-cammas.fr\/site\/repetition-speciale-pour-carolina\/\">R\u00e9p\u00e9tition sp\u00e9ciale pour Carolina.<\/a>\n\t\t\t\n\t\t\t\t\t\t\t\t\t\t\t\t\t\t\n\t\t\t\t\t\t\t\t\n\t\t\t\t\t\t\t\t\t\t\t\t\t<div class=\"fusion-rollover-sep\"><\/div>\n\t\t\t\t\n\t\t\t\t\t\t\t\t\t\t\t\t\t\t\t\t\t\t<a class=\"fusion-rollover-gallery\" href=\"https:\/\/www.paroisse-aucamville-st-loup-cammas.fr\/site\/wp-content\/uploads\/IMG-20250115-WA0021.jpg\" data-id=\"20286\" data-rel=\"iLightbox[gallery]\" data-title=\"IMG-20250115-WA0021\" data-caption=\"\">\n\t\t\t\t\t\tGallery\t\t\t\t\t<\/a>\n\t\t\t\t\t\t\t\t\t\t\t\t\t\t\n\t\t\t\t\n\t\t\t\t\t\t\t\t\t\t\t\t<h4 class=\"fusion-rollover-title\">\n\t\t\t\t\t<a href=\"https:\/\/www.paroisse-aucamville-st-loup-cammas.fr\/site\/repetition-speciale-pour-carolina\/\">\n\t\t\t\t\t\tR\u00e9p\u00e9tition sp\u00e9ciale pour Carolina.\t\t\t\t\t<\/a>\n\t\t\t\t<\/h4>\n\t\t\t\n\t\t\t\t\t\t\t\t\t\t\t\t\t\t<div class=\"fusion-rollover-categories\"><a href=\"https:\/\/www.paroisse-aucamville-st-loup-cammas.fr\/site\/category\/chorale\/\" rel=\"tag\">Chorale<\/a>, <a href=\"https:\/\/www.paroisse-aucamville-st-loup-cammas.fr\/site\/category\/pages-accueil\/\" rel=\"tag\">Page d'accueil<\/a>, <a href=\"https:\/\/www.paroisse-aucamville-st-loup-cammas.fr\/site\/category\/vie-groupes\/\" rel=\"tag\">Vie des groupes<\/a><\/div>\t\t\t\t\t\n\t\t\n\t\t\t\t<a class=\"fusion-link-wrapper\" href=\"https:\/\/www.paroisse-aucamville-st-loup-cammas.fr\/site\/repetition-speciale-pour-carolina\/\" aria-label=\"R\u00e9p\u00e9tition sp\u00e9ciale pour Carolina.\"><\/a>\n\t<\/div>\n<\/div>\n\n\t\n<\/div>\n<\/li>\n\t\t\t\n\t\t\t\n\t\t\t\t\t\t\t\t\t\t\t\n\t\t\t\t\t\n\t\t\t\t\t\t\t\t\t\t\t<li>\n\t\t\t\t\t\t\t<div class=\"fusion-image-wrapper\">\n\t\t\t\t\t\t\t\t<a href=\"https:\/\/www.paroisse-aucamville-st-loup-cammas.fr\/site\/repetition-speciale-pour-carolina\/\" aria-label=\"R\u00e9p\u00e9tition sp\u00e9ciale pour Carolina.\">\n\t\t\t\t\t\t\t\t\t<img loading=\"lazy\" width=\"320\" height=\"202\" src=\"https:\/\/www.paroisse-aucamville-st-loup-cammas.fr\/site\/wp-content\/uploads\/IMG-20250116-WA0003-320x202.jpg\" alt=\"\" class=\"wp-image-20288\" role=\"presentation\" srcset=\"https:\/\/www.paroisse-aucamville-st-loup-cammas.fr\/site\/wp-content\/uploads\/IMG-20250116-WA0003-320x202.jpg 320w, https:\/\/www.paroisse-aucamville-st-loup-cammas.fr\/site\/wp-content\/uploads\/IMG-20250116-WA0003-700x441.jpg 700w\" sizes=\"(max-width: 320px) 100vw, 320px\" \/>\t\t\t\t\t\t\t\t<\/a>\n\t\t\t\t\t\t\t\t<a style=\"display:none;\" href=\"https:\/\/www.paroisse-aucamville-st-loup-cammas.fr\/site\/wp-content\/uploads\/IMG-20250116-WA0003.jpg\" data-rel=\"iLightbox[gallery20286]\"  title=\"\" data-title=\"IMG-20250116-WA0003\" data-caption=\"\">\n\t\t\t\t\t\t\t\t\t\t\t\t\t\t\t\t\t<\/a>\n\t\t\t\t\t\t\t<\/div>\n\t\t\t\t\t\t<\/li>\n\t\t\t\t\t\t\t\t\t\t\t\t\t\t\t\t\t\t\t\t\t\t\t\t\t\t\t\t\t\t\t\t\t\t\t\t\t\t\t\t\t\t\t\t\t\t\t\t\t\t\t\t\t\t\t\t\t\t\t\t\t\t\t\t\t\t<\/ul>\n\t<\/div>\n\t<div class=\"fusion-post-content post-content\"><h2 class=\"blog-shortcode-post-title entry-title\"><a href=\"https:\/\/www.paroisse-aucamville-st-loup-cammas.fr\/site\/repetition-speciale-pour-carolina\/\">R\u00e9p\u00e9tition sp\u00e9ciale pour Carolina.<\/a><\/h2><p class=\"fusion-single-line-meta\"><span class=\"vcard\" style=\"display: none;\"><span class=\"fn\"><a href=\"https:\/\/www.paroisse-aucamville-st-loup-cammas.fr\/site\/author\/maryline-laguens\/\" title=\"Articles par Maryline Laguens\" rel=\"author\">Maryline Laguens<\/a><\/span><\/span><span class=\"updated\" style=\"display:none;\">2025-01-17T13:22:31+01:00<\/span><span>17 janvier  2025<\/span><span class=\"fusion-inline-sep\">|<\/span><\/p><div class=\"fusion-post-content-container\"><p>Comme tous les mercredis, \u00e0 l'\u00e9glise de Castelginest, les choristes \u00e9taient r\u00e9unis pour une r\u00e9p\u00e9tition \u00e9court\u00e9e puisque nous devions faire le point sur notre rendez-vous hebdomadaire. Oui, mais \u00e7a c'\u00e9tait pour Carolina\u00a0! Car, apr\u00e8s une [...]<\/p><\/div><\/div><div class=\"fusion-clearfix\"><\/div><div class=\"fusion-meta-info\"><div class=\"fusion-alignright\"><a class=\"fusion-read-more\" href=\"https:\/\/www.paroisse-aucamville-st-loup-cammas.fr\/site\/repetition-speciale-pour-carolina\/\">Read More<\/a><\/div><\/div><\/article>\n<article id=\"blog-1-post-20259\" class=\"fusion-post-medium-alternate post-20259 post type-post status-publish format-standard has-post-thumbnail hentry category-chorale category-pages-accueil category-vie-groupes\">\n<div class=\"fusion-date-and-formats\"><div class=\"fusion-date-box updated\"><span class=\"fusion-date\">18<\/span><span class=\"fusion-month-year\">12, 2024<\/span><\/div><div class=\"fusion-format-box\"><i class=\"fusion-icon-pen\"><\/i><\/div><\/div>\t<style type=\"text\/css\">\n\t\t\n\t\t\n\t\t\n\t\t\n\t\t\t<\/style>\n\n\n\t\t\t<div class=\"fusion-flexslider flexslider fusion-flexslider-loading fusion-post-slideshow\" style=\"\">\n\t\t<ul class=\"slides\">\n\t\t\t\n\t\t\t\t\t\t\t\t\t\t\t\t\t\t<li>\n\n<div  class=\"fusion-image-wrapper fusion-image-size-fixed\" aria-haspopup=\"true\">\n\t\n\t\n\t\t\n\t\t\t\t\t<img width=\"320\" height=\"202\" src=\"https:\/\/www.paroisse-aucamville-st-loup-cammas.fr\/site\/wp-content\/uploads\/IMG-20241214-WA0007-320x202.jpg\" class=\"attachment-blog-medium size-blog-medium wp-post-image\" alt=\"\" loading=\"lazy\" \/>\n\t\n\n\t\t<div class=\"fusion-rollover\">\n\t<div class=\"fusion-rollover-content\">\n\n\t\t\t\t\t\t\t\t\t\t\t\t\t\t<a class=\"fusion-rollover-link\" href=\"https:\/\/www.paroisse-aucamville-st-loup-cammas.fr\/site\/%e2%99%ab-lavent-en-chantant-%e2%99%aa\/\">\u266b L&rsquo;Avent en chantant\u00a0! \u266a<\/a>\n\t\t\t\n\t\t\t\t\t\t\t\t\t\t\t\t\t\t\n\t\t\t\t\t\t\t\t\n\t\t\t\t\t\t\t\t\t\t\t\t\t<div class=\"fusion-rollover-sep\"><\/div>\n\t\t\t\t\n\t\t\t\t\t\t\t\t\t\t\t\t\t\t\t\t\t\t<a class=\"fusion-rollover-gallery\" href=\"https:\/\/www.paroisse-aucamville-st-loup-cammas.fr\/site\/wp-content\/uploads\/IMG-20241214-WA0007.jpg\" data-id=\"20259\" data-rel=\"iLightbox[gallery]\" data-title=\"IMG-20241214-WA0007\" data-caption=\"\">\n\t\t\t\t\t\tGallery\t\t\t\t\t<\/a>\n\t\t\t\t\t\t\t\t\t\t\t\t\t\t\n\t\t\t\t\n\t\t\t\t\t\t\t\t\t\t\t\t<h4 class=\"fusion-rollover-title\">\n\t\t\t\t\t<a href=\"https:\/\/www.paroisse-aucamville-st-loup-cammas.fr\/site\/%e2%99%ab-lavent-en-chantant-%e2%99%aa\/\">\n\t\t\t\t\t\t\u266b L&rsquo;Avent en chantant\u00a0! \u266a\t\t\t\t\t<\/a>\n\t\t\t\t<\/h4>\n\t\t\t\n\t\t\t\t\t\t\t\t\t\t\t\t\t\t<div class=\"fusion-rollover-categories\"><a href=\"https:\/\/www.paroisse-aucamville-st-loup-cammas.fr\/site\/category\/chorale\/\" rel=\"tag\">Chorale<\/a>, <a href=\"https:\/\/www.paroisse-aucamville-st-loup-cammas.fr\/site\/category\/pages-accueil\/\" rel=\"tag\">Page d'accueil<\/a>, <a href=\"https:\/\/www.paroisse-aucamville-st-loup-cammas.fr\/site\/category\/vie-groupes\/\" rel=\"tag\">Vie des groupes<\/a><\/div>\t\t\t\t\t\n\t\t\n\t\t\t\t<a class=\"fusion-link-wrapper\" href=\"https:\/\/www.paroisse-aucamville-st-loup-cammas.fr\/site\/%e2%99%ab-lavent-en-chantant-%e2%99%aa\/\" aria-label=\"\u266b L&rsquo;Avent en chantant\u00a0! \u266a\"><\/a>\n\t<\/div>\n<\/div>\n\n\t\n<\/div>\n<\/li>\n\t\t\t\n\t\t\t\n\t\t\t\t\t\t\t\t\t\t\t\n\t\t\t\t\t\n\t\t\t\t\t\t\t\t\t\t\t<li>\n\t\t\t\t\t\t\t<div class=\"fusion-image-wrapper\">\n\t\t\t\t\t\t\t\t<a href=\"https:\/\/www.paroisse-aucamville-st-loup-cammas.fr\/site\/%e2%99%ab-lavent-en-chantant-%e2%99%aa\/\" aria-label=\"\u266b L&rsquo;Avent en chantant\u00a0! \u266a\">\n\t\t\t\t\t\t\t\t\t<img loading=\"lazy\" width=\"320\" height=\"202\" src=\"https:\/\/www.paroisse-aucamville-st-loup-cammas.fr\/site\/wp-content\/uploads\/IMG-20241214-WA0000-320x202.jpg\" alt=\"\" class=\"wp-image-20256\" role=\"presentation\" srcset=\"https:\/\/www.paroisse-aucamville-st-loup-cammas.fr\/site\/wp-content\/uploads\/IMG-20241214-WA0000-320x202.jpg 320w, https:\/\/www.paroisse-aucamville-st-loup-cammas.fr\/site\/wp-content\/uploads\/IMG-20241214-WA0000-700x441.jpg 700w\" sizes=\"(max-width: 320px) 100vw, 320px\" \/>\t\t\t\t\t\t\t\t<\/a>\n\t\t\t\t\t\t\t\t<a style=\"display:none;\" href=\"https:\/\/www.paroisse-aucamville-st-loup-cammas.fr\/site\/wp-content\/uploads\/IMG-20241214-WA0000.jpg\" data-rel=\"iLightbox[gallery20259]\"  title=\"\" data-title=\"IMG-20241214-WA0000\" data-caption=\"\">\n\t\t\t\t\t\t\t\t\t\t\t\t\t\t\t\t\t<\/a>\n\t\t\t\t\t\t\t<\/div>\n\t\t\t\t\t\t<\/li>\n\t\t\t\t\t\t\t\t\t\t\t\t\t\t\t\t\t\t\t\t\t\t\t\t\t\t\t\t\t\t\t\t\t\t\t\t\t\t\t\t\t\t\t\t\t\t\t\t\t\t\t\t\t\t\t\t\t\t\t\t\t\t\t\t\t\t<\/ul>\n\t<\/div>\n\t<div class=\"fusion-post-content post-content\"><h2 class=\"blog-shortcode-post-title entry-title\"><a href=\"https:\/\/www.paroisse-aucamville-st-loup-cammas.fr\/site\/%e2%99%ab-lavent-en-chantant-%e2%99%aa\/\">\u266b L&rsquo;Avent en chantant\u00a0! \u266a<\/a><\/h2><p class=\"fusion-single-line-meta\"><span class=\"vcard\" style=\"display: none;\"><span class=\"fn\"><a href=\"https:\/\/www.paroisse-aucamville-st-loup-cammas.fr\/site\/author\/maryline-laguens\/\" title=\"Articles par Maryline Laguens\" rel=\"author\">Maryline Laguens<\/a><\/span><\/span><span class=\"updated\" style=\"display:none;\">2024-12-18T18:09:02+01:00<\/span><span>18 d\u00e9cembre  2024<\/span><span class=\"fusion-inline-sep\">|<\/span><\/p><div class=\"fusion-post-content-container\"><p>Soir\u00e9e anim\u00e9e ce samedi \u00e0 l'\u00e9glise de Castelginest. Vocalises, r\u00e9p\u00e9tition de derni\u00e8re minute, rires et bonne humeur, c'est bien ici que la chorale animera une soir\u00e9e de louange\u00a0! Des chants rythm\u00e9s, des choristes heureux de [...]<\/p><\/div><\/div><div class=\"fusion-clearfix\"><\/div><div class=\"fusion-meta-info\"><div class=\"fusion-alignright\"><a class=\"fusion-read-more\" href=\"https:\/\/www.paroisse-aucamville-st-loup-cammas.fr\/site\/%e2%99%ab-lavent-en-chantant-%e2%99%aa\/\">Read More<\/a><\/div><\/div><\/article>\n<article id=\"blog-1-post-19924\" class=\"fusion-post-medium-alternate post-19924 post type-post status-publish format-standard has-post-thumbnail hentry category-chorale category-pages-accueil category-vie-groupes\">\n<div class=\"fusion-date-and-formats\"><div class=\"fusion-date-box updated\"><span class=\"fusion-date\">11<\/span><span class=\"fusion-month-year\">05, 2024<\/span><\/div><div class=\"fusion-format-box\"><i class=\"fusion-icon-pen\"><\/i><\/div><\/div>\t<style type=\"text\/css\">\n\t\t\n\t\t\n\t\t\n\t\t\n\t\t\t<\/style>\n\n\n\t\t\t<div class=\"fusion-flexslider flexslider fusion-flexslider-loading fusion-post-slideshow\" style=\"\">\n\t\t<ul class=\"slides\">\n\t\t\t\n\t\t\t\t\t\t\t\t\t\t\t\t\t\t<li>\n\n<div  class=\"fusion-image-wrapper fusion-image-size-fixed\" aria-haspopup=\"true\">\n\t\n\t\n\t\t\n\t\t\t\t\t<img width=\"320\" height=\"202\" src=\"https:\/\/www.paroisse-aucamville-st-loup-cammas.fr\/site\/wp-content\/uploads\/IMG-20240506-WA0022-320x202.jpg\" class=\"attachment-blog-medium size-blog-medium wp-post-image\" alt=\"\" loading=\"lazy\" srcset=\"https:\/\/www.paroisse-aucamville-st-loup-cammas.fr\/site\/wp-content\/uploads\/IMG-20240506-WA0022-320x202.jpg 320w, https:\/\/www.paroisse-aucamville-st-loup-cammas.fr\/site\/wp-content\/uploads\/IMG-20240506-WA0022-700x441.jpg 700w\" sizes=\"(max-width: 320px) 100vw, 320px\" \/>\n\t\n\n\t\t<div class=\"fusion-rollover\">\n\t<div class=\"fusion-rollover-content\">\n\n\t\t\t\t\t\t\t\t\t\t\t\t\t\t<a class=\"fusion-rollover-link\" href=\"https:\/\/www.paroisse-aucamville-st-loup-cammas.fr\/site\/pause-pour-la-chorale\/\">Pause pour la chorale.<\/a>\n\t\t\t\n\t\t\t\t\t\t\t\t\t\t\t\t\t\t\n\t\t\t\t\t\t\t\t\n\t\t\t\t\t\t\t\t\t\t\t\t\t<div class=\"fusion-rollover-sep\"><\/div>\n\t\t\t\t\n\t\t\t\t\t\t\t\t\t\t\t\t\t\t\t\t\t\t<a class=\"fusion-rollover-gallery\" href=\"https:\/\/www.paroisse-aucamville-st-loup-cammas.fr\/site\/wp-content\/uploads\/IMG-20240506-WA0022.jpg\" data-id=\"19924\" data-rel=\"iLightbox[gallery]\" data-title=\"IMG-20240506-WA0022\" data-caption=\"\">\n\t\t\t\t\t\tGallery\t\t\t\t\t<\/a>\n\t\t\t\t\t\t\t\t\t\t\t\t\t\t\n\t\t\t\t\n\t\t\t\t\t\t\t\t\t\t\t\t<h4 class=\"fusion-rollover-title\">\n\t\t\t\t\t<a href=\"https:\/\/www.paroisse-aucamville-st-loup-cammas.fr\/site\/pause-pour-la-chorale\/\">\n\t\t\t\t\t\tPause pour la chorale.\t\t\t\t\t<\/a>\n\t\t\t\t<\/h4>\n\t\t\t\n\t\t\t\t\t\t\t\t\t\t\t\t\t\t<div class=\"fusion-rollover-categories\"><a href=\"https:\/\/www.paroisse-aucamville-st-loup-cammas.fr\/site\/category\/chorale\/\" rel=\"tag\">Chorale<\/a>, <a href=\"https:\/\/www.paroisse-aucamville-st-loup-cammas.fr\/site\/category\/pages-accueil\/\" rel=\"tag\">Page d'accueil<\/a>, <a href=\"https:\/\/www.paroisse-aucamville-st-loup-cammas.fr\/site\/category\/vie-groupes\/\" rel=\"tag\">Vie des groupes<\/a><\/div>\t\t\t\t\t\n\t\t\n\t\t\t\t<a class=\"fusion-link-wrapper\" href=\"https:\/\/www.paroisse-aucamville-st-loup-cammas.fr\/site\/pause-pour-la-chorale\/\" aria-label=\"Pause pour la chorale.\"><\/a>\n\t<\/div>\n<\/div>\n\n\t\n<\/div>\n<\/li>\n\t\t\t\n\t\t\t\n\t\t\t\t\t\t\t\t\t\t\t\n\t\t\t\t\t\n\t\t\t\t\t\t\t\t\t\t\t<li>\n\t\t\t\t\t\t\t<div class=\"fusion-image-wrapper\">\n\t\t\t\t\t\t\t\t<a href=\"https:\/\/www.paroisse-aucamville-st-loup-cammas.fr\/site\/pause-pour-la-chorale\/\" aria-label=\"Pause pour la chorale.\">\n\t\t\t\t\t\t\t\t\t<img loading=\"lazy\" width=\"320\" height=\"202\" src=\"https:\/\/www.paroisse-aucamville-st-loup-cammas.fr\/site\/wp-content\/uploads\/IMG-20240506-WA0001-320x202.jpg\" alt=\"\" class=\"wp-image-19926\" role=\"presentation\" srcset=\"https:\/\/www.paroisse-aucamville-st-loup-cammas.fr\/site\/wp-content\/uploads\/IMG-20240506-WA0001-320x202.jpg 320w, https:\/\/www.paroisse-aucamville-st-loup-cammas.fr\/site\/wp-content\/uploads\/IMG-20240506-WA0001-700x441.jpg 700w\" sizes=\"(max-width: 320px) 100vw, 320px\" \/>\t\t\t\t\t\t\t\t<\/a>\n\t\t\t\t\t\t\t\t<a style=\"display:none;\" href=\"https:\/\/www.paroisse-aucamville-st-loup-cammas.fr\/site\/wp-content\/uploads\/IMG-20240506-WA0001.jpg\" data-rel=\"iLightbox[gallery19924]\"  title=\"\" data-title=\"IMG-20240506-WA0001\" data-caption=\"\">\n\t\t\t\t\t\t\t\t\t\t\t\t\t\t\t\t\t<\/a>\n\t\t\t\t\t\t\t<\/div>\n\t\t\t\t\t\t<\/li>\n\t\t\t\t\t\t\t\t\t\t\t\t\t\t\t\t\t\t\t\t\t\t\t\t\n\t\t\t\t\t\n\t\t\t\t\t\t\t\t\t\t\t<li>\n\t\t\t\t\t\t\t<div class=\"fusion-image-wrapper\">\n\t\t\t\t\t\t\t\t<a href=\"https:\/\/www.paroisse-aucamville-st-loup-cammas.fr\/site\/pause-pour-la-chorale\/\" aria-label=\"Pause pour la chorale.\">\n\t\t\t\t\t\t\t\t\t<img loading=\"lazy\" width=\"320\" height=\"202\" src=\"https:\/\/www.paroisse-aucamville-st-loup-cammas.fr\/site\/wp-content\/uploads\/IMG-20240506-WA0002-320x202.jpg\" alt=\"\" class=\"wp-image-19927\" role=\"presentation\" srcset=\"https:\/\/www.paroisse-aucamville-st-loup-cammas.fr\/site\/wp-content\/uploads\/IMG-20240506-WA0002-320x202.jpg 320w, https:\/\/www.paroisse-aucamville-st-loup-cammas.fr\/site\/wp-content\/uploads\/IMG-20240506-WA0002-700x441.jpg 700w\" sizes=\"(max-width: 320px) 100vw, 320px\" \/>\t\t\t\t\t\t\t\t<\/a>\n\t\t\t\t\t\t\t\t<a style=\"display:none;\" href=\"https:\/\/www.paroisse-aucamville-st-loup-cammas.fr\/site\/wp-content\/uploads\/IMG-20240506-WA0002.jpg\" data-rel=\"iLightbox[gallery19924]\"  title=\"\" data-title=\"IMG-20240506-WA0002\" data-caption=\"\">\n\t\t\t\t\t\t\t\t\t\t\t\t\t\t\t\t\t<\/a>\n\t\t\t\t\t\t\t<\/div>\n\t\t\t\t\t\t<\/li>\n\t\t\t\t\t\t\t\t\t\t\t\t\t\t\t\t\t\t\t\t\t\t\t\t\n\t\t\t\t\t\n\t\t\t\t\t\t\t\t\t\t\t<li>\n\t\t\t\t\t\t\t<div class=\"fusion-image-wrapper\">\n\t\t\t\t\t\t\t\t<a href=\"https:\/\/www.paroisse-aucamville-st-loup-cammas.fr\/site\/pause-pour-la-chorale\/\" aria-label=\"Pause pour la chorale.\">\n\t\t\t\t\t\t\t\t\t<img loading=\"lazy\" width=\"320\" height=\"202\" src=\"https:\/\/www.paroisse-aucamville-st-loup-cammas.fr\/site\/wp-content\/uploads\/IMG-20240506-WA0003-320x202.jpg\" alt=\"\" class=\"wp-image-19928\" role=\"presentation\"\/>\t\t\t\t\t\t\t\t<\/a>\n\t\t\t\t\t\t\t\t<a style=\"display:none;\" href=\"https:\/\/www.paroisse-aucamville-st-loup-cammas.fr\/site\/wp-content\/uploads\/IMG-20240506-WA0003.jpg\" data-rel=\"iLightbox[gallery19924]\"  title=\"\" data-title=\"IMG-20240506-WA0003\" data-caption=\"\">\n\t\t\t\t\t\t\t\t\t\t\t\t\t\t\t\t\t<\/a>\n\t\t\t\t\t\t\t<\/div>\n\t\t\t\t\t\t<\/li>\n\t\t\t\t\t\t\t\t\t\t\t\t\t\t\t\t\t\t\t\t\t\t\t\t\n\t\t\t\t\t\n\t\t\t\t\t\t\t\t\t\t\t<li>\n\t\t\t\t\t\t\t<div class=\"fusion-image-wrapper\">\n\t\t\t\t\t\t\t\t<a href=\"https:\/\/www.paroisse-aucamville-st-loup-cammas.fr\/site\/pause-pour-la-chorale\/\" aria-label=\"Pause pour la chorale.\">\n\t\t\t\t\t\t\t\t\t<img loading=\"lazy\" width=\"320\" height=\"202\" src=\"https:\/\/www.paroisse-aucamville-st-loup-cammas.fr\/site\/wp-content\/uploads\/IMG-20240506-WA0006-320x202.jpg\" alt=\"\" class=\"wp-image-19929\" role=\"presentation\" srcset=\"https:\/\/www.paroisse-aucamville-st-loup-cammas.fr\/site\/wp-content\/uploads\/IMG-20240506-WA0006-320x202.jpg 320w, https:\/\/www.paroisse-aucamville-st-loup-cammas.fr\/site\/wp-content\/uploads\/IMG-20240506-WA0006-700x441.jpg 700w\" sizes=\"(max-width: 320px) 100vw, 320px\" \/>\t\t\t\t\t\t\t\t<\/a>\n\t\t\t\t\t\t\t\t<a style=\"display:none;\" href=\"https:\/\/www.paroisse-aucamville-st-loup-cammas.fr\/site\/wp-content\/uploads\/IMG-20240506-WA0006.jpg\" data-rel=\"iLightbox[gallery19924]\"  title=\"\" data-title=\"IMG-20240506-WA0006\" data-caption=\"\">\n\t\t\t\t\t\t\t\t\t\t\t\t\t\t\t\t\t<\/a>\n\t\t\t\t\t\t\t<\/div>\n\t\t\t\t\t\t<\/li>\n\t\t\t\t\t\t\t\t\t\t\t\t\t\t\t\t\t\t\t\t\t<\/ul>\n\t<\/div>\n\t<div class=\"fusion-post-content post-content\"><h2 class=\"blog-shortcode-post-title entry-title\"><a href=\"https:\/\/www.paroisse-aucamville-st-loup-cammas.fr\/site\/pause-pour-la-chorale\/\">Pause pour la chorale.<\/a><\/h2><p class=\"fusion-single-line-meta\"><span class=\"vcard\" style=\"display: none;\"><span class=\"fn\"><a href=\"https:\/\/www.paroisse-aucamville-st-loup-cammas.fr\/site\/author\/maryline-laguens\/\" title=\"Articles par Maryline Laguens\" rel=\"author\">Maryline Laguens<\/a><\/span><\/span><span class=\"updated\" style=\"display:none;\">2024-05-11T09:30:52+01:00<\/span><span>11 mai  2024<\/span><span class=\"fusion-inline-sep\">|<\/span><\/p><div class=\"fusion-post-content-container\"><p>Le samedi 5 mai, la chorale a v\u00e9cu une journ\u00e9e de recollection. Elle devait \u00eatre une journ\u00e9e de coh\u00e9sion, nous faire vivre ensemble notre service et pourquoi pas vivre notre groupe et notre mission autrement. [...]<\/p><\/div><\/div><div class=\"fusion-clearfix\"><\/div><div class=\"fusion-meta-info\"><div class=\"fusion-alignright\"><a class=\"fusion-read-more\" href=\"https:\/\/www.paroisse-aucamville-st-loup-cammas.fr\/site\/pause-pour-la-chorale\/\">Read More<\/a><\/div><\/div><\/article>\n<\/div><div class=\"pagination clearfix\"><span class=\"current\">1<\/span><a href=\"https:\/\/www.paroisse-aucamville-st-loup-cammas.fr\/site\/wp-json\/wp\/v2\/pages\/12257\/page\/2\/\" class=\"inactive\">2<\/a><a class=\"pagination-next\" href=\"https:\/\/www.paroisse-aucamville-st-loup-cammas.fr\/site\/wp-json\/wp\/v2\/pages\/12257\/page\/2\/\"><span class=\"page-text\">Next<\/span><span class=\"page-next\"><\/span><\/a><\/div><div class=\"fusion-clearfix\"><\/div><\/div><div class=\"fusion-clearfix\"><\/div>\n\n\t\t\t\t\t<\/div>\n\t\t\t\t<\/div><\/div><\/div>\n","protected":false},"excerpt":{"rendered":"","protected":false},"author":1,"featured_media":0,"parent":0,"menu_order":0,"comment_status":"closed","ping_status":"closed","template":"","meta":[],"_links":{"self":[{"href":"https:\/\/www.paroisse-aucamville-st-loup-cammas.fr\/site\/wp-json\/wp\/v2\/pages\/12257"}],"collection":[{"href":"https:\/\/www.paroisse-aucamville-st-loup-cammas.fr\/site\/wp-json\/wp\/v2\/pages"}],"about":[{"href":"https:\/\/www.paroisse-aucamville-st-loup-cammas.fr\/site\/wp-json\/wp\/v2\/types\/page"}],"author":[{"embeddable":true,"href":"https:\/\/www.paroisse-aucamville-st-loup-cammas.fr\/site\/wp-json\/wp\/v2\/users\/1"}],"replies":[{"embeddable":true,"href":"https:\/\/www.paroisse-aucamville-st-loup-cammas.fr\/site\/wp-json\/wp\/v2\/comments?post=12257"}],"version-history":[{"count":20,"href":"https:\/\/www.paroisse-aucamville-st-loup-cammas.fr\/site\/wp-json\/wp\/v2\/pages\/12257\/revisions"}],"predecessor-version":[{"id":17726,"href":"https:\/\/www.paroisse-aucamville-st-loup-cammas.fr\/site\/wp-json\/wp\/v2\/pages\/12257\/revisions\/17726"}],"wp:attachment":[{"href":"https:\/\/www.paroisse-aucamville-st-loup-cammas.fr\/site\/wp-json\/wp\/v2\/media?parent=12257"}],"curies":[{"name":"wp","href":"https:\/\/api.w.org\/{rel}","templated":true}]}}